{"id":245897,"date":"2025-09-04T11:39:56","date_gmt":"2025-09-04T09:39:56","guid":{"rendered":"https:\/\/www.wesco-group.com\/?page_id=245897"},"modified":"2025-09-15T16:29:12","modified_gmt":"2025-09-15T14:29:12","slug":"la-fondation-d-entreprise","status":"publish","type":"page","link":"https:\/\/www.wesco-group.com\/pt\/la-fondation-d-entreprise\/","title":{"rendered":"A FUNDA\u00c7\u00c3O CORPORATIVA"},"content":{"rendered":"<p>[et_pb_section fb_built=&quot;1&quot; fullwidth=&quot;on&quot; admin_label=&quot;header&quot; _builder_version=&quot;4.15.1&quot; _module_preset=&quot;default&quot; custom_margin=&quot;100px||||false|false&quot; da_disable_devices=&quot;off|off|off&quot; global_colors_info=&quot;{}&quot; da_is_popup=&quot;off&quot; da_exit_intent=&quot;off&quot; da_has_close=&quot;on&quot; da_alt_close=&quot;off&quot; da_dark_close=&quot;off&quot; da_not_modal=&quot;on&quot; da_is_singular=&quot;off&quot; da_with_loader=&quot;off&quot; da_has_shadow=&quot;on&quot;][et_pb_fullwidth_header text_orientation=&quot;right&quot; logo_image_url=&quot; \u00bbhttps:\/\/www.wesco-group.com\/wp-content\/uploads\/2021\/07\/logofondation-b.png \u00bb content_max_width= \u00bb25% \u00bb content_max_width_tablet= \u00bb50% \u00bb content_max_width_phone= \u00bb100% \u00bb content_max_width_last_edited= \u00bbon|phone \u00bb admin_label= \u00bb Cabe\u00e7alho em tela cheia \u00bb _builder_version= \u00bb4.15.1\u2033 _module_preset= \u00bbdefault \u00bb title_font= \u00bbOswald|||||||| \u00bb alinhamento_texto_t\u00edtulo= \u00bbcentro \u00bb tamanho_fonte_t\u00edtulo= \u00bb3,5em \u00bb altura_linha_t\u00edtulo= \u00bb1,2em \u00bb ativar_cor_fundo= \u00bbdesativado \u00bb usar_gradiente_cor_fundo= \u00bbativado \u00bb in\u00edcio_gradiente_cor_fundo= \u00bbrgba(0,0,0,0) \u00bb fim_gradiente_cor_fundo= \u00bb#125671\u2033 dire\u00e7\u00e3o_gradiente_cor_fundo= \u00bb90deg \u00bb posi\u00e7\u00e3o_inicial_gradiente_cor_fundo= \u00bb45% \u00bb imagem_fundo= \u00bbhttps:\/\/www.wesco-group.com\/wp-content\/uploads\/2025\/09\/Fond-Fondation-scaled.jpg \u00bb mesclagem_fundo= \u00bbmultiplicar \u00bb bot\u00e3o_personalizado_um= \u00bbativado \u00bb tamanho_texto_bot\u00e3o_um= \u00bb18px \u00bb largura_borda_bot\u00e3o_um= \u00bb1px \u00bb raio_borda_bot\u00e3o_um= \u00bb1,5em \u00bb button_one_font= \u00bbOpen Sans|||||||| \u00bb button_one_icon= \u00bbI||divi||400\u2033 button_one_on_hover= \u00bboff \u00bb button_one_custom_margin= \u00bb|5vw||5vw|false|true \u00bb button_one_custom_margin_tablet= \u00bb \u00bb button_one_custom_margin_phone= \u00bb|8vw||8vw|false|true \u00bb button_one_custom_margin_last_edited= \u00bbon|phone \u00bb button_one_custom_padding= \u00bb7px|60px|7px|30px|true|false \u00bb button_one_custom_padding_tablet= \u00bb \u00bb button_one_custom_padding_phone= \u00bb|35px||10px|true|false \u00bb button_one_custom_padding_last_edited= \u00bbon|phone \u00bb max_width_last_edited= \u00bboff|desktop \u00bb module_alignment= \u00bbright \u00bb custom_padding= \u00bb12vh||12vh||true|false \u00bb custom_padding_tablet= \u00bb10vh||10vh||true|false \u00bb custom_padding_phone= \u00bb \u00bb custom_padding_last_edited= \u00bbon|phone \u00bb title_font_size_tablet= \u00bb3em \u00bb title_font_size_phone= \u00bb2.5em \u00bb title_font_size_last_edited= \u00bbon|phone \u00bb title_line_height_tablet= \u00bb \u00bb title_line_height_phone= \u00bb \u00bb title_line_height_last_edited= \u00bbon|desktop \u00bb module_alignment_tablet= \u00bbcenter \u00bb module_alignment_phone= \u00bbcenter \u00bb module_alignment_last_edited= \u00bbon|desktop \u00bb custom_css_logo= \u00bbwidth:100%; \u00bb global_colors_info= \u00bb{} \u00bb]<\/p>\n<h1>APRENDER \u00c9 UMA OPORTUNIDADE<\/h1>\n<p>[\/et_pb_fullwidth_header][\/et_pb_section][et_pb_section fb_built=&quot;1&quot; custom_padding_last_edited=&quot;on|phone&quot; admin_label=&quot;Apresenta\u00e7\u00e3o&quot; _builder_version=&quot;4.15.1&quot; _module_preset=&quot;default&quot; background_color=&quot;#125671&quot; background_enable_image=&quot;off&quot; background_size=&quot;initial&quot; background_position=&quot;bottom_right&quot; custom_margin=&quot;0px||0px||true|false&quot; custom_padding=&quot;10vh||10vh||true|false&quot; custom_padding_tablet=&quot;8vh||8vh||true|false&quot; custom_padding_phone=&quot;8vh||6vh||false|false&quot; background_last_edited=&quot; \u00bboff|desktop \u00bb background_enable_image_tablet= \u00bboff \u00bb da_disable_devices= \u00bboff|off|off \u00bb global_colors_info= \u00bb{} \u00bb da_is_popup= \u00bboff \u00bb da_exit_intent= \u00bboff \u00bb da_has_close= \u00bbon \u00bb da_alt_close= \u00bboff \u00bb da_dark_close= \u00bboff \u00bb da_not_modal= \u00bbon \u00bb da_is_singular= \u00bboff \u00bb da_with_loader= \u00bboff \u00bb da_has_shadow= \u00bbon \u00bb][et_pb_row _builder_version= \u00bb4.15.1\u2033 _module_preset= \u00bbdefault \u00bb custom_margin= \u00bb0px||0px||true|false \u00bb custom_padding= \u00bb0px||0px||true|false \u00bb global_colors_info= \u00bb{} \u00bb][et_pb_column type= \u00bb4_4\u2033 _builder_version=&quot;4.15&quot; _module_preset=&quot;default&quot; global_colors_info=&quot;{}&quot;][et_pb_text admin_label=&quot;Texto&quot; _builder_version=&quot;4.15.1&quot; _module_preset=&quot;default&quot; text_font=&quot;Oswald|300|||||||&quot; text_text_color=&quot;#FFFFFF&quot; text_font_size=&quot;32px&quot; text_line_height=&quot;1.4em&quot; header_text_color=&quot;#FFFFFF&quot; header_2_font=&quot;Oswald|300||||||| \u00bb cor_texto_do_cabe\u00e7alho_2= \u00bb#FFFFFF \u00bb tamanho_fonte_do_cabe\u00e7alho_2= \u00bb2.8em \u00bb altura_linha_do_cabe\u00e7alho_2= \u00bb1.2em \u00bb ativar_imagem_de_fundo= \u00bbdesativado \u00bb tamanho_fundo= \u00bbinicial \u00bb posicionamento= \u00bbrelativo \u00bb orienta\u00e7\u00e3o_texto= \u00bbcentro \u00bb largura= \u00bb64% \u00bb largura_tablet= \u00bb75% \u00bb largura_celular= \u00bb100% \u00bb largura_\u00faltima_edi\u00e7\u00e3o= \u00bbativada|celular \u00bb alinhamento_m\u00f3dulo= \u00bbcentro \u00bb margem_personalizada= \u00bb0px||0px||verdadeiro|falso \u00bb preenchimento_personalizado= \u00bb0px||0px||verdadeiro|falso \u00bb tamanho_fonte_texto_\u00faltima_edi\u00e7\u00e3o= \u00bbdesativado|desktop \u00bb altura_linha_texto_\u00faltima_edi\u00e7\u00e3o= \u00bbdesativado|desktop \u00bb fonte_do_cabe\u00e7alho_2_tablet= \u00bb \u00bb fonte_do_cabe\u00e7alho_2_celular= \u00bb \u00bb header_2_font_last_edited=&quot;on|phone&quot; header_2_font_size_tablet=&quot;2.2em&quot; header_2_font_size_phone=&quot;2.3em&quot; header_2_font_size_last_edited=&quot;on|phone&quot; header_2_line_height_tablet=&quot;&quot; \u00bb header_2_line_height_phone=&quot;&quot; \u00bb header_2_line_height_last_edited=&quot;on|desktop&quot; inline_fonts=&quot;Palanquin&quot; global_colors_info=&quot;{}&quot;]<\/p>\n<p>Embora milhares de crian\u00e7as retornem \u00e0 escola todos os anos, muitas n\u00e3o t\u00eam tanta sorte.<\/p>\n<p>Porque aprender nunca deve ser um privil\u00e9gio, mas um direito fundamental para TODAS as crian\u00e7as,<\/p>\n<h2 class=\"guillemet-b\"><\/h2>\n<p>Por ocasi\u00e3o do nosso 50\u00ba anivers\u00e1rio, reafirmamos nosso compromisso com a educa\u00e7\u00e3o acess\u00edvel a todos com um v\u00eddeo coletivo. Um projeto para destacar crian\u00e7as privadas de educa\u00e7\u00e3o, liderado por associa\u00e7\u00f5es comprometidas com a inclus\u00e3o e o direito \u00e0 educa\u00e7\u00e3o, unidas em torno de uma convic\u00e7\u00e3o:<br \/>que toda crian\u00e7a tenha a oportunidade de aprender e prosperar.<span class=\"guillemet-a\"><\/span><\/p>\n<p>[\/et_pb_text][\/et_pb_column][\/et_pb_row][\/et_pb_section][et_pb_section fb_built=&quot;1&quot; custom_padding_last_edited=&quot;on|desktop&quot; admin_label=&quot;Apoiando aqueles que\u2026&quot; _builder_version=&quot;4.15&quot; _module_preset=&quot;default&quot; background_color=&quot;#deeaf3&quot; custom_margin=&quot;0px||0px||true|false&quot; custom_padding=&quot;6vh||6vh||true|false&quot; custom_padding_tablet=&quot;&quot; custom_padding_phone=&quot;&quot; da_disable_devices=&quot;off|off|off&quot; global_colors_info=&quot;{}&quot; da_is_popup=&quot;off&quot; da_exit_intent=&quot;off&quot; da_has_close=&quot;on \u00bb da_alt_close=&quot;off&quot; \u00bb da_dark_close=&quot;off&quot; \u00bb da_not_modal=&quot;on&quot; \u00bb da_is_singular=&quot;off&quot; \u00bb da_with_loader=&quot;off&quot; \u00bb da_has_shadow=&quot;on&quot; \u00bb][et_pb_row _builder_version=&quot;4.15&quot; _module_preset=&quot;default&quot; \u00bb custom_margin=&quot;0px||0px||true|false&quot; \u00bb custom_padding=&quot;0px||0px||true|false&quot; \u00bb global_colors_info=&quot;{}&quot; \u00bb][et_pb_column type=&quot;4_4&quot; _builder_version=&quot;4.15&quot; _module_preset=&quot;default&quot; \u00bb global_colors_info=&quot;{}&quot; \u00bb][et_pb_text _builder_version=&quot;4.15&quot; _module_preset=&quot;default&quot; \u00bb header_2_font=&quot; \u00bbSacramento|||||||| \u00bb alinhamento_texto_do_cabe\u00e7alho_2= \u00bbcentro \u00bb margem_personalizada= \u00bb10px||10px||verdadeiro|falso \u00bb informa\u00e7\u00f5es_cores_globais= \u00bb{} \u00bb]<\/p>\n<h2><span class=\"title-1\">Aprender \u00e9 uma oportunidade,<\/span><span class=\"subtitle-1\"><br \/>Um v\u00eddeo coletivo<\/span><\/h2>\n<p>[et_pb_text][\/et_pb_column][\/et_pb_row][et_pb_row _builder_version=&quot;4.15.1&quot; _module_preset=&quot;default&quot; global_colors_info=&quot;{}&quot;][et_pb_column type=&quot;4_4&quot; _builder_version=&quot;4.15.1&quot; _module_preset=&quot;default&quot; global_colors_info=&quot;{}&quot;][et_pb_video src=&quot;https:\/\/youtu.be\/atSK5PeMTB0&quot; _builder_version=&quot;4.15.1&quot; _module_preset=&quot;default&quot; global_colors_info=&quot;{}&quot;][\/et_pb_video][\/et_pb_column][\/et_pb_row][\/et_pb_section][et_pb_section fb_built=&quot;1&quot; custom_padding_last_edited=&quot;on|phone&quot; admin_label=&quot;Associa\u00e7\u00f5es do carrossel&quot; _builder_version=&quot;4.15.1&quot; _module_preset=&quot;default&quot; custom_margin=&quot;||||false|false&quot; custom_margin_tablet=&quot;&quot; custom_margin_phone=&quot;0px||0px||true|false&quot; custom_margin_last_edited=&quot;on|phone&quot; custom_padding=&quot;21px||||| \u00bb custom_padding_tablet= \u00bb \u00bb custom_padding_phone= \u00bb0px||0px||true|false \u00bb da_disable_devices= \u00bboff|off|off \u00bb global_colors_info= \u00bb{} \u00bb da_is_popup= \u00bboff \u00bb da_exit_intent= \u00bboff \u00bb da_has_close= \u00bbon \u00bb da_alt_close= \u00bboff \u00bb da_dark_close= \u00bboff \u00bb da_not_modal= \u00bbon \u00bb da_is_singular= \u00bboff \u00bb da_with_loader= \u00bboff \u00bb da_has_shadow= \u00bbon \u00bb][et_pb_row _builder_version= \u00bb4.15\u2033 _module_preset= \u00bbdefault \u00bb custom_margin= \u00bb0px||0px||true|false \u00bb custom_padding= \u00bb0px||0px||true|false \u00bb global_colors_info= \u00bb{} \u00bb][et_pb_column type=&quot;4_4&quot; _builder_version=&quot;4.15&quot; _module_preset=&quot;default&quot; global_colors_info=&quot;{}&quot;][et_pb_text _builder_version=&quot;4.15&quot; _module_preset=&quot;default&quot; header_2_font=&quot;Sacramento||||||||&quot; header_2_text_align=&quot;center&quot; custom_margin=&quot;0em||||false|false&quot; custom_margin_tablet=&quot;3em||||false|false&quot; custom_margin_phone=&quot;&quot; \u00bb custom_margin_last_edited=&quot;on|phone&quot; global_colors_info=&quot;{}&quot;]<\/p>\n<h2><span class=\"subtitle\">As associa\u00e7\u00f5es<br \/><\/span><\/h2>\n<h2><span class=\"title\">suportado<\/span><span class=\"subtitle\"><\/span><\/h2>\n<p>[\/et_pb_text][et_pb_text _builder_version=&quot;4.15.1&quot; _module_preset=&quot;default&quot; text_font=&quot;Oswald|300|||||||&quot; text_text_color=&quot;#125671&quot; text_font_size=&quot;1.7em&quot; width=&quot;65%&quot; width_tablet=&quot;100%&quot; width_phone=&quot;&quot; width_last_edited=&quot;on|desktop&quot; module_alignment=&quot;center&quot; text_font_size_tablet=&quot;1.7em&quot; text_font_size_phone=&quot;1.4em&quot; text_font_size_last_edited=&quot;on|phone&quot; custom_css_main_element=&quot;line-height:1.2em; \u00bb global_colors_info= \u00bb{} \u00bb custom_css_main_element_tablet= \u00bbline-height:1.2em; \u00bb custom_css_main_element_phone= \u00bbline-height:1.2em; \u00bb custom_css_main_element_last_edited= \u00bbon|phone \u00bb]<\/p>\n<p style=\"text-align: center;\"><span style=\"font-weight: 200;\">Gra\u00e7as \u00e0s suas associa\u00e7\u00f5es, muitas crian\u00e7as\u00a0<\/span><span style=\"font-weight: 200;\">encontrar o caminho de volta para a escola: <\/span><\/p>\n<p>[\/et_pb_text][\/et_pb_column][\/et_pb_row][et_pb_row column_structure=&quot;1_3,1_3,1_3&quot; use_custom_gutter=&quot;on&quot; make_equal=&quot;on&quot; _builder_version=&quot;4.15.1&quot; _module_preset=&quot;default&quot; width=&quot;95%&quot; width_tablet=&quot;&quot; width_phone=&quot;100%&quot; width_last_edited=&quot;on|phone&quot; max_width=&quot;95%&quot; max_width_tablet=&quot;&quot; max_width_phone=&quot;100%&quot; max_width_last_edited=&quot;on|phone&quot; overflow-x=&quot;hidden&quot; overflow-y=&quot;hidden&quot; custom_padding=&quot;|0px||0px|false|true&quot; overflow-x_tablet=&quot;&quot; \u00bb overflow-x_phone=&quot;&quot; \u00bb overflow-x_last_edited=&quot;&quot; on|desktop&quot; \u00bb overflow-y_tablet=&quot;&quot; \u00bb overflow-y_phone=&quot;&quot; hidden&quot; \u00bb overflow-y_last_edited=&quot;&quot; on|desktop&quot; \u00bb global_colors_info=&quot;{}&quot; \u00bb][et_pb_column type=&quot;1_3&quot; admin_label=&quot;Column&quot; _builder_version=&quot;4.15.1&quot; _module_preset=&quot;default&quot; custom_padding=&quot;|0px||0px|false|true&quot; global_colors_info=&quot;{}&quot; \u00bb][et_pb_blurb title=&quot;Autismo 3D&quot; image=&quot;https:\/\/www.wesco-group.com\/wp-content\/uploads\/2025\/09\/autism_3D.jpg&quot; image_icon_width=&quot; \u00bb39% \u00bb _builder_version= \u00bb4.15.1\u2033 _module_preset= \u00bbf0351f99-3fdd-4c70-aba4-c081b67586d1\u2033 custom_padding= \u00bb51px|30px|51px|30px|true|true \u00bb hover_enabled= \u00bb0\u2033 global_colors_info= \u00bb{} \u00bb sticky_enabled= \u00bb0\u2033]<\/p>\n<p style=\"text-align: justify;\"><span style=\"font-weight: 300;\">Autismo 3D<\/span><span style=\"font-weight: 300;\"> \u00e9 um centro de apoio e treinamento e uma unidade de pesquisa dedicada aos Transtornos do Neurodesenvolvimento, incluindo o autismo (TEA), localizado em Val-de-Marne (94).<\/span><\/p>\n<p style=\"text-align: justify;\"><span style=\"font-weight: 300;\">O Autism 3D desenvolveu, entre outras coisas, um programa e um espa\u00e7o adaptado, criados por e para pessoas autistas. O objetivo \u00e9 apoiar o desenvolvimento delas, valorizando seu potencial e incentivando sua entrada e perman\u00eancia na escola, para que tenham todas as oportunidades de prosperar.<\/span><\/p>\n<p style=\"text-align: center;\"><strong><a href=\"https:\/\/www.autisme3d.com\/\">https:\/\/www.autisme3d.com\/<\/a><\/strong><\/p>\n<p>[\/et_pb_blurb][et_pb_blurb title=&quot;CLASSES&quot; image=&quot;https:\/\/www.wesco-group.com\/wp-content\/uploads\/2025\/09\/logo-1.jpg&quot; image_icon_width=&quot;70%&quot; _builder_version=&quot;4.15.1&quot; _module_preset=&quot;f0351f99-3fdd-4c70-aba4-c081b67586d1&quot; custom_padding=&quot;59px|30px|59px|30px|true|true&quot; hover_enabled=&quot;0&quot; global_colors_info=&quot;{}&quot; sticky_enabled=&quot;0&quot;]<\/p>\n<p style=\"text-align: justify;\"><span style=\"font-weight: 300;\">A associa\u00e7\u00e3o <span>AULAS<\/span> apoia o direito \u00e0 escola para todas as crian\u00e7as.\u00a0<\/span><\/p>\n<p style=\"text-align: justify;\"><span style=\"font-weight: 300;\">Presente incondicionalmente e a longo prazo ao lado de fam\u00edlias em situa\u00e7\u00e3o de moradia prec\u00e1ria, constr\u00f3i uma rela\u00e7\u00e3o de confian\u00e7a para apoiar a escolariza\u00e7\u00e3o das crian\u00e7as, a forma\u00e7\u00e3o dos jovens e garantir o seu desenvolvimento. Atua o mais pr\u00f3ximo poss\u00edvel das fam\u00edlias, nos espa\u00e7os de moradia, e facilita o acesso a institui\u00e7\u00f5es educacionais, sociais e culturais... Trabalha para mudar vis\u00f5es e pr\u00e1ticas, respeitando os direitos e o lugar de cada pessoa.<\/span><\/p>\n<p style=\"text-align: center;\"><strong><a href=\"http:\/\/notreplatz.classes-asso.org\/\">http:\/\/notreplatz.classes-asso.org\/<\/a><\/strong><\/p>\n<p>[et_pb_blurb][\/et_pb_column][et_pb_column type=&quot;1_3&quot; admin_label=&quot;Column&quot; _builder_version=&quot;4.15.1&quot; _module_preset=&quot;default&quot; custom_padding=&quot;|0px||0px|false|true&quot; global_colors_info=&quot;{}&quot;][et_pb_blurb title=&quot;L&#039;Oasis des Talents&quot; image=&quot;https:\/\/www.wesco-group.com\/wp-content\/uploads\/2025\/09\/download-1.png&quot; image_icon_width=&quot;101%&quot; _builder_version=&quot;4.15.1&quot; _module_preset=&quot; \u00bbf0351f99-3fdd-4c70-aba4-c081b67586d1\u2033 hover_enabled= \u00bb0\u2033 global_colors_info= \u00bb{} \u00bb sticky_enabled= \u00bb0\u2033]<\/p>\n<p style=\"text-align: justify;\"><span style=\"font-weight: 300;\">O O\u00e1sis dos Talentos acolhe perto de Nantes (44) <span>crian\u00e7as com todos os tipos de defici\u00eancias<\/span> e sem solu\u00e7\u00f5es escolares adequadas. A associa\u00e7\u00e3o organiza atividades em pequenos grupos.\u00a0<\/span><strong><a href=\"https:\/\/www.autisme3d.com\/\"><\/a><\/strong><\/p>\n<p style=\"text-align: justify;\"><span style=\"font-weight: 300;\">Por meio de suas a\u00e7\u00f5es, a associa\u00e7\u00e3o atinge tr\u00eas objetivos: proporcionar conex\u00f5es sociais \u00e0s crian\u00e7as, permitir que continuem seu progresso e oferecer descanso aos pais. \u00c9 por meio da compreens\u00e3o, da gentileza e da partilha que as crian\u00e7as acolhidas no O\u00e1sis de Talentos crescem em paz.\u00a0<\/span><\/p>\n<p style=\"text-align: center;\"><strong><a href=\"https:\/\/www.oasisdestalents.fr\/\">https:\/\/www.oasisdestalents.fr\/<\/a><\/strong><\/p>\n<p>[et_pb_blurb title=&quot;Doa\u00e7\u00f5es Solid\u00e1rias&quot; image=&quot;https:\/\/www.wesco-group.com\/wp-content\/uploads\/2021\/09\/dons_solidaires.webp&quot; image_icon_width=&quot;75%&quot; _builder_version=&quot;4.15.1&quot; _module_preset=&quot;f0351f99-3fdd-4c70-aba4-c081b67586d1&quot; global_colors_info=&quot;{}&quot;]<\/p>\n<p style=\"text-align: justify;\">Fundada em 2004 e reconhecida como uma entidade de utilidade p\u00fablica, a associa\u00e7\u00e3o Dons Solidaires tem como miss\u00e3o combater o desperd\u00edcio e a pobreza. Ela coleta itens n\u00e3o aliment\u00edcios novos e n\u00e3o vendidos de empresas e os redistribui para institui\u00e7\u00f5es de caridade que os fornecem a pessoas em grande necessidade. De empresas a institui\u00e7\u00f5es de caridade, a Dons Solidaires mobiliza toda a cadeia de solidariedade para combater a exclus\u00e3o.<\/p>\n<p style=\"text-align: justify;\">Desde 2015, a Funda\u00e7\u00e3o Corporativa Wesco apoia a divis\u00e3o jovem da associa\u00e7\u00e3o, em especial com a iniciativa &quot;Kit Escolar&quot;: uma iniciativa de solidariedade para fornecer \u00e0s fam\u00edlias em dificuldade o essencial para o in\u00edcio do ano letivo, com material escolar novo e de alta qualidade, distribu\u00eddo por meio de associa\u00e7\u00f5es parceiras em toda a Fran\u00e7a.<\/p>\n<p style=\"text-align: center;\"><a href=\"https:\/\/www.donsolidaires.fr\/\" target=\"_blank\" rel=\"noopener\"><strong>https:\/\/www.donsolidaires.fr\/<\/strong><\/a><\/p>\n<p>[\/et_pb_blurb][\/et_pb_column][et_pb_column type=&quot;1_3&quot; admin_label=&quot;Coluna&quot; _builder_version=&quot;4.15.1&quot; _module_preset=&quot;default&quot; custom_padding=&quot;|0px||0px|false|true&quot; global_colors_info=&quot;{}&quot;][et_pb_blurb title=&quot;A Escola Encantada&quot; image=&quot;https:\/\/www.wesco-group.com\/wp-content\/uploads\/2025\/09\/logo-fond-transparent.gif&quot; image_icon_width=&quot;38%&quot; _builder_version=&quot;4.15.1&quot; _module_preset=&quot; \u00bbf0351f99-3fdd-4c70-aba4-c081b67586d1\u2033 custom_padding= \u00bb16px|30px|16px|30px|true|true \u00bb hover_enabled= \u00bb0\u2033 global_colors_info= \u00bb{} \u00bb sticky_enabled= \u00bb0\u2033]<\/p>\n<p style=\"text-align: justify;\"><span style=\"font-weight: 300;\">Porque uma educa\u00e7\u00e3o sustent\u00e1vel e gratificante requer a estabiliza\u00e7\u00e3o do caminho da fam\u00edlia, a \u00c9cole Enchanti\u00e9e apoia fam\u00edlias em situa\u00e7\u00f5es de grande precariedade, em Montreuil (93).\u00a0<\/span><\/p>\n<p style=\"text-align: justify;\"><span style=\"font-weight: 300;\">Presente no terreno, perto das fam\u00edlias e nas escolas, as a\u00e7\u00f5es da associa\u00e7\u00e3o oferecem \u00e0s crian\u00e7as e \u00e0s suas fam\u00edlias uma oportunidade concreta de escapar ao isolamento, reconectar-se com a escola e construir um futuro mais tranquilo.<\/span><\/p>\n<p style=\"text-align: center;\"><strong> <a href=\"https:\/\/ecole-enchantiee.weebly.com\/\">https:\/\/ecole-enchantiee.weebly.com\/<\/a><\/strong><\/p>\n<p>[\/et_pb_blurb][et_pb_blurb title=&quot;UNICEF&quot; image=&quot;https:\/\/www.wesco-group.com\/wp-content\/uploads\/2025\/09\/Logo_of_UNICEF.svg.png&quot; image_icon_width=&quot;53%&quot; content_max_width_phone=&quot;550px&quot; content_max_width_last_edited=&quot;off|desktop&quot; _builder_version=&quot;4.15.1&quot; _module_preset=&quot;f0351f99-3fdd-4c70-aba4-c081b67586d1&quot; custom_padding=&quot;96px|30px|80px|30px|false|false&quot; global_colors_info=&quot;{}&quot;]<\/p>\n<p><span style=\"font-weight: 300;\">O UNICEF, Fundo das Na\u00e7\u00f5es Unidas para a Inf\u00e2ncia, trabalha em mais de 190 pa\u00edses e territ\u00f3rios para defender os direitos de todas as crian\u00e7as e garantir acesso equitativo \u00e0 sa\u00fade, educa\u00e7\u00e3o e nutri\u00e7\u00e3o.\u00a0<\/span><\/p>\n<p style=\"text-align: justify;\"><span style=\"font-weight: 300;\">A Funda\u00e7\u00e3o Wesco apoia a filial de Poitou-Charentes e contribui para a distribui\u00e7\u00e3o de livros para crian\u00e7as de 3 a 15 anos, a fim de promover a leitura. Para facilitar o acesso e a pr\u00e1tica esportiva, dois projetos est\u00e3o sendo realizados com crian\u00e7as em situa\u00e7\u00e3o de vulnerabilidade em dois clubes de handebol em Niortais (79). <\/span><\/p>\n<p style=\"text-align: center;\"><strong><a href=\"https:\/\/www.unicef.fr\/\">https:\/\/www.unicef.fr\/<\/a><\/strong><\/p>\n<p>[\/et_pb_blurb][\/et_pb_column][\/et_pb_row][et_pb_row _builder_version=&quot;4.15.1&quot; _module_preset=&quot;default&quot; global_colors_info=&quot;{}&quot;][et_pb_column type=&quot;4_4&quot; _builder_version=&quot;4.15.1&quot; _module_preset=&quot;default&quot; global_colors_info=&quot;{}&quot;][et_pb_text _builder_version=&quot;4.15.1&quot; _module_preset=&quot;default&quot; header_2_font=&quot;Sacramento|||||||| \u00bb header_2_text_align= \u00bbcenter \u00bb custom_margin= \u00bb2em||||false|false \u00bb custom_margin_tablet= \u00bb3em||||false|false \u00bb custom_margin_phone= \u00bb \u00bb custom_margin_last_edited= \u00bbon|phone \u00bb global_colors_info= \u00bb{} \u00bb]<\/p>\n<h2><span style=\"color: #69b3d7; font-family: oswald; font-size: 1.5em;\">N\u00f3s unimos for\u00e7as<br \/><\/span><\/h2>\n<h2><span class=\"subtitle\">para suas lutas<\/span><\/h2>\n<p>[\/et_pb_text][et_pb_text _builder_version=&quot;4.15.1&quot; _module_preset=&quot;default&quot; text_font=&quot;Oswald|300|||||||&quot; text_text_color=&quot;#125671&quot; text_font_size=&quot;1.7em&quot; width=&quot;65%&quot; width_tablet=&quot;100%&quot; width_phone=&quot;&quot; width_last_edited=&quot;on|desktop&quot; module_alignment=&quot;center&quot; text_font_size_tablet=&quot;1.7em&quot; text_font_size_phone=&quot;1.4em&quot; text_font_size_last_edited=&quot;on|phone&quot; custom_css_main_element=&quot;line-height:1.2em; \u00bb global_colors_info= \u00bb{} \u00bb custom_css_main_element_tablet= \u00bbline-height:1.2em; \u00bb custom_css_main_element_phone= \u00bbline-height:1.2em; \u00bb custom_css_main_element_last_edited= \u00bbon|phone \u00bb]<\/p>\n<p style=\"text-align: center;\"><span style=\"font-weight: 300;\"><span>Grandes associa\u00e7\u00f5es nacionais est\u00e3o alertando e agindo para reduzir essas injusti\u00e7as:<\/span><\/span><\/p>\n<p>[et_pb_text][\/et_pb_column][\/et_pb_row][et_pb_row column_structure=&quot;1_3,1_3,1_3&quot; _builder_version=&quot;4.15.1&quot; _module_preset=&quot;default&quot; background_enable_color=&quot;off&quot; global_colors_info=&quot;{}&quot;][et_pb_column type=&quot;1_3&quot; _builder_version=&quot;4.15.1&quot; _module_preset=&quot;default&quot; background_color=&quot;#DEEAF3&quot; custom_padding=&quot;20px|5px|20px|5px|false|false&quot; border_color_all=&quot;#125671&quot; global_colors_info=&quot;{}&quot;][et_pb_text _builder_version=&quot; \u00bb4.15.1\u2033 _module_preset= \u00bbpadr\u00e3o \u00bb global_colors_info= \u00bb{} \u00bb]<\/p>\n<h4 style=\"text-align: center;\"><span style=\"font-weight: 300;\">Para que todas as crian\u00e7as se beneficiem<\/span><\/h4>\n<h4 style=\"text-align: center;\"><span style=\"font-weight: 300;\">\u00a0de um m\u00e9todo de escolariza\u00e7\u00e3o adaptado:<\/span><\/h4>\n<p>[\/et_pb_text][et_pb_button button_url=&quot;https:\/\/www.unapei.org\/presse\/jaipasecole-2025-des-milliers-denfants-sans-mode-de-scolarisation-adaptee-lunapei-publie-des-chiffres-inedits\/&quot; url_new_window=&quot;on&quot; button_text=&quot;UNAPEI \u2013 Eu n\u00e3o tenho escola&quot; button_alignment=&quot;center&quot; button_alignment_last_edited=&quot;off|desktop&quot; _builder_version=&quot;4.15.1&quot; _module_preset=&quot;default&quot; custom_button=&quot;on&quot; button_text_size=&quot;1.4em&quot; button_text_color=&quot;#FFFFFF&quot; button_bg_color=&quot;#6ab3d8&quot; button_border_width=&quot;0px&quot; raio_da_borda_do_bot\u00e3o= \u00bb1,5em \u00bb espa\u00e7amento_entre_letras_do_bot\u00e3o= \u00bb0,05em \u00bb fonte_do_bot\u00e3o= \u00bbOswald|600||||||| \u00bb button_use_icon= \u00bboff \u00bb custom_padding= \u00bb0.5em|2em|0.5em|2em|true|true \u00bb global_colors_info= \u00bb{} \u00bb button_bg_color__hover_enabled= \u00bbon|desktop \u00bb transform_styles__hover_enabled= \u00bbon|desktop \u00bb transform_scale__hover_enabled= \u00bbon|desktop \u00bb transform_translate__hover_enabled= \u00bbon|desktop \u00bb transform_rotate__hover_enabled= \u00bbon|desktop \u00bb transform_skew__hover_enabled= \u00bbon|desktop \u00bb transform_origin__hover_enabled= \u00bbon|desktop \u00bb transform_scale__hover= \u00bb105%|105% \u00bb button_bg_color__hover= \u00bb#6ab3d8\u2033][\/et_pb_button][\/et_pb_column][et_pb_column type=&quot;1_3&quot; _builder_version=&quot;4.15.1&quot; _module_preset=&quot;default&quot; background_color=&quot;#DEEAF3&quot; custom_padding=&quot;20px|5px|20px|5px|true|true&quot; global_colors_info=&quot;{}&quot;][et_pb_text _builder_version=&quot;4.15.1&quot; _module_preset=&quot;default&quot; global_colors_info=&quot;{}&quot;]<\/p>\n<h4 style=\"text-align: center;\"><span style=\"font-weight: 300;\">Para que todas as crian\u00e7as se beneficiem\u00a0<\/span><\/h4>\n<h4 style=\"text-align: center;\"><span style=\"font-weight: 300;\">de habita\u00e7\u00e3o digna:<\/span><\/h4>\n<p>[\/et_pb_text][et_pb_button button_url=\u00a0\u00bbhttps:\/\/www.federationsolidarite.org\/actualites\/cp-barometre-des-enfants-a-la-rue-2025\/#:~:text=En%20France%2C%20des%20enfants%20naissent%2C%20vivent%20et%20meurent%20%C3%A0%20la%20rue&#038;text=Ainsi%2C%20le%20nombre%20d%27enfants,l%27h%C3%A9bergement%20et%20au%20logement\u00a0\u00bb url_new_window=\u00a0\u00bbon\u00a0\u00bb button_text=\u00a0\u00bbUNICEF, FAS &#8211; Enfant \u00e0 la rue\u00a0\u00bb button_alignment=\u00a0\u00bbcenter\u00a0\u00bb button_alignment_last_edited=\u00a0\u00bboff|desktop\u00a0\u00bb _builder_version=\u00a0\u00bb4.15.1&Prime; _module_preset=\u00a0\u00bbdefault\u00a0\u00bb custom_button=\u00a0\u00bbon\u00a0\u00bb button_text_size=\u00a0\u00bb1.4em\u00a0\u00bb button_text_color=\u00a0\u00bb#FFFFFF\u00a0\u00bb button_bg_color=\u00a0\u00bb#6ab3d8&Prime; button_border_width=\u00a0\u00bb0px\u00a0\u00bb button_border_radius=\u00a0\u00bb1.5em\u00a0\u00bb button_letter_spacing=\u00a0\u00bb0.05em\u00a0\u00bb button_font=\u00a0\u00bbOswald|600|||||||\u00a0\u00bb button_use_icon=\u00a0\u00bboff\u00a0\u00bb custom_padding=\u00a0\u00bb0.5em|2em|0.5em|2em|true|true\u00a0\u00bb global_colors_info=\u00a0\u00bb{}\u00a0\u00bb button_bg_color__hover_enabled=\u00a0\u00bbon|desktop\u00a0\u00bb transform_styles__hover_enabled=\u00a0\u00bbon|desktop\u00a0\u00bb transform_scale__hover_enabled=\u00a0\u00bbon|desktop\u00a0\u00bb transform_translate__hover_enabled=\u00a0\u00bbon|desktop\u00a0\u00bb transform_rotate__hover_enabled=\u00a0\u00bbon|desktop\u00a0\u00bb transform_skew__hover_enabled=\u00a0\u00bbon|desktop\u00a0\u00bb transform_origin__hover_enabled=\u00a0\u00bbon|desktop\u00a0\u00bb transform_scale__hover=\u00a0\u00bb105%|105%\u00a0\u00bb button_bg_color__hover=\u00a0\u00bb#6ab3d8&Prime;][\/et_pb_button][\/et_pb_column][et_pb_column type=\u00a0\u00bb1_3&Prime; _builder_version=\u00a0\u00bb4.15.1&Prime; _module_preset=\u00a0\u00bbdefault\u00a0\u00bb background_color=\u00a0\u00bb#DEEAF3&Prime; custom_padding=\u00a0\u00bb20px|5px|20px|5px|true|true\u00a0\u00bb global_colors_info=\u00a0\u00bb{}\u00a0\u00bb][et_pb_text _builder_version=\u00a0\u00bb4.15.1&Prime; _module_preset=\u00a0\u00bbdefault\u00a0\u00bb text_line_height=\u00a0\u00bb1.8em\u00a0\u00bb header_4_line_height=\u00a0\u00bb1.4em\u00a0\u00bb custom_padding=\u00a0\u00bb|5px||5px|false|true\u00a0\u00bb global_colors_info=\u00a0\u00bb{}\u00a0\u00bb]<\/p>\n<h4 style=\"text-align: center;\"><span style=\"font-weight: 300;\">Para que cada crian\u00e7a comece o novo ano letivo devidamente equipada:<\/span><\/h4>\n<p>[\/et_pb_text][et_pb_button button_url=&quot;https:\/\/www.donsolidaires.fr\/kit-scolaire&quot; url_new_window=&quot;on&quot; button_text=&quot;DOA\u00c7\u00d5ES SOLIDARIEDADE \u2013 Kit Escolar&quot; button_alignment=&quot;center&quot; button_alignment_last_edited=&quot;off|desktop&quot; _builder_version=&quot;4.15.1&quot; _module_preset=&quot;default&quot; custom_button=&quot;on&quot; button_text_size=&quot;1.4em&quot; button_text_color=&quot;#FFFFFF&quot; button_bg_color=&quot;#6ab3d8&quot; button_border_width=&quot;0px&quot; button_border_radius=&quot;1.5em&quot; button_letter_spacing=&quot;0.02em&quot; button_font=&quot;Oswald|600||||||| \u00bb button_use_icon= \u00bboff \u00bb custom_padding= \u00bb0.5em|2em|0.5em|2em|true|true \u00bb global_colors_info= \u00bb{} \u00bb button_bg_color__hover_enabled= \u00bbon|desktop \u00bb transform_styles__hover_enabled= \u00bbon|desktop \u00bb transform_scale__hover_enabled= \u00bbon|desktop \u00bb transform_translate__hover_enabled= \u00bbon|desktop \u00bb transform_rotate__hover_enabled= \u00bbon|desktop \u00bb transform_skew__hover_enabled= \u00bbon|desktop \u00bb transform_origin__hover_enabled= \u00bbon|desktop \u00bb transform_scale__hover= \u00bb105%|105% \u00bb button_bg_color__hover= \u00bb#6ab3d8\u2033][\/et_pb_button][\/et_pb_column][\/et_pb_row][\/et_pb_section][et_pb_section fb_built= \u00bb1\u2033 custom_padding_last_edited= \u00bbon|phone \u00bb admin_label= \u00bbE concretamente\u2026 \u00bb _builder_version= \u00bb4.15\u2033 _module_preset= \u00bbdefault \u00bb background_image= \u00bbhttps:\/\/www.wesco-group.com\/wp-content\/uploads\/2021\/09\/fondation-chiffres-1.webp \u00bb custom_padding= \u00bb6vh||6vh||true|false \u00bb custom_padding_tablet= \u00bb \u00bb custom_padding_phone= \u00bb0vh||0vh||true|false \u00bb da_disable_devices= \u00bboff|off|off \u00bb global_colors_info=&quot;{}&quot; da_is_popup=&quot;off&quot; da_exit_intent=&quot;off&quot; da_has_close=&quot;on&quot; da_alt_close=&quot;off&quot; da_dark_close=&quot;off&quot; da_not_modal=&quot;on&quot; da_is_singular=&quot;off&quot; da_with_loader=&quot;off&quot; da_has_shadow=&quot;on&quot;][et_pb_row custom_padding_last_edited=&quot;on|phone&quot; _builder_version=&quot;4.15&quot; _module_preset=&quot;default&quot; custom_padding=&quot;45px||0px||false|false&quot; custom_padding_tablet=&quot;&quot; custom_padding_phone=&quot;&quot; global_colors_info=&quot;{}&quot;][et_pb_column type=&quot;4_4&quot; _builder_version=&quot;4.15&quot; _module_preset=&quot; \u00bbpadr\u00e3o \u00bb global_colors_info= \u00bb{} \u00bb][et_pb_text _builder_version= \u00bb4.15\u2033 _module_preset= \u00bbpadr\u00e3o \u00bb header_2_font= \u00bbSacramento|||||||| \u00bb header_2_text_align= \u00bbcenter \u00bb custom_margin= \u00bb10px||10px||true|false \u00bb global_colors_info= \u00bb{} \u00bb]<\/p>\n<h2><span class=\"title-3\">E concretamente,<\/span><span class=\"subtitle-3\"><br \/>\nO que isso d\u00e1?<\/span><\/h2>\n<p>[\/et_pb_text][et_pb_text _builder_version=&quot;4.15&quot; _module_preset=&quot;default&quot; text_font=&quot;Oswald|200|||||||&quot; text_text_color=&quot;#FFFFFF&quot; text_font_size=&quot;1.7em&quot; width=&quot;65%&quot; width_tablet=&quot;100%&quot; width_phone=&quot;&quot; width_last_edited=&quot;on|desktop&quot; module_alignment=&quot;center&quot; text_font_size_tablet=&quot;1.7em&quot; text_font_size_phone=&quot;1.4em&quot; text_font_size_last_edited=&quot;on|phone&quot; custom_css_main_element=&quot;line-height:1.2em; \u00bb global_colors_info= \u00bb{} \u00bb custom_css_main_element_tablet= \u00bbline-height:1.2em; \u00bb custom_css_main_element_phone= \u00bbline-height:1.2em; \u00bb custom_css_main_element_last_edited= \u00bbon|phone \u00bb]<\/p>\n<p style=\"text-align: justify;\"><span style=\"font-weight: 200;\">Desde o in\u00edcio, nos dedicamos diariamente a permitir que as crian\u00e7as se desenvolvam e cres\u00e7am nas melhores condi\u00e7\u00f5es poss\u00edveis. Mais do que um simples mecenas, quer\u00edamos ir ainda mais longe, dando for\u00e7a e significado \u00e0s nossas a\u00e7\u00f5es. Foi assim que nasceu a funda\u00e7\u00e3o corporativa Wesco, em 2012.<\/span><\/p>\n<p style=\"text-align: justify;\"><span style=\"font-weight: 200;\">A Funda\u00e7\u00e3o Wesco \u00e9 uma equipe dedicada que se re\u00fane v\u00e1rias vezes ao ano, tem um or\u00e7amento aprovado por unanimidade e apoia diversos projetos. Com toda a transpar\u00eancia, aqui est\u00e1 o nosso relat\u00f3rio: <\/span><\/p>\n<p>[et_pb_text][\/et_pb_column][\/et_pb_row][et_pb_row column_structure=&quot;1_4,1_4,1_4,1_4&quot; use_custom_gutter=&quot;on&quot; gutter_width=&quot;1&quot; make_equal=&quot;on&quot; _builder_version=&quot;4.15&quot; _module_preset=&quot;default&quot; width=&quot;60%&quot; width_tablet=&quot;55%&quot; width_phone=&quot;100%&quot; width_last_edited=&quot;on|phone&quot; custom_margin=&quot;||||false|false&quot; custom_padding=&quot;15px||15px||true|false&quot; global_colors_info=&quot;{}&quot;][et_pb_column type=&quot;1_4&quot; _builder_version=&quot;4.15&quot; _module_preset=&quot;default&quot; \u00bb custom_padding=&quot;30px||30px||true|false&quot; \u00bb border_width_all_tablet=&quot;&quot; \u00bb border_width_all_phone=&quot;&quot; \u00bb border_width_all_last_edited=&quot;on|desktop&quot; \u00bb border_width_right_tablet=&quot;0px&quot; \u00bb border_width_right_phone=&quot;0px&quot; \u00bb border_width_right_last_edited=&quot;off|tablet&quot; \u00bb global_colors_info=&quot;{}&quot; \u00bb][et_pb_blurb image=&quot;https:\/\/www.wesco-group.com\/wp-content\/uploads\/2021\/07\/picto-clients.png&quot; \u00bb _builder_version=&quot;4.15&quot; _module_preset=&quot;default&quot; \u00bb custom_margin=&quot;0px||0px||true|false&quot; \u00bb custom_padding=&quot; \u00bb0px||0px||true|false \u00bb global_colors_info= \u00bb{} \u00bb][\/et_pb_blurb][et_pb_number_counter number= \u00bb500000\u2033 percent_sign= \u00bboff \u00bb _builder_version= \u00bb4.15\u2033 _module_preset= \u00bbdefault \u00bb title_font= \u00bbOpen Sans|600||||||| \u00bb title_text_color= \u00bb#FFFFFF \u00bb title_font_size= \u00bb1vw \u00bb title_line_height= \u00bb1.3em \u00bb number_font= \u00bbOpen Sans|700||||||| \u00bb number_text_color=&quot;#FFFFFF&quot; \u00bb number_font_size=&quot;42px&quot; \u00bb number_line_height=&quot;10px&quot; \u00bb custom_margin=&quot;0px||0px||true|false&quot; \u00bb custom_padding=&quot;0px||0px||true|false&quot; \u00bb title_font_size_tablet=&quot;2vw&quot; \u00bb title_font_size_phone=&quot;16px&quot; \u00bb title_font_size_last_edited=&quot;on|desktop&quot; \u00bb custom_css_main_element=&quot;margin-bottom:-40px!important;&quot; \u00bb global_colors_info=&quot;{}&quot;][\/et_pb_number_counter][et_pb_text _builder_version=&quot;4.15.1&quot; _module_preset=&quot;default&quot; \u00bb text_font=&quot;Open Sans|600||||||| \u00bb cor_texto= \u00bb#FFFFFF \u00bb tamanho_fonte_texto= \u00bb1vw \u00bb altura_linha_texto= \u00bb1.2em \u00bb orienta\u00e7\u00e3o_texto= \u00bbcentro \u00bb espa\u00e7amento_personalizado= \u00bb0.3em|0.8em|0.3em|0.8em|true|true \u00bb tamanho_fonte_texto_tablet= \u00bb2vw \u00bb tamanho_fonte_texto_celular= \u00bb16px \u00bb tamanho_fonte_texto_\u00faltima_edi\u00e7\u00e3o= \u00bbligado|tablet \u00bb altura_linha_texto_tablet= \u00bb1.3em \u00bb altura_linha_texto_celular= \u00bb \u00bb altura_linha_texto_\u00faltima_edi\u00e7\u00e3o= \u00bbligado|tablet \u00bb informa\u00e7\u00f5es_cores_globais= \u00bb{} \u00bb]<\/p>\n<p>crian\u00e7as que se beneficiaram desde o in\u00edcio<\/p>\n<p>[et_pb_text][\/et_pb_column][et_pb_column type=&quot;1_4&quot; _builder_version=&quot;4.15&quot; _module_preset=&quot;default&quot; custom_padding=&quot;30px||30px||true|false&quot; global_colors_info=&quot;{}&quot;][et_pb_blurb image=&quot;https:\/\/www.wesco-group.com\/wp-content\/uploads\/2021\/07\/picto-flag.png&quot; _builder_version=&quot;4.15&quot; _module_preset=&quot;default&quot; custom_margin=&quot;0px||0px||true|false&quot; custom_padding=&quot;0px||0px||true|false&quot; global_colors_info=&quot;{}&quot;][\/et_pb_blurb][et_pb_number_counter n\u00famero= \u00bb6\u2033 sinal_percentual= \u00bbdesativado \u00bb vers\u00e3o_do_construtor= \u00bb4.15.1\u2033 predefini\u00e7\u00e3o_do_m\u00f3dulo= \u00bbpadr\u00e3o \u00bb fonte_do_t\u00edtulo= \u00bbOpen Sans|600||||||| \u00bb cor_do_texto_do_t\u00edtulo= \u00bb#FFFFFF \u00bb tamanho_da_fonte_do_t\u00edtulo= \u00bb1vw \u00bb altura_da_linha_do_t\u00edtulo= \u00bb1.3em \u00bb fonte_do_n\u00famero= \u00bbOpen Sans|700||||||| \u00bb number_text_color=&quot;#FFFFFF&quot; \u00bb number_font_size=&quot;42px&quot; \u00bb number_line_height=&quot;10px&quot; \u00bb custom_margin=&quot;0px||0px||true|false&quot; \u00bb custom_padding=&quot;0px||0px||true|false&quot; \u00bb title_font_size_tablet=&quot;2vw&quot; \u00bb title_font_size_phone=&quot;16px&quot; \u00bb title_font_size_last_edited=&quot;on|desktop&quot; \u00bb custom_css_main_element=&quot;margin-bottom:-40px!important;&quot; \u00bb global_colors_info=&quot;{}&quot;][\/et_pb_number_counter][et_pb_text _builder_version=&quot;4.15.1&quot; _module_preset=&quot;default&quot; \u00bb text_font=&quot;Open Sans|600||||||| \u00bb cor_texto= \u00bb#FFFFFF \u00bb tamanho_fonte_texto= \u00bb1vw \u00bb altura_linha_texto= \u00bb1.2em \u00bb orienta\u00e7\u00e3o_texto= \u00bbcentro \u00bb espa\u00e7amento_personalizado= \u00bb0.3em|0.8em|0.3em|0.8em|true|true \u00bb tamanho_fonte_texto_tablet= \u00bb2vw \u00bb tamanho_fonte_texto_celular= \u00bb16px \u00bb tamanho_fonte_texto_\u00faltima_edi\u00e7\u00e3o= \u00bbligado|tablet \u00bb altura_linha_texto_tablet= \u00bb1.3em \u00bb altura_linha_texto_celular= \u00bb \u00bb altura_linha_texto_\u00faltima_edi\u00e7\u00e3o= \u00bbligado|tablet \u00bb informa\u00e7\u00f5es_cores_globais= \u00bb{} \u00bb]<\/p>\n<p>projetos apoiados em 2025<\/p>\n<p>[et_pb_text][\/et_pb_column][et_pb_column type=&quot;1_4&quot; _builder_version=&quot;4.15&quot; _module_preset=&quot;default&quot; custom_padding=&quot;30px||30px||true|false&quot; global_colors_info=&quot;{}&quot;][et_pb_blurb image=&quot;https:\/\/www.wesco-group.com\/wp-content\/uploads\/2021\/07\/picto-plane.png&quot; _builder_version=&quot;4.15&quot; _module_preset=&quot;default&quot; custom_margin=&quot;0px||0px||true|false&quot; custom_padding=&quot;0px||0px||true|false&quot; global_colors_info=&quot;{}&quot;][\/et_pb_blurb][et_pb_number_counter n\u00famero= \u00bb75\u2033 sinal_percentual= \u00bbdesativado \u00bb vers\u00e3o_do_construtor= \u00bb4.15.1\u2033 predefini\u00e7\u00e3o_do_m\u00f3dulo= \u00bbpadr\u00e3o \u00bb fonte_do_t\u00edtulo= \u00bbOpen Sans|600||||||| \u00bb cor_do_texto_do_t\u00edtulo= \u00bb#FFFFFF \u00bb tamanho_da_fonte_do_t\u00edtulo= \u00bb1vw \u00bb altura_da_linha_do_t\u00edtulo= \u00bb1.3em \u00bb fonte_do_n\u00famero= \u00bbOpen Sans|700||||||| \u00bb number_text_color=&quot;#FFFFFF&quot; \u00bb number_font_size=&quot;42px&quot; \u00bb number_line_height=&quot;10px&quot; \u00bb custom_margin=&quot;0px||0px||true|false&quot; \u00bb custom_padding=&quot;0px||0px||true|false&quot; \u00bb title_font_size_tablet=&quot;2vw&quot; \u00bb title_font_size_phone=&quot;16px&quot; \u00bb title_font_size_last_edited=&quot;on|desktop&quot; \u00bb custom_css_main_element=&quot;margin-bottom:-40px!important;&quot; \u00bb global_colors_info=&quot;{}&quot;][\/et_pb_number_counter][et_pb_text _builder_version=&quot;4.15&quot; _module_preset=&quot;default&quot; \u00bb text_font=&quot;Open Sans|600||||||| \u00bb cor_texto= \u00bb#FFFFFF \u00bb tamanho_fonte_texto= \u00bb1vw \u00bb altura_linha_texto= \u00bb1.2em \u00bb orienta\u00e7\u00e3o_texto= \u00bbcentro \u00bb espa\u00e7amento_personalizado= \u00bb0.3em|0.8em|0.3em|0.8em|true|true \u00bb tamanho_fonte_texto_tablet= \u00bb2vw \u00bb tamanho_fonte_texto_celular= \u00bb16px \u00bb tamanho_fonte_texto_\u00faltima_edi\u00e7\u00e3o= \u00bbligado|tablet \u00bb altura_linha_texto_tablet= \u00bb1.3em \u00bb altura_linha_texto_celular= \u00bb \u00bb altura_linha_texto_\u00faltima_edi\u00e7\u00e3o= \u00bbligado|tablet \u00bb informa\u00e7\u00f5es_cores_globais= \u00bb{} \u00bb]<\/p>\n<p>projetos apoiados pela Funda\u00e7\u00e3o desde a sua cria\u00e7\u00e3o<\/p>\n<p>[et_pb_text][\/et_pb_column][et_pb_column type=&quot;1_4&quot; _builder_version=&quot;4.15&quot; _module_preset=&quot;default&quot; custom_padding=&quot;30px||30px||true|false&quot; global_colors_info=&quot;{}&quot;][et_pb_blurb image=&quot;https:\/\/www.wesco-group.com\/wp-content\/uploads\/2021\/07\/picto-heart.png&quot; _builder_version=&quot;4.15&quot; _module_preset=&quot;default&quot; custom_margin=&quot;0px||0px||true|false&quot; custom_padding=&quot;0px||0px||true|false&quot; global_colors_info=&quot;{}&quot;][\/et_pb_blurb][et_pb_number_counter n\u00famero= \u00bb1\u20ac \u00bb sinal_percentual= \u00bbdesativado \u00bb vers\u00e3o_do_construtor= \u00bb4.15\u2033 predefini\u00e7\u00e3o_do_m\u00f3dulo= \u00bbpadr\u00e3o \u00bb fonte_do_t\u00edtulo= \u00bbOpen Sans|600||||||| \u00bb cor_do_texto_do_t\u00edtulo= \u00bb#FFFFFF \u00bb tamanho_da_fonte_do_t\u00edtulo= \u00bb1.5vw \u00bb fonte_do_n\u00famero= \u00bbOpen Sans|700||||||| \u00bb number_text_color=&quot;#FFFFFF&quot; \u00bb number_font_size=&quot;42px&quot; \u00bb number_line_height=&quot;10px&quot; \u00bb custom_margin=&quot;0px||0px||true|false&quot; \u00bb custom_padding=&quot;0px||0px||true|false&quot; \u00bb title_font_size_tablet=&quot;3vw&quot; \u00bb title_font_size_phone=&quot;22px&quot; \u00bb title_font_size_last_edited=&quot;on|phone&quot; \u00bb custom_css_main_element=&quot;margin-bottom:-40px!important;&quot; \u00bb global_colors_info=&quot;{}&quot;][\/et_pb_number_counter][et_pb_text _builder_version=&quot;4.15&quot; _module_preset=&quot;default&quot; \u00bb text_font=&quot;Open Sans|600||||||| \u00bb cor_texto= \u00bb#FFFFFF \u00bb tamanho_fonte_texto= \u00bb1.5vw \u00bb altura_linha_texto= \u00bb1.2em \u00bb orienta\u00e7\u00e3o_texto= \u00bbcentro \u00bb margem_personalizada= \u00bb-50px||||false|false \u00bb preenchimento_personalizado= \u00bb0.3em|0.8em|0.3em|0.8em|true|true \u00bb tamanho_fonte_texto_tablet= \u00bb2vw \u00bb tamanho_fonte_texto_celular= \u00bb16px \u00bb tamanho_fonte_texto_\u00faltima_edi\u00e7\u00e3o= \u00bbligado|tablet \u00bb altura_linha_texto_tablet= \u00bb1.3em \u00bb altura_linha_texto_celular= \u00bb \u00bb altura_linha_texto_\u00faltima_edi\u00e7\u00e3o= \u00bbligado|tablet \u00bb informa\u00e7\u00f5es_cores_globais= \u00bb{} \u00bb]<\/p>\n<p>invertido<\/p>\n<p>[\/et_pb_text][et_pb_text _builder_version=&quot;4.15&quot; _module_preset=&quot;default&quot; text_font=&quot;Open Sans|600||||||| \u00bb text_text_color= \u00bb#FFFFFF \u00bb text_font_size= \u00bb1vw \u00bb text_line_height= \u00bb1.2em \u00bb text_orientation= \u00bbcenter \u00bb custom_margin= \u00bb0px||0px||true|false \u00bb text_font_size_tablet= \u00bb2vw \u00bb text_font_size_phone= \u00bb16px \u00bb text_font_size_last_edited= \u00bbon|tablet \u00bb text_line_height_tablet= \u00bb1.3em \u00bb text_line_height_phone= \u00bb \u00bb text_line_height_last_edited= \u00bbon|tablet \u00bb global_colors_info= \u00bb{} \u00bb]Nossos clientes tamb\u00e9m est\u00e3o comprometidos conosco![\/et_pb_text][et_pb_text _builder_version= \u00bb4.15\u2033 _module_preset= \u00bbdefault \u00bb text_font= \u00bbOpen Sans|600||||||| \u00bb cor_texto= \u00bb#FFFFFF \u00bb tamanho_fonte_texto= \u00bb16px \u00bb altura_linha_texto= \u00bb1em \u00bb orienta\u00e7\u00e3o_texto= \u00bbcentro \u00bb espa\u00e7amento_personalizado= \u00bb0.3em|0.8em|0.3em|0.8em|true|true \u00bb tamanho_fonte_texto_tablet= \u00bb16px \u00bb tamanho_fonte_texto_celular= \u00bb16px \u00bb tamanho_fonte_texto_\u00faltima_edi\u00e7\u00e3o= \u00bbligado|desktop \u00bb altura_linha_texto_tablet= \u00bb1em \u00bb altura_linha_texto_celular= \u00bb \u00bb altura_linha_texto_\u00faltima_edi\u00e7\u00e3o= \u00bbligado|desktop \u00bb informa\u00e7\u00f5es_cores_globais= \u00bb{} \u00bb]<\/p>\n<p><span style=\"font-size: small;\">Ao subscrever um dos nossos Clubes de Vantagens, 1\u20ac \u00e9 automaticamente doado \u00e0 Funda\u00e7\u00e3o.<\/span><\/p>\n<p>[\/et_pb_text][\/et_pb_column][\/et_pb_row][\/et_pb_section][et_pb_section fb_built=&quot;1&quot; custom_padding_last_edited=&quot;on|phone&quot; admin_label=&quot;voc\u00ea \u00e9 uma associa\u00e7\u00e3o\u2026&quot; _builder_version=&quot;4.15.1&quot; _module_preset=&quot;default&quot; background_image=&quot;https:\/\/www.wesco-group.com\/wp-content\/uploads\/2025\/09\/230621_141-scaled.jpg&quot; custom_padding=&quot;6vh||6vh||true|false&quot; custom_padding_tablet=&quot;&quot; custom_padding_phone=&quot;0vh||0vh||true|false&quot; da_disable_devices=&quot;off|off|off&quot; global_colors_info=&quot;{}&quot; da_is_popup=&quot;off&quot; da_exit_intent=&quot;off&quot; da_has_close=&quot;on&quot; da_alt_close=&quot;off&quot; da_dark_close=&quot;off&quot; da_not_modal=&quot;on&quot; da_is_singular=&quot;off&quot; da_with_loader=&quot;off&quot; da_has_shadow=&quot;on&quot;][et_pb_row _builder_version=&quot;4.15&quot; _module_preset=&quot;default&quot; global_colors_info=&quot;{}&quot;][et_pb_column type=&quot;4_4&quot; _builder_version=&quot;4.15&quot; _module_preset=&quot;default&quot; global_colors_info=&quot;{}&quot;][et_pb_text _builder_version=&quot;4.15&quot; _module_preset=&quot;default&quot; header_3_font=&quot;Oswald|||||||| \u00bb header_3_text_align=&quot;center&quot; \u00bb header_3_text_color=&quot;#FFFFFF&quot; \u00bb header_3_font_size=&quot;2.5em&quot; \u00bb header_3_line_height=&quot;1.2em&quot; \u00bb custom_margin=&quot;0px||0px||true|false&quot; \u00bb header_3_font_size_tablet=&quot;2em&quot; \u00bb header_3_font_size_phone=&quot;1.7em&quot; \u00bb header_3_font_size_last_edited=&quot;on|desktop&quot; \u00bb global_colors_info=&quot;{}&quot;]<\/p>\n<h3>Voc\u00ea \u00e9 uma associa\u00e7\u00e3o<br \/>ou uma ONG?<\/h3>\n<p>[\/et_pb_text][et_pb_text _builder_version=&quot;4.15.1&quot; _module_preset=&quot;default&quot; text_font=&quot;Oswald|300|||||||&quot; text_text_color=&quot;#add4e3&quot; text_font_size=&quot;1.7em&quot; text_orientation=&quot;center&quot; text_font_size_tablet=&quot;1.5em&quot; text_font_size_phone=&quot;1.4em&quot; text_font_size_last_edited=&quot;on|phone&quot; custom_css_main_element=&quot;line-height:1.4em;&quot; global_colors_info=&quot;{}&quot;]<\/p>\n<p><span style=\"color: #125671;\">Compartilhe sua iniciativa entrando em contato com a Wesco Corporate Foundation<\/span><br \/><span style=\"color: #125671;\">no seguinte endere\u00e7o:<\/span> <span style=\"color: #ffffff;\">fondationdentreprise@wesco.fr<\/span><\/p>\n<p>[\/et_pb_text][et_pb_button button_url=&quot;mailto:fondationdentreprise@wesco.fr&quot; url_new_window=&quot;on&quot; button_text=&quot;CONTATE-NOS&quot; button_alignment=&quot;center&quot; button_alignment_last_edited=&quot;off|desktop&quot; _builder_version=&quot;4.9.10&quot; _module_preset=&quot;default&quot; custom_button=&quot;on&quot; button_text_size=&quot;1.4em&quot; button_text_color=&quot;#FFFFFF&quot; button_bg_color=&quot;#6ab3d8&quot; button_border_width=&quot;0px&quot; button_border_radius=&quot;1.5em&quot; button_letter_spacing=&quot;0.05em&quot; button_font=&quot;Oswald|600||||||| \u00bb button_use_icon= \u00bboff \u00bb custom_padding= \u00bb0.5em|2em|0.5em|2em|true|true \u00bb global_colors_info= \u00bb{} \u00bb button_bg_color__hover_enabled= \u00bbon|desktop \u00bb transform_styles__hover_enabled= \u00bbon|desktop \u00bb transform_scale__hover_enabled= \u00bbon|desktop \u00bb transform_translate__hover_enabled= \u00bbon|desktop \u00bb transform_rotate__hover_enabled= \u00bbon|desktop \u00bb transform_skew__hover_enabled= \u00bbon|desktop \u00bb transform_origin__hover_enabled= \u00bbon|desktop \u00bb transform_scale__hover= \u00bb105%|105% \u00bb button_bg_color__hover= \u00bb#6ab3d8\u2033][\/et_pb_button][\/et_pb_column][\/et_pb_row][\/et_pb_section]<\/p>","protected":false},"excerpt":{"rendered":"<p>APRENDER \u00c9 UMA OPORTUNIDADE. Enquanto milhares de crian\u00e7as retornam \u00e0 escola a cada novo ano letivo, muitas outras n\u00e3o t\u00eam a mesma sorte. Porque aprender nunca deve ser um privil\u00e9gio, mas sim um direito fundamental de TODAS as crian\u00e7as, por ocasi\u00e3o do nosso 50\u00ba anivers\u00e1rio, reafirmamos o nosso compromisso com a educa\u00e7\u00e3o [\u2026]<\/p>","protected":false},"author":1,"featured_media":0,"parent":0,"menu_order":0,"comment_status":"closed","ping_status":"closed","template":"","meta":{"_et_pb_use_builder":"on","_et_pb_old_content":"","_et_gb_content_width":"","inline_featured_image":false,"footnotes":""},"class_list":["post-245897","page","type-page","status-publish","hentry"],"yoast_head":"<!-- This site is optimized with the Yoast SEO plugin v25.9 - https:\/\/yoast.com\/wordpress\/plugins\/seo\/ -->\n<title>LA FONDATION D&#039;ENTREPRISE - Wesco<\/title>\n<meta name=\"robots\" content=\"index, follow, max-snippet:-1, max-image-preview:large, max-video-preview:-1\" \/>\n<link rel=\"canonical\" href=\"https:\/\/www.wesco-group.com\/pt\/la-fondation-d-entreprise\/\" \/>\n<meta property=\"og:locale\" content=\"pt_PT\" \/>\n<meta property=\"og:type\" content=\"article\" \/>\n<meta property=\"og:title\" content=\"LA FONDATION D&#039;ENTREPRISE - Wesco\" \/>\n<meta property=\"og:description\" content=\"APPRENDRE EST UNE CHANCEAlors que des milliers d\u2019\u00e9coliers reprennent le chemin de l\u2019\u00e9cole \u00e0 chaque nouvelle rentr\u00e9e, nombreux sont ceux qui n\u2019ont pas cette chance. Parce qu\u2019apprendre ne devrait jamais \u00eatre un privil\u00e8ge, mais bien un droit fondamental pour TOUS les enfants, \u00c0 l\u2019occasion de notre 50\u1d49 anniversaire, nous r\u00e9affirmons notre engagement pour une \u00e9ducation [&hellip;]\" \/>\n<meta property=\"og:url\" content=\"https:\/\/www.wesco-group.com\/pt\/la-fondation-d-entreprise\/\" \/>\n<meta property=\"og:site_name\" content=\"Wesco\" \/>\n<meta property=\"article:modified_time\" content=\"2025-09-15T14:29:12+00:00\" \/>\n<meta name=\"twitter:card\" content=\"summary_large_image\" \/>\n<script type=\"application\/ld+json\" class=\"yoast-schema-graph\">{\"@context\":\"https:\/\/schema.org\",\"@graph\":[{\"@type\":\"WebPage\",\"@id\":\"https:\/\/www.wesco-group.com\/la-fondation-d-entreprise\/\",\"url\":\"https:\/\/www.wesco-group.com\/la-fondation-d-entreprise\/\",\"name\":\"LA FONDATION D'ENTREPRISE - Wesco\",\"isPartOf\":{\"@id\":\"https:\/\/www.wesco-group.com\/#website\"},\"datePublished\":\"2025-09-04T09:39:56+00:00\",\"dateModified\":\"2025-09-15T14:29:12+00:00\",\"breadcrumb\":{\"@id\":\"https:\/\/www.wesco-group.com\/la-fondation-d-entreprise\/#breadcrumb\"},\"inLanguage\":\"pt-PT\",\"potentialAction\":[{\"@type\":\"ReadAction\",\"target\":[\"https:\/\/www.wesco-group.com\/la-fondation-d-entreprise\/\"]}]},{\"@type\":\"BreadcrumbList\",\"@id\":\"https:\/\/www.wesco-group.com\/la-fondation-d-entreprise\/#breadcrumb\",\"itemListElement\":[{\"@type\":\"ListItem\",\"position\":1,\"name\":\"Accueil\",\"item\":\"https:\/\/www.wesco-group.com\/\"},{\"@type\":\"ListItem\",\"position\":2,\"name\":\"LA FONDATION D&rsquo;ENTREPRISE\"}]},{\"@type\":\"WebSite\",\"@id\":\"https:\/\/www.wesco-group.com\/#website\",\"url\":\"https:\/\/www.wesco-group.com\/\",\"name\":\"Wesco\",\"description\":\"Mobilier enfant, pu\u00e9riculture, jeux et mat\u00e9riel \u00e9ducatif\",\"potentialAction\":[{\"@type\":\"SearchAction\",\"target\":{\"@type\":\"EntryPoint\",\"urlTemplate\":\"https:\/\/www.wesco-group.com\/?s={search_term_string}\"},\"query-input\":{\"@type\":\"PropertyValueSpecification\",\"valueRequired\":true,\"valueName\":\"search_term_string\"}}],\"inLanguage\":\"pt-PT\"}]}<\/script>\n<!-- \/ Yoast SEO plugin. -->","yoast_head_json":{"title":"A FUNDA\u00c7\u00c3O CORPORATIVA - Wesco","robots":{"index":"index","follow":"follow","max-snippet":"max-snippet:-1","max-image-preview":"max-image-preview:large","max-video-preview":"max-video-preview:-1"},"canonical":"https:\/\/www.wesco-group.com\/pt\/la-fondation-d-entreprise\/","og_locale":"pt_PT","og_type":"article","og_title":"LA FONDATION D'ENTREPRISE - Wesco","og_description":"APPRENDRE EST UNE CHANCEAlors que des milliers d\u2019\u00e9coliers reprennent le chemin de l\u2019\u00e9cole \u00e0 chaque nouvelle rentr\u00e9e, nombreux sont ceux qui n\u2019ont pas cette chance. Parce qu\u2019apprendre ne devrait jamais \u00eatre un privil\u00e8ge, mais bien un droit fondamental pour TOUS les enfants, \u00c0 l\u2019occasion de notre 50\u1d49 anniversaire, nous r\u00e9affirmons notre engagement pour une \u00e9ducation [&hellip;]","og_url":"https:\/\/www.wesco-group.com\/pt\/la-fondation-d-entreprise\/","og_site_name":"Wesco","article_modified_time":"2025-09-15T14:29:12+00:00","twitter_card":"summary_large_image","schema":{"@context":"https:\/\/schema.org","@graph":[{"@type":"WebPage","@id":"https:\/\/www.wesco-group.com\/la-fondation-d-entreprise\/","url":"https:\/\/www.wesco-group.com\/la-fondation-d-entreprise\/","name":"A FUNDA\u00c7\u00c3O CORPORATIVA - Wesco","isPartOf":{"@id":"https:\/\/www.wesco-group.com\/#website"},"datePublished":"2025-09-04T09:39:56+00:00","dateModified":"2025-09-15T14:29:12+00:00","breadcrumb":{"@id":"https:\/\/www.wesco-group.com\/la-fondation-d-entreprise\/#breadcrumb"},"inLanguage":"pt-PT","potentialAction":[{"@type":"ReadAction","target":["https:\/\/www.wesco-group.com\/la-fondation-d-entreprise\/"]}]},{"@type":"BreadcrumbList","@id":"https:\/\/www.wesco-group.com\/la-fondation-d-entreprise\/#breadcrumb","itemListElement":[{"@type":"ListItem","position":1,"name":"Accueil","item":"https:\/\/www.wesco-group.com\/"},{"@type":"ListItem","position":2,"name":"LA FONDATION D&rsquo;ENTREPRISE"}]},{"@type":"WebSite","@id":"https:\/\/www.wesco-group.com\/#website","url":"https:\/\/www.wesco-group.com\/","name":"Wesco","description":"M\u00f3veis infantis, puericultura, jogos e materiais educativos","potentialAction":[{"@type":"SearchAction","target":{"@type":"EntryPoint","urlTemplate":"https:\/\/www.wesco-group.com\/?s={search_term_string}"},"query-input":{"@type":"PropertyValueSpecification","valueRequired":true,"valueName":"search_term_string"}}],"inLanguage":"pt-PT"}]}},"_links":{"self":[{"href":"https:\/\/www.wesco-group.com\/pt\/wp-json\/wp\/v2\/pages\/245897","targetHints":{"allow":["GET"]}}],"collection":[{"href":"https:\/\/www.wesco-group.com\/pt\/wp-json\/wp\/v2\/pages"}],"about":[{"href":"https:\/\/www.wesco-group.com\/pt\/wp-json\/wp\/v2\/types\/page"}],"author":[{"embeddable":true,"href":"https:\/\/www.wesco-group.com\/pt\/wp-json\/wp\/v2\/users\/1"}],"replies":[{"embeddable":true,"href":"https:\/\/www.wesco-group.com\/pt\/wp-json\/wp\/v2\/comments?post=245897"}],"version-history":[{"count":78,"href":"https:\/\/www.wesco-group.com\/pt\/wp-json\/wp\/v2\/pages\/245897\/revisions"}],"predecessor-version":[{"id":246069,"href":"https:\/\/www.wesco-group.com\/pt\/wp-json\/wp\/v2\/pages\/245897\/revisions\/246069"}],"wp:attachment":[{"href":"https:\/\/www.wesco-group.com\/pt\/wp-json\/wp\/v2\/media?parent=245897"}],"curies":[{"name":"wp","href":"https:\/\/api.w.org\/{rel}","templated":true}]}}