{"id":241551,"date":"2021-09-12T10:43:40","date_gmt":"2021-09-12T08:43:40","guid":{"rendered":"https:\/\/dev.wesco-group.com\/?page_id=241551"},"modified":"2024-11-04T13:46:05","modified_gmt":"2024-11-04T12:46:05","slug":"mentions-legales","status":"publish","type":"page","link":"https:\/\/www.wesco-group.com\/pt\/mentions-legales\/","title":{"rendered":"Avisos legais"},"content":{"rendered":"<p>[et_pb_section fb_built=\u00a0\u00bb1&Prime; admin_label=\u00a0\u00bbEn-t\u00eate titre\u00a0\u00bb _builder_version=\u00a0\u00bb4.15&Prime; _module_preset=\u00a0\u00bbdefault\u00a0\u00bb background_color=\u00a0\u00bb#f9f9f9&Prime; custom_margin=\u00a0\u00bb100px||||false|false\u00a0\u00bb global_colors_info=\u00a0\u00bb{}\u00a0\u00bb][et_pb_row custom_padding_last_edited=\u00a0\u00bbon|phone\u00a0\u00bb _builder_version=\u00a0\u00bb4.15&Prime; _module_preset=\u00a0\u00bbdefault\u00a0\u00bb custom_padding=\u00a0\u00bb2vh||2vh||true|false\u00a0\u00bb custom_padding_tablet=\u00a0\u00bb\u00a0\u00bb custom_padding_phone=\u00a0\u00bb0vh||0vh||true|false\u00a0\u00bb global_colors_info=\u00a0\u00bb{}\u00a0\u00bb][et_pb_column type=\u00a0\u00bb4_4&Prime; _builder_version=\u00a0\u00bb4.15&Prime; _module_preset=\u00a0\u00bbdefault\u00a0\u00bb global_colors_info=\u00a0\u00bb{}\u00a0\u00bb][et_pb_text _builder_version=\u00a0\u00bb4.15&Prime; _module_preset=\u00a0\u00bbdefault\u00a0\u00bb header_font=\u00a0\u00bbOswald|600|||||||\u00a0\u00bb header_text_color=\u00a0\u00bb#125671&Prime; header_font_size=\u00a0\u00bb2.5vw\u00a0\u00bb text_font_size_last_edited=\u00a0\u00bboff|desktop\u00a0\u00bb header_font_size_tablet=\u00a0\u00bb4vw\u00a0\u00bb header_font_size_phone=\u00a0\u00bb30px\u00a0\u00bb header_font_size_last_edited=\u00a0\u00bbon|phone\u00a0\u00bb global_colors_info=\u00a0\u00bb{}\u00a0\u00bb]<\/p>\n<h1>Avisos legais<\/h1>\n<p>[\/et_pb_text][\/et_pb_column][\/et_pb_row][\/et_pb_section][et_pb_section fb_built=\u00a0\u00bb1&Prime; custom_padding_last_edited=\u00a0\u00bbon|phone\u00a0\u00bb admin_label=\u00a0\u00bbContenus\u00a0\u00bb _builder_version=\u00a0\u00bb4.15&Prime; _module_preset=\u00a0\u00bbdefault\u00a0\u00bb custom_margin_tablet=\u00a0\u00bb\u00a0\u00bb custom_margin_phone=\u00a0\u00bb0px||0px||true|false\u00a0\u00bb custom_margin_last_edited=\u00a0\u00bbon|phone\u00a0\u00bb custom_padding_tablet=\u00a0\u00bb\u00a0\u00bb custom_padding_phone=\u00a0\u00bb0px||0px||true|false\u00a0\u00bb global_colors_info=\u00a0\u00bb{}\u00a0\u00bb][et_pb_row _builder_version=\u00a0\u00bb4.15&Prime; _module_preset=\u00a0\u00bbdefault\u00a0\u00bb global_colors_info=\u00a0\u00bb{}\u00a0\u00bb][et_pb_column type=\u00a0\u00bb4_4&Prime; _builder_version=\u00a0\u00bb4.15&Prime; _module_preset=\u00a0\u00bbdefault\u00a0\u00bb global_colors_info=\u00a0\u00bb{}\u00a0\u00bb][et_pb_text _builder_version=\u00a0\u00bb4.15&Prime; _module_preset=\u00a0\u00bbdefault\u00a0\u00bb text_font=\u00a0\u00bbOpen Sans|300|||||||\u00a0\u00bb text_font_size=\u00a0\u00bb1.3em\u00a0\u00bb header_2_font=\u00a0\u00bbOswald||||||||\u00a0\u00bb header_2_font_size=\u00a0\u00bb1.5vw\u00a0\u00bb text_font_size_tablet=\u00a0\u00bb1.2em\u00a0\u00bb text_font_size_phone=\u00a0\u00bb16px\u00a0\u00bb text_font_size_last_edited=\u00a0\u00bbon|desktop\u00a0\u00bb header_2_font_size_tablet=\u00a0\u00bb3vw\u00a0\u00bb header_2_font_size_phone=\u00a0\u00bb24px\u00a0\u00bb header_2_font_size_last_edited=\u00a0\u00bbon|phone\u00a0\u00bb global_colors_info=\u00a0\u00bb{}\u00a0\u00bb]<\/p>\n<h2>1. Editora<\/h2>\n<p><strong>WESCO<\/strong> \u2013 Route de Cholet \u2013 79140 Cerizay \u2013 FRAN\u00c7A \u2013 webmaster@wesco.fr \u2013 Telefone gratuito: 0 800 311 297<\/p>\n<p>SAS com capital de \u20ac 1.000.000 RCS NIORT 304 764 863 \u2013 APE 4649Z \u2013 IVA: FR 52 304 764 863<\/p>\n<p>Diretor de Publica\u00e7\u00e3o: EQUIPE WESCO<\/p>\n<p>O editor compromete-se a cumprir todas as leis relativas \u00e0 cria\u00e7\u00e3o e opera\u00e7\u00e3o de um website. Acesso ao URL <a href=\"https:\/\/www.wesco-group.com\/pt\/\">www.wesco-group.com<\/a> \u00e9 gratuito. Os custos de acesso e utiliza\u00e7\u00e3o da rede de telecomunica\u00e7\u00f5es s\u00e3o de responsabilidade de qualquer usu\u00e1rio do site, de acordo com os termos estabelecidos por seus provedores de acesso e operadoras de telecomunica\u00e7\u00f5es.<\/p>\n<p>Recorde-se que aceder ou permanecer fraudulentamente num sistema inform\u00e1tico, dificultar ou distorcer o funcionamento desse sistema, introduzir ou modificar fraudulentamente dados num sistema inform\u00e1tico constituem infrac\u00e7\u00f5es pun\u00edveis com san\u00e7\u00f5es penais.<\/p>\n<p>[\/et_pb_text][et_pb_text _builder_version=\u00a0\u00bb4.15&Prime; _module_preset=\u00a0\u00bbdefault\u00a0\u00bb text_font=\u00a0\u00bbOpen Sans|300|||||||\u00a0\u00bb text_font_size=\u00a0\u00bb1.3em\u00a0\u00bb header_2_font=\u00a0\u00bbOswald||||||||\u00a0\u00bb header_2_font_size=\u00a0\u00bb1.5vw\u00a0\u00bb text_font_size_tablet=\u00a0\u00bb1.2em\u00a0\u00bb text_font_size_phone=\u00a0\u00bb16px\u00a0\u00bb text_font_size_last_edited=\u00a0\u00bbon|desktop\u00a0\u00bb header_2_font_size_tablet=\u00a0\u00bb3vw\u00a0\u00bb header_2_font_size_phone=\u00a0\u00bb24px\u00a0\u00bb header_2_font_size_last_edited=\u00a0\u00bbon|phone\u00a0\u00bb global_colors_info=\u00a0\u00bb{}\u00a0\u00bb]<\/p>\n<h2>2. Acomoda\u00e7\u00e3o<\/h2>\n<p>O site <a href=\"https:\/\/www.wesco-group.com\/pt\/\">www.wesco-group.com<\/a> \u00e9 hospedado pela empresa OVHcloud<\/p>\n<p>SAS com capital de \u20ac 10.000.000<\/p>\n<p>RCS Roubaix \u2013 Tourcoing 424 761 419 00045<\/p>\n<p>C\u00f3digo APE 6202A<\/p>\n<p>N.\u00ba de IVA: FR 22 424 761 419<\/p>\n<p>Sede: 2 rue Kellermann \u2013 59100 Roubaix \u2013 Fran\u00e7a www.ovh.com<\/p>\n<p>[\/et_pb_text][et_pb_text _builder_version=\u00a0\u00bb4.15&Prime; _module_preset=\u00a0\u00bbdefault\u00a0\u00bb text_font=\u00a0\u00bbOpen Sans|300|||||||\u00a0\u00bb text_font_size=\u00a0\u00bb1.3em\u00a0\u00bb header_2_font=\u00a0\u00bbOswald||||||||\u00a0\u00bb header_2_font_size=\u00a0\u00bb1.5vw\u00a0\u00bb text_font_size_tablet=\u00a0\u00bb1.2em\u00a0\u00bb text_font_size_phone=\u00a0\u00bb16px\u00a0\u00bb text_font_size_last_edited=\u00a0\u00bbon|desktop\u00a0\u00bb header_2_font_size_tablet=\u00a0\u00bb3vw\u00a0\u00bb header_2_font_size_phone=\u00a0\u00bb24px\u00a0\u00bb header_2_font_size_last_edited=\u00a0\u00bbon|phone\u00a0\u00bb global_colors_info=\u00a0\u00bb{}\u00a0\u00bb]<\/p>\n<h2>3. Cr\u00e9ditos<\/h2>\n<p>\u00c9QUIPE WESCO[\/et_pb_text][et_pb_text _builder_version=\u00a0\u00bb4.15&Prime; _module_preset=\u00a0\u00bbdefault\u00a0\u00bb text_font=\u00a0\u00bbOpen Sans|300|||||||\u00a0\u00bb text_font_size=\u00a0\u00bb1.3em\u00a0\u00bb header_2_font=\u00a0\u00bbOswald||||||||\u00a0\u00bb header_2_font_size=\u00a0\u00bb1.5vw\u00a0\u00bb text_font_size_tablet=\u00a0\u00bb1.2em\u00a0\u00bb text_font_size_phone=\u00a0\u00bb16px\u00a0\u00bb text_font_size_last_edited=\u00a0\u00bbon|desktop\u00a0\u00bb header_2_font_size_tablet=\u00a0\u00bb3vw\u00a0\u00bb header_2_font_size_phone=\u00a0\u00bb24px\u00a0\u00bb header_2_font_size_last_edited=\u00a0\u00bbon|phone\u00a0\u00bb global_colors_info=\u00a0\u00bb{}\u00a0\u00bb]<\/p>\n<h2>4. Acesso ao site<\/h2>\n<p>O usu\u00e1rio do site <a href=\"https:\/\/www.wesco-group.com\/pt\/\">www.wesco-group.com<\/a> reconhece possuir as habilidades e os meios necess\u00e1rios para acessar e usar este site.<\/p>\n<p>Os usu\u00e1rios deste site s\u00e3o obrigados a cumprir as disposi\u00e7\u00f5es da lei relativas \u00e0 tecnologia da informa\u00e7\u00e3o, arquivos e liberdades, cuja viola\u00e7\u00e3o \u00e9 pun\u00edvel com san\u00e7\u00f5es penais.<\/p>\n<p>Em particular, devem abster-se, no que diz respeito \u00e0s informa\u00e7\u00f5es pessoais \u00e0s quais tenham acesso, de qualquer recolha, de qualquer utiliza\u00e7\u00e3o indevida e, em geral, de qualquer ato suscet\u00edvel de infringir a privacidade ou a reputa\u00e7\u00e3o das pessoas singulares.<\/p>\n<p>[\/et_pb_text][et_pb_text _builder_version=\u00a0\u00bb4.15&Prime; _module_preset=\u00a0\u00bbdefault\u00a0\u00bb text_font=\u00a0\u00bbOpen Sans|300|||||||\u00a0\u00bb text_font_size=\u00a0\u00bb1.3em\u00a0\u00bb header_2_font=\u00a0\u00bbOswald||||||||\u00a0\u00bb header_2_font_size=\u00a0\u00bb1.5vw\u00a0\u00bb text_font_size_tablet=\u00a0\u00bb1.2em\u00a0\u00bb text_font_size_phone=\u00a0\u00bb16px\u00a0\u00bb text_font_size_last_edited=\u00a0\u00bbon|desktop\u00a0\u00bb header_2_font_size_tablet=\u00a0\u00bb3vw\u00a0\u00bb header_2_font_size_phone=\u00a0\u00bb24px\u00a0\u00bb header_2_font_size_last_edited=\u00a0\u00bbon|phone\u00a0\u00bb global_colors_info=\u00a0\u00bb{}\u00a0\u00bb]<\/p>\n<h2>5. Sistema de gerenciamento de conte\u00fado<\/h2>\n<p>Este site foi criado usando WordPress e \u00e9 atualizado a cada nova vers\u00e3o.<\/p>\n<p>WordPress est un syst\u00e8me de gestion de contenu (CMS) gratuit et libre.[\/et_pb_text][et_pb_text _builder_version=\u00a0\u00bb4.15&Prime; _module_preset=\u00a0\u00bbdefault\u00a0\u00bb text_font=\u00a0\u00bbOpen Sans|300|||||||\u00a0\u00bb text_font_size=\u00a0\u00bb1.3em\u00a0\u00bb header_2_font=\u00a0\u00bbOswald||||||||\u00a0\u00bb header_2_font_size=\u00a0\u00bb1.5vw\u00a0\u00bb text_font_size_tablet=\u00a0\u00bb1.2em\u00a0\u00bb text_font_size_phone=\u00a0\u00bb16px\u00a0\u00bb text_font_size_last_edited=\u00a0\u00bbon|desktop\u00a0\u00bb header_2_font_size_tablet=\u00a0\u00bb3vw\u00a0\u00bb header_2_font_size_phone=\u00a0\u00bb24px\u00a0\u00bb header_2_font_size_last_edited=\u00a0\u00bbon|phone\u00a0\u00bb global_colors_info=\u00a0\u00bb{}\u00a0\u00bb]<\/p>\n<h2>6. Conte\u00fado do site<\/h2>\n<p>A Wesco fornece aos usu\u00e1rios do site: <a href=\"https:\/\/www.wesco-group.com\/pt\/\">www.wesco-group.com<\/a> informa\u00e7\u00f5es e ferramentas dispon\u00edveis e verificadas, mas n\u00e3o pode ser responsabilizado por erros ou pela indisponibilidade de certas informa\u00e7\u00f5es.<\/p>\n<p>Agradecemos aos usu\u00e1rios do site que nos informem sobre quaisquer omiss\u00f5es, erros ou corre\u00e7\u00f5es enviando um e-mail ao webmaster do site no seguinte endere\u00e7o: <a href=\"mailto:webmaster@wesco.fr\">webmaster@wesco.fr<\/a><\/p>\n<p>[\/et_pb_text][et_pb_text _builder_version=\u00a0\u00bb4.15&Prime; _module_preset=\u00a0\u00bbdefault\u00a0\u00bb text_font=\u00a0\u00bbOpen Sans|300|||||||\u00a0\u00bb text_font_size=\u00a0\u00bb1.3em\u00a0\u00bb header_2_font=\u00a0\u00bbOswald||||||||\u00a0\u00bb header_2_font_size=\u00a0\u00bb1.5vw\u00a0\u00bb text_font_size_tablet=\u00a0\u00bb1.2em\u00a0\u00bb text_font_size_phone=\u00a0\u00bb16px\u00a0\u00bb text_font_size_last_edited=\u00a0\u00bbon|desktop\u00a0\u00bb header_2_font_size_tablet=\u00a0\u00bb3vw\u00a0\u00bb header_2_font_size_phone=\u00a0\u00bb24px\u00a0\u00bb header_2_font_size_last_edited=\u00a0\u00bbon|phone\u00a0\u00bb global_colors_info=\u00a0\u00bb{}\u00a0\u00bb]<\/p>\n<h2>7. Propriedades e links<\/h2>\n<p>A estrutura geral, bem como o software, textos, imagens animadas ou est\u00e1ticas, sons, know-how, desenhos, gr\u00e1ficos e todos os outros elementos que comp\u00f5em o site <a href=\"https:\/\/www.wesco-group.com\/pt\/\">www.wesco-group.com<\/a> s\u00e3o para uso exclusivo da Wesco. Qualquer representa\u00e7\u00e3o total ou parcial deste site, por qualquer meio, sem autoriza\u00e7\u00e3o expressa da Wesco, \u00e9 proibida e constituiria uma viola\u00e7\u00e3o pun\u00edvel pelos artigos L335-2 e seguintes do C\u00f3digo de Propriedade Intelectual.<\/p>\n<p>Os links de hipertexto criados no \u00e2mbito deste s\u00edtio web para outros recursos presentes na rede Internet, n\u00e3o constituem<\/p>\n<p>poderia envolver a responsabilidade da Wesco.<\/p>\n<p>A Wesco autoriza o estabelecimento de um hiperlink que aponte para o seu conte\u00fado, sujeito a:<\/p>\n<p>\u2022 n\u00e3o utilizar a t\u00e9cnica de deep linking, ou seja, as p\u00e1ginas do site <a href=\"https:\/\/www.wesco-group.com\/pt\/\">www.wesco-group.com<\/a> n\u00e3o deve ser aninhado nas p\u00e1ginas de outro site, mas acess\u00edvel abrindo uma janela.<\/p>\n<p>\u2022 mencionar a fonte que apontar\u00e1 por meio de um hiperlink diretamente para o conte\u00fado alvo.<\/p>\n<p>\u2022 utilizar as informa\u00e7\u00f5es apenas para fins pessoais, associativos ou profissionais; qualquer utiliza\u00e7\u00e3o para fins comerciais ou publicit\u00e1rios \u00e9 exclu\u00edda.<\/p>\n<p>Aten\u00e7\u00e3o! Esta autoriza\u00e7\u00e3o n\u00e3o se aplica a sites que disseminem informa\u00e7\u00f5es de natureza controversa, pornogr\u00e1fica, ped\u00f3fila, xen\u00f3foba ou que possam, em maior medida, ofender a sensibilidade da maioria das pessoas.<\/p>\n<p>Para outros usos, envie-nos uma solicita\u00e7\u00e3o para: <a href=\"mailto:webmaster@wesco.fr\">webmaster@wesco.fr<\/a><\/p>\n<p>As marcas registradas da WESCO que aparecem no site s\u00e3o marcas registradas. Qualquer reprodu\u00e7\u00e3o total ou parcial dessas marcas registradas sem a autoriza\u00e7\u00e3o expressa da WESCO \u00e9, portanto, proibida. Voc\u00ea pode entrar em contato conosco para fazer esse tipo de solicita\u00e7\u00e3o no endere\u00e7o <a href=\"mailto:webmaster@wesco.fr\">webmaster@wesco.fr<\/a>.<\/p>\n<p>[\/et_pb_text][et_pb_text _builder_version=\u00a0\u00bb4.15&Prime; _module_preset=\u00a0\u00bbdefault\u00a0\u00bb text_font=\u00a0\u00bbOpen Sans|300|||||||\u00a0\u00bb text_font_size=\u00a0\u00bb1.3em\u00a0\u00bb header_2_font=\u00a0\u00bbOswald||||||||\u00a0\u00bb header_2_font_size=\u00a0\u00bb1.5vw\u00a0\u00bb text_font_size_tablet=\u00a0\u00bb1.2em\u00a0\u00bb text_font_size_phone=\u00a0\u00bb16px\u00a0\u00bb text_font_size_last_edited=\u00a0\u00bbon|desktop\u00a0\u00bb header_2_font_size_tablet=\u00a0\u00bb3vw\u00a0\u00bb header_2_font_size_phone=\u00a0\u00bb24px\u00a0\u00bb header_2_font_size_last_edited=\u00a0\u00bbon|phone\u00a0\u00bb global_colors_info=\u00a0\u00bb{}\u00a0\u00bb]<\/p>\n<h2>8. Informa\u00e7\u00f5es t\u00e9cnicas<\/h2>\n<p><span>Recorde-se que o sigilo da correspond\u00eancia n\u00e3o \u00e9 garantido na rede Internet e que cabe a cada internauta tomar todas as medidas adequadas para proteger os seus pr\u00f3prios dados e\/ou software da contamina\u00e7\u00e3o por eventuais v\u00edrus que circulem na Internet.<\/span><\/p>\n<p>[\/et_pb_text][et_pb_text _builder_version=\u00a0\u00bb4.15&Prime; _module_preset=\u00a0\u00bbdefault\u00a0\u00bb text_font=\u00a0\u00bbOpen Sans|300|||||||\u00a0\u00bb text_font_size=\u00a0\u00bb1.3em\u00a0\u00bb header_2_font=\u00a0\u00bbOswald||||||||\u00a0\u00bb header_2_font_size=\u00a0\u00bb1.5vw\u00a0\u00bb text_font_size_tablet=\u00a0\u00bb1.2em\u00a0\u00bb text_font_size_phone=\u00a0\u00bb16px\u00a0\u00bb text_font_size_last_edited=\u00a0\u00bbon|desktop\u00a0\u00bb header_2_font_size_tablet=\u00a0\u00bb3vw\u00a0\u00bb header_2_font_size_phone=\u00a0\u00bb24px\u00a0\u00bb header_2_font_size_last_edited=\u00a0\u00bbon|phone\u00a0\u00bb global_colors_info=\u00a0\u00bb{}\u00a0\u00bb]<\/p>\n<h2>9. Dados pessoais<\/h2>\n<p>Nenhuma informa\u00e7\u00e3o pessoal \u00e9 coletada no site <a href=\"https:\/\/www.wesco-group.com\/pt\/\">www.wesco-group.com<\/a> sem o seu conhecimento, nem transferidos a terceiros.<\/p>\n<p>Os endere\u00e7os IP s\u00e3o usados apenas para fins t\u00e9cnicos e para fins estat\u00edsticos de consulta. E-mails e documentos recebidos ou enviados por e-mail s\u00e3o armazenados por um per\u00edodo de um ano e, posteriormente, s\u00e3o copiados.<\/p>\n<p>Os dados pessoais s\u00e3o mantidos pelo per\u00edodo necess\u00e1rio para a execu\u00e7\u00e3o de campanhas de informa\u00e7\u00e3o da empresa Wesco (boletins informativos, por exemplo, etc.).<\/p>\n<p>De acordo com a Lei de Prote\u00e7\u00e3o de Dados de 06\/01\/1978, voc\u00ea tem o direito de acessar, retificar e se opor \u00e0s informa\u00e7\u00f5es que lhe dizem respeito, que pode ser exercido: \u2022 por e-mail para: <a href=\"mailto:webmaster@wesco.fr\">webmaster@wesco.fr<\/a><\/p>\n<p>\u2022 por correio para: WESCO \u2013 Route de Cholet \u2013 79140 Cerizay \u2013 FRAN\u00c7A<\/p>\n<p>Para facilitar o processamento da sua solicita\u00e7\u00e3o, recomendamos que voc\u00ea nos forne\u00e7a seu nome e sobrenome, endere\u00e7o de e-mail ou endere\u00e7o postal.<\/p>\n<p>De acordo com a regulamenta\u00e7\u00e3o em vigor, o seu pedido dever\u00e1 ser assinado e acompanhado de uma fotoc\u00f3pia de um documento de identidade com a sua assinatura, indicando o endere\u00e7o para onde dever\u00e1 ser enviada a resposta. A resposta ser-lhe-\u00e1 enviada no prazo m\u00e1ximo de um m\u00eas ap\u00f3s a rece\u00e7\u00e3o do pedido.<\/p>\n<p>Em caso de retifica\u00e7\u00e3o, enviaremos a voc\u00ea, mediante solicita\u00e7\u00e3o, uma c\u00f3pia das informa\u00e7\u00f5es retificadas.<\/p>\n<p>[\/et_pb_text][et_pb_text _builder_version=\u00a0\u00bb4.15&Prime; _module_preset=\u00a0\u00bbdefault\u00a0\u00bb text_font=\u00a0\u00bbOpen Sans|300|||||||\u00a0\u00bb text_font_size=\u00a0\u00bb1.3em\u00a0\u00bb header_2_font=\u00a0\u00bbOswald||||||||\u00a0\u00bb header_2_font_size=\u00a0\u00bb1.5vw\u00a0\u00bb text_font_size_tablet=\u00a0\u00bb1.2em\u00a0\u00bb text_font_size_phone=\u00a0\u00bb16px\u00a0\u00bb text_font_size_last_edited=\u00a0\u00bbon|desktop\u00a0\u00bb header_2_font_size_tablet=\u00a0\u00bb3vw\u00a0\u00bb header_2_font_size_phone=\u00a0\u00bb24px\u00a0\u00bb header_2_font_size_last_edited=\u00a0\u00bbon|phone\u00a0\u00bb global_colors_info=\u00a0\u00bb{}\u00a0\u00bb]<\/p>\n<h2>10. Biscoitos<\/h2>\n<p>Quando voc\u00ea visita nosso site, cookies s\u00e3o colocados no seu computador, celular ou tablet.<\/p>\n<p>\u201cCookies\u201d s\u00e3o pequenos arquivos que nos permitem armazenar dados sobre a sua navega\u00e7\u00e3o em nosso site e garantir o seu correto funcionamento. Os cookies s\u00f3 podem ser lidos pelo servidor que os criou.<\/p>\n<p><strong>Como recusar cookies?<\/strong><\/p>\n<p>Os cookies s\u00e3o gerenciados pelo navegador de internet do seu computador.<\/p>\n<p>Voc\u00ea pode restringir, bloquear ou excluir cookies do nosso site alterando as configura\u00e7\u00f5es do seu navegador. No entanto, recomendamos fortemente que voc\u00ea os deixe ativados para evitar qualquer degrada\u00e7\u00e3o no seu acesso ao nosso servi\u00e7o web.<\/p>\n<p>Para mais informa\u00e7\u00f5es sobre cookies no site da CNIL (Comiss\u00e3o Nacional de Tecnologia da Informa\u00e7\u00e3o e Liberdades Civis): <a href=\"https:\/\/www.cnil.fr\/fr\/cookies-les-outils-pour-les-maitriser\" target=\"_blank\" rel=\"noopener\">https:\/\/www.cnil.fr\/fr\/cookies-les-outils-pour-les-maitriser<\/a><\/p>\n<p>[\/et_pb_text][et_pb_text _builder_version=\u00a0\u00bb4.15&Prime; _module_preset=\u00a0\u00bbdefault\u00a0\u00bb text_font=\u00a0\u00bbOpen Sans|300|||||||\u00a0\u00bb text_font_size=\u00a0\u00bb1.3em\u00a0\u00bb header_2_font=\u00a0\u00bbOswald||||||||\u00a0\u00bb header_2_font_size=\u00a0\u00bb1.5vw\u00a0\u00bb text_font_size_tablet=\u00a0\u00bb1.2em\u00a0\u00bb text_font_size_phone=\u00a0\u00bb16px\u00a0\u00bb text_font_size_last_edited=\u00a0\u00bbon|desktop\u00a0\u00bb header_2_font_size_tablet=\u00a0\u00bb3vw\u00a0\u00bb header_2_font_size_phone=\u00a0\u00bb24px\u00a0\u00bb header_2_font_size_last_edited=\u00a0\u00bbon|phone\u00a0\u00bb global_colors_info=\u00a0\u00bb{}\u00a0\u00bb]<\/p>\n<h2>11. Lei aplic\u00e1vel<\/h2>\n<p><span>O uso deste site \u00e9 regido pela lei francesa, com exclus\u00e3o de qualquer outra legisla\u00e7\u00e3o.<\/span><\/p>\n<p>[\/et_pb_text][\/et_pb_column][\/et_pb_row][\/et_pb_section]<\/p>","protected":false},"excerpt":{"rendered":"<p>Mentions l\u00e9gales1. \u00c9diteur WESCO &#8211; Route de Cholet\u00a0 &#8211; 79140 Cerizay &#8211; FRANCE &#8211; webmaster@wesco.fr &#8211; N\u00b0 Vert : 0 800 311 297 SAS au capital de 1 000 000 \u20ac R.C.S NIORT 304 764 863 &#8211; APE 4649Z &#8211; T.V.A. : FR 52 304 764 863 Directeur de la publication : EQUIPE WESCO L&rsquo;\u00e9diteur [&hellip;]<\/p>","protected":false},"author":1,"featured_media":0,"parent":0,"menu_order":0,"comment_status":"closed","ping_status":"closed","template":"","meta":{"_et_pb_use_builder":"on","_et_pb_old_content":"","_et_gb_content_width":"","inline_featured_image":false,"footnotes":""},"class_list":["post-241551","page","type-page","status-publish","hentry"],"yoast_head":"<!-- This site is optimized with the Yoast SEO plugin v25.9 - https:\/\/yoast.com\/wordpress\/plugins\/seo\/ -->\n<title>Mentions l\u00e9gales - Wesco<\/title>\n<meta name=\"robots\" content=\"index, follow, max-snippet:-1, max-image-preview:large, max-video-preview:-1\" \/>\n<link rel=\"canonical\" href=\"https:\/\/www.wesco-group.com\/pt\/mentions-legales\/\" \/>\n<meta property=\"og:locale\" content=\"pt_PT\" \/>\n<meta property=\"og:type\" content=\"article\" \/>\n<meta property=\"og:title\" content=\"Mentions l\u00e9gales - Wesco\" \/>\n<meta property=\"og:description\" content=\"Mentions l\u00e9gales1. \u00c9diteur WESCO - Route de Cholet\u00a0 - 79140 Cerizay - FRANCE - webmaster@wesco.fr - N\u00b0 Vert : 0 800 311 297 SAS au capital de 1 000 000 \u20ac R.C.S NIORT 304 764 863 - APE 4649Z - T.V.A. : FR 52 304 764 863 Directeur de la publication : EQUIPE WESCO L&#039;\u00e9diteur [&hellip;]\" \/>\n<meta property=\"og:url\" content=\"https:\/\/www.wesco-group.com\/pt\/mentions-legales\/\" \/>\n<meta property=\"og:site_name\" content=\"Wesco\" \/>\n<meta property=\"article:modified_time\" content=\"2024-11-04T12:46:05+00:00\" \/>\n<meta name=\"twitter:card\" content=\"summary_large_image\" \/>\n<meta name=\"twitter:label1\" content=\"Tempo estimado de leitura\" \/>\n\t<meta name=\"twitter:data1\" content=\"11 minutos\" \/>\n<script type=\"application\/ld+json\" class=\"yoast-schema-graph\">{\"@context\":\"https:\/\/schema.org\",\"@graph\":[{\"@type\":\"WebPage\",\"@id\":\"https:\/\/www.wesco-group.com\/mentions-legales\/\",\"url\":\"https:\/\/www.wesco-group.com\/mentions-legales\/\",\"name\":\"Mentions l\u00e9gales - Wesco\",\"isPartOf\":{\"@id\":\"https:\/\/www.wesco-group.com\/#website\"},\"datePublished\":\"2021-09-12T08:43:40+00:00\",\"dateModified\":\"2024-11-04T12:46:05+00:00\",\"breadcrumb\":{\"@id\":\"https:\/\/www.wesco-group.com\/mentions-legales\/#breadcrumb\"},\"inLanguage\":\"pt-PT\",\"potentialAction\":[{\"@type\":\"ReadAction\",\"target\":[\"https:\/\/www.wesco-group.com\/mentions-legales\/\"]}]},{\"@type\":\"BreadcrumbList\",\"@id\":\"https:\/\/www.wesco-group.com\/mentions-legales\/#breadcrumb\",\"itemListElement\":[{\"@type\":\"ListItem\",\"position\":1,\"name\":\"Accueil\",\"item\":\"https:\/\/www.wesco-group.com\/\"},{\"@type\":\"ListItem\",\"position\":2,\"name\":\"Mentions l\u00e9gales\"}]},{\"@type\":\"WebSite\",\"@id\":\"https:\/\/www.wesco-group.com\/#website\",\"url\":\"https:\/\/www.wesco-group.com\/\",\"name\":\"Wesco\",\"description\":\"Mobilier enfant, pu\u00e9riculture, jeux et mat\u00e9riel \u00e9ducatif\",\"potentialAction\":[{\"@type\":\"SearchAction\",\"target\":{\"@type\":\"EntryPoint\",\"urlTemplate\":\"https:\/\/www.wesco-group.com\/?s={search_term_string}\"},\"query-input\":{\"@type\":\"PropertyValueSpecification\",\"valueRequired\":true,\"valueName\":\"search_term_string\"}}],\"inLanguage\":\"pt-PT\"}]}<\/script>\n<!-- \/ Yoast SEO plugin. -->","yoast_head_json":{"title":"Avisos legais - Wesco","robots":{"index":"index","follow":"follow","max-snippet":"max-snippet:-1","max-image-preview":"max-image-preview:large","max-video-preview":"max-video-preview:-1"},"canonical":"https:\/\/www.wesco-group.com\/pt\/mentions-legales\/","og_locale":"pt_PT","og_type":"article","og_title":"Mentions l\u00e9gales - Wesco","og_description":"Mentions l\u00e9gales1. \u00c9diteur WESCO - Route de Cholet\u00a0 - 79140 Cerizay - FRANCE - webmaster@wesco.fr - N\u00b0 Vert : 0 800 311 297 SAS au capital de 1 000 000 \u20ac R.C.S NIORT 304 764 863 - APE 4649Z - T.V.A. : FR 52 304 764 863 Directeur de la publication : EQUIPE WESCO L'\u00e9diteur [&hellip;]","og_url":"https:\/\/www.wesco-group.com\/pt\/mentions-legales\/","og_site_name":"Wesco","article_modified_time":"2024-11-04T12:46:05+00:00","twitter_card":"summary_large_image","twitter_misc":{"Tempo estimado de leitura":"11 minutos"},"schema":{"@context":"https:\/\/schema.org","@graph":[{"@type":"WebPage","@id":"https:\/\/www.wesco-group.com\/mentions-legales\/","url":"https:\/\/www.wesco-group.com\/mentions-legales\/","name":"Avisos legais - Wesco","isPartOf":{"@id":"https:\/\/www.wesco-group.com\/#website"},"datePublished":"2021-09-12T08:43:40+00:00","dateModified":"2024-11-04T12:46:05+00:00","breadcrumb":{"@id":"https:\/\/www.wesco-group.com\/mentions-legales\/#breadcrumb"},"inLanguage":"pt-PT","potentialAction":[{"@type":"ReadAction","target":["https:\/\/www.wesco-group.com\/mentions-legales\/"]}]},{"@type":"BreadcrumbList","@id":"https:\/\/www.wesco-group.com\/mentions-legales\/#breadcrumb","itemListElement":[{"@type":"ListItem","position":1,"name":"Accueil","item":"https:\/\/www.wesco-group.com\/"},{"@type":"ListItem","position":2,"name":"Mentions l\u00e9gales"}]},{"@type":"WebSite","@id":"https:\/\/www.wesco-group.com\/#website","url":"https:\/\/www.wesco-group.com\/","name":"Wesco","description":"M\u00f3veis infantis, puericultura, jogos e materiais educativos","potentialAction":[{"@type":"SearchAction","target":{"@type":"EntryPoint","urlTemplate":"https:\/\/www.wesco-group.com\/?s={search_term_string}"},"query-input":{"@type":"PropertyValueSpecification","valueRequired":true,"valueName":"search_term_string"}}],"inLanguage":"pt-PT"}]}},"_links":{"self":[{"href":"https:\/\/www.wesco-group.com\/pt\/wp-json\/wp\/v2\/pages\/241551","targetHints":{"allow":["GET"]}}],"collection":[{"href":"https:\/\/www.wesco-group.com\/pt\/wp-json\/wp\/v2\/pages"}],"about":[{"href":"https:\/\/www.wesco-group.com\/pt\/wp-json\/wp\/v2\/types\/page"}],"author":[{"embeddable":true,"href":"https:\/\/www.wesco-group.com\/pt\/wp-json\/wp\/v2\/users\/1"}],"replies":[{"embeddable":true,"href":"https:\/\/www.wesco-group.com\/pt\/wp-json\/wp\/v2\/comments?post=241551"}],"version-history":[{"count":15,"href":"https:\/\/www.wesco-group.com\/pt\/wp-json\/wp\/v2\/pages\/241551\/revisions"}],"predecessor-version":[{"id":244060,"href":"https:\/\/www.wesco-group.com\/pt\/wp-json\/wp\/v2\/pages\/241551\/revisions\/244060"}],"wp:attachment":[{"href":"https:\/\/www.wesco-group.com\/pt\/wp-json\/wp\/v2\/media?parent=241551"}],"curies":[{"name":"wp","href":"https:\/\/api.w.org\/{rel}","templated":true}]}}