{"id":228219,"date":"2021-07-12T10:12:09","date_gmt":"2021-07-12T08:12:09","guid":{"rendered":"https:\/\/dev.wesco-group.com\/?page_id=228219"},"modified":"2025-09-15T16:29:07","modified_gmt":"2025-09-15T14:29:07","slug":"la-fondation-d-entreprise2","status":"publish","type":"page","link":"https:\/\/www.wesco-group.com\/pt\/la-fondation-d-entreprise2\/","title":{"rendered":"LA FONDATION D&rsquo;ENTREPRISE (before)"},"content":{"rendered":"[et_pb_section fb_built=\u00a0\u00bb1&Prime; fullwidth=\u00a0\u00bbon\u00a0\u00bb admin_label=\u00a0\u00bbheader\u00a0\u00bb _builder_version=\u00a0\u00bb4.15&Prime; _module_preset=\u00a0\u00bbdefault\u00a0\u00bb custom_margin=\u00a0\u00bb100px||||false|false\u00a0\u00bb da_disable_devices=\u00a0\u00bboff|off|off\u00a0\u00bb global_colors_info=\u00a0\u00bb{}\u00a0\u00bb da_is_popup=\u00a0\u00bboff\u00a0\u00bb da_exit_intent=\u00a0\u00bboff\u00a0\u00bb da_has_close=\u00a0\u00bbon\u00a0\u00bb da_alt_close=\u00a0\u00bboff\u00a0\u00bb da_dark_close=\u00a0\u00bboff\u00a0\u00bb da_not_modal=\u00a0\u00bbon\u00a0\u00bb da_is_singular=\u00a0\u00bboff\u00a0\u00bb da_with_loader=\u00a0\u00bboff\u00a0\u00bb da_has_shadow=\u00a0\u00bbon\u00a0\u00bb][et_pb_fullwidth_header text_orientation=\u00a0\u00bbright\u00a0\u00bb logo_image_url=\u00a0\u00bbhttps:\/\/www.wesco-group.com\/wp-content\/uploads\/2021\/07\/logofondation-b.png\u00a0\u00bb content_max_width=\u00a0\u00bb25%\u00a0\u00bb content_max_width_tablet=\u00a0\u00bb50%\u00a0\u00bb content_max_width_phone=\u00a0\u00bb100%\u00a0\u00bb content_max_width_last_edited=\u00a0\u00bbon|phone\u00a0\u00bb _builder_version=\u00a0\u00bb4.15&Prime; _module_preset=\u00a0\u00bbdefault\u00a0\u00bb title_font=\u00a0\u00bbOswald||||||||\u00a0\u00bb title_text_align=\u00a0\u00bbcenter\u00a0\u00bb title_font_size=\u00a0\u00bb3.5em\u00a0\u00bb title_line_height=\u00a0\u00bb1.2em\u00a0\u00bb background_enable_color=\u00a0\u00bboff\u00a0\u00bb use_background_color_gradient=\u00a0\u00bbon\u00a0\u00bb background_color_gradient_start=\u00a0\u00bbrgba(0,0,0,0)\u00a0\u00bb background_color_gradient_end=\u00a0\u00bb#125671&Prime; background_color_gradient_direction=\u00a0\u00bb90deg\u00a0\u00bb background_color_gradient_start_position=\u00a0\u00bb45%\u00a0\u00bb background_image=\u00a0\u00bbhttps:\/\/wesco-group.com\/wp-content\/uploads\/2021\/09\/bg-lafondation.webp\u00a0\u00bb background_blend=\u00a0\u00bbmultiply\u00a0\u00bb custom_button_one=\u00a0\u00bbon\u00a0\u00bb button_one_text_size=\u00a0\u00bb18px\u00a0\u00bb button_one_border_width=\u00a0\u00bb1px\u00a0\u00bb button_one_border_radius=\u00a0\u00bb1.5em\u00a0\u00bb button_one_font=\u00a0\u00bbOpen Sans||||||||\u00a0\u00bb button_one_icon=\u00a0\u00bb&#x49;||divi||400&Prime; button_one_on_hover=\u00a0\u00bboff\u00a0\u00bb button_one_custom_margin=\u00a0\u00bb|5vw||5vw|false|true\u00a0\u00bb button_one_custom_margin_tablet=\u00a0\u00bb\u00a0\u00bb button_one_custom_margin_phone=\u00a0\u00bb|8vw||8vw|false|true\u00a0\u00bb button_one_custom_margin_last_edited=\u00a0\u00bbon|phone\u00a0\u00bb button_one_custom_padding=\u00a0\u00bb7px|60px|7px|30px|true|false\u00a0\u00bb button_one_custom_padding_tablet=\u00a0\u00bb\u00a0\u00bb button_one_custom_padding_phone=\u00a0\u00bb|35px||10px|true|false\u00a0\u00bb button_one_custom_padding_last_edited=\u00a0\u00bbon|phone\u00a0\u00bb max_width_last_edited=\u00a0\u00bboff|desktop\u00a0\u00bb module_alignment=\u00a0\u00bbright\u00a0\u00bb custom_padding=\u00a0\u00bb12vh||12vh||true|false\u00a0\u00bb custom_padding_tablet=\u00a0\u00bb10vh||10vh||true|false\u00a0\u00bb custom_padding_phone=\u00a0\u00bb\u00a0\u00bb custom_padding_last_edited=\u00a0\u00bbon|phone\u00a0\u00bb title_font_size_tablet=\u00a0\u00bb3em\u00a0\u00bb title_font_size_phone=\u00a0\u00bb2.5em\u00a0\u00bb title_font_size_last_edited=\u00a0\u00bbon|phone\u00a0\u00bb title_line_height_tablet=\u00a0\u00bb\u00a0\u00bb title_line_height_phone=\u00a0\u00bb\u00a0\u00bb title_line_height_last_edited=\u00a0\u00bbon|desktop\u00a0\u00bb module_alignment_tablet=\u00a0\u00bbcenter\u00a0\u00bb module_alignment_phone=\u00a0\u00bbcenter\u00a0\u00bb module_alignment_last_edited=\u00a0\u00bbon|desktop\u00a0\u00bb custom_css_logo=\u00a0\u00bbwidth:100%;\u00a0\u00bb global_colors_info=\u00a0\u00bb{}\u00a0\u00bb]<h1>A FUNDA\u00c7\u00c3O CORPORATIVA WESCO<\/h1>[\/et_pb_fullwidth_header][\/et_pb_section][et_pb_section fb_built=\u00a0\u00bb1&Prime; custom_padding_last_edited=\u00a0\u00bbon|phone\u00a0\u00bb admin_label=\u00a0\u00bbPresentation\u00a0\u00bb _builder_version=\u00a0\u00bb4.15&Prime; _module_preset=\u00a0\u00bbdefault\u00a0\u00bb background_color=\u00a0\u00bb#125671&Prime; background_enable_image=\u00a0\u00bboff\u00a0\u00bb background_size=\u00a0\u00bbinitial\u00a0\u00bb background_position=\u00a0\u00bbbottom_right\u00a0\u00bb custom_margin=\u00a0\u00bb0px||0px||true|false\u00a0\u00bb custom_padding=\u00a0\u00bb10vh||10vh||true|false\u00a0\u00bb custom_padding_tablet=\u00a0\u00bb8vh||8vh||true|false\u00a0\u00bb custom_padding_phone=\u00a0\u00bb8vh||6vh||false|false\u00a0\u00bb background_last_edited=\u00a0\u00bboff|desktop\u00a0\u00bb background_enable_image_tablet=\u00a0\u00bboff\u00a0\u00bb da_disable_devices=\u00a0\u00bboff|off|off\u00a0\u00bb global_colors_info=\u00a0\u00bb{}\u00a0\u00bb da_is_popup=\u00a0\u00bboff\u00a0\u00bb da_exit_intent=\u00a0\u00bboff\u00a0\u00bb da_has_close=\u00a0\u00bbon\u00a0\u00bb da_alt_close=\u00a0\u00bboff\u00a0\u00bb da_dark_close=\u00a0\u00bboff\u00a0\u00bb da_not_modal=\u00a0\u00bbon\u00a0\u00bb da_is_singular=\u00a0\u00bboff\u00a0\u00bb da_with_loader=\u00a0\u00bboff\u00a0\u00bb da_has_shadow=\u00a0\u00bbon\u00a0\u00bb][et_pb_row _builder_version=\u00a0\u00bb4.15&Prime; _module_preset=\u00a0\u00bbdefault\u00a0\u00bb custom_margin=\u00a0\u00bb0px||0px||true|false\u00a0\u00bb custom_padding=\u00a0\u00bb0px||0px||true|false\u00a0\u00bb global_colors_info=\u00a0\u00bb{}\u00a0\u00bb][et_pb_column type=\u00a0\u00bb4_4&Prime; _builder_version=\u00a0\u00bb4.15&Prime; _module_preset=\u00a0\u00bbdefault\u00a0\u00bb global_colors_info=\u00a0\u00bb{}\u00a0\u00bb][et_pb_text _builder_version=\u00a0\u00bb4.15&Prime; _module_preset=\u00a0\u00bbdefault\u00a0\u00bb header_text_color=\u00a0\u00bb#FFFFFF\u00a0\u00bb header_2_font=\u00a0\u00bbOswald|300|||||||\u00a0\u00bb header_2_text_color=\u00a0\u00bb#FFFFFF\u00a0\u00bb header_2_font_size=\u00a0\u00bb2.8em\u00a0\u00bb header_2_line_height=\u00a0\u00bb1.2em\u00a0\u00bb background_enable_image=\u00a0\u00bboff\u00a0\u00bb background_size=\u00a0\u00bbinitial\u00a0\u00bb positioning=\u00a0\u00bbrelative\u00a0\u00bb text_orientation=\u00a0\u00bbcenter\u00a0\u00bb width=\u00a0\u00bb64%\u00a0\u00bb width_tablet=\u00a0\u00bb75%\u00a0\u00bb width_phone=\u00a0\u00bb100%\u00a0\u00bb width_last_edited=\u00a0\u00bbon|phone\u00a0\u00bb module_alignment=\u00a0\u00bbcenter\u00a0\u00bb custom_margin=\u00a0\u00bb0px||0px||true|false\u00a0\u00bb custom_padding=\u00a0\u00bb0px||0px||true|false\u00a0\u00bb text_font_size_last_edited=\u00a0\u00bboff|desktop\u00a0\u00bb text_line_height_last_edited=\u00a0\u00bboff|desktop\u00a0\u00bb header_2_font_tablet=\u00a0\u00bb\u00a0\u00bb header_2_font_phone=\u00a0\u00bb\u00a0\u00bb header_2_font_last_edited=\u00a0\u00bbon|phone\u00a0\u00bb header_2_font_size_tablet=\u00a0\u00bb2.2em\u00a0\u00bb header_2_font_size_phone=\u00a0\u00bb2.3em\u00a0\u00bb header_2_font_size_last_edited=\u00a0\u00bbon|phone\u00a0\u00bb header_2_line_height_tablet=\u00a0\u00bb\u00a0\u00bb header_2_line_height_phone=\u00a0\u00bb\u00a0\u00bb header_2_line_height_last_edited=\u00a0\u00bbon|desktop\u00a0\u00bb inline_fonts=\u00a0\u00bbPalanquin\u00a0\u00bb global_colors_info=\u00a0\u00bb{}\u00a0\u00bb]<h2 class=\"guillemet-b\">Desde o in\u00edcio, nos comprometemos diariamente a permitir que as crian\u00e7as se desenvolvam e cres\u00e7am nas melhores condi\u00e7\u00f5es poss\u00edveis. Mais do que um simples mecenas, quer\u00edamos ir ainda mais longe, dando for\u00e7a e significado \u00e0s nossas a\u00e7\u00f5es. Foi assim que nasceu a nossa funda\u00e7\u00e3o corporativa Wesco, em 2012.<span class=\"guillemet-a\"><\/span><\/h2>[\/et_pb_text][\/et_pb_column][\/et_pb_row][\/et_pb_section][et_pb_section fb_built=\u00a0\u00bb1&Prime; custom_padding_last_edited=\u00a0\u00bbon|desktop\u00a0\u00bb admin_label=\u00a0\u00bbAccompagner ceux qui&#8230;\u00a0\u00bb _builder_version=\u00a0\u00bb4.15.1&Prime; _module_preset=\u00a0\u00bbdefault\u00a0\u00bb background_color=\u00a0\u00bb#deeaf3&Prime; custom_margin=\u00a0\u00bb0px||0px||true|false\u00a0\u00bb custom_padding=\u00a0\u00bb6vh||6vh||true|false\u00a0\u00bb custom_padding_tablet=\u00a0\u00bb\u00a0\u00bb custom_padding_phone=\u00a0\u00bb\u00a0\u00bb da_disable_devices=\u00a0\u00bboff|off|off\u00a0\u00bb global_colors_info=\u00a0\u00bb{}\u00a0\u00bb da_is_popup=\u00a0\u00bboff\u00a0\u00bb da_exit_intent=\u00a0\u00bboff\u00a0\u00bb da_has_close=\u00a0\u00bbon\u00a0\u00bb da_alt_close=\u00a0\u00bboff\u00a0\u00bb da_dark_close=\u00a0\u00bboff\u00a0\u00bb da_not_modal=\u00a0\u00bbon\u00a0\u00bb da_is_singular=\u00a0\u00bboff\u00a0\u00bb da_with_loader=\u00a0\u00bboff\u00a0\u00bb da_has_shadow=\u00a0\u00bbon\u00a0\u00bb][et_pb_row _builder_version=\u00a0\u00bb4.15&Prime; _module_preset=\u00a0\u00bbdefault\u00a0\u00bb custom_margin=\u00a0\u00bb0px||0px||true|false\u00a0\u00bb custom_padding=\u00a0\u00bb0px||0px||true|false\u00a0\u00bb global_colors_info=\u00a0\u00bb{}\u00a0\u00bb][et_pb_column type=\u00a0\u00bb4_4&Prime; _builder_version=\u00a0\u00bb4.15&Prime; _module_preset=\u00a0\u00bbdefault\u00a0\u00bb global_colors_info=\u00a0\u00bb{}\u00a0\u00bb][et_pb_text _builder_version=\u00a0\u00bb4.15&Prime; _module_preset=\u00a0\u00bbdefault\u00a0\u00bb header_2_font=\u00a0\u00bbSacramento||||||||\u00a0\u00bb header_2_text_align=\u00a0\u00bbcenter\u00a0\u00bb custom_margin=\u00a0\u00bb10px||10px||true|false\u00a0\u00bb global_colors_info=\u00a0\u00bb{}\u00a0\u00bb]<h2><span class=\"title-1\">Para acompanhar<\/span><span class=\"subtitle-1\"><br \/>aqueles que mais precisam<\/span><\/h2>[\/et_pb_text][et_pb_text _builder_version=\u00a0\u00bb4.15&Prime; _module_preset=\u00a0\u00bbdefault\u00a0\u00bb text_font=\u00a0\u00bbOswald|300|||||||\u00a0\u00bb text_text_color=\u00a0\u00bb#125671&Prime; text_font_size=\u00a0\u00bb1.7em\u00a0\u00bb width=\u00a0\u00bb65%\u00a0\u00bb width_tablet=\u00a0\u00bb100%\u00a0\u00bb width_phone=\u00a0\u00bb\u00a0\u00bb width_last_edited=\u00a0\u00bbon|desktop\u00a0\u00bb module_alignment=\u00a0\u00bbcenter\u00a0\u00bb text_font_size_tablet=\u00a0\u00bb1.7em\u00a0\u00bb text_font_size_phone=\u00a0\u00bb1.4em\u00a0\u00bb text_font_size_last_edited=\u00a0\u00bbon|tablet\u00a0\u00bb custom_css_main_element=\u00a0\u00bbline-height:1.2em;\u00a0\u00bb global_colors_info=\u00a0\u00bb{}\u00a0\u00bb custom_css_main_element_tablet=\u00a0\u00bbline-height:1.2em;\u00a0\u00bb custom_css_main_element_phone=\u00a0\u00bbline-height:1.2em;\u00a0\u00bb custom_css_main_element_last_edited=\u00a0\u00bbon|phone\u00a0\u00bb]<p style=\"text-align: justify;\">A inf\u00e2ncia \u00e9 um per\u00edodo crucial no desenvolvimento do futuro adulto. Sabemos que nem todas as crian\u00e7as t\u00eam os mesmos recursos e nem todas crescem em ambientes prop\u00edcios ao seu desenvolvimento saud\u00e1vel. \u00c9 com isso em mente que nossa Funda\u00e7\u00e3o Corporativa assume todo o seu significado!<\/p>[\/et_pb_text][\/et_pb_column][\/et_pb_row][et_pb_row column_structure=\u00a0\u00bb1_4,1_4,1_4,1_4&Prime; use_custom_gutter=\u00a0\u00bbon\u00a0\u00bb gutter_width=\u00a0\u00bb2&Prime; _builder_version=\u00a0\u00bb4.15&Prime; width=\u00a0\u00bb100%\u00a0\u00bb max_width=\u00a0\u00bb100%\u00a0\u00bb custom_margin=\u00a0\u00bb45px||45px||true|false\u00a0\u00bb custom_padding=\u00a0\u00bb0px||0px||true|false\u00a0\u00bb global_colors_info=\u00a0\u00bb{}\u00a0\u00bb][et_pb_column type=\u00a0\u00bb1_4&Prime; module_class=\u00a0\u00bbb3_column\u00a0\u00bb _builder_version=\u00a0\u00bb4.15&Prime; background_enable_image=\u00a0\u00bboff\u00a0\u00bb global_colors_info=\u00a0\u00bb{}\u00a0\u00bb][et_pb_blurb _builder_version=\u00a0\u00bb4.15&Prime; header_font=\u00a0\u00bb||||||||\u00a0\u00bb body_font=\u00a0\u00bbOswald|300|||||||\u00a0\u00bb body_text_color=\u00a0\u00bb#0a769e\u00a0\u00bb body_font_size=\u00a0\u00bb1.1vw\u00a0\u00bb body_line_height=\u00a0\u00bb1.1em\u00a0\u00bb background_color=\u00a0\u00bb#FFFFFF\u00a0\u00bb z_index=\u00a0\u00bb1&Prime; text_orientation=\u00a0\u00bbcenter\u00a0\u00bb background_layout=\u00a0\u00bbdark\u00a0\u00bb body_font_size_tablet=\u00a0\u00bb2vw\u00a0\u00bb body_font_size_phone=\u00a0\u00bb16px\u00a0\u00bb body_font_size_last_edited=\u00a0\u00bbon|phone\u00a0\u00bb custom_css_after=\u00a0\u00bbcontent: \u00a0\u00bb;||display: block;||padding-bottom: 100%;\u00a0\u00bb custom_css_blurb_content=\u00a0\u00bbposition:absolute;||width: 100%;||height: 100%;||padding:20px!important;||display: flex;||flex-direction: column;||align-items: center;||justify-content: center;\u00a0\u00bb global_colors_info=\u00a0\u00bb{}\u00a0\u00bb transform_rotate__hover_enabled=\u00a0\u00bbon\u00a0\u00bb transform_styles__hover_enabled=\u00a0\u00bbon\u00a0\u00bb transform_scale__hover_enabled=\u00a0\u00bbon\u00a0\u00bb transform_translate__hover_enabled=\u00a0\u00bbon\u00a0\u00bb transform_skew__hover_enabled=\u00a0\u00bbon\u00a0\u00bb transform_origin__hover_enabled=\u00a0\u00bbon\u00a0\u00bb]<p style=\"text-align: justify;\">Os tr\u00eas primeiros anos de vida de uma crian\u00e7a s\u00e3o cruciais para o seu desenvolvimento. A Funda\u00e7\u00e3o Corporativa Wesco apoia iniciativas que promovem o desenvolvimento, o bem-estar e o crescimento dos beb\u00eas.<\/p>[\/et_pb_blurb][et_pb_blurb use_icon=\u00a0\u00bbon\u00a0\u00bb font_icon=\u00a0\u00bb&#x4c;||divi||400&Prime; icon_color=\u00a0\u00bb#FFFFFF\u00a0\u00bb image_icon_width=\u00a0\u00bb30px\u00a0\u00bb disabled_on=\u00a0\u00bbon|on|on\u00a0\u00bb admin_label=\u00a0\u00bbR\u00e9sum\u00e9\u00a0\u00bb module_class=\u00a0\u00bbb3_blurb1&Prime; _builder_version=\u00a0\u00bb4.15&Prime; header_font=\u00a0\u00bb||||||||\u00a0\u00bb background_enable_color=\u00a0\u00bboff\u00a0\u00bb background_image=\u00a0\u00bbhttps:\/\/www.wesco-group.com\/wp-content\/uploads\/2021\/09\/l-epanouissmnt.webp\u00a0\u00bb positioning=\u00a0\u00bbabsolute\u00a0\u00bb z_index=\u00a0\u00bb1&Prime; text_orientation=\u00a0\u00bbcenter\u00a0\u00bb background_layout=\u00a0\u00bbdark\u00a0\u00bb width=\u00a0\u00bb100%\u00a0\u00bb animation=\u00a0\u00bboff\u00a0\u00bb custom_css_main_element=\u00a0\u00bbposition:absolute!important;||transition: all .5s;||cursor: pointer;\u00a0\u00bb custom_css_after=\u00a0\u00bbcontent: \u00a0\u00bb;||display: block;||padding-bottom: 100%;\u00a0\u00bb custom_css_blurb_image=\u00a0\u00bbposition:absolute;||display: block;||height: 40px;||width: 40px;||border:1.5px solid #fff;||padding: 5px 0px 0px 0px!important;||bottom:-30px!important;||right:0px!important;\u00a0\u00bb custom_css_blurb_content=\u00a0\u00bbposition:absolute;||width: 100%;||height: 100%;||padding:30px!important;||display: flex;||flex-direction: column;||align-items: flex-start;||justify-content: flex-end;\u00a0\u00bb icon_font_size=\u00a0\u00bb30px\u00a0\u00bb disabled=\u00a0\u00bbon\u00a0\u00bb global_colors_info=\u00a0\u00bb{}\u00a0\u00bb background__hover_enabled=\u00a0\u00bbon|hover\u00a0\u00bb font_icon__hover_enabled=\u00a0\u00bboff|desktop\u00a0\u00bb font_icon__hover=\u00a0\u00bb&#x4d;||divi||400&Prime; icon_color__hover_enabled=\u00a0\u00bbon|hover\u00a0\u00bb icon_color__hover=\u00a0\u00bb#FFFFFF\u00a0\u00bb]<h3 class=\"blurbtitle2\" style=\"text-align: left; color: #fff!important;\">L&rsquo;\u00c9PANOUISSEMENT<span style=\"font-size: 0.8em; font-weight: 200;\">\nde la Petite Enfance\n&amp; de la parentalit\u00e9<\/span><\/h3>[\/et_pb_blurb][et_pb_blurb use_icon=\u00a0\u00bbon\u00a0\u00bb font_icon=\u00a0\u00bb&#x4c;||divi||400&Prime; icon_color=\u00a0\u00bb#FFFFFF\u00a0\u00bb image_icon_width=\u00a0\u00bb30px\u00a0\u00bb admin_label=\u00a0\u00bbR\u00e9sum\u00e9\u00a0\u00bb module_class=\u00a0\u00bbb3_blurb1&Prime; _builder_version=\u00a0\u00bb4.15&Prime; header_font=\u00a0\u00bb||||||||\u00a0\u00bb background_enable_color=\u00a0\u00bboff\u00a0\u00bb background_image=\u00a0\u00bbhttps:\/\/www.wesco-group.com\/wp-content\/uploads\/2021\/09\/l-epanouissmnt.webp\u00a0\u00bb positioning=\u00a0\u00bbabsolute\u00a0\u00bb z_index=\u00a0\u00bb1&Prime; text_orientation=\u00a0\u00bbcenter\u00a0\u00bb background_layout=\u00a0\u00bbdark\u00a0\u00bb width=\u00a0\u00bb100%\u00a0\u00bb animation=\u00a0\u00bboff\u00a0\u00bb custom_css_main_element=\u00a0\u00bbposition:absolute!important;||transition: all .5s;||cursor: pointer;\u00a0\u00bb custom_css_after=\u00a0\u00bbcontent: \u00a0\u00bb;||display: block;||padding-bottom: 100%;\u00a0\u00bb custom_css_blurb_image=\u00a0\u00bbposition:absolute;||display: block;||height: 40px;||width: 40px;||border:1.5px solid #fff;||padding: 5px 0px 0px 0px!important;||bottom:-30px!important;||right:0px!important;\u00a0\u00bb custom_css_blurb_content=\u00a0\u00bbposition:absolute;||width: 100%;||height: 100%;||padding:30px!important;||display: flex;||flex-direction: column;||align-items: flex-start;||justify-content: flex-end;\u00a0\u00bb icon_font_size=\u00a0\u00bb30px\u00a0\u00bb global_colors_info=\u00a0\u00bb{}\u00a0\u00bb background__hover_enabled=\u00a0\u00bbon|hover\u00a0\u00bb font_icon__hover_enabled=\u00a0\u00bboff|desktop\u00a0\u00bb font_icon__hover=\u00a0\u00bb&#x4d;||divi||400&Prime; icon_color__hover_enabled=\u00a0\u00bbon|hover\u00a0\u00bb icon_color__hover=\u00a0\u00bb#FFFFFF\u00a0\u00bb]<h3 class=\"blurbtitle2\" style=\"text-align: left; color: #fff!important; line-height: 1em;\">O desenvolvimento da primeira inf\u00e2ncia e da parentalidade<\/h3>[\/et_pb_blurb][\/et_pb_column][et_pb_column type=\u00a0\u00bb1_4&Prime; module_class=\u00a0\u00bbb3_column\u00a0\u00bb _builder_version=\u00a0\u00bb4.15&Prime; background_enable_image=\u00a0\u00bboff\u00a0\u00bb global_colors_info=\u00a0\u00bb{}\u00a0\u00bb][et_pb_blurb _builder_version=\u00a0\u00bb4.15&Prime; header_font=\u00a0\u00bb||||||||\u00a0\u00bb body_font=\u00a0\u00bbOswald|300|||||||\u00a0\u00bb body_text_color=\u00a0\u00bb#0a769e\u00a0\u00bb body_font_size=\u00a0\u00bb1.1vw\u00a0\u00bb body_line_height=\u00a0\u00bb1.1em\u00a0\u00bb background_color=\u00a0\u00bb#FFFFFF\u00a0\u00bb z_index=\u00a0\u00bb1&Prime; text_orientation=\u00a0\u00bbcenter\u00a0\u00bb background_layout=\u00a0\u00bbdark\u00a0\u00bb body_font_size_tablet=\u00a0\u00bb2vw\u00a0\u00bb body_font_size_phone=\u00a0\u00bb16px\u00a0\u00bb body_font_size_last_edited=\u00a0\u00bbon|phone\u00a0\u00bb custom_css_after=\u00a0\u00bbcontent: \u00a0\u00bb;||display: block;||padding-bottom: 100%;\u00a0\u00bb custom_css_blurb_content=\u00a0\u00bbposition:absolute;||width: 100%;||height: 100%;||padding:20px!important;||display: flex;||flex-direction: column;||align-items: center;||justify-content: center;\u00a0\u00bb global_colors_info=\u00a0\u00bb{}\u00a0\u00bb transform_rotate__hover_enabled=\u00a0\u00bbon\u00a0\u00bb transform_styles__hover_enabled=\u00a0\u00bbon\u00a0\u00bb transform_scale__hover_enabled=\u00a0\u00bbon\u00a0\u00bb transform_translate__hover_enabled=\u00a0\u00bbon\u00a0\u00bb transform_skew__hover_enabled=\u00a0\u00bbon\u00a0\u00bb transform_origin__hover_enabled=\u00a0\u00bbon\u00a0\u00bb]<p style=\"text-align: justify;\">Apoiamos projetos inovadores que trabalham para reduzir as desigualdades sociais e restaurar a confian\u00e7a e a esperan\u00e7a das crian\u00e7as mais vulner\u00e1veis.<\/p>[\/et_pb_blurb][et_pb_blurb use_icon=\u00a0\u00bbon\u00a0\u00bb font_icon=\u00a0\u00bb&#x4c;||divi||400&Prime; icon_color=\u00a0\u00bb#FFFFFF\u00a0\u00bb image_icon_width=\u00a0\u00bb30px\u00a0\u00bb disabled_on=\u00a0\u00bbon|on|on\u00a0\u00bb admin_label=\u00a0\u00bbR\u00e9sum\u00e9\u00a0\u00bb module_class=\u00a0\u00bbb3_blurb1&Prime; _builder_version=\u00a0\u00bb4.15&Prime; header_font=\u00a0\u00bb||||||||\u00a0\u00bb background_enable_color=\u00a0\u00bboff\u00a0\u00bb background_image=\u00a0\u00bbhttps:\/\/www.wesco-group.com\/wp-content\/uploads\/2021\/09\/la-protection.webp\u00a0\u00bb positioning=\u00a0\u00bbabsolute\u00a0\u00bb z_index=\u00a0\u00bb1&Prime; text_orientation=\u00a0\u00bbcenter\u00a0\u00bb background_layout=\u00a0\u00bbdark\u00a0\u00bb width=\u00a0\u00bb100%\u00a0\u00bb animation=\u00a0\u00bboff\u00a0\u00bb custom_css_main_element=\u00a0\u00bbposition:absolute!important;||transition: all .5s;||cursor: pointer;\u00a0\u00bb custom_css_after=\u00a0\u00bbcontent: \u00a0\u00bb;||display: block;||padding-bottom: 100%;\u00a0\u00bb custom_css_blurb_image=\u00a0\u00bbposition:absolute;||display: block;||height: 40px;||width: 40px;||border:1.5px solid #fff;||padding: 5px 0px 0px 0px!important;||bottom:-30px!important;||right:0px!important;\u00a0\u00bb custom_css_blurb_content=\u00a0\u00bbposition:absolute;||width: 100%;||height: 100%;||padding:30px!important;||display: flex;||flex-direction: column;||align-items: flex-start;||justify-content: flex-end;\u00a0\u00bb icon_font_size=\u00a0\u00bb30px\u00a0\u00bb disabled=\u00a0\u00bbon\u00a0\u00bb global_colors_info=\u00a0\u00bb{}\u00a0\u00bb background__hover_enabled=\u00a0\u00bbon|hover\u00a0\u00bb font_icon__hover_enabled=\u00a0\u00bboff|desktop\u00a0\u00bb font_icon__hover=\u00a0\u00bb&#x4d;||divi||400&Prime; icon_color__hover_enabled=\u00a0\u00bbon|hover\u00a0\u00bb icon_color__hover=\u00a0\u00bb#FFFFFF\u00a0\u00bb]<h3 class=\"blurbtitle2\" style=\"text-align: left; color: #fff!important;\"><span style=\"line-height: 1.1em;\">LA PROTECTION\nET L&rsquo;INCLUSION<span style=\"font-size: 0.8em; line-height: 0.8em!important; font-weight: 200;\">\ndes enfants<\/span><\/span><\/h3>[\/et_pb_blurb][et_pb_blurb use_icon=\u00a0\u00bbon\u00a0\u00bb font_icon=\u00a0\u00bb&#x4c;||divi||400&Prime; icon_color=\u00a0\u00bb#FFFFFF\u00a0\u00bb image_icon_width=\u00a0\u00bb30px\u00a0\u00bb admin_label=\u00a0\u00bbR\u00e9sum\u00e9\u00a0\u00bb module_class=\u00a0\u00bbb3_blurb1&Prime; _builder_version=\u00a0\u00bb4.15&Prime; header_font=\u00a0\u00bb||||||||\u00a0\u00bb background_enable_color=\u00a0\u00bboff\u00a0\u00bb background_image=\u00a0\u00bbhttps:\/\/www.wesco-group.com\/wp-content\/uploads\/2021\/09\/la-protection.webp\u00a0\u00bb positioning=\u00a0\u00bbabsolute\u00a0\u00bb z_index=\u00a0\u00bb1&Prime; text_orientation=\u00a0\u00bbcenter\u00a0\u00bb background_layout=\u00a0\u00bbdark\u00a0\u00bb width=\u00a0\u00bb100%\u00a0\u00bb animation=\u00a0\u00bboff\u00a0\u00bb custom_css_main_element=\u00a0\u00bbposition:absolute!important;||transition: all .5s;||cursor: pointer;\u00a0\u00bb custom_css_after=\u00a0\u00bbcontent: \u00a0\u00bb;||display: block;||padding-bottom: 100%;\u00a0\u00bb custom_css_blurb_image=\u00a0\u00bbposition:absolute;||display: block;||height: 40px;||width: 40px;||border:1.5px solid #fff;||padding: 5px 0px 0px 0px!important;||bottom:-30px!important;||right:0px!important;\u00a0\u00bb custom_css_blurb_content=\u00a0\u00bbposition:absolute;||width: 100%;||height: 100%;||padding:30px!important;||display: flex;||flex-direction: column;||align-items: flex-start;||justify-content: flex-end;\u00a0\u00bb icon_font_size=\u00a0\u00bb30px\u00a0\u00bb global_colors_info=\u00a0\u00bb{}\u00a0\u00bb background__hover_enabled=\u00a0\u00bbon|hover\u00a0\u00bb font_icon__hover_enabled=\u00a0\u00bboff|desktop\u00a0\u00bb font_icon__hover=\u00a0\u00bb&#x4d;||divi||400&Prime; icon_color__hover_enabled=\u00a0\u00bbon|hover\u00a0\u00bb icon_color__hover=\u00a0\u00bb#FFFFFF\u00a0\u00bb]<h3 class=\"blurbtitle2\" style=\"text-align: left; color: #fff!important;\"><span style=\"line-height: 1.1em;\">PROTE\u00c7\u00c3O e INCLUS\u00c3O de crian\u00e7as<\/span><\/h3>[\/et_pb_blurb][\/et_pb_column][et_pb_column type=\u00a0\u00bb1_4&Prime; module_class=\u00a0\u00bbb3_column\u00a0\u00bb _builder_version=\u00a0\u00bb4.15&Prime; background_enable_image=\u00a0\u00bboff\u00a0\u00bb global_colors_info=\u00a0\u00bb{}\u00a0\u00bb][et_pb_blurb _builder_version=\u00a0\u00bb4.15&Prime; header_font=\u00a0\u00bb||||||||\u00a0\u00bb body_font=\u00a0\u00bbOswald|300|||||||\u00a0\u00bb body_text_color=\u00a0\u00bb#0a769e\u00a0\u00bb body_font_size=\u00a0\u00bb1.1vw\u00a0\u00bb body_line_height=\u00a0\u00bb1.1em\u00a0\u00bb background_color=\u00a0\u00bb#FFFFFF\u00a0\u00bb z_index=\u00a0\u00bb1&Prime; text_orientation=\u00a0\u00bbcenter\u00a0\u00bb background_layout=\u00a0\u00bbdark\u00a0\u00bb body_font_size_tablet=\u00a0\u00bb2vw\u00a0\u00bb body_font_size_phone=\u00a0\u00bb16px\u00a0\u00bb body_font_size_last_edited=\u00a0\u00bbon|phone\u00a0\u00bb custom_css_after=\u00a0\u00bbcontent: \u00a0\u00bb;||display: block;||padding-bottom: 100%;\u00a0\u00bb custom_css_blurb_content=\u00a0\u00bbposition:absolute;||width: 100%;||height: 100%;||padding:20px!important;||display: flex;||flex-direction: column;||align-items: center;||justify-content: center;\u00a0\u00bb global_colors_info=\u00a0\u00bb{}\u00a0\u00bb transform_rotate__hover_enabled=\u00a0\u00bbon\u00a0\u00bb transform_styles__hover_enabled=\u00a0\u00bbon\u00a0\u00bb transform_scale__hover_enabled=\u00a0\u00bbon\u00a0\u00bb transform_translate__hover_enabled=\u00a0\u00bbon\u00a0\u00bb transform_skew__hover_enabled=\u00a0\u00bbon\u00a0\u00bb transform_origin__hover_enabled=\u00a0\u00bbon\u00a0\u00bb]<p style=\"text-align: justify;\">Construir o mundo do amanh\u00e3 significa proporcionar \u00e0s crian\u00e7as acesso \u00e0 educa\u00e7\u00e3o, cultura e esporte. Ao apoiar iniciativas locais, regionais e nacionais, trabalhamos para promover a igualdade de oportunidades para todas as crian\u00e7as.<\/p>[\/et_pb_blurb][et_pb_blurb use_icon=\u00a0\u00bbon\u00a0\u00bb font_icon=\u00a0\u00bb&#x4c;||divi||400&Prime; icon_color=\u00a0\u00bb#FFFFFF\u00a0\u00bb image_icon_width=\u00a0\u00bb30px\u00a0\u00bb disabled_on=\u00a0\u00bbon|on|on\u00a0\u00bb admin_label=\u00a0\u00bbR\u00e9sum\u00e9\u00a0\u00bb module_class=\u00a0\u00bbb3_blurb1&Prime; _builder_version=\u00a0\u00bb4.15&Prime; header_font=\u00a0\u00bb||||||||\u00a0\u00bb background_enable_color=\u00a0\u00bboff\u00a0\u00bb background_image=\u00a0\u00bbhttps:\/\/www.wesco-group.com\/wp-content\/uploads\/2021\/09\/l-insertion.webp\u00a0\u00bb positioning=\u00a0\u00bbabsolute\u00a0\u00bb z_index=\u00a0\u00bb1&Prime; text_orientation=\u00a0\u00bbcenter\u00a0\u00bb background_layout=\u00a0\u00bbdark\u00a0\u00bb width=\u00a0\u00bb100%\u00a0\u00bb animation=\u00a0\u00bboff\u00a0\u00bb custom_css_main_element=\u00a0\u00bbposition:absolute!important;||transition: all .5s;||cursor: pointer;\u00a0\u00bb custom_css_after=\u00a0\u00bbcontent: \u00a0\u00bb;||display: block;||padding-bottom: 100%;\u00a0\u00bb custom_css_blurb_image=\u00a0\u00bbposition:absolute;||display: block;||height: 40px;||width: 40px;||border:1.5px solid #fff;||padding: 5px 0px 0px 0px!important;||bottom:-30px!important;||right:0px!important;\u00a0\u00bb custom_css_blurb_content=\u00a0\u00bbposition:absolute;||width: 100%;||height: 100%;||padding:30px!important;||display: flex;||flex-direction: column;||align-items: flex-start;||justify-content: flex-end;\u00a0\u00bb icon_font_size=\u00a0\u00bb30px\u00a0\u00bb disabled=\u00a0\u00bbon\u00a0\u00bb global_colors_info=\u00a0\u00bb{}\u00a0\u00bb background__hover_enabled=\u00a0\u00bbon|hover\u00a0\u00bb font_icon__hover_enabled=\u00a0\u00bboff|desktop\u00a0\u00bb font_icon__hover=\u00a0\u00bb&#x4d;||divi||400&Prime; icon_color__hover_enabled=\u00a0\u00bbon|hover\u00a0\u00bb icon_color__hover=\u00a0\u00bb#FFFFFF\u00a0\u00bb]<h3 class=\"blurbtitle2\" style=\"text-align: left; color: #fff!important;\">L&rsquo;INSERTION<span style=\"font-size: 0.8em; font-weight: 200;\">\npar l&rsquo;\u00e9ducation,\nle sport &amp; la culture<\/span><\/h3>[\/et_pb_blurb][et_pb_blurb use_icon=\u00a0\u00bbon\u00a0\u00bb font_icon=\u00a0\u00bb&#x4c;||divi||400&Prime; icon_color=\u00a0\u00bb#FFFFFF\u00a0\u00bb image_icon_width=\u00a0\u00bb30px\u00a0\u00bb admin_label=\u00a0\u00bbR\u00e9sum\u00e9\u00a0\u00bb module_class=\u00a0\u00bbb3_blurb1&Prime; _builder_version=\u00a0\u00bb4.15&Prime; header_font=\u00a0\u00bb||||||||\u00a0\u00bb background_enable_color=\u00a0\u00bboff\u00a0\u00bb background_image=\u00a0\u00bbhttps:\/\/www.wesco-group.com\/wp-content\/uploads\/2021\/09\/l-insertion.webp\u00a0\u00bb positioning=\u00a0\u00bbabsolute\u00a0\u00bb z_index=\u00a0\u00bb1&Prime; text_orientation=\u00a0\u00bbcenter\u00a0\u00bb background_layout=\u00a0\u00bbdark\u00a0\u00bb width=\u00a0\u00bb100%\u00a0\u00bb animation=\u00a0\u00bboff\u00a0\u00bb custom_css_main_element=\u00a0\u00bbposition:absolute!important;||transition: all .5s;||cursor: pointer;\u00a0\u00bb custom_css_after=\u00a0\u00bbcontent: \u00a0\u00bb;||display: block;||padding-bottom: 100%;\u00a0\u00bb custom_css_blurb_image=\u00a0\u00bbposition:absolute;||display: block;||height: 40px;||width: 40px;||border:1.5px solid #fff;||padding: 5px 0px 0px 0px!important;||bottom:-30px!important;||right:0px!important;\u00a0\u00bb custom_css_blurb_content=\u00a0\u00bbposition:absolute;||width: 100%;||height: 100%;||padding:30px!important;||display: flex;||flex-direction: column;||align-items: flex-start;||justify-content: flex-end;\u00a0\u00bb icon_font_size=\u00a0\u00bb30px\u00a0\u00bb global_colors_info=\u00a0\u00bb{}\u00a0\u00bb background__hover_enabled=\u00a0\u00bbon|hover\u00a0\u00bb font_icon__hover_enabled=\u00a0\u00bboff|desktop\u00a0\u00bb font_icon__hover=\u00a0\u00bb&#x4d;||divi||400&Prime; icon_color__hover_enabled=\u00a0\u00bbon|hover\u00a0\u00bb icon_color__hover=\u00a0\u00bb#FFFFFF\u00a0\u00bb]<h3 class=\"blurbtitle2\" style=\"text-align: left; color: #fff!important;line-height:1.1em;\">INTEGRA\u00c7\u00c3O atrav\u00e9s da educa\u00e7\u00e3o, esporte e cultura<\/h3>[\/et_pb_blurb][\/et_pb_column][et_pb_column type=\u00a0\u00bb1_4&Prime; module_class=\u00a0\u00bbb3_column\u00a0\u00bb _builder_version=\u00a0\u00bb4.15&Prime; background_enable_image=\u00a0\u00bboff\u00a0\u00bb global_colors_info=\u00a0\u00bb{}\u00a0\u00bb][et_pb_blurb _builder_version=\u00a0\u00bb4.15&Prime; header_font=\u00a0\u00bb||||||||\u00a0\u00bb body_font=\u00a0\u00bbOswald|300|||||||\u00a0\u00bb body_text_color=\u00a0\u00bb#0a769e\u00a0\u00bb body_font_size=\u00a0\u00bb1.1vw\u00a0\u00bb body_line_height=\u00a0\u00bb1.1em\u00a0\u00bb background_color=\u00a0\u00bb#FFFFFF\u00a0\u00bb z_index=\u00a0\u00bb1&Prime; text_orientation=\u00a0\u00bbcenter\u00a0\u00bb background_layout=\u00a0\u00bbdark\u00a0\u00bb body_font_size_tablet=\u00a0\u00bb2vw\u00a0\u00bb body_font_size_phone=\u00a0\u00bb16px\u00a0\u00bb body_font_size_last_edited=\u00a0\u00bbon|phone\u00a0\u00bb custom_css_after=\u00a0\u00bbcontent: \u00a0\u00bb;||display: block;||padding-bottom: 100%;\u00a0\u00bb custom_css_blurb_content=\u00a0\u00bbposition:absolute;||width: 100%;||height: 100%;||padding:20px!important;||display: flex;||flex-direction: column;||align-items: center;||justify-content: center;\u00a0\u00bb global_colors_info=\u00a0\u00bb{}\u00a0\u00bb transform_rotate__hover_enabled=\u00a0\u00bbon\u00a0\u00bb transform_styles__hover_enabled=\u00a0\u00bbon\u00a0\u00bb transform_scale__hover_enabled=\u00a0\u00bbon\u00a0\u00bb transform_translate__hover_enabled=\u00a0\u00bbon\u00a0\u00bb transform_skew__hover_enabled=\u00a0\u00bbon\u00a0\u00bb transform_origin__hover_enabled=\u00a0\u00bbon\u00a0\u00bb]<p style=\"text-align: justify;\">H\u00e1 mais de 15 anos, a Wesco se preocupa com o impacto ambiental de seus neg\u00f3cios. A empresa mant\u00e9m esse compromisso por meio da Funda\u00e7\u00e3o, apoiando iniciativas que promovem a educa\u00e7\u00e3o por meio do contato com a natureza.<\/p>[\/et_pb_blurb][et_pb_blurb use_icon=\u00a0\u00bbon\u00a0\u00bb font_icon=\u00a0\u00bb&#x4c;||divi||400&Prime; icon_color=\u00a0\u00bb#FFFFFF\u00a0\u00bb image_icon_width=\u00a0\u00bb30px\u00a0\u00bb disabled_on=\u00a0\u00bbon|on|on\u00a0\u00bb admin_label=\u00a0\u00bbR\u00e9sum\u00e9\u00a0\u00bb module_class=\u00a0\u00bbb3_blurb1&Prime; _builder_version=\u00a0\u00bb4.15&Prime; header_font=\u00a0\u00bb||||||||\u00a0\u00bb background_enable_color=\u00a0\u00bboff\u00a0\u00bb background_image=\u00a0\u00bbhttps:\/\/www.wesco-group.com\/wp-content\/uploads\/2021\/09\/la-sensibilisation.webp\u00a0\u00bb positioning=\u00a0\u00bbabsolute\u00a0\u00bb z_index=\u00a0\u00bb1&Prime; text_orientation=\u00a0\u00bbcenter\u00a0\u00bb background_layout=\u00a0\u00bbdark\u00a0\u00bb width=\u00a0\u00bb100%\u00a0\u00bb animation=\u00a0\u00bboff\u00a0\u00bb custom_css_main_element=\u00a0\u00bbposition:absolute!important;||transition: all .5s;||cursor: pointer;\u00a0\u00bb custom_css_after=\u00a0\u00bbcontent: \u00a0\u00bb;||display: block;||padding-bottom: 100%;\u00a0\u00bb custom_css_blurb_image=\u00a0\u00bbposition:absolute;||display: block;||height: 40px;||width: 40px;||border:1.5px solid #fff;||padding: 5px 0px 0px 0px!important;||bottom:-30px!important;||right:0px!important;\u00a0\u00bb custom_css_blurb_content=\u00a0\u00bbposition:absolute;||width: 100%;||height: 100%;||padding:30px!important;||display: flex;||flex-direction: column;||align-items: flex-start;||justify-content: flex-end;\u00a0\u00bb icon_font_size=\u00a0\u00bb30px\u00a0\u00bb disabled=\u00a0\u00bbon\u00a0\u00bb global_colors_info=\u00a0\u00bb{}\u00a0\u00bb background__hover_enabled=\u00a0\u00bbon|hover\u00a0\u00bb font_icon__hover_enabled=\u00a0\u00bboff|desktop\u00a0\u00bb font_icon__hover=\u00a0\u00bb&#x4d;||divi||400&Prime; icon_color__hover_enabled=\u00a0\u00bbon|hover\u00a0\u00bb icon_color__hover=\u00a0\u00bb#FFFFFF\u00a0\u00bb]<h3 class=\"blurbtitle2\" style=\"text-align: left; color: #fff!important;\">LA SENSIBILISATION<span style=\"font-size: 0.8em; font-weight: 200;\">\ndes enfants au d\u00e9veloppement durable<\/span><\/h3>[\/et_pb_blurb][et_pb_blurb use_icon=\u00a0\u00bbon\u00a0\u00bb font_icon=\u00a0\u00bb&#x4c;||divi||400&Prime; icon_color=\u00a0\u00bb#FFFFFF\u00a0\u00bb image_icon_width=\u00a0\u00bb30px\u00a0\u00bb admin_label=\u00a0\u00bbR\u00e9sum\u00e9\u00a0\u00bb module_class=\u00a0\u00bbb3_blurb1&Prime; _builder_version=\u00a0\u00bb4.15&Prime; header_font=\u00a0\u00bb||||||||\u00a0\u00bb background_enable_color=\u00a0\u00bboff\u00a0\u00bb background_image=\u00a0\u00bbhttps:\/\/www.wesco-group.com\/wp-content\/uploads\/2021\/09\/la-sensibilisation.webp\u00a0\u00bb positioning=\u00a0\u00bbabsolute\u00a0\u00bb z_index=\u00a0\u00bb1&Prime; text_orientation=\u00a0\u00bbcenter\u00a0\u00bb background_layout=\u00a0\u00bbdark\u00a0\u00bb width=\u00a0\u00bb100%\u00a0\u00bb animation=\u00a0\u00bboff\u00a0\u00bb custom_css_main_element=\u00a0\u00bbposition:absolute!important;||transition: all .5s;||cursor: pointer;\u00a0\u00bb custom_css_after=\u00a0\u00bbcontent: \u00a0\u00bb;||display: block;||padding-bottom: 100%;\u00a0\u00bb custom_css_blurb_image=\u00a0\u00bbposition:absolute;||display: block;||height: 40px;||width: 40px;||border:1.5px solid #fff;||padding: 5px 0px 0px 0px!important;||bottom:-30px!important;||right:0px!important;\u00a0\u00bb custom_css_blurb_content=\u00a0\u00bbposition:absolute;||width: 100%;||height: 100%;||padding:30px!important;||display: flex;||flex-direction: column;||align-items: flex-start;||justify-content: flex-end;\u00a0\u00bb icon_font_size=\u00a0\u00bb30px\u00a0\u00bb global_colors_info=\u00a0\u00bb{}\u00a0\u00bb background__hover_enabled=\u00a0\u00bbon|hover\u00a0\u00bb font_icon__hover_enabled=\u00a0\u00bboff|desktop\u00a0\u00bb font_icon__hover=\u00a0\u00bb&#x4d;||divi||400&Prime; icon_color__hover_enabled=\u00a0\u00bbon|hover\u00a0\u00bb icon_color__hover=\u00a0\u00bb#FFFFFF\u00a0\u00bb]<h3 class=\"blurbtitle2\" style=\"text-align: left; color: #fff!important; line-height: 1.1em;\">Sensibilizar as crian\u00e7as para o desenvolvimento sustent\u00e1vel<\/h3>[\/et_pb_blurb][\/et_pb_column][\/et_pb_row][\/et_pb_section][et_pb_section fb_built=\u00a0\u00bb1&Prime; custom_padding_last_edited=\u00a0\u00bbon|phone\u00a0\u00bb admin_label=\u00a0\u00bbEt concretement&#8230;\u00a0\u00bb _builder_version=\u00a0\u00bb4.15&Prime; _module_preset=\u00a0\u00bbdefault\u00a0\u00bb background_image=\u00a0\u00bbhttps:\/\/www.wesco-group.com\/wp-content\/uploads\/2021\/09\/fondation-chiffres-1.webp\u00a0\u00bb custom_padding=\u00a0\u00bb6vh||6vh||true|false\u00a0\u00bb custom_padding_tablet=\u00a0\u00bb\u00a0\u00bb custom_padding_phone=\u00a0\u00bb0vh||0vh||true|false\u00a0\u00bb da_disable_devices=\u00a0\u00bboff|off|off\u00a0\u00bb global_colors_info=\u00a0\u00bb{}\u00a0\u00bb da_is_popup=\u00a0\u00bboff\u00a0\u00bb da_exit_intent=\u00a0\u00bboff\u00a0\u00bb da_has_close=\u00a0\u00bbon\u00a0\u00bb da_alt_close=\u00a0\u00bboff\u00a0\u00bb da_dark_close=\u00a0\u00bboff\u00a0\u00bb da_not_modal=\u00a0\u00bbon\u00a0\u00bb da_is_singular=\u00a0\u00bboff\u00a0\u00bb da_with_loader=\u00a0\u00bboff\u00a0\u00bb da_has_shadow=\u00a0\u00bbon\u00a0\u00bb][et_pb_row custom_padding_last_edited=\u00a0\u00bbon|phone\u00a0\u00bb _builder_version=\u00a0\u00bb4.15&Prime; _module_preset=\u00a0\u00bbdefault\u00a0\u00bb custom_padding=\u00a0\u00bb45px||0px||false|false\u00a0\u00bb custom_padding_tablet=\u00a0\u00bb\u00a0\u00bb custom_padding_phone=\u00a0\u00bb\u00a0\u00bb global_colors_info=\u00a0\u00bb{}\u00a0\u00bb][et_pb_column type=\u00a0\u00bb4_4&Prime; _builder_version=\u00a0\u00bb4.15&Prime; _module_preset=\u00a0\u00bbdefault\u00a0\u00bb global_colors_info=\u00a0\u00bb{}\u00a0\u00bb][et_pb_text _builder_version=\u00a0\u00bb4.15&Prime; _module_preset=\u00a0\u00bbdefault\u00a0\u00bb header_2_font=\u00a0\u00bbSacramento||||||||\u00a0\u00bb header_2_text_align=\u00a0\u00bbcenter\u00a0\u00bb custom_margin=\u00a0\u00bb10px||10px||true|false\u00a0\u00bb global_colors_info=\u00a0\u00bb{}\u00a0\u00bb]<h2><span class=\"title-3\">E concretamente,<\/span><span class=\"subtitle-3\">\nO que isso d\u00e1?<\/span><\/h2>[\/et_pb_text][et_pb_text _builder_version=&quot;4.15&quot; _module_preset=&quot;default&quot; text_font=&quot;Oswald|200|||||||&quot; text_text_color=&quot;#FFFFFF&quot; text_font_size=&quot;1.7em&quot; width=&quot;65%&quot; width_tablet=&quot;100%&quot; width_phone=&quot;&quot; width_last_edited=&quot;on|desktop&quot; module_alignment=&quot;center&quot; text_font_size_tablet=&quot;1.7em&quot; text_font_size_phone=&quot;1.4em&quot; text_font_size_last_edited=&quot;on|phone&quot; custom_css_main_element=&quot;line-height:1.2em; \u00bb global_colors_info= \u00bb{} \u00bb custom_css_main_element_tablet= \u00bbline-height:1.2em; \u00bb custom_css_main_element_phone= \u00bbline-height:1.2em; \u00bb custom_css_main_element_last_edited= \u00bbon|phone \u00bb]<p style=\"text-align: justify;\">A Funda\u00e7\u00e3o Wesco \u00e9 uma equipe dedicada que se re\u00fane v\u00e1rias vezes ao ano, tem um or\u00e7amento aprovado por unanimidade e apoia diversos projetos. Aqui est\u00e1 o nosso relat\u00f3rio completo, com total transpar\u00eancia!<\/p>[et_pb_text][\/et_pb_column][\/et_pb_row][et_pb_row column_structure=&quot;1_4,1_4,1_4,1_4&quot; use_custom_gutter=&quot;on&quot; gutter_width=&quot;1&quot; make_equal=&quot;on&quot; _builder_version=&quot;4.15&quot; _module_preset=&quot;default&quot; width=&quot;60%&quot; width_tablet=&quot;55%&quot; width_phone=&quot;100%&quot; width_last_edited=&quot;on|phone&quot; custom_margin=&quot;||||false|false&quot; custom_padding=&quot;15px||15px||true|false&quot; global_colors_info=&quot;{}&quot;][et_pb_column type=&quot;1_4&quot; _builder_version=&quot;4.15&quot; _module_preset=&quot;default&quot; \u00bb custom_padding=&quot;30px||30px||true|false&quot; \u00bb border_width_all_tablet=&quot;&quot; \u00bb border_width_all_phone=&quot;&quot; \u00bb border_width_all_last_edited=&quot;on|desktop&quot; \u00bb border_width_right_tablet=&quot;0px&quot; \u00bb border_width_right_phone=&quot;0px&quot; \u00bb border_width_right_last_edited=&quot;off|tablet&quot; \u00bb global_colors_info=&quot;{}&quot; \u00bb][et_pb_blurb image=&quot;https:\/\/www.wesco-group.com\/wp-content\/uploads\/2021\/07\/picto-clients.png&quot; \u00bb _builder_version=&quot;4.15&quot; _module_preset=&quot;default&quot; \u00bb custom_margin=&quot;0px||0px||true|false&quot; \u00bb custom_padding=&quot; \u00bb0px||0px||true|false \u00bb global_colors_info= \u00bb{} \u00bb][\/et_pb_blurb][et_pb_number_counter number= \u00bb500000\u2033 percent_sign= \u00bboff \u00bb _builder_version= \u00bb4.15\u2033 _module_preset= \u00bbdefault \u00bb title_font= \u00bbOpen Sans|600||||||| \u00bb title_text_color= \u00bb#FFFFFF \u00bb title_font_size= \u00bb1vw \u00bb title_line_height= \u00bb1.3em \u00bb number_font= \u00bbOpen Sans|700||||||| \u00bb number_text_color=&quot;#FFFFFF&quot; \u00bb number_font_size=&quot;42px&quot; \u00bb number_line_height=&quot;10px&quot; \u00bb custom_margin=&quot;0px||0px||true|false&quot; \u00bb custom_padding=&quot;0px||0px||true|false&quot; \u00bb title_font_size_tablet=&quot;2vw&quot; \u00bb title_font_size_phone=&quot;16px&quot; \u00bb title_font_size_last_edited=&quot;on|desktop&quot; \u00bb custom_css_main_element=&quot;margin-bottom:-40px!important;&quot; \u00bb global_colors_info=&quot;{}&quot;][\/et_pb_number_counter][et_pb_text _builder_version=&quot;4.15.1&quot; _module_preset=&quot;default&quot; \u00bb text_font=&quot;Open Sans|600||||||| \u00bb cor_texto= \u00bb#FFFFFF \u00bb tamanho_fonte_texto= \u00bb1vw \u00bb altura_linha_texto= \u00bb1.2em \u00bb orienta\u00e7\u00e3o_texto= \u00bbcentro \u00bb espa\u00e7amento_personalizado= \u00bb0.3em|0.8em|0.3em|0.8em|true|true \u00bb tamanho_fonte_texto_tablet= \u00bb2vw \u00bb tamanho_fonte_texto_celular= \u00bb16px \u00bb tamanho_fonte_texto_\u00faltima_edi\u00e7\u00e3o= \u00bbligado|tablet \u00bb altura_linha_texto_tablet= \u00bb1.3em \u00bb altura_linha_texto_celular= \u00bb \u00bb altura_linha_texto_\u00faltima_edi\u00e7\u00e3o= \u00bbligado|tablet \u00bb informa\u00e7\u00f5es_cores_globais= \u00bb{} \u00bb]<p>crian\u00e7as que se beneficiaram desde o in\u00edcio<\/p>[\/et_pb_text][\/et_pb_column][et_pb_column type=\u00a0\u00bb1_4&Prime; _builder_version=\u00a0\u00bb4.15&Prime; _module_preset=\u00a0\u00bbdefault\u00a0\u00bb custom_padding=\u00a0\u00bb30px||30px||true|false\u00a0\u00bb global_colors_info=\u00a0\u00bb{}\u00a0\u00bb][et_pb_blurb image=\u00a0\u00bbhttps:\/\/www.wesco-group.com\/wp-content\/uploads\/2021\/07\/picto-flag.png\u00a0\u00bb _builder_version=\u00a0\u00bb4.15&Prime; _module_preset=\u00a0\u00bbdefault\u00a0\u00bb custom_margin=\u00a0\u00bb0px||0px||true|false\u00a0\u00bb custom_padding=\u00a0\u00bb0px||0px||true|false\u00a0\u00bb global_colors_info=\u00a0\u00bb{}\u00a0\u00bb][\/et_pb_blurb][et_pb_number_counter number=\u00a0\u00bb11&Prime; percent_sign=\u00a0\u00bboff\u00a0\u00bb _builder_version=\u00a0\u00bb4.15.1&Prime; _module_preset=\u00a0\u00bbdefault\u00a0\u00bb title_font=\u00a0\u00bbOpen Sans|600|||||||\u00a0\u00bb title_text_color=\u00a0\u00bb#FFFFFF\u00a0\u00bb title_font_size=\u00a0\u00bb1vw\u00a0\u00bb title_line_height=\u00a0\u00bb1.3em\u00a0\u00bb number_font=\u00a0\u00bbOpen Sans|700|||||||\u00a0\u00bb number_text_color=\u00a0\u00bb#FFFFFF\u00a0\u00bb number_font_size=\u00a0\u00bb42px\u00a0\u00bb number_line_height=\u00a0\u00bb10px\u00a0\u00bb custom_margin=\u00a0\u00bb0px||0px||true|false\u00a0\u00bb custom_padding=\u00a0\u00bb0px||0px||true|false\u00a0\u00bb title_font_size_tablet=\u00a0\u00bb2vw\u00a0\u00bb title_font_size_phone=\u00a0\u00bb16px\u00a0\u00bb title_font_size_last_edited=\u00a0\u00bbon|desktop\u00a0\u00bb custom_css_main_element=\u00a0\u00bbmargin-bottom:-40px!important;\u00a0\u00bb global_colors_info=\u00a0\u00bb{}\u00a0\u00bb][\/et_pb_number_counter][et_pb_text _builder_version=\u00a0\u00bb4.15.1&Prime; _module_preset=\u00a0\u00bbdefault\u00a0\u00bb text_font=\u00a0\u00bbOpen Sans|600|||||||\u00a0\u00bb text_text_color=\u00a0\u00bb#FFFFFF\u00a0\u00bb text_font_size=\u00a0\u00bb1vw\u00a0\u00bb text_line_height=\u00a0\u00bb1.2em\u00a0\u00bb text_orientation=\u00a0\u00bbcenter\u00a0\u00bb custom_padding=\u00a0\u00bb0.3em|0.8em|0.3em|0.8em|true|true\u00a0\u00bb text_font_size_tablet=\u00a0\u00bb2vw\u00a0\u00bb text_font_size_phone=\u00a0\u00bb16px\u00a0\u00bb text_font_size_last_edited=\u00a0\u00bbon|tablet\u00a0\u00bb text_line_height_tablet=\u00a0\u00bb1.3em\u00a0\u00bb text_line_height_phone=\u00a0\u00bb\u00a0\u00bb text_line_height_last_edited=\u00a0\u00bbon|tablet\u00a0\u00bb global_colors_info=\u00a0\u00bb{}\u00a0\u00bb]<p>projetos apoiados em 2023<\/p>[\/et_pb_text][\/et_pb_column][et_pb_column type=\u00a0\u00bb1_4&Prime; _builder_version=\u00a0\u00bb4.15&Prime; _module_preset=\u00a0\u00bbdefault\u00a0\u00bb custom_padding=\u00a0\u00bb30px||30px||true|false\u00a0\u00bb global_colors_info=\u00a0\u00bb{}\u00a0\u00bb][et_pb_blurb image=\u00a0\u00bbhttps:\/\/www.wesco-group.com\/wp-content\/uploads\/2021\/07\/picto-plane.png\u00a0\u00bb _builder_version=\u00a0\u00bb4.15&Prime; _module_preset=\u00a0\u00bbdefault\u00a0\u00bb custom_margin=\u00a0\u00bb0px||0px||true|false\u00a0\u00bb custom_padding=\u00a0\u00bb0px||0px||true|false\u00a0\u00bb global_colors_info=\u00a0\u00bb{}\u00a0\u00bb][\/et_pb_blurb][et_pb_number_counter number=\u00a0\u00bb50&Prime; percent_sign=\u00a0\u00bboff\u00a0\u00bb _builder_version=\u00a0\u00bb4.15.1&Prime; _module_preset=\u00a0\u00bbdefault\u00a0\u00bb title_font=\u00a0\u00bbOpen Sans|600|||||||\u00a0\u00bb title_text_color=\u00a0\u00bb#FFFFFF\u00a0\u00bb title_font_size=\u00a0\u00bb1vw\u00a0\u00bb title_line_height=\u00a0\u00bb1.3em\u00a0\u00bb number_font=\u00a0\u00bbOpen Sans|700|||||||\u00a0\u00bb number_text_color=\u00a0\u00bb#FFFFFF\u00a0\u00bb number_font_size=\u00a0\u00bb42px\u00a0\u00bb number_line_height=\u00a0\u00bb10px\u00a0\u00bb custom_margin=\u00a0\u00bb0px||0px||true|false\u00a0\u00bb custom_padding=\u00a0\u00bb0px||0px||true|false\u00a0\u00bb title_font_size_tablet=\u00a0\u00bb2vw\u00a0\u00bb title_font_size_phone=\u00a0\u00bb16px\u00a0\u00bb title_font_size_last_edited=\u00a0\u00bbon|desktop\u00a0\u00bb custom_css_main_element=\u00a0\u00bbmargin-bottom:-40px!important;\u00a0\u00bb global_colors_info=\u00a0\u00bb{}\u00a0\u00bb][\/et_pb_number_counter][et_pb_text _builder_version=\u00a0\u00bb4.15&Prime; _module_preset=\u00a0\u00bbdefault\u00a0\u00bb text_font=\u00a0\u00bbOpen Sans|600|||||||\u00a0\u00bb text_text_color=\u00a0\u00bb#FFFFFF\u00a0\u00bb text_font_size=\u00a0\u00bb1vw\u00a0\u00bb text_line_height=\u00a0\u00bb1.2em\u00a0\u00bb text_orientation=\u00a0\u00bbcenter\u00a0\u00bb custom_padding=\u00a0\u00bb0.3em|0.8em|0.3em|0.8em|true|true\u00a0\u00bb text_font_size_tablet=\u00a0\u00bb2vw\u00a0\u00bb text_font_size_phone=\u00a0\u00bb16px\u00a0\u00bb text_font_size_last_edited=\u00a0\u00bbon|tablet\u00a0\u00bb text_line_height_tablet=\u00a0\u00bb1.3em\u00a0\u00bb text_line_height_phone=\u00a0\u00bb\u00a0\u00bb text_line_height_last_edited=\u00a0\u00bbon|tablet\u00a0\u00bb global_colors_info=\u00a0\u00bb{}\u00a0\u00bb]<p>projetos apoiados pela Funda\u00e7\u00e3o desde a sua cria\u00e7\u00e3o<\/p>[et_pb_text][\/et_pb_column][et_pb_column type=&quot;1_4&quot; _builder_version=&quot;4.15&quot; _module_preset=&quot;default&quot; custom_padding=&quot;30px||30px||true|false&quot; global_colors_info=&quot;{}&quot;][et_pb_blurb image=&quot;https:\/\/www.wesco-group.com\/wp-content\/uploads\/2021\/07\/picto-heart.png&quot; _builder_version=&quot;4.15&quot; _module_preset=&quot;default&quot; custom_margin=&quot;0px||0px||true|false&quot; custom_padding=&quot;0px||0px||true|false&quot; global_colors_info=&quot;{}&quot;][\/et_pb_blurb][et_pb_number_counter n\u00famero= \u00bb1\u20ac \u00bb sinal_percentual= \u00bbdesativado \u00bb vers\u00e3o_do_construtor= \u00bb4.15\u2033 predefini\u00e7\u00e3o_do_m\u00f3dulo= \u00bbpadr\u00e3o \u00bb fonte_do_t\u00edtulo= \u00bbOpen Sans|600||||||| \u00bb cor_do_texto_do_t\u00edtulo= \u00bb#FFFFFF \u00bb tamanho_da_fonte_do_t\u00edtulo= \u00bb1.5vw \u00bb fonte_do_n\u00famero= \u00bbOpen Sans|700||||||| \u00bb number_text_color=&quot;#FFFFFF&quot; \u00bb number_font_size=&quot;42px&quot; \u00bb number_line_height=&quot;10px&quot; \u00bb custom_margin=&quot;0px||0px||true|false&quot; \u00bb custom_padding=&quot;0px||0px||true|false&quot; \u00bb title_font_size_tablet=&quot;3vw&quot; \u00bb title_font_size_phone=&quot;22px&quot; \u00bb title_font_size_last_edited=&quot;on|phone&quot; \u00bb custom_css_main_element=&quot;margin-bottom:-40px!important;&quot; \u00bb global_colors_info=&quot;{}&quot;][\/et_pb_number_counter][et_pb_text _builder_version=&quot;4.15&quot; _module_preset=&quot;default&quot; \u00bb text_font=&quot;Open Sans|600||||||| \u00bb cor_texto= \u00bb#FFFFFF \u00bb tamanho_fonte_texto= \u00bb1.5vw \u00bb altura_linha_texto= \u00bb1.2em \u00bb orienta\u00e7\u00e3o_texto= \u00bbcentro \u00bb margem_personalizada= \u00bb-50px||||false|false \u00bb preenchimento_personalizado= \u00bb0.3em|0.8em|0.3em|0.8em|true|true \u00bb tamanho_fonte_texto_tablet= \u00bb2vw \u00bb tamanho_fonte_texto_celular= \u00bb16px \u00bb tamanho_fonte_texto_\u00faltima_edi\u00e7\u00e3o= \u00bbligado|tablet \u00bb altura_linha_texto_tablet= \u00bb1.3em \u00bb altura_linha_texto_celular= \u00bb \u00bb altura_linha_texto_\u00faltima_edi\u00e7\u00e3o= \u00bbligado|tablet \u00bb informa\u00e7\u00f5es_cores_globais= \u00bb{} \u00bb]<p>invertido<\/p>[\/et_pb_text][et_pb_text _builder_version=&quot;4.15&quot; _module_preset=&quot;default&quot; text_font=&quot;Open Sans|600||||||| \u00bb text_text_color= \u00bb#FFFFFF \u00bb text_font_size= \u00bb1vw \u00bb text_line_height= \u00bb1.2em \u00bb text_orientation= \u00bbcenter \u00bb custom_margin= \u00bb0px||0px||true|false \u00bb text_font_size_tablet= \u00bb2vw \u00bb text_font_size_phone= \u00bb16px \u00bb text_font_size_last_edited= \u00bbon|tablet \u00bb text_line_height_tablet= \u00bb1.3em \u00bb text_line_height_phone= \u00bb \u00bb text_line_height_last_edited= \u00bbon|tablet \u00bb global_colors_info= \u00bb{} \u00bb]Nossos clientes tamb\u00e9m est\u00e3o comprometidos conosco![\/et_pb_text][et_pb_text _builder_version= \u00bb4.15\u2033 _module_preset= \u00bbdefault \u00bb text_font= \u00bbOpen Sans|600||||||| \u00bb cor_texto= \u00bb#FFFFFF \u00bb tamanho_fonte_texto= \u00bb16px \u00bb altura_linha_texto= \u00bb1em \u00bb orienta\u00e7\u00e3o_texto= \u00bbcentro \u00bb espa\u00e7amento_personalizado= \u00bb0.3em|0.8em|0.3em|0.8em|true|true \u00bb tamanho_fonte_texto_tablet= \u00bb16px \u00bb tamanho_fonte_texto_celular= \u00bb16px \u00bb tamanho_fonte_texto_\u00faltima_edi\u00e7\u00e3o= \u00bbligado|desktop \u00bb altura_linha_texto_tablet= \u00bb1em \u00bb altura_linha_texto_celular= \u00bb \u00bb altura_linha_texto_\u00faltima_edi\u00e7\u00e3o= \u00bbligado|desktop \u00bb informa\u00e7\u00f5es_cores_globais= \u00bb{} \u00bb]<p><span style=\"font-size: small;\">Ao subscrever um dos nossos Clubes de Vantagens, 1\u20ac \u00e9 automaticamente doado \u00e0 Funda\u00e7\u00e3o.<\/span><\/p>[\/et_pb_text][\/et_pb_column][\/et_pb_row][\/et_pb_section][et_pb_section fb_built=\u00a0\u00bb1&Prime; custom_padding_last_edited=\u00a0\u00bbon|phone\u00a0\u00bb admin_label=\u00a0\u00bbCarrousel associations\u00a0\u00bb _builder_version=\u00a0\u00bb4.15.1&Prime; _module_preset=\u00a0\u00bbdefault\u00a0\u00bb custom_margin=\u00a0\u00bb||||false|false\u00a0\u00bb custom_margin_tablet=\u00a0\u00bb\u00a0\u00bb custom_margin_phone=\u00a0\u00bb0px||0px||true|false\u00a0\u00bb custom_margin_last_edited=\u00a0\u00bbon|phone\u00a0\u00bb custom_padding=\u00a0\u00bb21px|||||\u00a0\u00bb custom_padding_tablet=\u00a0\u00bb\u00a0\u00bb custom_padding_phone=\u00a0\u00bb0px||0px||true|false\u00a0\u00bb da_disable_devices=\u00a0\u00bboff|off|off\u00a0\u00bb global_colors_info=\u00a0\u00bb{}\u00a0\u00bb da_is_popup=\u00a0\u00bboff\u00a0\u00bb da_exit_intent=\u00a0\u00bboff\u00a0\u00bb da_has_close=\u00a0\u00bbon\u00a0\u00bb da_alt_close=\u00a0\u00bboff\u00a0\u00bb da_dark_close=\u00a0\u00bboff\u00a0\u00bb da_not_modal=\u00a0\u00bbon\u00a0\u00bb da_is_singular=\u00a0\u00bboff\u00a0\u00bb da_with_loader=\u00a0\u00bboff\u00a0\u00bb da_has_shadow=\u00a0\u00bbon\u00a0\u00bb][et_pb_row _builder_version=\u00a0\u00bb4.15&Prime; _module_preset=\u00a0\u00bbdefault\u00a0\u00bb custom_margin=\u00a0\u00bb0px||0px||true|false\u00a0\u00bb custom_padding=\u00a0\u00bb0px||0px||true|false\u00a0\u00bb global_colors_info=\u00a0\u00bb{}\u00a0\u00bb][et_pb_column type=\u00a0\u00bb4_4&Prime; _builder_version=\u00a0\u00bb4.15&Prime; _module_preset=\u00a0\u00bbdefault\u00a0\u00bb global_colors_info=\u00a0\u00bb{}\u00a0\u00bb][et_pb_text _builder_version=\u00a0\u00bb4.15&Prime; _module_preset=\u00a0\u00bbdefault\u00a0\u00bb header_2_font=\u00a0\u00bbSacramento||||||||\u00a0\u00bb header_2_text_align=\u00a0\u00bbcenter\u00a0\u00bb custom_margin=\u00a0\u00bb0em||||false|false\u00a0\u00bb custom_margin_tablet=\u00a0\u00bb3em||||false|false\u00a0\u00bb custom_margin_phone=\u00a0\u00bb\u00a0\u00bb custom_margin_last_edited=\u00a0\u00bbon|phone\u00a0\u00bb global_colors_info=\u00a0\u00bb{}\u00a0\u00bb]<h2><span class=\"title\">Nossas a\u00e7\u00f5es<\/span><span class=\"subtitle\"> em andamento<\/span><\/h2>[\/et_pb_text][et_pb_text _builder_version=\u00a0\u00bb4.15&Prime; _module_preset=\u00a0\u00bbdefault\u00a0\u00bb text_font=\u00a0\u00bbOswald|300|||||||\u00a0\u00bb text_text_color=\u00a0\u00bb#125671&Prime; text_font_size=\u00a0\u00bb1.7em\u00a0\u00bb width=\u00a0\u00bb65%\u00a0\u00bb width_tablet=\u00a0\u00bb100%\u00a0\u00bb width_phone=\u00a0\u00bb\u00a0\u00bb width_last_edited=\u00a0\u00bbon|desktop\u00a0\u00bb module_alignment=\u00a0\u00bbcenter\u00a0\u00bb text_font_size_tablet=\u00a0\u00bb1.7em\u00a0\u00bb text_font_size_phone=\u00a0\u00bb1.4em\u00a0\u00bb text_font_size_last_edited=\u00a0\u00bbon|phone\u00a0\u00bb custom_css_main_element=\u00a0\u00bbline-height:1.2em;\u00a0\u00bb global_colors_info=\u00a0\u00bb{}\u00a0\u00bb custom_css_main_element_tablet=\u00a0\u00bbline-height:1.2em;\u00a0\u00bb custom_css_main_element_phone=\u00a0\u00bbline-height:1.2em;\u00a0\u00bb custom_css_main_element_last_edited=\u00a0\u00bbon|phone\u00a0\u00bb]<p style=\"text-align: justify;\">Sejam elas locais ou de maior porte, aqui est\u00e3o as organiza\u00e7\u00f5es que apoiamos atualmente. Embora o escopo varie, todas elas t\u00eam uma coisa em comum: trabalhar para apoiar crian\u00e7as!<\/p>[\/et_pb_text][\/et_pb_column][\/et_pb_row][et_pb_row use_custom_gutter=\u00a0\u00bbon\u00a0\u00bb make_equal=\u00a0\u00bbon\u00a0\u00bb _builder_version=\u00a0\u00bb4.15.1&Prime; _module_preset=\u00a0\u00bbdefault\u00a0\u00bb width=\u00a0\u00bb95%\u00a0\u00bb width_tablet=\u00a0\u00bb\u00a0\u00bb width_phone=\u00a0\u00bb100%\u00a0\u00bb width_last_edited=\u00a0\u00bbon|phone\u00a0\u00bb max_width=\u00a0\u00bb95%\u00a0\u00bb max_width_tablet=\u00a0\u00bb\u00a0\u00bb max_width_phone=\u00a0\u00bb100%\u00a0\u00bb max_width_last_edited=\u00a0\u00bbon|phone\u00a0\u00bb overflow-x=\u00a0\u00bbhidden\u00a0\u00bb overflow-y=\u00a0\u00bbhidden\u00a0\u00bb custom_padding=\u00a0\u00bb|0px||0px|false|true\u00a0\u00bb hover_enabled=\u00a0\u00bb0&Prime; overflow-x_tablet=\u00a0\u00bb\u00a0\u00bb overflow-x_phone=\u00a0\u00bb\u00a0\u00bb overflow-x_last_edited=\u00a0\u00bbon|desktop\u00a0\u00bb overflow-y_tablet=\u00a0\u00bb\u00a0\u00bb overflow-y_phone=\u00a0\u00bbhidden\u00a0\u00bb overflow-y_last_edited=\u00a0\u00bbon|desktop\u00a0\u00bb global_colors_info=\u00a0\u00bb{}\u00a0\u00bb sticky_enabled=\u00a0\u00bb0&Prime;][et_pb_column type=\u00a0\u00bb4_4&Prime; module_class=\u00a0\u00bbblurbassoc\u00a0\u00bb admin_label=\u00a0\u00bbColonne\u00a0\u00bb _builder_version=\u00a0\u00bb4.15.1&Prime; _module_preset=\u00a0\u00bbdefault\u00a0\u00bb custom_padding=\u00a0\u00bb|0px||0px|false|true\u00a0\u00bb global_colors_info=\u00a0\u00bb{}\u00a0\u00bb][et_pb_blurb title=\u00a0\u00bbDons solidaires\u00a0\u00bb image=\u00a0\u00bbhttps:\/\/www.wesco-group.com\/wp-content\/uploads\/2021\/09\/dons_solidaires.webp\u00a0\u00bb _builder_version=\u00a0\u00bb4.15.1&Prime; _module_preset=\u00a0\u00bbf0351f99-3fdd-4c70-aba4-c081b67586d1&Prime; global_colors_info=\u00a0\u00bb{}\u00a0\u00bb]<p style=\"text-align: justify;\">Fundada em 2004 e reconhecida como uma entidade de utilidade p\u00fablica, a associa\u00e7\u00e3o Dons Solidaires tem como miss\u00e3o combater o desperd\u00edcio e a pobreza. Ela coleta itens n\u00e3o aliment\u00edcios novos e n\u00e3o vendidos de empresas e os redistribui para institui\u00e7\u00f5es de caridade que os fornecem a pessoas em grande necessidade. De empresas a institui\u00e7\u00f5es de caridade, a Dons Solidaires mobiliza toda a cadeia de solidariedade para combater a exclus\u00e3o.<\/p>\n<p style=\"text-align: justify;\">Desde 2015, a Funda\u00e7\u00e3o Corporativa Wesco apoia a divis\u00e3o jovem da associa\u00e7\u00e3o, em especial com a iniciativa &quot;Kit Escolar&quot;: uma iniciativa de solidariedade para fornecer \u00e0s fam\u00edlias em dificuldade o essencial para o in\u00edcio do ano letivo, com material escolar novo e de alta qualidade, distribu\u00eddo por meio de associa\u00e7\u00f5es parceiras em toda a Fran\u00e7a.<\/p>\n<p style=\"text-align: center;\"><a href=\"https:\/\/www.donsolidaires.fr\/\" target=\"_blank\" rel=\"noopener\"><strong>https:\/\/www.donsolidaires.fr\/<\/strong><\/a><\/p>[\/et_pb_blurb][et_pb_blurb title=\u00a0\u00bbl\u2019Ecole de D\u00e9couverte des Sports du Bocage\u00a0\u00bb image=\u00a0\u00bbhttps:\/\/www.wesco-group.com\/wp-content\/uploads\/2021\/09\/logo-EDSDB.webp\u00a0\u00bb _builder_version=\u00a0\u00bb4.15.1&Prime; _module_preset=\u00a0\u00bbf0351f99-3fdd-4c70-aba4-c081b67586d1&Prime; global_colors_info=\u00a0\u00bb{}\u00a0\u00bb]<p style=\"text-align: justify;\">A Escola Bocage Sports Discovery, localizada em Cerizay, tem como miss\u00e3o despertar e introduzir todas as crian\u00e7as ao esporte, introduzindo-as em diferentes atividades e promovendo valores esportivos como o esp\u00edrito de equipe.<\/p>\n<p style=\"text-align: justify;\">Desde 2016, apoiamos projetos desenvolvidos pela EDS em torno da inclus\u00e3o de crian\u00e7as com defici\u00eancia por meio do esporte, por meio do programa \u201cEx Aequo\u201d. Atividades esportivas adaptadas e n\u00e3o competitivas permitem que todos aumentem significativamente sua autoconfian\u00e7a e mudem sua perspectiva sobre a defici\u00eancia. Somos todos iguais na linha de partida!<\/p>\n<p style=\"text-align: center;\"><strong><a href=\"https:\/\/www.edsdubocage.fr\/page\/1919435-actualites\" target=\"_blank\" rel=\"noopener\">https:\/\/www.edsdubocage.fr\/<\/a><\/strong><\/p>[\/et_pb_blurb][et_pb_blurb title=\u00a0\u00bbGroupe Ornithologique des Deux-S\u00e8vres\u00a0\u00bb image=\u00a0\u00bbhttps:\/\/www.wesco-group.com\/wp-content\/uploads\/2021\/11\/logo-GOD.webp\u00a0\u00bb content_max_width_phone=\u00a0\u00bb550px\u00a0\u00bb content_max_width_last_edited=\u00a0\u00bboff|desktop\u00a0\u00bb _builder_version=\u00a0\u00bb4.15.1&Prime; _module_preset=\u00a0\u00bbf0351f99-3fdd-4c70-aba4-c081b67586d1&Prime; global_colors_info=\u00a0\u00bb{}\u00a0\u00bb]<p style=\"text-align: justify;\">Esta associa\u00e7\u00e3o, com sede em Niort, tem como objetivo estudar e proteger as aves selvagens no departamento de Deux-S\u00e8vres. Ao mesmo tempo, realiza atividades de informa\u00e7\u00e3o e conscientiza\u00e7\u00e3o para crian\u00e7as (escolas, centros comunit\u00e1rios, etc.).<\/p>\n<p style=\"text-align: justify;\">Pelo segundo ano consecutivo, apoiamos este projeto, que permite que 225 crian\u00e7as do departamento estudem aves pr\u00f3ximas ao seu ambiente, as aves das plan\u00edcies. Ao introduzi-las ao processo de investiga\u00e7\u00e3o cient\u00edfica, as crian\u00e7as se tornam participantes ativas de suas descobertas e podem compreender melhor o ambiente ao seu redor.<\/p>\n<p style=\"text-align: center;\"><strong><a href=\"https:\/\/www.ornitho79.org\/\" target=\"_blank\" rel=\"noopener\">https:\/\/www.ornitho79.org\/<\/a><\/strong><\/p>[\/et_pb_blurb][et_pb_blurb title=\u00a0\u00bbMom\u2019Artre\u00a0\u00bb image=\u00a0\u00bbhttps:\/\/www.wesco-group.com\/wp-content\/uploads\/2023\/02\/logo-reseau-transparent_1-300&#215;78.png\u00a0\u00bb _builder_version=\u00a0\u00bb4.15.1&Prime; _module_preset=\u00a0\u00bbf0351f99-3fdd-4c70-aba4-c081b67586d1&Prime; global_colors_info=\u00a0\u00bb{}\u00a0\u00bb]<p style=\"text-align: justify;\">O M\u00f4m&#039;Artre, mais do que uma creche, \u00e9 uma op\u00e7\u00e3o de cuidado infantil, oficinas art\u00edsticas e culturais para crian\u00e7as pequenas ou escolas, apoio aos pais, treinamento em profiss\u00f5es infantis e espa\u00e7os de bairro para promover a vida em comunidade.<\/p>\n<p style=\"text-align: justify;\">Estima-se que mais de 50.000 crian\u00e7as sejam &quot;esquecidas&quot; pelas atividades extracurriculares, quase invis\u00edveis devido \u00e0 situa\u00e7\u00e3o extremamente prec\u00e1ria de suas fam\u00edlias. Para intervir junto a esse grupo, que \u00e9 muito dif\u00edcil de acompanhar devido \u00e0 sua situa\u00e7\u00e3o inst\u00e1vel, a Mom&#039;Artre est\u00e1 criando o projeto &quot;Crian\u00e7as em Grande Exclus\u00e3o&quot;, por meio do qual a funda\u00e7\u00e3o empresarial Wesco atua, permitindo o acolhimento de crian\u00e7as em situa\u00e7\u00f5es de emerg\u00eancia social em Nantes, durante 7 semanas de f\u00e9rias escolares totalmente gratuitas.<\/p>\n<p style=\"text-align: center;\"><strong><a href=\"https:\/\/momartre.net\/\" target=\"_blank\" rel=\"noopener\">https:\/\/momartre.net\/<\/a><\/strong><\/p>[\/et_pb_blurb][et_pb_blurb title=\u00a0\u00bbC.I.E.LO\u00a0\u00bb image=\u00a0\u00bbhttps:\/\/www.wesco-group.com\/wp-content\/uploads\/2023\/08\/cielo-150&#215;150.png\u00a0\u00bb _builder_version=\u00a0\u00bb4.15.1&Prime; _module_preset=\u00a0\u00bbf0351f99-3fdd-4c70-aba4-c081b67586d1&Prime; global_colors_info=\u00a0\u00bb{}\u00a0\u00bb]<p style=\"text-align: justify;\"><span style=\"font-weight: 300;\">Fundado em 1995, o CIELO melhora as condi\u00e7\u00f5es de vida de popula\u00e7\u00f5es desfavorecidas em pa\u00edses em desenvolvimento, desenvolvendo projetos em colabora\u00e7\u00e3o com partes interessadas locais para garantir sua sustentabilidade.<\/span><\/p>\n<p style=\"text-align: justify;\"><span style=\"font-weight: 300;\">No bairro de Sodikombo, em Duala, Camar\u00f5es, onde 551.000 pessoas vivem em extrema pobreza e a escolaridade m\u00e9dia \u00e9 de seis anos, a associa\u00e7\u00e3o construir\u00e1 e equipar\u00e1 uma creche para 30 crian\u00e7as. Al\u00e9m de impulsionar a economia local com a constru\u00e7\u00e3o do pr\u00e9dio, este projeto facilitar\u00e1 a busca de trabalho pelas m\u00e3es e proporcionar\u00e1 aos seus filhos condi\u00e7\u00f5es estimulantes e seguras.<\/span><\/p>\n<p style=\"text-align: center;\"><strong><a href=\"https:\/\/associationcielo.org\" target=\"_blank\" rel=\"noopener\">https:\/\/associationcielo.org<\/a><\/strong><\/p>[\/et_pb_blurb][et_pb_blurb title=\u00a0\u00bbAssociation CL\u00c9\u00a0\u00bb image=\u00a0\u00bbhttps:\/\/www.wesco-group.com\/wp-content\/uploads\/2023\/08\/cle-150&#215;150.jpg\u00a0\u00bb _builder_version=\u00a0\u00bb4.15.1&Prime; _module_preset=\u00a0\u00bbf0351f99-3fdd-4c70-aba4-c081b67586d1&Prime; global_colors_info=\u00a0\u00bb{}\u00a0\u00bb]<p style=\"text-align: justify;\"><span style=\"font-weight: 300;\">H\u00e1 37 anos, esta associa\u00e7\u00e3o, localizada em Parthenay e presente em toda a regi\u00e3o de G\u00e2tine, luta contra o analfabetismo e todas as suas dificuldades no conhecimento b\u00e1sico, porque saber \u00e9 ser livre!<\/span><\/p>\n<p style=\"text-align: justify;\"><span style=\"font-weight: 300;\">Sob o olhar atento dos moradores do bairro, semana ap\u00f3s semana, a tenda \u00e9 montada no mesmo hor\u00e1rio e no mesmo local. Um espa\u00e7o aberto, sem portas para passar, e \u00e0 disposi\u00e7\u00e3o de todos, livros, jogos, marcadores... A cada semana, novas atividades s\u00e3o oferecidas, relacionadas \u00e0 leitura e ao lazer criativo. Este \u00e9 o conceito da Passerelle de Rue, cujo objetivo \u00e9 despertar o desejo e o prazer pela leitura entre crian\u00e7as que muitas vezes est\u00e3o distantes das atividades culturais. O apoio da funda\u00e7\u00e3o permitir\u00e1 que a associa\u00e7\u00e3o CL\u00c9 reproduza o projeto em uma nova \u00e1rea da cidade. <\/span><\/p>\n<p style=\"text-align: center;\"><strong><a href=\"https:\/\/associationcle.fr\/\" target=\"_blank\" rel=\"noopener\">https:\/\/associationcle.fr\/<\/a><\/strong><\/p>[\/et_pb_blurb][et_pb_blurb title=\u00a0\u00bbT\u00e9moins Polaires &#8211; L&rsquo;\u00e9cole des P\u00f4les\u00a0\u00bb url=\u00a0\u00bbhttps:\/\/www.revesdegosse.fr\/l-association\u00a0\u00bb image=\u00a0\u00bbhttps:\/\/www.wesco-group.com\/wp-content\/uploads\/2023\/08\/Temoins_Polaires_RVB-Noir-e1691504208659.png\u00a0\u00bb _builder_version=\u00a0\u00bb4.15.1&Prime; _module_preset=\u00a0\u00bbf0351f99-3fdd-4c70-aba4-c081b67586d1&Prime; global_colors_info=\u00a0\u00bb{}\u00a0\u00bb]<p style=\"text-align: justify;\"><span style=\"font-weight: 300;\">O fundo patrimonial T\u00e9moins Polaires apoia projetos relacionados aos polos para entender e medir as mudan\u00e7as clim\u00e1ticas, mas tamb\u00e9m para conscientizar as gera\u00e7\u00f5es futuras por meio da admira\u00e7\u00e3o.\u00a0<\/span><\/p>\n<p style=\"text-align: justify;\"><span style=\"font-weight: 300;\">A imers\u00e3o no mundo polar \u00e9 garantida gra\u00e7as \u00e0 Escola Polar, alojada num navio tradicional de tr\u00eas mastros! Acolhe cerca de 7.000 jovens por ano (dos 8 aos 18 anos). Al\u00e9m de serem sensibilizados para os desafios da prote\u00e7\u00e3o do planeta, descobrem a beleza e a fragilidade dos polos, bem como a sua import\u00e2ncia na regula\u00e7\u00e3o do clima, e s\u00e3o convidados a tornarem-se eles pr\u00f3prios agentes de mudan\u00e7a. <\/span><\/p>\n<p style=\"text-align: center;\"><strong><a href=\"https:\/\/ecoledespoles.fr\" target=\"_blank\" rel=\"noopener\">https:\/\/ecoledespoles.fr<\/a><\/strong><\/p>[\/et_pb_blurb][et_pb_blurb title=\u00a0\u00bbAssociation Neurofibromatoses et Recklinghausen &#8211; S\u00e9jour la Ribambelle\u00a0\u00bb image=\u00a0\u00bbhttps:\/\/www.wesco-group.com\/wp-content\/uploads\/2023\/08\/OSE-300&#215;179.jpg\u00a0\u00bb _builder_version=\u00a0\u00bb4.15.1&Prime; _module_preset=\u00a0\u00bbf0351f99-3fdd-4c70-aba4-c081b67586d1&Prime; global_colors_info=\u00a0\u00bb{}\u00a0\u00bb]<p style=\"text-align: justify;\"><span style=\"font-weight: 300;\">As principais miss\u00f5es desta associa\u00e7\u00e3o nacional s\u00e3o o financiamento de pesquisas m\u00e9dicas, a dissemina\u00e7\u00e3o de informa\u00e7\u00f5es sobre Neurofibromatose e o apoio aos pacientes.\u00a0<\/span><\/p>\n<p style=\"text-align: justify;\"><span style=\"font-weight: 300;\">Quando uma crian\u00e7a \u00e9 afetada pela neurofibromatose, toda a vida cotidiana da fam\u00edlia \u00e9 interrompida: moradia, viagens, atividades, etc. Como as op\u00e7\u00f5es adaptadas para pessoas com defici\u00eancia s\u00e3o raras, essas fam\u00edlias quase nunca saem de f\u00e9rias. Por isso, La Ribambelle organiza um fim de semana prolongado de relaxamento, uma estadia 100% adaptada a fam\u00edlias, independentemente da sua defici\u00eancia. Para as fam\u00edlias, este fim de semana de prazer e troca permite-lhes olhar para a normalidade de uma forma diferente e reduz a sensa\u00e7\u00e3o de exclus\u00e3o.<\/span><\/p>\n<p style=\"text-align: center;\"><strong><a href=\"https:\/\/www.anrfrance.fr\/\" target=\"_blank\" rel=\"noopener\">https:\/\/www.anrfrance.fr\/<\/a><\/strong><\/p>[\/et_pb_blurb][et_pb_blurb title=\u00a0\u00bbAssociation familiale de Loisirs Educatifs et de Formations (ALEF)\u00a0\u00bb image=\u00a0\u00bbhttps:\/\/www.wesco-group.com\/wp-content\/uploads\/2023\/08\/ALEF-e1691739552312.png\u00a0\u00bb _builder_version=\u00a0\u00bb4.15.1&Prime; _module_preset=\u00a0\u00bbf0351f99-3fdd-4c70-aba4-c081b67586d1&Prime; global_colors_info=\u00a0\u00bb{}\u00a0\u00bb]<p style=\"text-align: justify;\"><span style=\"font-weight: 300;\">Esta associa\u00e7\u00e3o \u00e9 uma organiza\u00e7\u00e3o departamental que atua no Baixo Reno, na Als\u00e1cia. \u00c9 especializada na organiza\u00e7\u00e3o de servi\u00e7os de acolhimento de crian\u00e7as pequenas (creches, atividades extracurriculares, estadias, etc.) e apoia as autoridades locais na sua implementa\u00e7\u00e3o. Atualmente, gere e presta apoio educacional di\u00e1rio a mais de cem organiza\u00e7\u00f5es.<\/span><\/p>\n<p style=\"text-align: justify;\"><span style=\"font-weight: 300;\">O objetivo do projeto, lan\u00e7ado pela ALEF, \u00e9 tornar as atividades ao ar livre uma parte essencial do dia a dia de uma crian\u00e7a, com foco em tr\u00eas \u00e1reas: evitar telas, manter uma dieta balanceada e praticar atividade f\u00edsica. Para atingir esse objetivo, 105 gerentes de institui\u00e7\u00f5es receber\u00e3o treinamento, e o mesmo n\u00famero de institui\u00e7\u00f5es ser\u00e1 equipado com kits educativos para facilitar a implementa\u00e7\u00e3o das atividades.<\/span><\/p>\n<p style=\"text-align: center;\"><strong><a href=\"https:\/\/www.alef.asso.fr\/\" target=\"_blank\" rel=\"noopener\">https:\/\/www.alef.asso.fr\/<\/a><\/strong><\/p>[\/et_pb_blurb][et_pb_blurb title=\u00a0\u00bbLes Karamuzes\u00a0\u00bb image=\u00a0\u00bbhttps:\/\/www.wesco-group.com\/wp-content\/uploads\/2023\/08\/karamuzes.jpg\u00a0\u00bb _builder_version=\u00a0\u00bb4.15.1&Prime; _module_preset=\u00a0\u00bbf0351f99-3fdd-4c70-aba4-c081b67586d1&Prime; global_colors_info=\u00a0\u00bb{}\u00a0\u00bb]<p style=\"text-align: justify;\"><span style=\"font-weight: 300;\">Uma associa\u00e7\u00e3o local localizada em Maul\u00e9on, os Karamuzes aproximam a cultura das crian\u00e7as das \u00e1reas rurais por meio da escrita de hist\u00f3rias e da encena\u00e7\u00e3o de espet\u00e1culos.<\/span><\/p>\n<p style=\"text-align: justify;\"><span style=\"font-weight: 300;\">Depois de debater o tema da inclus\u00e3o e da diferen\u00e7a, os Karamuzes partem para novas aventuras, com o objetivo de conscientizar os jovens sobre o aquecimento global. 250 crian\u00e7as, de 3 a 12 anos, da regi\u00e3o de Maul\u00e9on, poder\u00e3o participar do desenvolvimento da nova aventura Karabis-Trouille, bem como da encena\u00e7\u00e3o do espet\u00e1culo prevista para outubro de 2024.<\/span><\/p>\n<p style=\"text-align: center;\"><strong><a href=\"https:\/\/leskaramuzes.jimdofree.com\/\" target=\"_blank\" rel=\"noopener\">https:\/\/leskaramuzes.jimdofree.com\/<\/a><\/strong><\/p>[\/et_pb_blurb][et_pb_blurb title=\u00a0\u00bbAPF France Handicap &#8211; SESSAD Caen Lisieux\u00a0\u00bb image=\u00a0\u00bbhttps:\/\/www.wesco-group.com\/wp-content\/uploads\/2023\/11\/apf_01.jpg\u00a0\u00bb _builder_version=\u00a0\u00bb4.15.1&Prime; _module_preset=\u00a0\u00bbf0351f99-3fdd-4c70-aba4-c081b67586d1&Prime; global_colors_info=\u00a0\u00bb{}\u00a0\u00bb]<p style=\"text-align: justify;\">O SESSAD de Caen \u2013 Lisieux oferece apoio a crian\u00e7as e adultos com defici\u00eancia motora, com a implementa\u00e7\u00e3o de reabilita\u00e7\u00e3o adaptada.<br \/>Em conformidade com as recomenda\u00e7\u00f5es mais recentes da HAS, a associa\u00e7\u00e3o oferece cursos de reabilita\u00e7\u00e3o intensivos e l\u00fadicos, em ambientes comuns. Os objetivos terap\u00eauticos dos cursos fazem parte do cotidiano da crian\u00e7a. Muito espec\u00edficos e facilmente alcan\u00e7\u00e1veis, como, por exemplo, cortar a pr\u00f3pria carne, permitem que as crian\u00e7as consolidem seu progresso, o perpetuem e se sintam mais valorizadas. A relev\u00e2ncia deste projeto lhe rendeu a chamada para projetos da Sociedade para o Estudo e Cuidado de Crian\u00e7as Paralisadas.<\/p>\n<p style=\"text-align: center;\"><span><a href=\"http:\/\/apf14.blogs.apf.asso.fr\/\" target=\"_blank\" rel=\"noopener\" tabindex=\"0\"><strong>http:\/\/apf14.blogs.apf.asso.fr\/<\/strong><\/a><\/span><\/p>\n<p style=\"text-align: center;\">[\/et_pb_blurb][\/et_pb_column][\/et_pb_row][et_pb_row _builder_version=\u00a0\u00bb4.15.1&Prime; _module_preset=\u00a0\u00bbdefault\u00a0\u00bb custom_margin=\u00a0\u00bb29px|auto|29px|auto|true|false\u00a0\u00bb custom_padding=\u00a0\u00bb0px||0px||true|false\u00a0\u00bb hover_enabled=\u00a0\u00bb0&Prime; global_colors_info=\u00a0\u00bb{}\u00a0\u00bb sticky_enabled=\u00a0\u00bb0&Prime;][et_pb_column type=\u00a0\u00bb4_4&Prime; _builder_version=\u00a0\u00bb4.15.1&Prime; _module_preset=\u00a0\u00bbdefault\u00a0\u00bb global_colors_info=\u00a0\u00bb{}\u00a0\u00bb][et_pb_code admin_label=\u00a0\u00bbCSS caroussel\u00a0\u00bb _builder_version=\u00a0\u00bb4.15.1&Prime; _module_preset=\u00a0\u00bbdefault\u00a0\u00bb custom_margin=\u00a0\u00bb0px||0px||true|false\u00a0\u00bb custom_padding=\u00a0\u00bb0px||0px||true|false\u00a0\u00bb hover_enabled=\u00a0\u00bb0&Prime; global_colors_info=\u00a0\u00bb{}\u00a0\u00bb sticky_enabled=\u00a0\u00bb0&Prime;]<script><!-- [et_pb_line_break_holder] -->jQuery(function($){<!-- [et_pb_line_break_holder] -->$('.blurbassoc').slick({<!-- [et_pb_line_break_holder] -->infinite: true,<!-- [et_pb_line_break_holder] -->arrows: true,<!-- [et_pb_line_break_holder] -->dots: false,<!-- [et_pb_line_break_holder] -->slidesToShow: 4,<!-- [et_pb_line_break_holder] -->slidesToScroll: 1,<!-- [et_pb_line_break_holder] -->pauseOnHover: true,<!-- [et_pb_line_break_holder] -->responsive: [<!-- [et_pb_line_break_holder] -->{<!-- [et_pb_line_break_holder] -->breakpoint: 980,<!-- [et_pb_line_break_holder] -->settings: {<!-- [et_pb_line_break_holder] -->slidesToShow: 2,<!-- [et_pb_line_break_holder] -->slidesToScroll: 1<!-- [et_pb_line_break_holder] -->}<!-- [et_pb_line_break_holder] -->},<!-- [et_pb_line_break_holder] -->{<!-- [et_pb_line_break_holder] -->breakpoint: 767,<!-- [et_pb_line_break_holder] -->settings: {<!-- [et_pb_line_break_holder] -->slidesToShow: 1,<!-- [et_pb_line_break_holder] -->slidesToScroll: 1<!-- [et_pb_line_break_holder] -->}<!-- [et_pb_line_break_holder] -->}<!-- [et_pb_line_break_holder] -->]<!-- [et_pb_line_break_holder] -->});<!-- [et_pb_line_break_holder] -->});<!-- [et_pb_line_break_holder] --><\/script>[\/et_pb_code][\/et_pb_column][\/et_pb_row][\/et_pb_section][et_pb_section fb_built=\u00a0\u00bb1&Prime; custom_padding_last_edited=\u00a0\u00bbon|phone\u00a0\u00bb admin_label=\u00a0\u00bbvous etes une association&#8230;\u00a0\u00bb _builder_version=\u00a0\u00bb4.15&Prime; _module_preset=\u00a0\u00bbdefault\u00a0\u00bb background_image=\u00a0\u00bbhttps:\/\/www.wesco-group.com\/wp-content\/uploads\/2021\/07\/assoc-bg.jpg\u00a0\u00bb custom_padding=\u00a0\u00bb6vh||6vh||true|false\u00a0\u00bb custom_padding_tablet=\u00a0\u00bb\u00a0\u00bb custom_padding_phone=\u00a0\u00bb0vh||0vh||true|false\u00a0\u00bb da_disable_devices=\u00a0\u00bboff|off|off\u00a0\u00bb global_colors_info=\u00a0\u00bb{}\u00a0\u00bb da_is_popup=\u00a0\u00bboff\u00a0\u00bb da_exit_intent=\u00a0\u00bboff\u00a0\u00bb da_has_close=\u00a0\u00bbon\u00a0\u00bb da_alt_close=\u00a0\u00bboff\u00a0\u00bb da_dark_close=\u00a0\u00bboff\u00a0\u00bb da_not_modal=\u00a0\u00bbon\u00a0\u00bb da_is_singular=\u00a0\u00bboff\u00a0\u00bb da_with_loader=\u00a0\u00bboff\u00a0\u00bb da_has_shadow=\u00a0\u00bbon\u00a0\u00bb][et_pb_row _builder_version=\u00a0\u00bb4.15&Prime; _module_preset=\u00a0\u00bbdefault\u00a0\u00bb global_colors_info=\u00a0\u00bb{}\u00a0\u00bb][et_pb_column type=\u00a0\u00bb4_4&Prime; _builder_version=\u00a0\u00bb4.15&Prime; _module_preset=\u00a0\u00bbdefault\u00a0\u00bb global_colors_info=\u00a0\u00bb{}\u00a0\u00bb][et_pb_text _builder_version=\u00a0\u00bb4.15&Prime; _module_preset=\u00a0\u00bbdefault\u00a0\u00bb header_3_font=\u00a0\u00bbOswald||||||||\u00a0\u00bb header_3_text_align=\u00a0\u00bbcenter\u00a0\u00bb header_3_text_color=\u00a0\u00bb#FFFFFF\u00a0\u00bb header_3_font_size=\u00a0\u00bb2.5em\u00a0\u00bb header_3_line_height=\u00a0\u00bb1.2em\u00a0\u00bb custom_margin=\u00a0\u00bb0px||0px||true|false\u00a0\u00bb header_3_font_size_tablet=\u00a0\u00bb2em\u00a0\u00bb header_3_font_size_phone=\u00a0\u00bb1.7em\u00a0\u00bb header_3_font_size_last_edited=\u00a0\u00bbon|desktop\u00a0\u00bb global_colors_info=\u00a0\u00bb{}\u00a0\u00bb]<h3>Voc\u00ea \u00e9 uma associa\u00e7\u00e3o<br \/>ou uma ONG?<\/h3>[\/et_pb_text][et_pb_text _builder_version=\u00a0\u00bb4.15&Prime; _module_preset=\u00a0\u00bbdefault\u00a0\u00bb text_font=\u00a0\u00bbOswald|300|||||||\u00a0\u00bb text_text_color=\u00a0\u00bb#add4e3&Prime; text_font_size=\u00a0\u00bb1.7em\u00a0\u00bb text_orientation=\u00a0\u00bbcenter\u00a0\u00bb text_font_size_tablet=\u00a0\u00bb1.5em\u00a0\u00bb text_font_size_phone=\u00a0\u00bb1.4em\u00a0\u00bb text_font_size_last_edited=\u00a0\u00bbon|phone\u00a0\u00bb custom_css_main_element=\u00a0\u00bbline-height:1.4em;\u00a0\u00bb global_colors_info=\u00a0\u00bb{}\u00a0\u00bb]<p>Compartilhe sua iniciativa entrando em contato com a Wesco Corporate Foundation<br \/>no seguinte endere\u00e7o: <span style=\"color: #ffffff;\">fondationdentreprise@wesco.fr<\/span><\/p>[\/et_pb_text][et_pb_button button_url=&quot;mailto:fondationdentreprise@wesco.fr&quot; url_new_window=&quot;on&quot; button_text=&quot;CONTATE-NOS&quot; button_alignment=&quot;center&quot; button_alignment_last_edited=&quot;off|desktop&quot; _builder_version=&quot;4.9.10&quot; _module_preset=&quot;default&quot; custom_button=&quot;on&quot; button_text_size=&quot;1.4em&quot; button_text_color=&quot;#FFFFFF&quot; button_bg_color=&quot;#6ab3d8&quot; button_border_width=&quot;0px&quot; button_border_radius=&quot;1.5em&quot; button_letter_spacing=&quot;0.05em&quot; button_font=&quot;Oswald|600||||||| \u00bb button_use_icon= \u00bboff \u00bb custom_padding= \u00bb0.5em|2em|0.5em|2em|true|true \u00bb global_colors_info= \u00bb{} \u00bb button_bg_color__hover_enabled= \u00bbon|desktop \u00bb transform_styles__hover_enabled= \u00bbon|desktop \u00bb transform_scale__hover_enabled= \u00bbon|desktop \u00bb transform_translate__hover_enabled= \u00bbon|desktop \u00bb transform_rotate__hover_enabled= \u00bbon|desktop \u00bb transform_skew__hover_enabled= \u00bbon|desktop \u00bb transform_origin__hover_enabled= \u00bbon|desktop \u00bb transform_scale__hover= \u00bb105%|105% \u00bb button_bg_color__hover= \u00bb#6ab3d8\u2033][\/et_pb_button][\/et_pb_column][\/et_pb_row][\/et_pb_section]","protected":false},"excerpt":{"rendered":"<p>LA FONDATION D\u2019ENTREPRISE WESCODepuis nos d\u00e9buts, nous nous engageons au quotidien pour permettre aux enfants de s\u2019\u00e9veiller et grandir dans les meilleures conditions. Au-del\u00e0 d\u2019\u00eatre simple m\u00e9c\u00e8ne, nous avons voulu aller encore plus loin en donnant force et sens \u00e0 nos actions. C\u2019est ainsi qu\u2019est n\u00e9e, en 2012, notre fondation d&rsquo;entreprise Wesco.Accompagnerceux qui en ont [&hellip;]<\/p>","protected":false},"author":1,"featured_media":0,"parent":0,"menu_order":0,"comment_status":"closed","ping_status":"closed","template":"","meta":{"_et_pb_use_builder":"on","_et_pb_old_content":"","_et_gb_content_width":"","inline_featured_image":false,"footnotes":""},"class_list":["post-228219","page","type-page","status-publish","hentry"],"yoast_head":"<!-- This site is optimized with the Yoast SEO plugin v25.9 - https:\/\/yoast.com\/wordpress\/plugins\/seo\/ -->\n<title>LA FONDATION D&#039;ENTREPRISE (before) - Wesco<\/title>\n<meta name=\"robots\" content=\"index, follow, max-snippet:-1, max-image-preview:large, max-video-preview:-1\" \/>\n<link rel=\"canonical\" href=\"https:\/\/www.wesco-group.com\/pt\/la-fondation-d-entreprise2\/\" \/>\n<meta property=\"og:locale\" content=\"pt_PT\" \/>\n<meta property=\"og:type\" content=\"article\" \/>\n<meta property=\"og:title\" content=\"LA FONDATION D&#039;ENTREPRISE (before) - Wesco\" \/>\n<meta property=\"og:description\" content=\"LA FONDATION D\u2019ENTREPRISE WESCODepuis nos d\u00e9buts, nous nous engageons au quotidien pour permettre aux enfants de s\u2019\u00e9veiller et grandir dans les meilleures conditions. Au-del\u00e0 d\u2019\u00eatre simple m\u00e9c\u00e8ne, nous avons voulu aller encore plus loin en donnant force et sens \u00e0 nos actions. C\u2019est ainsi qu\u2019est n\u00e9e, en 2012, notre fondation d&#039;entreprise Wesco.Accompagnerceux qui en ont [&hellip;]\" \/>\n<meta property=\"og:url\" content=\"https:\/\/www.wesco-group.com\/pt\/la-fondation-d-entreprise2\/\" \/>\n<meta property=\"og:site_name\" content=\"Wesco\" \/>\n<meta property=\"article:modified_time\" content=\"2025-09-15T14:29:07+00:00\" \/>\n<meta name=\"twitter:card\" content=\"summary_large_image\" \/>\n<meta name=\"twitter:label1\" content=\"Tempo estimado de leitura\" \/>\n\t<meta name=\"twitter:data1\" content=\"16 minutos\" \/>\n<script type=\"application\/ld+json\" class=\"yoast-schema-graph\">{\"@context\":\"https:\/\/schema.org\",\"@graph\":[{\"@type\":\"WebPage\",\"@id\":\"https:\/\/www.wesco-group.com\/la-fondation-d-entreprise2\/\",\"url\":\"https:\/\/www.wesco-group.com\/la-fondation-d-entreprise2\/\",\"name\":\"LA FONDATION D'ENTREPRISE (before) - Wesco\",\"isPartOf\":{\"@id\":\"https:\/\/www.wesco-group.com\/#website\"},\"datePublished\":\"2021-07-12T08:12:09+00:00\",\"dateModified\":\"2025-09-15T14:29:07+00:00\",\"breadcrumb\":{\"@id\":\"https:\/\/www.wesco-group.com\/la-fondation-d-entreprise2\/#breadcrumb\"},\"inLanguage\":\"pt-PT\",\"potentialAction\":[{\"@type\":\"ReadAction\",\"target\":[\"https:\/\/www.wesco-group.com\/la-fondation-d-entreprise2\/\"]}]},{\"@type\":\"BreadcrumbList\",\"@id\":\"https:\/\/www.wesco-group.com\/la-fondation-d-entreprise2\/#breadcrumb\",\"itemListElement\":[{\"@type\":\"ListItem\",\"position\":1,\"name\":\"Accueil\",\"item\":\"https:\/\/www.wesco-group.com\/\"},{\"@type\":\"ListItem\",\"position\":2,\"name\":\"LA FONDATION D&rsquo;ENTREPRISE (before)\"}]},{\"@type\":\"WebSite\",\"@id\":\"https:\/\/www.wesco-group.com\/#website\",\"url\":\"https:\/\/www.wesco-group.com\/\",\"name\":\"Wesco\",\"description\":\"Mobilier enfant, pu\u00e9riculture, jeux et mat\u00e9riel \u00e9ducatif\",\"potentialAction\":[{\"@type\":\"SearchAction\",\"target\":{\"@type\":\"EntryPoint\",\"urlTemplate\":\"https:\/\/www.wesco-group.com\/?s={search_term_string}\"},\"query-input\":{\"@type\":\"PropertyValueSpecification\",\"valueRequired\":true,\"valueName\":\"search_term_string\"}}],\"inLanguage\":\"pt-PT\"}]}<\/script>\n<!-- \/ Yoast SEO plugin. -->","yoast_head_json":{"title":"A FUNDA\u00c7\u00c3O CORPORATIVA (antes) - Wesco","robots":{"index":"index","follow":"follow","max-snippet":"max-snippet:-1","max-image-preview":"max-image-preview:large","max-video-preview":"max-video-preview:-1"},"canonical":"https:\/\/www.wesco-group.com\/pt\/la-fondation-d-entreprise2\/","og_locale":"pt_PT","og_type":"article","og_title":"LA FONDATION D'ENTREPRISE (before) - Wesco","og_description":"LA FONDATION D\u2019ENTREPRISE WESCODepuis nos d\u00e9buts, nous nous engageons au quotidien pour permettre aux enfants de s\u2019\u00e9veiller et grandir dans les meilleures conditions. Au-del\u00e0 d\u2019\u00eatre simple m\u00e9c\u00e8ne, nous avons voulu aller encore plus loin en donnant force et sens \u00e0 nos actions. C\u2019est ainsi qu\u2019est n\u00e9e, en 2012, notre fondation d'entreprise Wesco.Accompagnerceux qui en ont [&hellip;]","og_url":"https:\/\/www.wesco-group.com\/pt\/la-fondation-d-entreprise2\/","og_site_name":"Wesco","article_modified_time":"2025-09-15T14:29:07+00:00","twitter_card":"summary_large_image","twitter_misc":{"Tempo estimado de leitura":"16 minutos"},"schema":{"@context":"https:\/\/schema.org","@graph":[{"@type":"WebPage","@id":"https:\/\/www.wesco-group.com\/la-fondation-d-entreprise2\/","url":"https:\/\/www.wesco-group.com\/la-fondation-d-entreprise2\/","name":"A FUNDA\u00c7\u00c3O CORPORATIVA (antes) - Wesco","isPartOf":{"@id":"https:\/\/www.wesco-group.com\/#website"},"datePublished":"2021-07-12T08:12:09+00:00","dateModified":"2025-09-15T14:29:07+00:00","breadcrumb":{"@id":"https:\/\/www.wesco-group.com\/la-fondation-d-entreprise2\/#breadcrumb"},"inLanguage":"pt-PT","potentialAction":[{"@type":"ReadAction","target":["https:\/\/www.wesco-group.com\/la-fondation-d-entreprise2\/"]}]},{"@type":"BreadcrumbList","@id":"https:\/\/www.wesco-group.com\/la-fondation-d-entreprise2\/#breadcrumb","itemListElement":[{"@type":"ListItem","position":1,"name":"Accueil","item":"https:\/\/www.wesco-group.com\/"},{"@type":"ListItem","position":2,"name":"LA FONDATION D&rsquo;ENTREPRISE (before)"}]},{"@type":"WebSite","@id":"https:\/\/www.wesco-group.com\/#website","url":"https:\/\/www.wesco-group.com\/","name":"Wesco","description":"M\u00f3veis infantis, puericultura, jogos e materiais educativos","potentialAction":[{"@type":"SearchAction","target":{"@type":"EntryPoint","urlTemplate":"https:\/\/www.wesco-group.com\/?s={search_term_string}"},"query-input":{"@type":"PropertyValueSpecification","valueRequired":true,"valueName":"search_term_string"}}],"inLanguage":"pt-PT"}]}},"_links":{"self":[{"href":"https:\/\/www.wesco-group.com\/pt\/wp-json\/wp\/v2\/pages\/228219","targetHints":{"allow":["GET"]}}],"collection":[{"href":"https:\/\/www.wesco-group.com\/pt\/wp-json\/wp\/v2\/pages"}],"about":[{"href":"https:\/\/www.wesco-group.com\/pt\/wp-json\/wp\/v2\/types\/page"}],"author":[{"embeddable":true,"href":"https:\/\/www.wesco-group.com\/pt\/wp-json\/wp\/v2\/users\/1"}],"replies":[{"embeddable":true,"href":"https:\/\/www.wesco-group.com\/pt\/wp-json\/wp\/v2\/comments?post=228219"}],"version-history":[{"count":175,"href":"https:\/\/www.wesco-group.com\/pt\/wp-json\/wp\/v2\/pages\/228219\/revisions"}],"predecessor-version":[{"id":246068,"href":"https:\/\/www.wesco-group.com\/pt\/wp-json\/wp\/v2\/pages\/228219\/revisions\/246068"}],"wp:attachment":[{"href":"https:\/\/www.wesco-group.com\/pt\/wp-json\/wp\/v2\/media?parent=228219"}],"curies":[{"name":"wp","href":"https:\/\/api.w.org\/{rel}","templated":true}]}}