{"id":245897,"date":"2025-09-04T11:39:56","date_gmt":"2025-09-04T09:39:56","guid":{"rendered":"https:\/\/www.wesco-group.com\/?page_id=245897"},"modified":"2025-09-15T16:29:12","modified_gmt":"2025-09-15T14:29:12","slug":"la-fondation-d-entreprise","status":"publish","type":"page","link":"https:\/\/www.wesco-group.com\/it\/la-fondation-d-entreprise\/","title":{"rendered":"LA FONDAZIONE AZIENDALE"},"content":{"rendered":"<p>[et_pb_section fb_built=\u00a0\u00bb1&Prime; fullwidth=\u00a0\u00bbon\u00a0\u00bb admin_label=\u00a0\u00bbheader\u00a0\u00bb _builder_version=\u00a0\u00bb4.15.1&Prime; _module_preset=\u00a0\u00bbdefault\u00a0\u00bb custom_margin=\u00a0\u00bb100px||||false|false\u00a0\u00bb da_disable_devices=\u00a0\u00bboff|off|off\u00a0\u00bb global_colors_info=\u00a0\u00bb{}\u00a0\u00bb da_is_popup=\u00a0\u00bboff\u00a0\u00bb da_exit_intent=\u00a0\u00bboff\u00a0\u00bb da_has_close=\u00a0\u00bbon\u00a0\u00bb da_alt_close=\u00a0\u00bboff\u00a0\u00bb da_dark_close=\u00a0\u00bboff\u00a0\u00bb da_not_modal=\u00a0\u00bbon\u00a0\u00bb da_is_singular=\u00a0\u00bboff\u00a0\u00bb da_with_loader=\u00a0\u00bboff\u00a0\u00bb da_has_shadow=\u00a0\u00bbon\u00a0\u00bb][et_pb_fullwidth_header text_orientation=\u00a0\u00bbright\u00a0\u00bb logo_image_url=\u00a0\u00bbhttps:\/\/www.wesco-group.com\/wp-content\/uploads\/2021\/07\/logofondation-b.png\u00a0\u00bb content_max_width=\u00a0\u00bb25%\u00a0\u00bb content_max_width_tablet=\u00a0\u00bb50%\u00a0\u00bb content_max_width_phone=\u00a0\u00bb100%\u00a0\u00bb content_max_width_last_edited=\u00a0\u00bbon|phone\u00a0\u00bb admin_label=\u00a0\u00bbEn-t\u00eate plein \u00e9cran\u00a0\u00bb _builder_version=\u00a0\u00bb4.15.1&Prime; _module_preset=\u00a0\u00bbdefault\u00a0\u00bb title_font=\u00a0\u00bbOswald||||||||\u00a0\u00bb title_text_align=\u00a0\u00bbcenter\u00a0\u00bb title_font_size=\u00a0\u00bb3.5em\u00a0\u00bb title_line_height=\u00a0\u00bb1.2em\u00a0\u00bb background_enable_color=\u00a0\u00bboff\u00a0\u00bb use_background_color_gradient=\u00a0\u00bbon\u00a0\u00bb background_color_gradient_start=\u00a0\u00bbrgba(0,0,0,0)\u00a0\u00bb background_color_gradient_end=\u00a0\u00bb#125671&Prime; background_color_gradient_direction=\u00a0\u00bb90deg\u00a0\u00bb background_color_gradient_start_position=\u00a0\u00bb45%\u00a0\u00bb background_image=\u00a0\u00bbhttps:\/\/www.wesco-group.com\/wp-content\/uploads\/2025\/09\/Fond-Fondation-scaled.jpg\u00a0\u00bb background_blend=\u00a0\u00bbmultiply\u00a0\u00bb custom_button_one=\u00a0\u00bbon\u00a0\u00bb button_one_text_size=\u00a0\u00bb18px\u00a0\u00bb button_one_border_width=\u00a0\u00bb1px\u00a0\u00bb button_one_border_radius=\u00a0\u00bb1.5em\u00a0\u00bb button_one_font=\u00a0\u00bbOpen Sans||||||||\u00a0\u00bb button_one_icon=\u00a0\u00bb&#x49;||divi||400&Prime; button_one_on_hover=\u00a0\u00bboff\u00a0\u00bb button_one_custom_margin=\u00a0\u00bb|5vw||5vw|false|true\u00a0\u00bb button_one_custom_margin_tablet=\u00a0\u00bb\u00a0\u00bb button_one_custom_margin_phone=\u00a0\u00bb|8vw||8vw|false|true\u00a0\u00bb button_one_custom_margin_last_edited=\u00a0\u00bbon|phone\u00a0\u00bb button_one_custom_padding=\u00a0\u00bb7px|60px|7px|30px|true|false\u00a0\u00bb button_one_custom_padding_tablet=\u00a0\u00bb\u00a0\u00bb button_one_custom_padding_phone=\u00a0\u00bb|35px||10px|true|false\u00a0\u00bb button_one_custom_padding_last_edited=\u00a0\u00bbon|phone\u00a0\u00bb max_width_last_edited=\u00a0\u00bboff|desktop\u00a0\u00bb module_alignment=\u00a0\u00bbright\u00a0\u00bb custom_padding=\u00a0\u00bb12vh||12vh||true|false\u00a0\u00bb custom_padding_tablet=\u00a0\u00bb10vh||10vh||true|false\u00a0\u00bb custom_padding_phone=\u00a0\u00bb\u00a0\u00bb custom_padding_last_edited=\u00a0\u00bbon|phone\u00a0\u00bb title_font_size_tablet=\u00a0\u00bb3em\u00a0\u00bb title_font_size_phone=\u00a0\u00bb2.5em\u00a0\u00bb title_font_size_last_edited=\u00a0\u00bbon|phone\u00a0\u00bb title_line_height_tablet=\u00a0\u00bb\u00a0\u00bb title_line_height_phone=\u00a0\u00bb\u00a0\u00bb title_line_height_last_edited=\u00a0\u00bbon|desktop\u00a0\u00bb module_alignment_tablet=\u00a0\u00bbcenter\u00a0\u00bb module_alignment_phone=\u00a0\u00bbcenter\u00a0\u00bb module_alignment_last_edited=\u00a0\u00bbon|desktop\u00a0\u00bb custom_css_logo=\u00a0\u00bbwidth:100%;\u00a0\u00bb global_colors_info=\u00a0\u00bb{}\u00a0\u00bb]<\/p>\n<h1>L&#039;APPRENDIMENTO \u00c8 UN&#039;OPPORTUNIT\u00c0<\/h1>\n<p>[\/et_pb_fullwidth_header][\/et_pb_section][et_pb_section fb_built=\u00a0\u00bb1&Prime; custom_padding_last_edited=\u00a0\u00bbon|phone\u00a0\u00bb admin_label=\u00a0\u00bbPresentation\u00a0\u00bb _builder_version=\u00a0\u00bb4.15.1&Prime; _module_preset=\u00a0\u00bbdefault\u00a0\u00bb background_color=\u00a0\u00bb#125671&Prime; background_enable_image=\u00a0\u00bboff\u00a0\u00bb background_size=\u00a0\u00bbinitial\u00a0\u00bb background_position=\u00a0\u00bbbottom_right\u00a0\u00bb custom_margin=\u00a0\u00bb0px||0px||true|false\u00a0\u00bb custom_padding=\u00a0\u00bb10vh||10vh||true|false\u00a0\u00bb custom_padding_tablet=\u00a0\u00bb8vh||8vh||true|false\u00a0\u00bb custom_padding_phone=\u00a0\u00bb8vh||6vh||false|false\u00a0\u00bb background_last_edited=\u00a0\u00bboff|desktop\u00a0\u00bb background_enable_image_tablet=\u00a0\u00bboff\u00a0\u00bb da_disable_devices=\u00a0\u00bboff|off|off\u00a0\u00bb global_colors_info=\u00a0\u00bb{}\u00a0\u00bb da_is_popup=\u00a0\u00bboff\u00a0\u00bb da_exit_intent=\u00a0\u00bboff\u00a0\u00bb da_has_close=\u00a0\u00bbon\u00a0\u00bb da_alt_close=\u00a0\u00bboff\u00a0\u00bb da_dark_close=\u00a0\u00bboff\u00a0\u00bb da_not_modal=\u00a0\u00bbon\u00a0\u00bb da_is_singular=\u00a0\u00bboff\u00a0\u00bb da_with_loader=\u00a0\u00bboff\u00a0\u00bb da_has_shadow=\u00a0\u00bbon\u00a0\u00bb][et_pb_row _builder_version=\u00a0\u00bb4.15.1&Prime; _module_preset=\u00a0\u00bbdefault\u00a0\u00bb custom_margin=\u00a0\u00bb0px||0px||true|false\u00a0\u00bb custom_padding=\u00a0\u00bb0px||0px||true|false\u00a0\u00bb global_colors_info=\u00a0\u00bb{}\u00a0\u00bb][et_pb_column type=\u00a0\u00bb4_4&Prime; _builder_version=\u00a0\u00bb4.15&Prime; _module_preset=\u00a0\u00bbdefault\u00a0\u00bb global_colors_info=\u00a0\u00bb{}\u00a0\u00bb][et_pb_text admin_label=\u00a0\u00bbTexte\u00a0\u00bb _builder_version=\u00a0\u00bb4.15.1&Prime; _module_preset=\u00a0\u00bbdefault\u00a0\u00bb text_font=\u00a0\u00bbOswald|300|||||||\u00a0\u00bb text_text_color=\u00a0\u00bb#FFFFFF\u00a0\u00bb text_font_size=\u00a0\u00bb32px\u00a0\u00bb text_line_height=\u00a0\u00bb1.4em\u00a0\u00bb header_text_color=\u00a0\u00bb#FFFFFF\u00a0\u00bb header_2_font=\u00a0\u00bbOswald|300|||||||\u00a0\u00bb header_2_text_color=\u00a0\u00bb#FFFFFF\u00a0\u00bb header_2_font_size=\u00a0\u00bb2.8em\u00a0\u00bb header_2_line_height=\u00a0\u00bb1.2em\u00a0\u00bb background_enable_image=\u00a0\u00bboff\u00a0\u00bb background_size=\u00a0\u00bbinitial\u00a0\u00bb positioning=\u00a0\u00bbrelative\u00a0\u00bb text_orientation=\u00a0\u00bbcenter\u00a0\u00bb width=\u00a0\u00bb64%\u00a0\u00bb width_tablet=\u00a0\u00bb75%\u00a0\u00bb width_phone=\u00a0\u00bb100%\u00a0\u00bb width_last_edited=\u00a0\u00bbon|phone\u00a0\u00bb module_alignment=\u00a0\u00bbcenter\u00a0\u00bb custom_margin=\u00a0\u00bb0px||0px||true|false\u00a0\u00bb custom_padding=\u00a0\u00bb0px||0px||true|false\u00a0\u00bb text_font_size_last_edited=\u00a0\u00bboff|desktop\u00a0\u00bb text_line_height_last_edited=\u00a0\u00bboff|desktop\u00a0\u00bb header_2_font_tablet=\u00a0\u00bb\u00a0\u00bb header_2_font_phone=\u00a0\u00bb\u00a0\u00bb header_2_font_last_edited=\u00a0\u00bbon|phone\u00a0\u00bb header_2_font_size_tablet=\u00a0\u00bb2.2em\u00a0\u00bb header_2_font_size_phone=\u00a0\u00bb2.3em\u00a0\u00bb header_2_font_size_last_edited=\u00a0\u00bbon|phone\u00a0\u00bb header_2_line_height_tablet=\u00a0\u00bb\u00a0\u00bb header_2_line_height_phone=\u00a0\u00bb\u00a0\u00bb header_2_line_height_last_edited=\u00a0\u00bbon|desktop\u00a0\u00bb inline_fonts=\u00a0\u00bbPalanquin\u00a0\u00bb global_colors_info=\u00a0\u00bb{}\u00a0\u00bb]<\/p>\n<p>Anche se ogni anno migliaia di scolari tornano a scuola, molti non sono cos\u00ec fortunati.<\/p>\n<p>Poich\u00e9 l&#039;apprendimento non dovrebbe mai essere un privilegio, ma un diritto fondamentale per TUTTI i bambini,<\/p>\n<h2 class=\"guillemet-b\"><\/h2>\n<p>In occasione del nostro 50\u00b0 anniversario, riaffermiamo il nostro impegno per un&#039;istruzione accessibile a tutti con un video collettivo. Un progetto per dare risalto ai bambini privati della scolarizzazione, guidato da associazioni impegnate per l&#039;inclusione e il diritto all&#039;istruzione, unite da una convinzione:<br \/>che ogni bambino abbia l&#039;opportunit\u00e0 di imparare e prosperare.<span class=\"guillemet-a\"><\/span><\/p>\n<p>[\/et_pb_text][\/et_pb_column][\/et_pb_row][\/et_pb_section][et_pb_section fb_built=\u00a0\u00bb1&Prime; custom_padding_last_edited=\u00a0\u00bbon|desktop\u00a0\u00bb admin_label=\u00a0\u00bbAccompagner ceux qui&#8230;\u00a0\u00bb _builder_version=\u00a0\u00bb4.15&Prime; _module_preset=\u00a0\u00bbdefault\u00a0\u00bb background_color=\u00a0\u00bb#deeaf3&Prime; custom_margin=\u00a0\u00bb0px||0px||true|false\u00a0\u00bb custom_padding=\u00a0\u00bb6vh||6vh||true|false\u00a0\u00bb custom_padding_tablet=\u00a0\u00bb\u00a0\u00bb custom_padding_phone=\u00a0\u00bb\u00a0\u00bb da_disable_devices=\u00a0\u00bboff|off|off\u00a0\u00bb global_colors_info=\u00a0\u00bb{}\u00a0\u00bb da_is_popup=\u00a0\u00bboff\u00a0\u00bb da_exit_intent=\u00a0\u00bboff\u00a0\u00bb da_has_close=\u00a0\u00bbon\u00a0\u00bb da_alt_close=\u00a0\u00bboff\u00a0\u00bb da_dark_close=\u00a0\u00bboff\u00a0\u00bb da_not_modal=\u00a0\u00bbon\u00a0\u00bb da_is_singular=\u00a0\u00bboff\u00a0\u00bb da_with_loader=\u00a0\u00bboff\u00a0\u00bb da_has_shadow=\u00a0\u00bbon\u00a0\u00bb][et_pb_row _builder_version=\u00a0\u00bb4.15&Prime; _module_preset=\u00a0\u00bbdefault\u00a0\u00bb custom_margin=\u00a0\u00bb0px||0px||true|false\u00a0\u00bb custom_padding=\u00a0\u00bb0px||0px||true|false\u00a0\u00bb global_colors_info=\u00a0\u00bb{}\u00a0\u00bb][et_pb_column type=\u00a0\u00bb4_4&Prime; _builder_version=\u00a0\u00bb4.15&Prime; _module_preset=\u00a0\u00bbdefault\u00a0\u00bb global_colors_info=\u00a0\u00bb{}\u00a0\u00bb][et_pb_text _builder_version=\u00a0\u00bb4.15&Prime; _module_preset=\u00a0\u00bbdefault\u00a0\u00bb header_2_font=\u00a0\u00bbSacramento||||||||\u00a0\u00bb header_2_text_align=\u00a0\u00bbcenter\u00a0\u00bb custom_margin=\u00a0\u00bb10px||10px||true|false\u00a0\u00bb global_colors_info=\u00a0\u00bb{}\u00a0\u00bb]<\/p>\n<h2><span class=\"title-1\">L&#039;apprendimento \u00e8 un&#039;opportunit\u00e0,<\/span><span class=\"subtitle-1\"><br \/>Un video collettivo<\/span><\/h2>\n<p>[\/et_pb_text][\/et_pb_column][\/et_pb_row][et_pb_row _builder_version=\u00a0\u00bb4.15.1&Prime; _module_preset=\u00a0\u00bbdefault\u00a0\u00bb global_colors_info=\u00a0\u00bb{}\u00a0\u00bb][et_pb_column type=\u00a0\u00bb4_4&Prime; _builder_version=\u00a0\u00bb4.15.1&Prime; _module_preset=\u00a0\u00bbdefault\u00a0\u00bb global_colors_info=\u00a0\u00bb{}\u00a0\u00bb][et_pb_video src=\u00a0\u00bbhttps:\/\/youtu.be\/atSK5PeMTB0&Prime; _builder_version=\u00a0\u00bb4.15.1&Prime; _module_preset=\u00a0\u00bbdefault\u00a0\u00bb global_colors_info=\u00a0\u00bb{}\u00a0\u00bb][\/et_pb_video][\/et_pb_column][\/et_pb_row][\/et_pb_section][et_pb_section fb_built=\u00a0\u00bb1&Prime; custom_padding_last_edited=\u00a0\u00bbon|phone\u00a0\u00bb admin_label=\u00a0\u00bbCarrousel associations\u00a0\u00bb _builder_version=\u00a0\u00bb4.15.1&Prime; _module_preset=\u00a0\u00bbdefault\u00a0\u00bb custom_margin=\u00a0\u00bb||||false|false\u00a0\u00bb custom_margin_tablet=\u00a0\u00bb\u00a0\u00bb custom_margin_phone=\u00a0\u00bb0px||0px||true|false\u00a0\u00bb custom_margin_last_edited=\u00a0\u00bbon|phone\u00a0\u00bb custom_padding=\u00a0\u00bb21px|||||\u00a0\u00bb custom_padding_tablet=\u00a0\u00bb\u00a0\u00bb custom_padding_phone=\u00a0\u00bb0px||0px||true|false\u00a0\u00bb da_disable_devices=\u00a0\u00bboff|off|off\u00a0\u00bb global_colors_info=\u00a0\u00bb{}\u00a0\u00bb da_is_popup=\u00a0\u00bboff\u00a0\u00bb da_exit_intent=\u00a0\u00bboff\u00a0\u00bb da_has_close=\u00a0\u00bbon\u00a0\u00bb da_alt_close=\u00a0\u00bboff\u00a0\u00bb da_dark_close=\u00a0\u00bboff\u00a0\u00bb da_not_modal=\u00a0\u00bbon\u00a0\u00bb da_is_singular=\u00a0\u00bboff\u00a0\u00bb da_with_loader=\u00a0\u00bboff\u00a0\u00bb da_has_shadow=\u00a0\u00bbon\u00a0\u00bb][et_pb_row _builder_version=\u00a0\u00bb4.15&Prime; _module_preset=\u00a0\u00bbdefault\u00a0\u00bb custom_margin=\u00a0\u00bb0px||0px||true|false\u00a0\u00bb custom_padding=\u00a0\u00bb0px||0px||true|false\u00a0\u00bb global_colors_info=\u00a0\u00bb{}\u00a0\u00bb][et_pb_column type=\u00a0\u00bb4_4&Prime; _builder_version=\u00a0\u00bb4.15&Prime; _module_preset=\u00a0\u00bbdefault\u00a0\u00bb global_colors_info=\u00a0\u00bb{}\u00a0\u00bb][et_pb_text _builder_version=\u00a0\u00bb4.15&Prime; _module_preset=\u00a0\u00bbdefault\u00a0\u00bb header_2_font=\u00a0\u00bbSacramento||||||||\u00a0\u00bb header_2_text_align=\u00a0\u00bbcenter\u00a0\u00bb custom_margin=\u00a0\u00bb0em||||false|false\u00a0\u00bb custom_margin_tablet=\u00a0\u00bb3em||||false|false\u00a0\u00bb custom_margin_phone=\u00a0\u00bb\u00a0\u00bb custom_margin_last_edited=\u00a0\u00bbon|phone\u00a0\u00bb global_colors_info=\u00a0\u00bb{}\u00a0\u00bb]<\/p>\n<h2><span class=\"subtitle\">Le associazioni<br \/><\/span><\/h2>\n<h2><span class=\"title\">supportato<\/span><span class=\"subtitle\"><\/span><\/h2>\n<p>[\/et_pb_text][et_pb_text _builder_version=\u00a0\u00bb4.15.1&Prime; _module_preset=\u00a0\u00bbdefault\u00a0\u00bb text_font=\u00a0\u00bbOswald|300|||||||\u00a0\u00bb text_text_color=\u00a0\u00bb#125671&Prime; text_font_size=\u00a0\u00bb1.7em\u00a0\u00bb width=\u00a0\u00bb65%\u00a0\u00bb width_tablet=\u00a0\u00bb100%\u00a0\u00bb width_phone=\u00a0\u00bb\u00a0\u00bb width_last_edited=\u00a0\u00bbon|desktop\u00a0\u00bb module_alignment=\u00a0\u00bbcenter\u00a0\u00bb text_font_size_tablet=\u00a0\u00bb1.7em\u00a0\u00bb text_font_size_phone=\u00a0\u00bb1.4em\u00a0\u00bb text_font_size_last_edited=\u00a0\u00bbon|phone\u00a0\u00bb custom_css_main_element=\u00a0\u00bbline-height:1.2em;\u00a0\u00bb global_colors_info=\u00a0\u00bb{}\u00a0\u00bb custom_css_main_element_tablet=\u00a0\u00bbline-height:1.2em;\u00a0\u00bb custom_css_main_element_phone=\u00a0\u00bbline-height:1.2em;\u00a0\u00bb custom_css_main_element_last_edited=\u00a0\u00bbon|phone\u00a0\u00bb]<\/p>\n<p style=\"text-align: center;\"><span style=\"font-weight: 200;\">Grazie alle sue associazioni, molti bambini\u00a0<\/span><span style=\"font-weight: 200;\">ritrovare la strada per la scuola: <\/span><\/p>\n<p>[\/et_pb_text][\/et_pb_column][\/et_pb_row][et_pb_row column_structure=\u00a0\u00bb1_3,1_3,1_3&Prime; use_custom_gutter=\u00a0\u00bbon\u00a0\u00bb make_equal=\u00a0\u00bbon\u00a0\u00bb _builder_version=\u00a0\u00bb4.15.1&Prime; _module_preset=\u00a0\u00bbdefault\u00a0\u00bb width=\u00a0\u00bb95%\u00a0\u00bb width_tablet=\u00a0\u00bb\u00a0\u00bb width_phone=\u00a0\u00bb100%\u00a0\u00bb width_last_edited=\u00a0\u00bbon|phone\u00a0\u00bb max_width=\u00a0\u00bb95%\u00a0\u00bb max_width_tablet=\u00a0\u00bb\u00a0\u00bb max_width_phone=\u00a0\u00bb100%\u00a0\u00bb max_width_last_edited=\u00a0\u00bbon|phone\u00a0\u00bb overflow-x=\u00a0\u00bbhidden\u00a0\u00bb overflow-y=\u00a0\u00bbhidden\u00a0\u00bb custom_padding=\u00a0\u00bb|0px||0px|false|true\u00a0\u00bb overflow-x_tablet=\u00a0\u00bb\u00a0\u00bb overflow-x_phone=\u00a0\u00bb\u00a0\u00bb overflow-x_last_edited=\u00a0\u00bbon|desktop\u00a0\u00bb overflow-y_tablet=\u00a0\u00bb\u00a0\u00bb overflow-y_phone=\u00a0\u00bbhidden\u00a0\u00bb overflow-y_last_edited=\u00a0\u00bbon|desktop\u00a0\u00bb global_colors_info=\u00a0\u00bb{}\u00a0\u00bb][et_pb_column type=\u00a0\u00bb1_3&Prime; admin_label=\u00a0\u00bbColonne\u00a0\u00bb _builder_version=\u00a0\u00bb4.15.1&Prime; _module_preset=\u00a0\u00bbdefault\u00a0\u00bb custom_padding=\u00a0\u00bb|0px||0px|false|true\u00a0\u00bb global_colors_info=\u00a0\u00bb{}\u00a0\u00bb][et_pb_blurb title=\u00a0\u00bbAutisme 3D\u00a0\u00bb image=\u00a0\u00bbhttps:\/\/www.wesco-group.com\/wp-content\/uploads\/2025\/09\/autisme_3D.jpg\u00a0\u00bb image_icon_width=\u00a0\u00bb39%\u00a0\u00bb _builder_version=\u00a0\u00bb4.15.1&Prime; _module_preset=\u00a0\u00bbf0351f99-3fdd-4c70-aba4-c081b67586d1&Prime; custom_padding=\u00a0\u00bb51px|30px|51px|30px|true|true\u00a0\u00bb hover_enabled=\u00a0\u00bb0&Prime; global_colors_info=\u00a0\u00bb{}\u00a0\u00bb sticky_enabled=\u00a0\u00bb0&Prime;]<\/p>\n<p style=\"text-align: justify;\"><span style=\"font-weight: 300;\">Autismo 3D<\/span><span style=\"font-weight: 300;\"> \u00e8 un centro di supporto e formazione e un&#039;unit\u00e0 di ricerca dedicata ai disturbi dello sviluppo neurologico, tra cui l&#039;autismo (ASD), situato a Val-de-Marne (94).<\/span><\/p>\n<p style=\"text-align: justify;\"><span style=\"font-weight: 300;\">Autism 3D ha sviluppato, tra le altre cose, un programma e uno spazio adattato, creati da e per persone autistiche. L&#039;obiettivo \u00e8 supportare il loro sviluppo, valorizzando il loro potenziale e incoraggiando il loro inserimento e mantenimento in classe, per dare loro ogni opportunit\u00e0 di prosperare.<\/span><\/p>\n<p style=\"text-align: center;\"><strong><a href=\"https:\/\/www.autisme3d.com\/\">https:\/\/www.autisme3d.com\/<\/a><\/strong><\/p>\n<p>[\/et_pb_blurb][et_pb_blurb title=\u00a0\u00bbC.L.A.S.S.E.S.\u00a0\u00bb image=\u00a0\u00bbhttps:\/\/www.wesco-group.com\/wp-content\/uploads\/2025\/09\/logo-1.jpg\u00a0\u00bb image_icon_width=\u00a0\u00bb70%\u00a0\u00bb _builder_version=\u00a0\u00bb4.15.1&Prime; _module_preset=\u00a0\u00bbf0351f99-3fdd-4c70-aba4-c081b67586d1&Prime; custom_padding=\u00a0\u00bb59px|30px|59px|30px|true|true\u00a0\u00bb hover_enabled=\u00a0\u00bb0&Prime; global_colors_info=\u00a0\u00bb{}\u00a0\u00bb sticky_enabled=\u00a0\u00bb0&Prime;]<\/p>\n<p style=\"text-align: justify;\"><span style=\"font-weight: 300;\">L&#039;associazione <span>CLASSI<\/span> sostiene il diritto alla scuola per tutti i bambini.\u00a0<\/span><\/p>\n<p style=\"text-align: justify;\"><span style=\"font-weight: 300;\">Presente incondizionatamente e a lungo termine al fianco delle famiglie in condizioni abitative precarie, costruisce un rapporto di fiducia per sostenere la scolarizzazione dei bambini, la formazione dei giovani e garantirne lo sviluppo. Agisce il pi\u00f9 vicino possibile alle famiglie, nei luoghi di vita, e facilita l&#039;accesso alle istituzioni educative, sociali e culturali... Lavora per cambiare punti di vista e pratiche, nel rispetto dei diritti e del ruolo di ogni persona.<\/span><\/p>\n<p style=\"text-align: center;\"><strong><a href=\"http:\/\/notreplatz.classes-asso.org\/\">http:\/\/notreplatz.classes-asso.org\/<\/a><\/strong><\/p>\n<p>[\/et_pb_blurb][\/et_pb_column][et_pb_column type=\u00a0\u00bb1_3&Prime; admin_label=\u00a0\u00bbColonne\u00a0\u00bb _builder_version=\u00a0\u00bb4.15.1&Prime; _module_preset=\u00a0\u00bbdefault\u00a0\u00bb custom_padding=\u00a0\u00bb|0px||0px|false|true\u00a0\u00bb global_colors_info=\u00a0\u00bb{}\u00a0\u00bb][et_pb_blurb title=\u00a0\u00bbL&rsquo;Oasis des Talents\u00a0\u00bb image=\u00a0\u00bbhttps:\/\/www.wesco-group.com\/wp-content\/uploads\/2025\/09\/download-1.png\u00a0\u00bb image_icon_width=\u00a0\u00bb101%\u00a0\u00bb _builder_version=\u00a0\u00bb4.15.1&Prime; _module_preset=\u00a0\u00bbf0351f99-3fdd-4c70-aba4-c081b67586d1&Prime; hover_enabled=\u00a0\u00bb0&Prime; global_colors_info=\u00a0\u00bb{}\u00a0\u00bb sticky_enabled=\u00a0\u00bb0&Prime;]<\/p>\n<p style=\"text-align: justify;\"><span style=\"font-weight: 300;\">L&#039;Oasi dei Talenti accoglie vicino a Nantes (44) <span>bambini con tutti i tipi di disabilit\u00e0<\/span> e senza soluzioni scolastiche adeguate. L&#039;associazione organizza attivit\u00e0 in piccoli gruppi.\u00a0<\/span><strong><a href=\"https:\/\/www.autisme3d.com\/\"><\/a><\/strong><\/p>\n<p style=\"text-align: justify;\"><span style=\"font-weight: 300;\">Attraverso le sue azioni, l&#039;associazione persegue tre obiettivi: offrire relazioni sociali ai bambini, consentire loro di proseguire il loro percorso e offrire un momento di sollievo ai genitori. \u00c8 attraverso la comprensione, la gentilezza e la condivisione che i bambini accolti all&#039;Oasis des Talents crescono serenamente.\u00a0<\/span><\/p>\n<p style=\"text-align: center;\"><strong><a href=\"https:\/\/www.oasisdestalents.fr\/\">https:\/\/www.oasisdestalents.fr\/<\/a><\/strong><\/p>\n<p>[\/et_pb_blurb][et_pb_blurb title=\u00a0\u00bbDons solidaires\u00a0\u00bb image=\u00a0\u00bbhttps:\/\/www.wesco-group.com\/wp-content\/uploads\/2021\/09\/dons_solidaires.webp\u00a0\u00bb image_icon_width=\u00a0\u00bb75%\u00a0\u00bb _builder_version=\u00a0\u00bb4.15.1&Prime; _module_preset=\u00a0\u00bbf0351f99-3fdd-4c70-aba4-c081b67586d1&Prime; global_colors_info=\u00a0\u00bb{}\u00a0\u00bb]<\/p>\n<p style=\"text-align: justify;\">Fondata nel 2004 e riconosciuta come ente di pubblica utilit\u00e0, l&#039;associazione Dons Solidaires ha come missione la lotta contro gli sprechi e la povert\u00e0. Raccoglie beni non alimentari nuovi invenduti dalle aziende e li ridistribuisce a enti di beneficenza che li forniscono a persone in difficolt\u00e0. Dalle aziende alle organizzazioni benefiche, Dons Solidaires mobilita l&#039;intera filiera della solidariet\u00e0 per combattere l&#039;esclusione.<\/p>\n<p style=\"text-align: justify;\">Dal 2015, la Fondazione d&#039;impresa Wesco sostiene la divisione giovani dell&#039;associazione, in particolare con l&#039;iniziativa &quot;Kit scuola&quot;: un&#039;iniziativa di solidariet\u00e0 per fornire alle famiglie in difficolt\u00e0 il necessario per l&#039;inizio dell&#039;anno scolastico, con materiale nuovo e di qualit\u00e0, distribuito tramite associazioni partner in tutta la Francia.<\/p>\n<p style=\"text-align: center;\"><a href=\"https:\/\/www.donsolidaires.fr\/\" target=\"_blank\" rel=\"noopener\"><strong>https:\/\/www.donsolidaires.fr\/<\/strong><\/a><\/p>\n<p>[\/et_pb_blurb][\/et_pb_column][et_pb_column type=\u00a0\u00bb1_3&Prime; admin_label=\u00a0\u00bbColonne\u00a0\u00bb _builder_version=\u00a0\u00bb4.15.1&Prime; _module_preset=\u00a0\u00bbdefault\u00a0\u00bb custom_padding=\u00a0\u00bb|0px||0px|false|true\u00a0\u00bb global_colors_info=\u00a0\u00bb{}\u00a0\u00bb][et_pb_blurb title=\u00a0\u00bbL&rsquo;Ecole Enchanti\u00e9e\u00a0\u00bb image=\u00a0\u00bbhttps:\/\/www.wesco-group.com\/wp-content\/uploads\/2025\/09\/logo-fond-transparent.gif\u00a0\u00bb image_icon_width=\u00a0\u00bb38%\u00a0\u00bb _builder_version=\u00a0\u00bb4.15.1&Prime; _module_preset=\u00a0\u00bbf0351f99-3fdd-4c70-aba4-c081b67586d1&Prime; custom_padding=\u00a0\u00bb16px|30px|16px|30px|true|true\u00a0\u00bb hover_enabled=\u00a0\u00bb0&Prime; global_colors_info=\u00a0\u00bb{}\u00a0\u00bb sticky_enabled=\u00a0\u00bb0&Prime;]<\/p>\n<p style=\"text-align: justify;\"><span style=\"font-weight: 300;\">Poich\u00e9 un&#039;educazione sostenibile e appagante passa attraverso la stabilizzazione del percorso familiare, l&#039;Ecole Enchanti\u00e9e sostiene le famiglie in situazioni di grande precariet\u00e0, a Montreuil (93).\u00a0<\/span><\/p>\n<p style=\"text-align: justify;\"><span style=\"font-weight: 300;\">Presenti sul territorio, vicine alle famiglie e nelle scuole, le azioni dell&#039;associazione offrono ai bambini e alle loro famiglie un&#039;opportunit\u00e0 concreta per uscire dall&#039;isolamento, riconnettersi con la scuola e costruire un futuro pi\u00f9 sereno.<\/span><\/p>\n<p style=\"text-align: center;\"><strong> <a href=\"https:\/\/ecole-enchantiee.weebly.com\/\">https:\/\/ecole-enchantiee.weebly.com\/<\/a><\/strong><\/p>\n<p>[\/et_pb_blurb][et_pb_blurb title=\u00a0\u00bbUNICEF\u00a0\u00bb image=\u00a0\u00bbhttps:\/\/www.wesco-group.com\/wp-content\/uploads\/2025\/09\/Logo_of_UNICEF.svg.png\u00a0\u00bb image_icon_width=\u00a0\u00bb53%\u00a0\u00bb content_max_width_phone=\u00a0\u00bb550px\u00a0\u00bb content_max_width_last_edited=\u00a0\u00bboff|desktop\u00a0\u00bb _builder_version=\u00a0\u00bb4.15.1&Prime; _module_preset=\u00a0\u00bbf0351f99-3fdd-4c70-aba4-c081b67586d1&Prime; custom_padding=\u00a0\u00bb96px|30px|80px|30px|false|false\u00a0\u00bb global_colors_info=\u00a0\u00bb{}\u00a0\u00bb]<\/p>\n<p><span style=\"font-weight: 300;\">L&#039;UNICEF, il Fondo delle Nazioni Unite per l&#039;infanzia, opera in oltre 190 paesi e territori per difendere i diritti di ogni bambino e garantire un equo accesso alla salute, all&#039;istruzione e all&#039;alimentazione.\u00a0<\/span><\/p>\n<p style=\"text-align: justify;\"><span style=\"font-weight: 300;\">La Fondazione Wesco sostiene la sezione Poitou-Charentes e contribuisce alla distribuzione di libri per bambini dai 3 ai 15 anni per promuovere la lettura. Per facilitare l&#039;accesso e la pratica dello sport, sono in corso due progetti con bambini in situazioni precarie, in collaborazione con due club di pallamano a Niortais (79). <\/span><\/p>\n<p style=\"text-align: center;\"><strong><a href=\"https:\/\/www.unicef.fr\/\">https:\/\/www.unicef.fr\/<\/a><\/strong><\/p>\n<p>[\/et_pb_blurb][\/et_pb_column][\/et_pb_row][et_pb_row _builder_version=\u00a0\u00bb4.15.1&Prime; _module_preset=\u00a0\u00bbdefault\u00a0\u00bb global_colors_info=\u00a0\u00bb{}\u00a0\u00bb][et_pb_column type=\u00a0\u00bb4_4&Prime; _builder_version=\u00a0\u00bb4.15.1&Prime; _module_preset=\u00a0\u00bbdefault\u00a0\u00bb global_colors_info=\u00a0\u00bb{}\u00a0\u00bb][et_pb_text _builder_version=\u00a0\u00bb4.15.1&Prime; _module_preset=\u00a0\u00bbdefault\u00a0\u00bb header_2_font=\u00a0\u00bbSacramento||||||||\u00a0\u00bb header_2_text_align=\u00a0\u00bbcenter\u00a0\u00bb custom_margin=\u00a0\u00bb2em||||false|false\u00a0\u00bb custom_margin_tablet=\u00a0\u00bb3em||||false|false\u00a0\u00bb custom_margin_phone=\u00a0\u00bb\u00a0\u00bb custom_margin_last_edited=\u00a0\u00bbon|phone\u00a0\u00bb global_colors_info=\u00a0\u00bb{}\u00a0\u00bb]<\/p>\n<h2><span style=\"color: #69b3d7; font-family: oswald; font-size: 1.5em;\">Uniamo le forze<br \/><\/span><\/h2>\n<h2><span class=\"subtitle\">alle loro lotte<\/span><\/h2>\n<p>[\/et_pb_text][et_pb_text _builder_version=\u00a0\u00bb4.15.1&Prime; _module_preset=\u00a0\u00bbdefault\u00a0\u00bb text_font=\u00a0\u00bbOswald|300|||||||\u00a0\u00bb text_text_color=\u00a0\u00bb#125671&Prime; text_font_size=\u00a0\u00bb1.7em\u00a0\u00bb width=\u00a0\u00bb65%\u00a0\u00bb width_tablet=\u00a0\u00bb100%\u00a0\u00bb width_phone=\u00a0\u00bb\u00a0\u00bb width_last_edited=\u00a0\u00bbon|desktop\u00a0\u00bb module_alignment=\u00a0\u00bbcenter\u00a0\u00bb text_font_size_tablet=\u00a0\u00bb1.7em\u00a0\u00bb text_font_size_phone=\u00a0\u00bb1.4em\u00a0\u00bb text_font_size_last_edited=\u00a0\u00bbon|phone\u00a0\u00bb custom_css_main_element=\u00a0\u00bbline-height:1.2em;\u00a0\u00bb global_colors_info=\u00a0\u00bb{}\u00a0\u00bb custom_css_main_element_tablet=\u00a0\u00bbline-height:1.2em;\u00a0\u00bb custom_css_main_element_phone=\u00a0\u00bbline-height:1.2em;\u00a0\u00bb custom_css_main_element_last_edited=\u00a0\u00bbon|phone\u00a0\u00bb]<\/p>\n<p style=\"text-align: center;\"><span style=\"font-weight: 300;\"><span>Le principali associazioni nazionali stanno lanciando l&#039;allarme e intervenendo per ridurre queste ingiustizie:<\/span><\/span><\/p>\n<p>[\/et_pb_text][\/et_pb_column][\/et_pb_row][et_pb_row column_structure=\u00a0\u00bb1_3,1_3,1_3&Prime; _builder_version=\u00a0\u00bb4.15.1&Prime; _module_preset=\u00a0\u00bbdefault\u00a0\u00bb background_enable_color=\u00a0\u00bboff\u00a0\u00bb global_colors_info=\u00a0\u00bb{}\u00a0\u00bb][et_pb_column type=\u00a0\u00bb1_3&Prime; _builder_version=\u00a0\u00bb4.15.1&Prime; _module_preset=\u00a0\u00bbdefault\u00a0\u00bb background_color=\u00a0\u00bb#DEEAF3&Prime; custom_padding=\u00a0\u00bb20px|5px|20px|5px|false|false\u00a0\u00bb border_color_all=\u00a0\u00bb#125671&Prime; global_colors_info=\u00a0\u00bb{}\u00a0\u00bb][et_pb_text _builder_version=\u00a0\u00bb4.15.1&Prime; _module_preset=\u00a0\u00bbdefault\u00a0\u00bb global_colors_info=\u00a0\u00bb{}\u00a0\u00bb]<\/p>\n<h4 style=\"text-align: center;\"><span style=\"font-weight: 300;\">Affinch\u00e9 ogni bambino ne tragga beneficio<\/span><\/h4>\n<h4 style=\"text-align: center;\"><span style=\"font-weight: 300;\">\u00a0di un metodo scolastico adattato:<\/span><\/h4>\n<p>[\/et_pb_text][et_pb_button button_url=\u00a0\u00bbhttps:\/\/www.unapei.org\/presse\/jaipasecole-2025-des-milliers-denfants-sans-mode-de-scolarisation-adaptee-lunapei-publie-des-chiffres-inedits\/\u00a0\u00bb url_new_window=\u00a0\u00bbon\u00a0\u00bb button_text=\u00a0\u00bbUNAPEI &#8211; J&rsquo;ai pas \u00e9cole\u00a0\u00bb button_alignment=\u00a0\u00bbcenter\u00a0\u00bb button_alignment_last_edited=\u00a0\u00bboff|desktop\u00a0\u00bb _builder_version=\u00a0\u00bb4.15.1&Prime; _module_preset=\u00a0\u00bbdefault\u00a0\u00bb custom_button=\u00a0\u00bbon\u00a0\u00bb button_text_size=\u00a0\u00bb1.4em\u00a0\u00bb button_text_color=\u00a0\u00bb#FFFFFF\u00a0\u00bb button_bg_color=\u00a0\u00bb#6ab3d8&Prime; button_border_width=\u00a0\u00bb0px\u00a0\u00bb button_border_radius=\u00a0\u00bb1.5em\u00a0\u00bb button_letter_spacing=\u00a0\u00bb0.05em\u00a0\u00bb button_font=\u00a0\u00bbOswald|600|||||||\u00a0\u00bb button_use_icon=\u00a0\u00bboff\u00a0\u00bb custom_padding=\u00a0\u00bb0.5em|2em|0.5em|2em|true|true\u00a0\u00bb global_colors_info=\u00a0\u00bb{}\u00a0\u00bb button_bg_color__hover_enabled=\u00a0\u00bbon|desktop\u00a0\u00bb transform_styles__hover_enabled=\u00a0\u00bbon|desktop\u00a0\u00bb transform_scale__hover_enabled=\u00a0\u00bbon|desktop\u00a0\u00bb transform_translate__hover_enabled=\u00a0\u00bbon|desktop\u00a0\u00bb transform_rotate__hover_enabled=\u00a0\u00bbon|desktop\u00a0\u00bb transform_skew__hover_enabled=\u00a0\u00bbon|desktop\u00a0\u00bb transform_origin__hover_enabled=\u00a0\u00bbon|desktop\u00a0\u00bb transform_scale__hover=\u00a0\u00bb105%|105%\u00a0\u00bb button_bg_color__hover=\u00a0\u00bb#6ab3d8&Prime;][\/et_pb_button][\/et_pb_column][et_pb_column type=\u00a0\u00bb1_3&Prime; _builder_version=\u00a0\u00bb4.15.1&Prime; _module_preset=\u00a0\u00bbdefault\u00a0\u00bb background_color=\u00a0\u00bb#DEEAF3&Prime; custom_padding=\u00a0\u00bb20px|5px|20px|5px|true|true\u00a0\u00bb global_colors_info=\u00a0\u00bb{}\u00a0\u00bb][et_pb_text _builder_version=\u00a0\u00bb4.15.1&Prime; _module_preset=\u00a0\u00bbdefault\u00a0\u00bb global_colors_info=\u00a0\u00bb{}\u00a0\u00bb]<\/p>\n<h4 style=\"text-align: center;\"><span style=\"font-weight: 300;\">Affinch\u00e9 ogni bambino ne tragga beneficio\u00a0<\/span><\/h4>\n<h4 style=\"text-align: center;\"><span style=\"font-weight: 300;\">di alloggi dignitosi:<\/span><\/h4>\n<p>[\/et_pb_text][et_pb_button button_url=\u00a0\u00bbhttps:\/\/www.federationsolidarite.org\/actualites\/cp-barometre-des-enfants-a-la-rue-2025\/#:~:text=En%20France%2C%20des%20enfants%20naissent%2C%20vivent%20et%20meurent%20%C3%A0%20la%20rue&#038;text=Ainsi%2C%20le%20nombre%20d%27enfants,l%27h%C3%A9bergement%20et%20au%20logement\u00a0\u00bb url_new_window=\u00a0\u00bbon\u00a0\u00bb button_text=\u00a0\u00bbUNICEF, FAS &#8211; Enfant \u00e0 la rue\u00a0\u00bb button_alignment=\u00a0\u00bbcenter\u00a0\u00bb button_alignment_last_edited=\u00a0\u00bboff|desktop\u00a0\u00bb _builder_version=\u00a0\u00bb4.15.1&Prime; _module_preset=\u00a0\u00bbdefault\u00a0\u00bb custom_button=\u00a0\u00bbon\u00a0\u00bb button_text_size=\u00a0\u00bb1.4em\u00a0\u00bb button_text_color=\u00a0\u00bb#FFFFFF\u00a0\u00bb button_bg_color=\u00a0\u00bb#6ab3d8&Prime; button_border_width=\u00a0\u00bb0px\u00a0\u00bb button_border_radius=\u00a0\u00bb1.5em\u00a0\u00bb button_letter_spacing=\u00a0\u00bb0.05em\u00a0\u00bb button_font=\u00a0\u00bbOswald|600|||||||\u00a0\u00bb button_use_icon=\u00a0\u00bboff\u00a0\u00bb custom_padding=\u00a0\u00bb0.5em|2em|0.5em|2em|true|true\u00a0\u00bb global_colors_info=\u00a0\u00bb{}\u00a0\u00bb button_bg_color__hover_enabled=\u00a0\u00bbon|desktop\u00a0\u00bb transform_styles__hover_enabled=\u00a0\u00bbon|desktop\u00a0\u00bb transform_scale__hover_enabled=\u00a0\u00bbon|desktop\u00a0\u00bb transform_translate__hover_enabled=\u00a0\u00bbon|desktop\u00a0\u00bb transform_rotate__hover_enabled=\u00a0\u00bbon|desktop\u00a0\u00bb transform_skew__hover_enabled=\u00a0\u00bbon|desktop\u00a0\u00bb transform_origin__hover_enabled=\u00a0\u00bbon|desktop\u00a0\u00bb transform_scale__hover=\u00a0\u00bb105%|105%\u00a0\u00bb button_bg_color__hover=\u00a0\u00bb#6ab3d8&Prime;][\/et_pb_button][\/et_pb_column][et_pb_column type=\u00a0\u00bb1_3&Prime; _builder_version=\u00a0\u00bb4.15.1&Prime; _module_preset=\u00a0\u00bbdefault\u00a0\u00bb background_color=\u00a0\u00bb#DEEAF3&Prime; custom_padding=\u00a0\u00bb20px|5px|20px|5px|true|true\u00a0\u00bb global_colors_info=\u00a0\u00bb{}\u00a0\u00bb][et_pb_text _builder_version=\u00a0\u00bb4.15.1&Prime; _module_preset=\u00a0\u00bbdefault\u00a0\u00bb text_line_height=\u00a0\u00bb1.8em\u00a0\u00bb header_4_line_height=\u00a0\u00bb1.4em\u00a0\u00bb custom_padding=\u00a0\u00bb|5px||5px|false|true\u00a0\u00bb global_colors_info=\u00a0\u00bb{}\u00a0\u00bb]<\/p>\n<h4 style=\"text-align: center;\"><span style=\"font-weight: 300;\">Affinch\u00e9 ogni bambino inizi il nuovo anno scolastico adeguatamente equipaggiato:<\/span><\/h4>\n<p>[\/et_pb_text][et_pb_button button_url=\u00a0\u00bbhttps:\/\/www.donsolidaires.fr\/kit-scolaire\u00a0\u00bb url_new_window=\u00a0\u00bbon\u00a0\u00bb button_text=\u00a0\u00bbDONS SOLIDAIRES &#8211; Kit Scolaire\u00a0\u00bb button_alignment=\u00a0\u00bbcenter\u00a0\u00bb button_alignment_last_edited=\u00a0\u00bboff|desktop\u00a0\u00bb _builder_version=\u00a0\u00bb4.15.1&Prime; _module_preset=\u00a0\u00bbdefault\u00a0\u00bb custom_button=\u00a0\u00bbon\u00a0\u00bb button_text_size=\u00a0\u00bb1.4em\u00a0\u00bb button_text_color=\u00a0\u00bb#FFFFFF\u00a0\u00bb button_bg_color=\u00a0\u00bb#6ab3d8&Prime; button_border_width=\u00a0\u00bb0px\u00a0\u00bb button_border_radius=\u00a0\u00bb1.5em\u00a0\u00bb button_letter_spacing=\u00a0\u00bb0.02em\u00a0\u00bb button_font=\u00a0\u00bbOswald|600|||||||\u00a0\u00bb button_use_icon=\u00a0\u00bboff\u00a0\u00bb custom_padding=\u00a0\u00bb0.5em|2em|0.5em|2em|true|true\u00a0\u00bb global_colors_info=\u00a0\u00bb{}\u00a0\u00bb button_bg_color__hover_enabled=\u00a0\u00bbon|desktop\u00a0\u00bb transform_styles__hover_enabled=\u00a0\u00bbon|desktop\u00a0\u00bb transform_scale__hover_enabled=\u00a0\u00bbon|desktop\u00a0\u00bb transform_translate__hover_enabled=\u00a0\u00bbon|desktop\u00a0\u00bb transform_rotate__hover_enabled=\u00a0\u00bbon|desktop\u00a0\u00bb transform_skew__hover_enabled=\u00a0\u00bbon|desktop\u00a0\u00bb transform_origin__hover_enabled=\u00a0\u00bbon|desktop\u00a0\u00bb transform_scale__hover=\u00a0\u00bb105%|105%\u00a0\u00bb button_bg_color__hover=\u00a0\u00bb#6ab3d8&Prime;][\/et_pb_button][\/et_pb_column][\/et_pb_row][\/et_pb_section][et_pb_section fb_built=\u00a0\u00bb1&Prime; custom_padding_last_edited=\u00a0\u00bbon|phone\u00a0\u00bb admin_label=\u00a0\u00bbEt concretement&#8230;\u00a0\u00bb _builder_version=\u00a0\u00bb4.15&Prime; _module_preset=\u00a0\u00bbdefault\u00a0\u00bb background_image=\u00a0\u00bbhttps:\/\/www.wesco-group.com\/wp-content\/uploads\/2021\/09\/fondation-chiffres-1.webp\u00a0\u00bb custom_padding=\u00a0\u00bb6vh||6vh||true|false\u00a0\u00bb custom_padding_tablet=\u00a0\u00bb\u00a0\u00bb custom_padding_phone=\u00a0\u00bb0vh||0vh||true|false\u00a0\u00bb da_disable_devices=\u00a0\u00bboff|off|off\u00a0\u00bb global_colors_info=\u00a0\u00bb{}\u00a0\u00bb da_is_popup=\u00a0\u00bboff\u00a0\u00bb da_exit_intent=\u00a0\u00bboff\u00a0\u00bb da_has_close=\u00a0\u00bbon\u00a0\u00bb da_alt_close=\u00a0\u00bboff\u00a0\u00bb da_dark_close=\u00a0\u00bboff\u00a0\u00bb da_not_modal=\u00a0\u00bbon\u00a0\u00bb da_is_singular=\u00a0\u00bboff\u00a0\u00bb da_with_loader=\u00a0\u00bboff\u00a0\u00bb da_has_shadow=\u00a0\u00bbon\u00a0\u00bb][et_pb_row custom_padding_last_edited=\u00a0\u00bbon|phone\u00a0\u00bb _builder_version=\u00a0\u00bb4.15&Prime; _module_preset=\u00a0\u00bbdefault\u00a0\u00bb custom_padding=\u00a0\u00bb45px||0px||false|false\u00a0\u00bb custom_padding_tablet=\u00a0\u00bb\u00a0\u00bb custom_padding_phone=\u00a0\u00bb\u00a0\u00bb global_colors_info=\u00a0\u00bb{}\u00a0\u00bb][et_pb_column type=\u00a0\u00bb4_4&Prime; _builder_version=\u00a0\u00bb4.15&Prime; _module_preset=\u00a0\u00bbdefault\u00a0\u00bb global_colors_info=\u00a0\u00bb{}\u00a0\u00bb][et_pb_text _builder_version=\u00a0\u00bb4.15&Prime; _module_preset=\u00a0\u00bbdefault\u00a0\u00bb header_2_font=\u00a0\u00bbSacramento||||||||\u00a0\u00bb header_2_text_align=\u00a0\u00bbcenter\u00a0\u00bb custom_margin=\u00a0\u00bb10px||10px||true|false\u00a0\u00bb global_colors_info=\u00a0\u00bb{}\u00a0\u00bb]<\/p>\n<h2><span class=\"title-3\">E concretamente,<\/span><span class=\"subtitle-3\"><br \/>\nCosa d\u00e0?<\/span><\/h2>\n<p>[\/et_pb_text][et_pb_text _builder_version= \u00bb4.15\u2033 _module_preset= \u00bbdefault \u00bb text_font= \u00bbOswald|200||||||| \u00bb text_text_color= \u00bb#FFFFFF \u00bb text_font_size= \u00bb1.7em \u00bb width= \u00bb65% \u00bb width_tablet= \u00bb100% \u00bb width_phone= \u00bb \u00bb width_last_edited= \u00bbon|desktop \u00bb module_alignment= \u00bbcenter \u00bb text_font_size_tablet= \u00bb1.7em \u00bb text_font_size_phone= \u00bb1.4em \u00bb text_font_size_last_edited= \u00bbon|phone \u00bb custom_css_main_element= \u00bbline-height:1.2em; \u00bb global_colors_info= \u00bb{} \u00bb custom_css_main_element_tablet= \u00bbline-height:1.2em; \u00bb custom_css_main_element_phone= \u00bbline-height:1.2em; \u00bb custom_css_main_element_last_edited= \u00bbon|phone \u00bb]<\/p>\n<p style=\"text-align: justify;\"><span style=\"font-weight: 200;\">Fin dalle nostre origini, ci impegniamo ogni giorno per consentire ai bambini di crescere e svilupparsi nelle migliori condizioni possibili. Oltre a essere un semplice mecenate, volevamo andare oltre, dando forza e significato alle nostre azioni. Cos\u00ec \u00e8 nata la fondazione aziendale Wesco nel 2012.<\/span><\/p>\n<p style=\"text-align: justify;\"><span style=\"font-weight: 200;\">La Fondazione Wesco \u00e8 un team dedicato che si riunisce pi\u00f9 volte all&#039;anno, ha un bilancio approvato all&#039;unanimit\u00e0 e sostiene diversi progetti. In tutta trasparenza, ecco il nostro rapporto: <\/span><\/p>\n<p>[\/et_pb_text][\/et_pb_column][\/et_pb_row][et_pb_row column_structure= \u00bb1_4,1_4,1_4,1_4\u2033 use_custom_gutter= \u00bbon \u00bb gutter_width= \u00bb1\u2033 make_equal= \u00bbon \u00bb _builder_version= \u00bb4.15\u2033 _module_preset= \u00bbdefault \u00bb width= \u00bb60% \u00bb width_tablet= \u00bb55% \u00bb width_phone= \u00bb100% \u00bb width_last_edited= \u00bbon|phone \u00bb custom_margin= \u00bb||||false|false \u00bb custom_padding= \u00bb15px||15px||true|false \u00bb global_colors_info= \u00bb{} \u00bb][et_pb_column type= \u00bb1_4\u2033 _builder_version= \u00bb4.15\u2033 _module_preset= \u00bbdefault \u00bb custom_padding= \u00bb30px||30px||true|false \u00bb border_width_all_tablet= \u00bb \u00bb border_width_all_phone= \u00bb \u00bb border_width_all_last_edited= \u00bbon|desktop \u00bb border_width_right_tablet= \u00bb0px \u00bb border_width_right_phone= \u00bb0px \u00bb border_width_right_last_edited= \u00bboff|tablet \u00bb global_colors_info= \u00bb{} \u00bb][et_pb_blurb image= \u00bbhttps:\/\/www.wesco-group.com\/wp-content\/uploads\/2021\/07\/picto-clients.png \u00bb _builder_version= \u00bb4.15\u2033 _module_preset= \u00bbdefault \u00bb custom_margin= \u00bb0px||0px||true|false \u00bb custom_padding= \u00bb0px||0px||true|false \u00bb global_colors_info= \u00bb{} \u00bb][\/et_pb_blurb][et_pb_number_counter number= \u00bb500 000\u2033 percent_sign= \u00bboff \u00bb _builder_version= \u00bb4.15\u2033 _module_preset= \u00bbdefault \u00bb title_font= \u00bbOpen Sans|600||||||| \u00bb title_text_color= \u00bb#FFFFFF \u00bb title_font_size= \u00bb1vw \u00bb title_line_height= \u00bb1.3em \u00bb number_font= \u00bbOpen Sans|700||||||| \u00bb number_text_color= \u00bb#FFFFFF \u00bb number_font_size= \u00bb42px \u00bb number_line_height= \u00bb10px \u00bb custom_margin= \u00bb0px||0px||true|false \u00bb custom_padding= \u00bb0px||0px||true|false \u00bb title_font_size_tablet= \u00bb2vw \u00bb title_font_size_phone= \u00bb16px \u00bb title_font_size_last_edited= \u00bbon|desktop \u00bb custom_css_main_element= \u00bbmargin-bottom:-40px!important; \u00bb global_colors_info= \u00bb{} \u00bb][\/et_pb_number_counter][et_pb_text _builder_version= \u00bb4.15.1\u2033 _module_preset= \u00bbdefault \u00bb text_font= \u00bbOpen Sans|600||||||| \u00bb text_text_color= \u00bb#FFFFFF \u00bb text_font_size= \u00bb1vw \u00bb text_line_height= \u00bb1.2em \u00bb text_orientation= \u00bbcenter \u00bb custom_padding= \u00bb0.3em|0.8em|0.3em|0.8em|true|true \u00bb text_font_size_tablet= \u00bb2vw \u00bb text_font_size_phone= \u00bb16px \u00bb text_font_size_last_edited= \u00bbon|tablet \u00bb text_line_height_tablet= \u00bb1.3em \u00bb text_line_height_phone= \u00bb \u00bb text_line_height_last_edited= \u00bbon|tablet \u00bb global_colors_info= \u00bb{} \u00bb]<\/p>\n<p>bambini che hanno beneficiato fin dall&#039;inizio<\/p>\n<p>[\/et_pb_text][\/et_pb_column][et_pb_column type=\u00a0\u00bb1_4&Prime; _builder_version=\u00a0\u00bb4.15&Prime; _module_preset=\u00a0\u00bbdefault\u00a0\u00bb custom_padding=\u00a0\u00bb30px||30px||true|false\u00a0\u00bb global_colors_info=\u00a0\u00bb{}\u00a0\u00bb][et_pb_blurb image=\u00a0\u00bbhttps:\/\/www.wesco-group.com\/wp-content\/uploads\/2021\/07\/picto-flag.png\u00a0\u00bb _builder_version=\u00a0\u00bb4.15&Prime; _module_preset=\u00a0\u00bbdefault\u00a0\u00bb custom_margin=\u00a0\u00bb0px||0px||true|false\u00a0\u00bb custom_padding=\u00a0\u00bb0px||0px||true|false\u00a0\u00bb global_colors_info=\u00a0\u00bb{}\u00a0\u00bb][\/et_pb_blurb][et_pb_number_counter number=\u00a0\u00bb6&Prime; percent_sign=\u00a0\u00bboff\u00a0\u00bb _builder_version=\u00a0\u00bb4.15.1&Prime; _module_preset=\u00a0\u00bbdefault\u00a0\u00bb title_font=\u00a0\u00bbOpen Sans|600|||||||\u00a0\u00bb title_text_color=\u00a0\u00bb#FFFFFF\u00a0\u00bb title_font_size=\u00a0\u00bb1vw\u00a0\u00bb title_line_height=\u00a0\u00bb1.3em\u00a0\u00bb number_font=\u00a0\u00bbOpen Sans|700|||||||\u00a0\u00bb number_text_color=\u00a0\u00bb#FFFFFF\u00a0\u00bb number_font_size=\u00a0\u00bb42px\u00a0\u00bb number_line_height=\u00a0\u00bb10px\u00a0\u00bb custom_margin=\u00a0\u00bb0px||0px||true|false\u00a0\u00bb custom_padding=\u00a0\u00bb0px||0px||true|false\u00a0\u00bb title_font_size_tablet=\u00a0\u00bb2vw\u00a0\u00bb title_font_size_phone=\u00a0\u00bb16px\u00a0\u00bb title_font_size_last_edited=\u00a0\u00bbon|desktop\u00a0\u00bb custom_css_main_element=\u00a0\u00bbmargin-bottom:-40px!important;\u00a0\u00bb global_colors_info=\u00a0\u00bb{}\u00a0\u00bb][\/et_pb_number_counter][et_pb_text _builder_version=\u00a0\u00bb4.15.1&Prime; _module_preset=\u00a0\u00bbdefault\u00a0\u00bb text_font=\u00a0\u00bbOpen Sans|600|||||||\u00a0\u00bb text_text_color=\u00a0\u00bb#FFFFFF\u00a0\u00bb text_font_size=\u00a0\u00bb1vw\u00a0\u00bb text_line_height=\u00a0\u00bb1.2em\u00a0\u00bb text_orientation=\u00a0\u00bbcenter\u00a0\u00bb custom_padding=\u00a0\u00bb0.3em|0.8em|0.3em|0.8em|true|true\u00a0\u00bb text_font_size_tablet=\u00a0\u00bb2vw\u00a0\u00bb text_font_size_phone=\u00a0\u00bb16px\u00a0\u00bb text_font_size_last_edited=\u00a0\u00bbon|tablet\u00a0\u00bb text_line_height_tablet=\u00a0\u00bb1.3em\u00a0\u00bb text_line_height_phone=\u00a0\u00bb\u00a0\u00bb text_line_height_last_edited=\u00a0\u00bbon|tablet\u00a0\u00bb global_colors_info=\u00a0\u00bb{}\u00a0\u00bb]<\/p>\n<p>progetti sostenuti nel 2025<\/p>\n<p>[\/et_pb_text][\/et_pb_column][et_pb_column type=\u00a0\u00bb1_4&Prime; _builder_version=\u00a0\u00bb4.15&Prime; _module_preset=\u00a0\u00bbdefault\u00a0\u00bb custom_padding=\u00a0\u00bb30px||30px||true|false\u00a0\u00bb global_colors_info=\u00a0\u00bb{}\u00a0\u00bb][et_pb_blurb image=\u00a0\u00bbhttps:\/\/www.wesco-group.com\/wp-content\/uploads\/2021\/07\/picto-plane.png\u00a0\u00bb _builder_version=\u00a0\u00bb4.15&Prime; _module_preset=\u00a0\u00bbdefault\u00a0\u00bb custom_margin=\u00a0\u00bb0px||0px||true|false\u00a0\u00bb custom_padding=\u00a0\u00bb0px||0px||true|false\u00a0\u00bb global_colors_info=\u00a0\u00bb{}\u00a0\u00bb][\/et_pb_blurb][et_pb_number_counter number=\u00a0\u00bb75&Prime; percent_sign=\u00a0\u00bboff\u00a0\u00bb _builder_version=\u00a0\u00bb4.15.1&Prime; _module_preset=\u00a0\u00bbdefault\u00a0\u00bb title_font=\u00a0\u00bbOpen Sans|600|||||||\u00a0\u00bb title_text_color=\u00a0\u00bb#FFFFFF\u00a0\u00bb title_font_size=\u00a0\u00bb1vw\u00a0\u00bb title_line_height=\u00a0\u00bb1.3em\u00a0\u00bb number_font=\u00a0\u00bbOpen Sans|700|||||||\u00a0\u00bb number_text_color=\u00a0\u00bb#FFFFFF\u00a0\u00bb number_font_size=\u00a0\u00bb42px\u00a0\u00bb number_line_height=\u00a0\u00bb10px\u00a0\u00bb custom_margin=\u00a0\u00bb0px||0px||true|false\u00a0\u00bb custom_padding=\u00a0\u00bb0px||0px||true|false\u00a0\u00bb title_font_size_tablet=\u00a0\u00bb2vw\u00a0\u00bb title_font_size_phone=\u00a0\u00bb16px\u00a0\u00bb title_font_size_last_edited=\u00a0\u00bbon|desktop\u00a0\u00bb custom_css_main_element=\u00a0\u00bbmargin-bottom:-40px!important;\u00a0\u00bb global_colors_info=\u00a0\u00bb{}\u00a0\u00bb][\/et_pb_number_counter][et_pb_text _builder_version=\u00a0\u00bb4.15&Prime; _module_preset=\u00a0\u00bbdefault\u00a0\u00bb text_font=\u00a0\u00bbOpen Sans|600|||||||\u00a0\u00bb text_text_color=\u00a0\u00bb#FFFFFF\u00a0\u00bb text_font_size=\u00a0\u00bb1vw\u00a0\u00bb text_line_height=\u00a0\u00bb1.2em\u00a0\u00bb text_orientation=\u00a0\u00bbcenter\u00a0\u00bb custom_padding=\u00a0\u00bb0.3em|0.8em|0.3em|0.8em|true|true\u00a0\u00bb text_font_size_tablet=\u00a0\u00bb2vw\u00a0\u00bb text_font_size_phone=\u00a0\u00bb16px\u00a0\u00bb text_font_size_last_edited=\u00a0\u00bbon|tablet\u00a0\u00bb text_line_height_tablet=\u00a0\u00bb1.3em\u00a0\u00bb text_line_height_phone=\u00a0\u00bb\u00a0\u00bb text_line_height_last_edited=\u00a0\u00bbon|tablet\u00a0\u00bb global_colors_info=\u00a0\u00bb{}\u00a0\u00bb]<\/p>\n<p>progetti sostenuti dalla Fondazione fin dalla sua creazione<\/p>\n<p>[\/et_pb_text][\/et_pb_column][et_pb_column type= \u00bb1_4\u2033 _builder_version= \u00bb4.15\u2033 _module_preset= \u00bbdefault \u00bb custom_padding= \u00bb30px||30px||true|false \u00bb global_colors_info= \u00bb{} \u00bb][et_pb_blurb image= \u00bbhttps:\/\/www.wesco-group.com\/wp-content\/uploads\/2021\/07\/picto-heart.png \u00bb _builder_version= \u00bb4.15\u2033 _module_preset= \u00bbdefault \u00bb custom_margin= \u00bb0px||0px||true|false \u00bb custom_padding= \u00bb0px||0px||true|false \u00bb global_colors_info= \u00bb{} \u00bb][\/et_pb_blurb][et_pb_number_counter number= \u00bb1\u20ac \u00bb percent_sign= \u00bboff \u00bb _builder_version= \u00bb4.15\u2033 _module_preset= \u00bbdefault \u00bb title_font= \u00bbOpen Sans|600||||||| \u00bb title_text_color= \u00bb#FFFFFF \u00bb title_font_size= \u00bb1.5vw \u00bb number_font= \u00bbOpen Sans|700||||||| \u00bb number_text_color= \u00bb#FFFFFF \u00bb number_font_size= \u00bb42px \u00bb number_line_height= \u00bb10px \u00bb custom_margin= \u00bb0px||0px||true|false \u00bb custom_padding= \u00bb0px||0px||true|false \u00bb title_font_size_tablet= \u00bb3vw \u00bb title_font_size_phone= \u00bb22px \u00bb title_font_size_last_edited= \u00bbon|phone \u00bb custom_css_main_element= \u00bbmargin-bottom:-40px!important; \u00bb global_colors_info= \u00bb{} \u00bb][\/et_pb_number_counter][et_pb_text _builder_version= \u00bb4.15\u2033 _module_preset= \u00bbdefault \u00bb text_font= \u00bbOpen Sans|600|||||| \u00bb text_text_color= \u00bb#FFFFFF \u00bb text_font_size= \u00bb1.5vw \u00bb text_line_height= \u00bb1.2em \u00bb text_orientation= \u00bbcenter \u00bb custom_margin= \u00bb-50px||||false|false \u00bb custom_padding= \u00bb0.3em|0.8em|0.3em|0.8em|true|true \u00bb text_font_size_tablet= \u00bb2vw \u00bb text_font_size_phone= \u00bb16px \u00bb text_font_size_last_edited= \u00bbon|tablet \u00bb text_line_height_tablet= \u00bb1.3em \u00bb text_line_height_phone= \u00bb \u00bb text_line_height_last_edited= \u00bbon|tablet \u00bb global_colors_info= \u00bb{} \u00bb]<\/p>\n<p>invertito<\/p>\n<p>[\/et_pb_text][et_pb_text _builder_version= \u00bb4.15\u2033 _module_preset= \u00bbdefault \u00bb text_font= \u00bbOpen Sans|600||||||| \u00bb text_text_color= \u00bb#FFFFFF \u00bb text_font_size= \u00bb1vw \u00bb text_line_height= \u00bb1.2em \u00bb text_orientation= \u00bbcenter \u00bb custom_margin= \u00bb0px||0px||true|false \u00bb text_font_size_tablet= \u00bb2vw \u00bb text_font_size_phone= \u00bb16px \u00bb text_font_size_last_edited= \u00bbon|tablet \u00bb text_line_height_tablet= \u00bb1.3em \u00bb text_line_height_phone= \u00bb \u00bb text_line_height_last_edited= \u00bbon|tablet \u00bb global_colors_info= \u00bb{} \u00bb]Anche i nostri clienti sono impegnati con noi![\/et_pb_text][et_pb_text _builder_version= \u00bb4.15\u2033 _module_preset= \u00bbdefault \u00bb text_font= \u00bbOpen Sans|600|||||||| \u00bb text_text_color= \u00bb#FFFFFF \u00bb text_font_size= \u00bb16px \u00bb text_line_height= \u00bb1em \u00bb text_orientation= \u00bbcenter \u00bb custom_padding= \u00bb0.3em|0.8em|0.3em|0.8em|true|true \u00bb text_font_size_tablet= \u00bb16px \u00bb text_font_size_phone= \u00bb16px \u00bb text_font_size_last_edited= \u00bbon|desktop \u00bb text_line_height_tablet= \u00bb1em \u00bb text_line_height_phone= \u00bb \u00bb text_line_height_last_edited= \u00bbon|desktop \u00bb global_colors_info= \u00bb{} \u00bb]<\/p>\n<p><span style=\"font-size: small;\">Con l&#039;iscrizione a uno dei nostri Advantage Club, 1 \u20ac verr\u00e0 automaticamente donato alla Fondazione.<\/span><\/p>\n<p>[\/et_pb_text][\/et_pb_column][\/et_pb_row][\/et_pb_section][et_pb_section fb_built=\u00a0\u00bb1&Prime; custom_padding_last_edited=\u00a0\u00bbon|phone\u00a0\u00bb admin_label=\u00a0\u00bbvous etes une association&#8230;\u00a0\u00bb _builder_version=\u00a0\u00bb4.15.1&Prime; _module_preset=\u00a0\u00bbdefault\u00a0\u00bb background_image=\u00a0\u00bbhttps:\/\/www.wesco-group.com\/wp-content\/uploads\/2025\/09\/230621_141-scaled.jpg\u00a0\u00bb custom_padding=\u00a0\u00bb6vh||6vh||true|false\u00a0\u00bb custom_padding_tablet=\u00a0\u00bb\u00a0\u00bb custom_padding_phone=\u00a0\u00bb0vh||0vh||true|false\u00a0\u00bb da_disable_devices=\u00a0\u00bboff|off|off\u00a0\u00bb global_colors_info=\u00a0\u00bb{}\u00a0\u00bb da_is_popup=\u00a0\u00bboff\u00a0\u00bb da_exit_intent=\u00a0\u00bboff\u00a0\u00bb da_has_close=\u00a0\u00bbon\u00a0\u00bb da_alt_close=\u00a0\u00bboff\u00a0\u00bb da_dark_close=\u00a0\u00bboff\u00a0\u00bb da_not_modal=\u00a0\u00bbon\u00a0\u00bb da_is_singular=\u00a0\u00bboff\u00a0\u00bb da_with_loader=\u00a0\u00bboff\u00a0\u00bb da_has_shadow=\u00a0\u00bbon\u00a0\u00bb][et_pb_row _builder_version=\u00a0\u00bb4.15&Prime; _module_preset=\u00a0\u00bbdefault\u00a0\u00bb global_colors_info=\u00a0\u00bb{}\u00a0\u00bb][et_pb_column type=\u00a0\u00bb4_4&Prime; _builder_version=\u00a0\u00bb4.15&Prime; _module_preset=\u00a0\u00bbdefault\u00a0\u00bb global_colors_info=\u00a0\u00bb{}\u00a0\u00bb][et_pb_text _builder_version=\u00a0\u00bb4.15&Prime; _module_preset=\u00a0\u00bbdefault\u00a0\u00bb header_3_font=\u00a0\u00bbOswald||||||||\u00a0\u00bb header_3_text_align=\u00a0\u00bbcenter\u00a0\u00bb header_3_text_color=\u00a0\u00bb#FFFFFF\u00a0\u00bb header_3_font_size=\u00a0\u00bb2.5em\u00a0\u00bb header_3_line_height=\u00a0\u00bb1.2em\u00a0\u00bb custom_margin=\u00a0\u00bb0px||0px||true|false\u00a0\u00bb header_3_font_size_tablet=\u00a0\u00bb2em\u00a0\u00bb header_3_font_size_phone=\u00a0\u00bb1.7em\u00a0\u00bb header_3_font_size_last_edited=\u00a0\u00bbon|desktop\u00a0\u00bb global_colors_info=\u00a0\u00bb{}\u00a0\u00bb]<\/p>\n<h3>Tu sei un&#039;associazione<br \/>o una ONG?<\/h3>\n<p>[\/et_pb_text][et_pb_text _builder_version=\u00a0\u00bb4.15.1&Prime; _module_preset=\u00a0\u00bbdefault\u00a0\u00bb text_font=\u00a0\u00bbOswald|300|||||||\u00a0\u00bb text_text_color=\u00a0\u00bb#add4e3&Prime; text_font_size=\u00a0\u00bb1.7em\u00a0\u00bb text_orientation=\u00a0\u00bbcenter\u00a0\u00bb text_font_size_tablet=\u00a0\u00bb1.5em\u00a0\u00bb text_font_size_phone=\u00a0\u00bb1.4em\u00a0\u00bb text_font_size_last_edited=\u00a0\u00bbon|phone\u00a0\u00bb custom_css_main_element=\u00a0\u00bbline-height:1.4em;\u00a0\u00bb global_colors_info=\u00a0\u00bb{}\u00a0\u00bb]<\/p>\n<p><span style=\"color: #125671;\">Condividi la tua iniziativa contattando la Wesco Corporate Foundation<\/span><br \/><span style=\"color: #125671;\">al seguente indirizzo:<\/span> <span style=\"color: #ffffff;\">fondationdentreprise@wesco.fr<\/span><\/p>\n<p>[\/et_pb_text][et_pb_button button_url= \u00bbmailto:fondationdentreprise@wesco.fr \u00bb url_new_window= \u00bbon \u00bb button_text= \u00bbCONTATTACI \u00bb button_alignment= \u00bbcenter \u00bb button_alignment_last_edited= \u00bboff|desktop \u00bb _builder_version= \u00bb4.9.10\u2033 _module_preset= \u00bbdefault \u00bb custom_button= \u00bbon \u00bb button_text_size= \u00bb1.4em \u00bb button_text_color= \u00bb#FFFFFF \u00bb button_bg_color= \u00bb#6ab3d8\u2033 button_border_width= \u00bb0px \u00bb button_border_radius= \u00bb1.5em \u00bb button_letter_spacing= \u00bb0.05em \u00bb button_font= \u00bbOswald|600|||||||| \u00bb button_use_icon= \u00bboff \u00bb custom_padding= \u00bb0.5em|2em|0.5em|2em|true|true \u00bb global_colors_info= \u00bb{} \u00bb button_bg_color__hover_enabled= \u00bbon|desktop \u00bb transform_styles__hover_enabled= \u00bbon|desktop \u00bb transform_scale__hover_enabled= \u00bbon|desktop \u00bb transform_translate__hover_enabled= \u00bbon|desktop \u00bb transform_rotate__hover_enabled= \u00bbon|desktop \u00bb transform_skew__hover_enabled= \u00bbon|desktop \u00bb transform_origin__hover_enabled= \u00bbon|desktop \u00bb transform_scale__hover= \u00bb105%|105% \u00bb button_bg_color__hover= \u00bb#6ab3d8\u2033][\/et_pb_button][\/et_pb_column][\/et_pb_row][\/et_pb_section]<\/p>","protected":false},"excerpt":{"rendered":"<p>APPRENDRE EST UNE CHANCEAlors que des milliers d\u2019\u00e9coliers reprennent le chemin de l\u2019\u00e9cole \u00e0 chaque nouvelle rentr\u00e9e, nombreux sont ceux qui n\u2019ont pas cette chance. Parce qu\u2019apprendre ne devrait jamais \u00eatre un privil\u00e8ge, mais bien un droit fondamental pour TOUS les enfants, \u00c0 l\u2019occasion de notre 50\u1d49 anniversaire, nous r\u00e9affirmons notre engagement pour une \u00e9ducation [&hellip;]<\/p>","protected":false},"author":1,"featured_media":0,"parent":0,"menu_order":0,"comment_status":"closed","ping_status":"closed","template":"","meta":{"_et_pb_use_builder":"on","_et_pb_old_content":"","_et_gb_content_width":"","inline_featured_image":false,"footnotes":""},"class_list":["post-245897","page","type-page","status-publish","hentry"],"yoast_head":"<!-- This site is optimized with the Yoast SEO plugin v25.9 - https:\/\/yoast.com\/wordpress\/plugins\/seo\/ -->\n<title>LA FONDATION D&#039;ENTREPRISE - Wesco<\/title>\n<meta name=\"robots\" content=\"index, follow, max-snippet:-1, max-image-preview:large, max-video-preview:-1\" \/>\n<link rel=\"canonical\" href=\"https:\/\/www.wesco-group.com\/it\/la-fondation-d-entreprise\/\" \/>\n<meta property=\"og:locale\" content=\"it_IT\" \/>\n<meta property=\"og:type\" content=\"article\" \/>\n<meta property=\"og:title\" content=\"LA FONDATION D&#039;ENTREPRISE - Wesco\" \/>\n<meta property=\"og:description\" content=\"APPRENDRE EST UNE CHANCEAlors que des milliers d\u2019\u00e9coliers reprennent le chemin de l\u2019\u00e9cole \u00e0 chaque nouvelle rentr\u00e9e, nombreux sont ceux qui n\u2019ont pas cette chance. Parce qu\u2019apprendre ne devrait jamais \u00eatre un privil\u00e8ge, mais bien un droit fondamental pour TOUS les enfants, \u00c0 l\u2019occasion de notre 50\u1d49 anniversaire, nous r\u00e9affirmons notre engagement pour une \u00e9ducation [&hellip;]\" \/>\n<meta property=\"og:url\" content=\"https:\/\/www.wesco-group.com\/it\/la-fondation-d-entreprise\/\" \/>\n<meta property=\"og:site_name\" content=\"Wesco\" \/>\n<meta property=\"article:modified_time\" content=\"2025-09-15T14:29:12+00:00\" \/>\n<meta name=\"twitter:card\" content=\"summary_large_image\" \/>\n<script type=\"application\/ld+json\" class=\"yoast-schema-graph\">{\"@context\":\"https:\/\/schema.org\",\"@graph\":[{\"@type\":\"WebPage\",\"@id\":\"https:\/\/www.wesco-group.com\/la-fondation-d-entreprise\/\",\"url\":\"https:\/\/www.wesco-group.com\/la-fondation-d-entreprise\/\",\"name\":\"LA FONDATION D'ENTREPRISE - Wesco\",\"isPartOf\":{\"@id\":\"https:\/\/www.wesco-group.com\/#website\"},\"datePublished\":\"2025-09-04T09:39:56+00:00\",\"dateModified\":\"2025-09-15T14:29:12+00:00\",\"breadcrumb\":{\"@id\":\"https:\/\/www.wesco-group.com\/la-fondation-d-entreprise\/#breadcrumb\"},\"inLanguage\":\"it-IT\",\"potentialAction\":[{\"@type\":\"ReadAction\",\"target\":[\"https:\/\/www.wesco-group.com\/la-fondation-d-entreprise\/\"]}]},{\"@type\":\"BreadcrumbList\",\"@id\":\"https:\/\/www.wesco-group.com\/la-fondation-d-entreprise\/#breadcrumb\",\"itemListElement\":[{\"@type\":\"ListItem\",\"position\":1,\"name\":\"Accueil\",\"item\":\"https:\/\/www.wesco-group.com\/\"},{\"@type\":\"ListItem\",\"position\":2,\"name\":\"LA FONDATION D&rsquo;ENTREPRISE\"}]},{\"@type\":\"WebSite\",\"@id\":\"https:\/\/www.wesco-group.com\/#website\",\"url\":\"https:\/\/www.wesco-group.com\/\",\"name\":\"Wesco\",\"description\":\"Mobilier enfant, pu\u00e9riculture, jeux et mat\u00e9riel \u00e9ducatif\",\"potentialAction\":[{\"@type\":\"SearchAction\",\"target\":{\"@type\":\"EntryPoint\",\"urlTemplate\":\"https:\/\/www.wesco-group.com\/?s={search_term_string}\"},\"query-input\":{\"@type\":\"PropertyValueSpecification\",\"valueRequired\":true,\"valueName\":\"search_term_string\"}}],\"inLanguage\":\"it-IT\"}]}<\/script>\n<!-- \/ Yoast SEO plugin. -->","yoast_head_json":{"title":"LA FONDAZIONE AZIENDALE - Wesco","robots":{"index":"index","follow":"follow","max-snippet":"max-snippet:-1","max-image-preview":"max-image-preview:large","max-video-preview":"max-video-preview:-1"},"canonical":"https:\/\/www.wesco-group.com\/it\/la-fondation-d-entreprise\/","og_locale":"it_IT","og_type":"article","og_title":"LA FONDATION D'ENTREPRISE - Wesco","og_description":"APPRENDRE EST UNE CHANCEAlors que des milliers d\u2019\u00e9coliers reprennent le chemin de l\u2019\u00e9cole \u00e0 chaque nouvelle rentr\u00e9e, nombreux sont ceux qui n\u2019ont pas cette chance. Parce qu\u2019apprendre ne devrait jamais \u00eatre un privil\u00e8ge, mais bien un droit fondamental pour TOUS les enfants, \u00c0 l\u2019occasion de notre 50\u1d49 anniversaire, nous r\u00e9affirmons notre engagement pour une \u00e9ducation [&hellip;]","og_url":"https:\/\/www.wesco-group.com\/it\/la-fondation-d-entreprise\/","og_site_name":"Wesco","article_modified_time":"2025-09-15T14:29:12+00:00","twitter_card":"summary_large_image","schema":{"@context":"https:\/\/schema.org","@graph":[{"@type":"WebPage","@id":"https:\/\/www.wesco-group.com\/la-fondation-d-entreprise\/","url":"https:\/\/www.wesco-group.com\/la-fondation-d-entreprise\/","name":"LA FONDAZIONE AZIENDALE - Wesco","isPartOf":{"@id":"https:\/\/www.wesco-group.com\/#website"},"datePublished":"2025-09-04T09:39:56+00:00","dateModified":"2025-09-15T14:29:12+00:00","breadcrumb":{"@id":"https:\/\/www.wesco-group.com\/la-fondation-d-entreprise\/#breadcrumb"},"inLanguage":"it-IT","potentialAction":[{"@type":"ReadAction","target":["https:\/\/www.wesco-group.com\/la-fondation-d-entreprise\/"]}]},{"@type":"BreadcrumbList","@id":"https:\/\/www.wesco-group.com\/la-fondation-d-entreprise\/#breadcrumb","itemListElement":[{"@type":"ListItem","position":1,"name":"Accueil","item":"https:\/\/www.wesco-group.com\/"},{"@type":"ListItem","position":2,"name":"LA FONDATION D&rsquo;ENTREPRISE"}]},{"@type":"WebSite","@id":"https:\/\/www.wesco-group.com\/#website","url":"https:\/\/www.wesco-group.com\/","name":"Wesco","description":"Mobili per bambini, articoli per l&#039;infanzia, giochi e materiali didattici","potentialAction":[{"@type":"SearchAction","target":{"@type":"EntryPoint","urlTemplate":"https:\/\/www.wesco-group.com\/?s={search_term_string}"},"query-input":{"@type":"PropertyValueSpecification","valueRequired":true,"valueName":"search_term_string"}}],"inLanguage":"it-IT"}]}},"_links":{"self":[{"href":"https:\/\/www.wesco-group.com\/it\/wp-json\/wp\/v2\/pages\/245897","targetHints":{"allow":["GET"]}}],"collection":[{"href":"https:\/\/www.wesco-group.com\/it\/wp-json\/wp\/v2\/pages"}],"about":[{"href":"https:\/\/www.wesco-group.com\/it\/wp-json\/wp\/v2\/types\/page"}],"author":[{"embeddable":true,"href":"https:\/\/www.wesco-group.com\/it\/wp-json\/wp\/v2\/users\/1"}],"replies":[{"embeddable":true,"href":"https:\/\/www.wesco-group.com\/it\/wp-json\/wp\/v2\/comments?post=245897"}],"version-history":[{"count":78,"href":"https:\/\/www.wesco-group.com\/it\/wp-json\/wp\/v2\/pages\/245897\/revisions"}],"predecessor-version":[{"id":246069,"href":"https:\/\/www.wesco-group.com\/it\/wp-json\/wp\/v2\/pages\/245897\/revisions\/246069"}],"wp:attachment":[{"href":"https:\/\/www.wesco-group.com\/it\/wp-json\/wp\/v2\/media?parent=245897"}],"curies":[{"name":"parola chiave","href":"https:\/\/api.w.org\/{rel}","templated":true}]}}