{"id":241551,"date":"2021-09-12T10:43:40","date_gmt":"2021-09-12T08:43:40","guid":{"rendered":"https:\/\/dev.wesco-group.com\/?page_id=241551"},"modified":"2024-11-04T13:46:05","modified_gmt":"2024-11-04T12:46:05","slug":"mentions-legales","status":"publish","type":"page","link":"https:\/\/www.wesco-group.com\/it\/mentions-legales\/","title":{"rendered":"Note legali"},"content":{"rendered":"<p>[et_pb_section fb_built= \u00bb1\u2033 admin_label= \u00bbTitolo dell&#039;intestazione \u00bb _builder_version= \u00bb4.15\u2033 _module_preset= \u00bbdefault \u00bb background_color= \u00bb#f9f9f9\u2033 custom_margin= \u00bb100px||||false|false \u00bb global_colors_info= \u00bb{} \u00bb][et_pb_row custom_padding_last_edited= \u00bbon|phone \u00bb _builder_version= \u00bb4.15\u2033 _module_preset= \u00bbdefault \u00bb custom_padding= \u00bb2vh||2vh||true|false \u00bb custom_padding_tablet= \u00bb \u00bb custom_padding_phone= \u00bb0vh||0vh||true|false \u00bb global_colors_info= \u00bb{} \u00bb][et_pb_column type= \u00bb4_4\u2033 _builder_version= \u00bb4.15\u2033 _module_preset= \u00bbdefault \u00bb global_colors_info= \u00bb{} \u00bb][et_pb_text _builder_version= \u00bb4.15\u2033 _module_preset= \u00bbdefault \u00bb header_font= \u00bbOswald|600||||||| \u00bb header_text_color= \u00bb#125671\u2033 header_font_size= \u00bb2.5vw \u00bb text_font_size_last_edited= \u00bboff|desktop \u00bb header_font_size_tablet= \u00bb4vw \u00bb header_font_size_phone= \u00bb30px \u00bb header_font_size_last_edited= \u00bbon|phone \u00bb global_colors_info= \u00bb{} \u00bb]<\/p>\n<h1>Note legali<\/h1>\n<p>[\/et_pb_text][\/et_pb_column][\/et_pb_row][\/et_pb_section][et_pb_section fb_built= \u00bb1\u2033 custom_padding_last_edited= \u00bbon|phone \u00bb admin_label= \u00bbContents \u00bb _builder_version= \u00bb4.15\u2033 _module_preset= \u00bbdefault \u00bb custom_margin_tablet= \u00bb \u00bb custom_margin_phone= \u00bb0px||0px||true|false \u00bb custom_margin_last_edited= \u00bbon|phone \u00bb custom_padding_tablet= \u00bb \u00bb custom_padding_phone= \u00bb0px||0px||true|false \u00bb global_colors_info= \u00bb{} \u00bb][et_pb_row _builder_version= \u00bb4.15\u2033 _module_preset= \u00bbdefault \u00bb global_colors_info= \u00bb{} \u00bb][et_pb_column type= \u00bb4_4\u2033 _builder_version= \u00bb4.15\u2033 _module_preset= \u00bbdefault \u00bb global_colors_info= \u00bb{} \u00bb][et_pb_text _builder_version= \u00bb4.15\u2033 _module_preset= \u00bbdefault \u00bb text_font= \u00bbOpen Sans|300||||||| \u00bb text_font_size= \u00bb1.3em \u00bb header_2_font= \u00bbOswald|||||||| \u00bb header_2_font_size= \u00bb1.5vw \u00bb text_font_size_tablet= \u00bb1.2em \u00bb text_font_size_phone= \u00bb16px \u00bb text_font_size_last_edited= \u00bbon|desktop \u00bb header_2_font_size_tablet= \u00bb3vw \u00bb header_2_font_size_phone= \u00bb24px \u00bb header_2_font_size_last_edited= \u00bbon|phone \u00bb global_colors_info= \u00bb{} \u00bb]<\/p>\n<h2>1. Editore<\/h2>\n<p><strong>WESCO<\/strong> \u2013 Route de Cholet \u2013 79140 Cerizay \u2013 FRANCIA \u2013 webmaster@wesco.fr \u2013 Numero verde: 0 800 311 297<\/p>\n<p>SAS con capitale di \u20ac 1.000.000 RCS NIORT 304 764 863 \u2013 APE 4649Z \u2013 P. IVA: FR 52 304 764 863<\/p>\n<p>Direttore della pubblicazione: WESCO TEAM<\/p>\n<p>L&#039;editore si impegna a rispettare tutte le leggi relative alla creazione e al funzionamento di un sito web. Accesso all&#039;URL <a href=\"https:\/\/www.wesco-group.com\/it\/\">www.wesco-group.com<\/a> \u00e8 gratuito. I costi di accesso e utilizzo della rete di telecomunicazioni sono a carico di ogni utente del sito, secondo le condizioni stabilite dai rispettivi fornitori di accesso e operatori di telecomunicazioni.<\/p>\n<p>Si ricorda che l&#039;accesso o la permanenza fraudolenta in un sistema informatico, l&#039;ostacolo o la distorsione del funzionamento di tale sistema, l&#039;introduzione o la modifica fraudolenta di dati in un sistema informatico costituiscono reati punibili con sanzioni penali.<\/p>\n<p>[\/et_pb_text][et_pb_text _builder_version= \u00bb4.15\u2033 _module_preset= \u00bbdefault \u00bb text_font= \u00bbOpen Sans|300||||||| \u00bb text_font_size= \u00bb1.3em \u00bb header_2_font= \u00bbOswald|||||||| \u00bb header_2_font_size= \u00bb1.5vw \u00bb text_font_size_tablet= \u00bb1.2em \u00bb text_font_size_phone= \u00bb16px \u00bb text_font_size_last_edited= \u00bbon|desktop \u00bb header_2_font_size_tablet= \u00bb3vw \u00bb header_2_font_size_phone= \u00bb24px \u00bb header_2_font_size_last_edited= \u00bbon|phone \u00bb global_colors_info= \u00bb{} \u00bb]<\/p>\n<h2>2. Alloggio<\/h2>\n<p>Il sito <a href=\"https:\/\/www.wesco-group.com\/it\/\">www.wesco-group.com<\/a> \u00e8 ospitato dalla societ\u00e0 OVHcloud<\/p>\n<p>SAS con capitale di \u20ac 10.000.000<\/p>\n<p>RCS Roubaix \u2013 Tourcoing 424 761 419 00045<\/p>\n<p>Codice APE 6202A<\/p>\n<p>P. IVA: FR 22 424 761 419<\/p>\n<p>Sede legale: 2 rue Kellermann \u2013 59100 Roubaix \u2013 Francia www.ovh.com<\/p>\n<p>[\/et_pb_text][et_pb_text _builder_version= \u00bb4.15\u2033 _module_preset= \u00bbdefault \u00bb text_font= \u00bbOpen Sans|300||||||| \u00bb text_font_size= \u00bb1.3em \u00bb header_2_font= \u00bbOswald|||||||| \u00bb header_2_font_size= \u00bb1.5vw \u00bb text_font_size_tablet= \u00bb1.2em \u00bb text_font_size_phone= \u00bb16px \u00bb text_font_size_last_edited= \u00bbon|desktop \u00bb header_2_font_size_tablet= \u00bb3vw \u00bb header_2_font_size_phone= \u00bb24px \u00bb header_2_font_size_last_edited= \u00bbon|phone \u00bb global_colors_info= \u00bb{} \u00bb]<\/p>\n<h2>3. Crediti<\/h2>\n<p>TEAM WESCO[\/et_pb_text][et_pb_text _builder_version= \u00bb4.15\u2033 _module_preset= \u00bbdefault \u00bb text_font= \u00bbOpen Sans|300||||||| \u00bb text_font_size= \u00bb1.3em \u00bb header_2_font= \u00bbOswald|||||||| \u00bb header_2_font_size= \u00bb1.5vw \u00bb text_font_size_tablet= \u00bb1.2em \u00bb text_font_size_phone= \u00bb16px \u00bb text_font_size_last_edited= \u00bbon|desktop \u00bb header_2_font_size_tablet= \u00bb3vw \u00bb header_2_font_size_phone= \u00bb24px \u00bb header_2_font_size_last_edited= \u00bbon|phone \u00bb global_colors_info= \u00bb{} \u00bb]<\/p>\n<h2>4. Accesso al sito<\/h2>\n<p>L&#039;utente del sito web <a href=\"https:\/\/www.wesco-group.com\/it\/\">www.wesco-group.com<\/a> riconosce di possedere le competenze e i mezzi necessari per accedere e utilizzare questo sito web.<\/p>\n<p>Gli utenti di questo sito sono tenuti a rispettare le disposizioni di legge relative all&#039;informatica, ai file e alle libert\u00e0, la cui violazione \u00e8 punita con sanzioni penali.<\/p>\n<p>In particolare, devono astenersi, per quanto riguarda le informazioni personali a cui hanno accesso, da qualsiasi raccolta, da qualsiasi uso improprio e, in generale, da qualsiasi atto che possa violare la privacy o la reputazione delle persone.<\/p>\n<p>[\/et_pb_text][et_pb_text _builder_version= \u00bb4.15\u2033 _module_preset= \u00bbdefault \u00bb text_font= \u00bbOpen Sans|300||||||| \u00bb text_font_size= \u00bb1.3em \u00bb header_2_font= \u00bbOswald|||||||| \u00bb header_2_font_size= \u00bb1.5vw \u00bb text_font_size_tablet= \u00bb1.2em \u00bb text_font_size_phone= \u00bb16px \u00bb text_font_size_last_edited= \u00bbon|desktop \u00bb header_2_font_size_tablet= \u00bb3vw \u00bb header_2_font_size_phone= \u00bb24px \u00bb header_2_font_size_last_edited= \u00bbon|phone \u00bb global_colors_info= \u00bb{} \u00bb]<\/p>\n<h2>5. Sistema di gestione dei contenuti<\/h2>\n<p>Questo sito \u00e8 stato creato utilizzando WordPress e viene aggiornato con ogni nuova versione.<\/p>\n<p>WordPress \u00e8 un sistema di gestione dei contenuti (CMS) gratuito e aperto.[\/et_pb_text][et_pb_text _builder_version= \u00bb4.15\u2033 _module_preset= \u00bbdefault \u00bb text_font= \u00bbOpen Sans|300||||||| \u00bb text_font_size= \u00bb1.3em \u00bb header_2_font= \u00bbOswald|||||||| \u00bb header_2_font_size= \u00bb1.5vw \u00bb text_font_size_tablet= \u00bb1.2em \u00bb text_font_size_phone= \u00bb16px \u00bb text_font_size_last_edited= \u00bbon|desktop \u00bb header_2_font_size_tablet= \u00bb3vw \u00bb header_2_font_size_phone= \u00bb24px \u00bb header_2_font_size_last_edited= \u00bbon|phone \u00bb global_colors_info= \u00bb{} \u00bb]<\/p>\n<h2>6. Contenuto del sito<\/h2>\n<p>Wesco fornisce agli utenti del sito web: <a href=\"https:\/\/www.wesco-group.com\/it\/\">www.wesco-group.com<\/a> informazioni e strumenti disponibili e verificati, ma non pu\u00f2 essere ritenuto responsabile per errori o per la mancata disponibilit\u00e0 di determinate informazioni.<\/p>\n<p>Ringraziamo gli utenti del sito per averci segnalato eventuali omissioni, errori o correzioni inviando una e-mail al webmaster del sito al seguente indirizzo: <a href=\"mailto:webmaster@wesco.fr\">webmaster@wesco.fr<\/a><\/p>\n<p>[\/et_pb_text][et_pb_text _builder_version= \u00bb4.15\u2033 _module_preset= \u00bbdefault \u00bb text_font= \u00bbOpen Sans|300||||||| \u00bb text_font_size= \u00bb1.3em \u00bb header_2_font= \u00bbOswald|||||||| \u00bb header_2_font_size= \u00bb1.5vw \u00bb text_font_size_tablet= \u00bb1.2em \u00bb text_font_size_phone= \u00bb16px \u00bb text_font_size_last_edited= \u00bbon|desktop \u00bb header_2_font_size_tablet= \u00bb3vw \u00bb header_2_font_size_phone= \u00bb24px \u00bb header_2_font_size_last_edited= \u00bbon|phone \u00bb global_colors_info= \u00bb{} \u00bb]<\/p>\n<h2>7. Propriet\u00e0 e collegamenti<\/h2>\n<p>La struttura generale, nonch\u00e9 il software, i testi, le immagini animate o fisse, i suoni, il know-how, i disegni, la grafica e tutti gli altri elementi che compongono il sito web <a href=\"https:\/\/www.wesco-group.com\/it\/\">www.wesco-group.com<\/a> sono ad uso esclusivo di Wesco. Qualsiasi rappresentazione totale o parziale di questo sito, con qualsiasi mezzo, senza l&#039;espressa autorizzazione di Wesco, \u00e8 vietata e costituirebbe una violazione punibile dagli articoli L335-2 e seguenti del Codice della Propriet\u00e0 Intellettuale.<\/p>\n<p>I collegamenti ipertestuali predisposti nell&#039;ambito di questo sito web verso altre risorse presenti sulla rete Internet, non<\/p>\n<p>potrebbe coinvolgere la responsabilit\u00e0 di Wesco.<\/p>\n<p>Wesco autorizza la creazione di un collegamento ipertestuale che rimanda al suo contenuto, a condizione che:<\/p>\n<p>\u2022 non utilizzare la tecnica del deep linking, cio\u00e8 le pagine del sito <a href=\"https:\/\/www.wesco-group.com\/it\/\">www.wesco-group.com<\/a> non dovrebbe essere annidato nelle pagine di un altro sito, ma accessibile aprendo una finestra.<\/p>\n<p>\u2022 menzionare la fonte che indirizzer\u00e0 tramite un collegamento ipertestuale direttamente al contenuto di destinazione.<\/p>\n<p>\u2022 utilizzare le informazioni solo per scopi personali, associativi o professionali; \u00e8 escluso qualsiasi utilizzo a fini commerciali o pubblicitari.<\/p>\n<p>Attenzione! La presente autorizzazione non si applica ai siti web che diffondono informazioni di natura controversa, pornografica, pedofila, xenofoba o che, in misura maggiore, potrebbero offendere la sensibilit\u00e0 della maggioranza delle persone.<\/p>\n<p>Per altri utilizzi, vi preghiamo di inviarci una richiesta a: <a href=\"mailto:webmaster@wesco.fr\">webmaster@wesco.fr<\/a><\/p>\n<p>I marchi WESCO presenti sul sito sono marchi registrati. \u00c8 pertanto vietata qualsiasi riproduzione totale o parziale di tali marchi senza l&#039;espressa autorizzazione di WESCO. Potete contattarci per effettuare questo tipo di richiesta all&#039;indirizzo <a href=\"mailto:webmaster@wesco.fr\">webmaster@wesco.fr<\/a>.<\/p>\n<p>[\/et_pb_text][et_pb_text _builder_version= \u00bb4.15\u2033 _module_preset= \u00bbdefault \u00bb text_font= \u00bbOpen Sans|300||||||| \u00bb text_font_size= \u00bb1.3em \u00bb header_2_font= \u00bbOswald|||||||| \u00bb header_2_font_size= \u00bb1.5vw \u00bb text_font_size_tablet= \u00bb1.2em \u00bb text_font_size_phone= \u00bb16px \u00bb text_font_size_last_edited= \u00bbon|desktop \u00bb header_2_font_size_tablet= \u00bb3vw \u00bb header_2_font_size_phone= \u00bb24px \u00bb header_2_font_size_last_edited= \u00bbon|phone \u00bb global_colors_info= \u00bb{} \u00bb]<\/p>\n<h2>8. Informazioni tecniche<\/h2>\n<p><span>Si ricorda che sulla rete Internet non \u00e8 garantita la segretezza della corrispondenza e che spetta a ciascun utente di Internet adottare tutte le misure idonee a proteggere i propri dati e\/o software dalla contaminazione di eventuali virus circolanti sulla rete.<\/span><\/p>\n<p>[\/et_pb_text][et_pb_text _builder_version= \u00bb4.15\u2033 _module_preset= \u00bbdefault \u00bb text_font= \u00bbOpen Sans|300||||||| \u00bb text_font_size= \u00bb1.3em \u00bb header_2_font= \u00bbOswald|||||||| \u00bb header_2_font_size= \u00bb1.5vw \u00bb text_font_size_tablet= \u00bb1.2em \u00bb text_font_size_phone= \u00bb16px \u00bb text_font_size_last_edited= \u00bbon|desktop \u00bb header_2_font_size_tablet= \u00bb3vw \u00bb header_2_font_size_phone= \u00bb24px \u00bb header_2_font_size_last_edited= \u00bbon|phone \u00bb global_colors_info= \u00bb{} \u00bb]<\/p>\n<h2>9. Dati personali<\/h2>\n<p>Nessuna informazione personale viene raccolta sul sito <a href=\"https:\/\/www.wesco-group.com\/it\/\">www.wesco-group.com<\/a> senza la vostra conoscenza, n\u00e9 ceduti a terzi.<\/p>\n<p>Gli indirizzi IP sono utilizzati esclusivamente per scopi tecnici e per la consultazione di statistiche. Le e-mail e i documenti ricevuti o inviati tramite e-mail vengono conservati per un periodo di un anno e successivamente sottoposti a backup.<\/p>\n<p>I dati personali vengono conservati per il tempo necessario allo svolgimento delle campagne informative aziendali Wesco (ad esempio newsletter, ecc.).<\/p>\n<p>In conformit\u00e0 con la legge sulla protezione dei dati del 06\/01\/1978, hai il diritto di accesso, rettifica e opposizione alle informazioni che ti riguardano, che pu\u00f2 essere esercitato: \u2022 via e-mail a: <a href=\"mailto:webmaster@wesco.fr\">webmaster@wesco.fr<\/a><\/p>\n<p>\u2022 per posta a: WESCO \u2013 Route de Cholet \u2013 79140 Cerizay \u2013 FRANCIA<\/p>\n<p>Per facilitare l&#039;elaborazione della tua richiesta, ti consigliamo di fornirci il tuo nome e cognome, indirizzo email o indirizzo postale.<\/p>\n<p>In conformit\u00e0 con la normativa vigente, la richiesta dovr\u00e0 essere firmata e corredata da una fotocopia di un documento di identit\u00e0 recante la firma e dovr\u00e0 specificare l&#039;indirizzo al quale inviare la risposta. La risposta le verr\u00e0 inviata entro un mese dal ricevimento della richiesta.<\/p>\n<p>In caso di rettifica, ti invieremo, su richiesta, una copia delle informazioni rettificate.<\/p>\n<p>[\/et_pb_text][et_pb_text _builder_version= \u00bb4.15\u2033 _module_preset= \u00bbdefault \u00bb text_font= \u00bbOpen Sans|300||||||| \u00bb text_font_size= \u00bb1.3em \u00bb header_2_font= \u00bbOswald|||||||| \u00bb header_2_font_size= \u00bb1.5vw \u00bb text_font_size_tablet= \u00bb1.2em \u00bb text_font_size_phone= \u00bb16px \u00bb text_font_size_last_edited= \u00bbon|desktop \u00bb header_2_font_size_tablet= \u00bb3vw \u00bb header_2_font_size_phone= \u00bb24px \u00bb header_2_font_size_last_edited= \u00bbon|phone \u00bb global_colors_info= \u00bb{} \u00bb]<\/p>\n<h2>10. Biscotti<\/h2>\n<p>Quando visiti il nostro sito, i cookie vengono salvati sul tuo computer, cellulare o tablet.<\/p>\n<p>I &quot;cookie&quot; sono piccoli file che ci permettono di memorizzare dati relativi alla tua navigazione sul nostro sito web e di garantirne il corretto funzionamento. I cookie possono essere letti solo dal server che li ha creati.<\/p>\n<p><strong>Come rifiutare i cookie?<\/strong><\/p>\n<p>I cookie vengono gestiti dal browser Internet del tuo computer.<\/p>\n<p>Puoi limitare, bloccare o eliminare i cookie dal nostro sito modificando le impostazioni del tuo browser. Tuttavia, ti consigliamo vivamente di lasciarli abilitati per evitare qualsiasi limitazione nell&#039;accesso al nostro servizio web.<\/p>\n<p>Per maggiori informazioni sui cookie sul sito della CNIL (Commissione nazionale per l&#039;informatica e le libert\u00e0): <a href=\"https:\/\/www.cnil.fr\/fr\/cookies-les-outils-pour-les-maitriser\" target=\"_blank\" rel=\"noopener\">https:\/\/www.cnil.fr\/fr\/cookies-les-outils-pour-les-maitriser<\/a><\/p>\n<p>[\/et_pb_text][et_pb_text _builder_version= \u00bb4.15\u2033 _module_preset= \u00bbdefault \u00bb text_font= \u00bbOpen Sans|300||||||| \u00bb text_font_size= \u00bb1.3em \u00bb header_2_font= \u00bbOswald|||||||| \u00bb header_2_font_size= \u00bb1.5vw \u00bb text_font_size_tablet= \u00bb1.2em \u00bb text_font_size_phone= \u00bb16px \u00bb text_font_size_last_edited= \u00bbon|desktop \u00bb header_2_font_size_tablet= \u00bb3vw \u00bb header_2_font_size_phone= \u00bb24px \u00bb header_2_font_size_last_edited= \u00bbon|phone \u00bb global_colors_info= \u00bb{} \u00bb]<\/p>\n<h2>11. Legge applicabile<\/h2>\n<p><span>L&#039;utilizzo del presente sito web \u00e8 regolato dalla legge francese, con esclusione di qualsiasi altra legislazione.<\/span><\/p>\n<p>[\/et_pb_text][\/et_pb_column][\/et_pb_row][\/et_pb_section]<\/p>","protected":false},"excerpt":{"rendered":"<p>Note legali 1. Editore WESCO \u2013 Route de Cholet \u2013 79140 Cerizay \u2013 FRANCIA \u2013 webmaster@wesco.fr \u2013 Numero verde: 0 800 311 297 SAS con capitale sociale di \u20ac 1.000.000 RCS NIORT 304 764 863 \u2013 APE 4649Z \u2013 P. IVA: FR 52 304 764 863 Direttore della pubblicazione: WESCO TEAM L&#039;editore [\u2026]<\/p>","protected":false},"author":1,"featured_media":0,"parent":0,"menu_order":0,"comment_status":"closed","ping_status":"closed","template":"","meta":{"_et_pb_use_builder":"on","_et_pb_old_content":"","_et_gb_content_width":"","inline_featured_image":false,"footnotes":""},"class_list":["post-241551","page","type-page","status-publish","hentry"],"yoast_head":"<!-- This site is optimized with the Yoast SEO plugin v25.9 - https:\/\/yoast.com\/wordpress\/plugins\/seo\/ -->\n<title>Mentions l\u00e9gales - Wesco<\/title>\n<meta name=\"robots\" content=\"index, follow, max-snippet:-1, max-image-preview:large, max-video-preview:-1\" \/>\n<link rel=\"canonical\" href=\"https:\/\/www.wesco-group.com\/it\/mentions-legales\/\" \/>\n<meta property=\"og:locale\" content=\"it_IT\" \/>\n<meta property=\"og:type\" content=\"article\" \/>\n<meta property=\"og:title\" content=\"Mentions l\u00e9gales - Wesco\" \/>\n<meta property=\"og:description\" content=\"Mentions l\u00e9gales1. \u00c9diteur WESCO - Route de Cholet\u00a0 - 79140 Cerizay - FRANCE - webmaster@wesco.fr - N\u00b0 Vert : 0 800 311 297 SAS au capital de 1 000 000 \u20ac R.C.S NIORT 304 764 863 - APE 4649Z - T.V.A. : FR 52 304 764 863 Directeur de la publication : EQUIPE WESCO L&#039;\u00e9diteur [&hellip;]\" \/>\n<meta property=\"og:url\" content=\"https:\/\/www.wesco-group.com\/it\/mentions-legales\/\" \/>\n<meta property=\"og:site_name\" content=\"Wesco\" \/>\n<meta property=\"article:modified_time\" content=\"2024-11-04T12:46:05+00:00\" \/>\n<meta name=\"twitter:card\" content=\"summary_large_image\" \/>\n<meta name=\"twitter:label1\" content=\"Tempo di lettura stimato\" \/>\n\t<meta name=\"twitter:data1\" content=\"11 minuti\" \/>\n<script type=\"application\/ld+json\" class=\"yoast-schema-graph\">{\"@context\":\"https:\/\/schema.org\",\"@graph\":[{\"@type\":\"WebPage\",\"@id\":\"https:\/\/www.wesco-group.com\/mentions-legales\/\",\"url\":\"https:\/\/www.wesco-group.com\/mentions-legales\/\",\"name\":\"Mentions l\u00e9gales - Wesco\",\"isPartOf\":{\"@id\":\"https:\/\/www.wesco-group.com\/#website\"},\"datePublished\":\"2021-09-12T08:43:40+00:00\",\"dateModified\":\"2024-11-04T12:46:05+00:00\",\"breadcrumb\":{\"@id\":\"https:\/\/www.wesco-group.com\/mentions-legales\/#breadcrumb\"},\"inLanguage\":\"it-IT\",\"potentialAction\":[{\"@type\":\"ReadAction\",\"target\":[\"https:\/\/www.wesco-group.com\/mentions-legales\/\"]}]},{\"@type\":\"BreadcrumbList\",\"@id\":\"https:\/\/www.wesco-group.com\/mentions-legales\/#breadcrumb\",\"itemListElement\":[{\"@type\":\"ListItem\",\"position\":1,\"name\":\"Accueil\",\"item\":\"https:\/\/www.wesco-group.com\/\"},{\"@type\":\"ListItem\",\"position\":2,\"name\":\"Mentions l\u00e9gales\"}]},{\"@type\":\"WebSite\",\"@id\":\"https:\/\/www.wesco-group.com\/#website\",\"url\":\"https:\/\/www.wesco-group.com\/\",\"name\":\"Wesco\",\"description\":\"Mobilier enfant, pu\u00e9riculture, jeux et mat\u00e9riel \u00e9ducatif\",\"potentialAction\":[{\"@type\":\"SearchAction\",\"target\":{\"@type\":\"EntryPoint\",\"urlTemplate\":\"https:\/\/www.wesco-group.com\/?s={search_term_string}\"},\"query-input\":{\"@type\":\"PropertyValueSpecification\",\"valueRequired\":true,\"valueName\":\"search_term_string\"}}],\"inLanguage\":\"it-IT\"}]}<\/script>\n<!-- \/ Yoast SEO plugin. -->","yoast_head_json":{"title":"Note legali - Wesco","robots":{"index":"index","follow":"follow","max-snippet":"max-snippet:-1","max-image-preview":"max-image-preview:large","max-video-preview":"max-video-preview:-1"},"canonical":"https:\/\/www.wesco-group.com\/it\/mentions-legales\/","og_locale":"it_IT","og_type":"article","og_title":"Mentions l\u00e9gales - Wesco","og_description":"Mentions l\u00e9gales1. \u00c9diteur WESCO - Route de Cholet\u00a0 - 79140 Cerizay - FRANCE - webmaster@wesco.fr - N\u00b0 Vert : 0 800 311 297 SAS au capital de 1 000 000 \u20ac R.C.S NIORT 304 764 863 - APE 4649Z - T.V.A. : FR 52 304 764 863 Directeur de la publication : EQUIPE WESCO L'\u00e9diteur [&hellip;]","og_url":"https:\/\/www.wesco-group.com\/it\/mentions-legales\/","og_site_name":"Wesco","article_modified_time":"2024-11-04T12:46:05+00:00","twitter_card":"summary_large_image","twitter_misc":{"Tempo di lettura stimato":"11 minuti"},"schema":{"@context":"https:\/\/schema.org","@graph":[{"@type":"WebPage","@id":"https:\/\/www.wesco-group.com\/mentions-legales\/","url":"https:\/\/www.wesco-group.com\/mentions-legales\/","name":"Note legali - Wesco","isPartOf":{"@id":"https:\/\/www.wesco-group.com\/#website"},"datePublished":"2021-09-12T08:43:40+00:00","dateModified":"2024-11-04T12:46:05+00:00","breadcrumb":{"@id":"https:\/\/www.wesco-group.com\/mentions-legales\/#breadcrumb"},"inLanguage":"it-IT","potentialAction":[{"@type":"ReadAction","target":["https:\/\/www.wesco-group.com\/mentions-legales\/"]}]},{"@type":"BreadcrumbList","@id":"https:\/\/www.wesco-group.com\/mentions-legales\/#breadcrumb","itemListElement":[{"@type":"ListItem","position":1,"name":"Accueil","item":"https:\/\/www.wesco-group.com\/"},{"@type":"ListItem","position":2,"name":"Mentions l\u00e9gales"}]},{"@type":"WebSite","@id":"https:\/\/www.wesco-group.com\/#website","url":"https:\/\/www.wesco-group.com\/","name":"Wesco","description":"Mobili per bambini, articoli per l&#039;infanzia, giochi e materiali didattici","potentialAction":[{"@type":"SearchAction","target":{"@type":"EntryPoint","urlTemplate":"https:\/\/www.wesco-group.com\/?s={search_term_string}"},"query-input":{"@type":"PropertyValueSpecification","valueRequired":true,"valueName":"search_term_string"}}],"inLanguage":"it-IT"}]}},"_links":{"self":[{"href":"https:\/\/www.wesco-group.com\/it\/wp-json\/wp\/v2\/pages\/241551","targetHints":{"allow":["GET"]}}],"collection":[{"href":"https:\/\/www.wesco-group.com\/it\/wp-json\/wp\/v2\/pages"}],"about":[{"href":"https:\/\/www.wesco-group.com\/it\/wp-json\/wp\/v2\/types\/page"}],"author":[{"embeddable":true,"href":"https:\/\/www.wesco-group.com\/it\/wp-json\/wp\/v2\/users\/1"}],"replies":[{"embeddable":true,"href":"https:\/\/www.wesco-group.com\/it\/wp-json\/wp\/v2\/comments?post=241551"}],"version-history":[{"count":15,"href":"https:\/\/www.wesco-group.com\/it\/wp-json\/wp\/v2\/pages\/241551\/revisions"}],"predecessor-version":[{"id":244060,"href":"https:\/\/www.wesco-group.com\/it\/wp-json\/wp\/v2\/pages\/241551\/revisions\/244060"}],"wp:attachment":[{"href":"https:\/\/www.wesco-group.com\/it\/wp-json\/wp\/v2\/media?parent=241551"}],"curies":[{"name":"parola chiave","href":"https:\/\/api.w.org\/{rel}","templated":true}]}}