{"id":228219,"date":"2021-07-12T10:12:09","date_gmt":"2021-07-12T08:12:09","guid":{"rendered":"https:\/\/dev.wesco-group.com\/?page_id=228219"},"modified":"2025-09-15T16:29:07","modified_gmt":"2025-09-15T14:29:07","slug":"la-fondation-d-entreprise2","status":"publish","type":"page","link":"https:\/\/www.wesco-group.com\/it\/la-fondation-d-entreprise2\/","title":{"rendered":"LA FONDAZIONE AZIENDALE (prima)"},"content":{"rendered":"[et_pb_section fb_built= \u00bb1\u2033 fullwidth= \u00bbon \u00bb admin_label= \u00bbheader \u00bb _builder_version= \u00bb4.15\u2033 _module_preset= \u00bbdefault \u00bb custom_margin= \u00bb100px||||false|false \u00bb da_disable_devices= \u00bboff|off|off \u00bb global_colors_info= \u00bb{} \u00bb da_is_popup= \u00bboff \u00bb da_exit_intent= \u00bboff \u00bb da_has_close= \u00bbon \u00bb da_alt_close= \u00bboff \u00bb da_dark_close= \u00bboff \u00bb da_not_modal= \u00bbon \u00bb da_is_singular= \u00bboff \u00bb da_with_loader= \u00bboff \u00bb da_has_shadow= \u00bbon \u00bb][et_pb_fullwidth_header text_orientation= \u00bbright \u00bb logo_image_url= \u00bbhttps:\/\/www.wesco-group.com\/wp-content\/uploads\/2021\/07\/logofondation-b.png \u00bb content_max_width= \u00bb25% \u00bb content_max_width_tablet= \u00bb50% \u00bb content_max_width_phone= \u00bb100% \u00bb content_max_width_last_edited= \u00bbon|phone \u00bb _builder_version= \u00bb4.15\u2033 _module_preset= \u00bbdefault \u00bb title_font= \u00bbOswald|||||||| \u00bb title_text_align= \u00bbcenter \u00bb title_font_size= \u00bb3.5em \u00bb title_line_height= \u00bb1.2em \u00bb background_enable_color= \u00bboff \u00bb use_background_color_gradient= \u00bbon \u00bb background_color_gradient_start= \u00bbrgba(0,0,0,0) \u00bb background_color_gradient_end= \u00bb#125671\u2033 background_color_gradient_direction= \u00bb90deg \u00bb background_color_gradient_start_position= \u00bb45% \u00bb background_image= \u00bbhttps:\/\/wesco-group.com\/wp-content\/uploads\/2021\/09\/bg-lafondation.webp \u00bb background_blend= \u00bbmultiply \u00bb custom_button_one= \u00bbon \u00bb button_one_text_size= \u00bb18px \u00bb button_one_border_width= \u00bb1px \u00bb button_one_border_radius= \u00bb1.5em \u00bb button_one_font= \u00bbOpen Sans|||||||| \u00bb button_one_icon= \u00bbI||divi||400\u2033 button_one_on_hover= \u00bboff \u00bb button_one_custom_margin= \u00bb|5vw||5vw|false|true \u00bb button_one_custom_margin_tablet= \u00bb \u00bb button_one_custom_margin_phone= \u00bb|8vw||8vw|false|true \u00bb button_one_custom_margin_last_edited= \u00bbon|phone \u00bb button_one_custom_padding= \u00bb7px|60px|7px|30px|true|false \u00bb button_one_custom_padding_tablet= \u00bb \u00bb button_one_custom_padding_phone= \u00bb|35px||10px|true|false \u00bb button_one_custom_padding_last_edited= \u00bbon|phone \u00bb max_width_last_edited= \u00bboff|desktop \u00bb module_alignment= \u00bbright \u00bb custom_padding= \u00bb12vh||12vh||true|false \u00bb custom_padding_tablet= \u00bb10vh||10vh||true|false \u00bb custom_padding_phone= \u00bb \u00bb custom_padding_last_edited= \u00bbon|phone \u00bb title_font_size_tablet= \u00bb3em \u00bb title_font_size_phone= \u00bb2.5em \u00bb title_font_size_last_edited= \u00bbon|phone \u00bb title_line_height_tablet= \u00bb \u00bb title_line_height_phone= \u00bb \u00bb title_line_height_last_edited= \u00bbon|desktop \u00bb module_alignment_tablet= \u00bbcenter \u00bb module_alignment_phone= \u00bbcenter \u00bb module_alignment_last_edited= \u00bbon|desktop \u00bb custom_css_logo= \u00bbwidth:100%; \u00bb global_colors_info= \u00bb{} \u00bb]<h1>LA FONDAZIONE AZIENDALE WESCO<\/h1>[\/et_pb_fullwidth_header][\/et_pb_section][et_pb_section fb_built= \u00bb1\u2033 custom_padding_last_edited= \u00bbon|phone \u00bb admin_label= \u00bbPresentazione \u00bb _builder_version= \u00bb4.15\u2033 _module_preset= \u00bbdefault \u00bb background_color= \u00bb#125671\u2033 background_enable_image= \u00bboff \u00bb background_size= \u00bbinitial \u00bb background_position= \u00bbbottom_right \u00bb custom_margin= \u00bb0px||0px||true|false \u00bb custom_padding= \u00bb10vh||10vh||true|false \u00bb custom_padding_tablet= \u00bb8vh||8vh||true|false \u00bb custom_padding_phone= \u00bb8vh||6vh||false|false \u00bb background_last_edited= \u00bboff|desktop \u00bb background_enable_image_tablet= \u00bboff \u00bb da_disable_devices= \u00bboff|off|off \u00bb global_colors_info= \u00bb{} \u00bb da_is_popup= \u00bboff \u00bb da_exit_intent= \u00bboff \u00bb da_has_close= \u00bbon \u00bb da_alt_close= \u00bboff \u00bb da_dark_close= \u00bboff \u00bb da_not_modal= \u00bbon \u00bb da_is_singular= \u00bboff \u00bb da_with_loader= \u00bboff \u00bb da_has_shadow= \u00bbon \u00bb][et_pb_row _builder_version= \u00bb4.15\u2033 _module_preset= \u00bbdefault \u00bb custom_margin= \u00bb0px||0px||true|false \u00bb custom_padding= \u00bb0px||0px||true|false \u00bb global_colors_info= \u00bb{} \u00bb][et_pb_column type= \u00bb4_4\u2033 _builder_version= \u00bb4.15\u2033 _module_preset= \u00bbdefault \u00bb global_colors_info= \u00bb{} \u00bb][et_pb_text _builder_version= \u00bb4.15\u2033 _module_preset= \u00bbdefault \u00bb header_text_color= \u00bb#FFFFFF \u00bb header_2_font= \u00bbOswald|300|||||| \u00bb header_2_text_color= \u00bb#FFFFFF \u00bb header_2_font_size= \u00bb2.8em \u00bb header_2_line_height= \u00bb1.2em \u00bb background_enable_image= \u00bboff \u00bb background_size= \u00bbinitial \u00bb positioning= \u00bbrelative \u00bb text_orientation= \u00bbcenter \u00bb width= \u00bb64% \u00bb width_tablet= \u00bb75% \u00bb width_phone= \u00bb100% \u00bb width_last_edited= \u00bbon|phone \u00bb module_alignment= \u00bbcenter \u00bb custom_margin= \u00bb0px||0px||true|false \u00bb custom_padding= \u00bb0px||0px||true|false \u00bb text_font_size_last_edited= \u00bboff|desktop \u00bb text_line_height_last_edited= \u00bboff|desktop \u00bb header_2_font_tablet= \u00bb \u00bb header_2_font_phone= \u00bb \u00bb header_2_font_last_edited= \u00bbsul|telefono \u00bb header_2_font_size_tablet= \u00bb2.2em \u00bb header_2_font_size_phone= \u00bb2.3em \u00bb header_2_font_size_last_edited= \u00bbsul|telefono \u00bb header_2_line_height_tablet= \u00bb \u00bb header_2_line_height_phone= \u00bb \u00bb header_2_line_height_last_edited= \u00bbsul|desktop \u00bb inline_fonts= \u00bbPalanquin \u00bb global_colors_info= \u00bb{} \u00bb]<h2 class=\"guillemet-b\">Fin dalle nostre origini, ci impegniamo ogni giorno per consentire ai bambini di crescere e svilupparsi nelle migliori condizioni possibili. Oltre a essere un semplice mecenate, volevamo andare oltre, dando forza e significato alle nostre azioni. \u00c8 cos\u00ec che \u00e8 nata la nostra fondazione aziendale Wesco nel 2012.<span class=\"guillemet-a\"><\/span><\/h2>[\/et_pb_text][\/et_pb_column][\/et_pb_row][\/et_pb_section][et_pb_section fb_built= \u00bb1\u2033 custom_padding_last_edited= \u00bbon|desktop \u00bb admin_label= \u00bbSupporto per coloro che\u2026 \u00bb _builder_version= \u00bb4.15.1\u2033 _module_preset= \u00bbdefault \u00bb background_color= \u00bb#deeaf3\u2033 custom_margin= \u00bb0px||0px||true|false \u00bb custom_padding= \u00bb6vh||6vh||true|false \u00bb custom_padding_tablet= \u00bb \u00bb custom_padding_phone= \u00bb \u00bb da_disable_devices= \u00bboff|off|off \u00bb global_colors_info= \u00bb{} \u00bb da_is_popup= \u00bboff \u00bb da_exit_intent= \u00bboff \u00bb da_has_close= \u00bbon \u00bb da_alt_close= \u00bboff \u00bb da_dark_close= \u00bboff \u00bb da_not_modal= \u00bbon \u00bb da_is_singular= \u00bboff \u00bb da_with_loader= \u00bboff \u00bb da_has_shadow= \u00bbon \u00bb][et_pb_row _builder_version= \u00bb4.15\u2033 _module_preset= \u00bbdefault \u00bb custom_margin= \u00bb0px||0px||true|false \u00bb custom_padding= \u00bb0px||0px||true|false \u00bb global_colors_info= \u00bb{} \u00bb][et_pb_column type= \u00bb4_4\u2033 _builder_version= \u00bb4.15\u2033 _module_preset= \u00bbdefault \u00bb global_colors_info= \u00bb{} \u00bb][et_pb_text _builder_version= \u00bb4.15\u2033 _module_preset= \u00bbdefault \u00bb header_2_font= \u00bbSacramento|||||||| \u00bb header_2_text_align= \u00bbcenter \u00bb custom_margin= \u00bb10px||10px||true|false \u00bb global_colors_info= \u00bb{} \u00bb]<h2><span class=\"title-1\">Per accompagnare<\/span><span class=\"subtitle-1\"><br \/>coloro che ne hanno pi\u00f9 bisogno<\/span><\/h2>[\/et_pb_text][et_pb_text _builder_version= \u00bb4.15\u2033 _module_preset= \u00bbdefault \u00bb text_font= \u00bbOswald|300||||||| \u00bb text_text_color= \u00bb#125671\u2033 text_font_size= \u00bb1.7em \u00bb width= \u00bb65% \u00bb width_tablet= \u00bb100% \u00bb width_phone= \u00bb \u00bb width_last_edited= \u00bbon|desktop \u00bb module_alignment= \u00bbcenter \u00bb text_font_size_tablet= \u00bb1.7em \u00bb text_font_size_phone= \u00bb1.4em \u00bb text_font_size_last_edited= \u00bbon|tablet \u00bb custom_css_main_element= \u00bbline-height:1.2em; \u00bb global_colors_info= \u00bb{} \u00bb custom_css_main_element_tablet= \u00bbline-height:1.2em; \u00bb custom_css_main_element_phone= \u00bbline-height:1.2em; \u00bb custom_css_main_element_last_edited= \u00bbon|phone \u00bb]<p style=\"text-align: justify;\">L&#039;infanzia \u00e8 un periodo fondamentale per lo sviluppo del futuro adulto. Siamo consapevoli che non tutti i bambini hanno le stesse risorse e non tutti crescono in ambienti favorevoli al loro sano sviluppo. \u00c8 in quest&#039;ottica che la nostra Fondazione Aziendale ha assunto il suo pieno significato!<\/p>[\/et_pb_text][\/et_pb_column][\/et_pb_row][et_pb_row column_structure= \u00bb1_4,1_4,1_4,1_4\u2033 use_custom_gutter= \u00bbon \u00bb gutter_width= \u00bb2\u2033 _builder_version= \u00bb4.15\u2033 width= \u00bb100% \u00bb max_width= \u00bb100% \u00bb custom_margin= \u00bb45px||45px||true|false \u00bb custom_padding= \u00bb0px||0px||true|false \u00bb global_colors_info= \u00bb{} \u00bb][et_pb_column type= \u00bb1_4\u2033 module_class= \u00bbb3_column \u00bb _builder_version= \u00bb4.15\u2033 background_enable_image= \u00bboff \u00bb global_colors_info= \u00bb{} \u00bb][et_pb_blurb _builder_version= \u00bb4.15\u2033 header_font= \u00bb|||||||| \u00bb body_font= \u00bbOswald|300||||||| \u00bb body_text_color= \u00bb#0a769e \u00bb body_font_size= \u00bb1.1vw \u00bb body_line_height= \u00bb1.1em \u00bb background_color= \u00bb#FFFFFF \u00bb z_index= \u00bb1\u2033 text_orientation= \u00bbcenter \u00bb background_layout= \u00bbdark \u00bb body_font_size_tablet= \u00bb2vw \u00bb body_font_size_phone= \u00bb16px \u00bb body_font_size_last_edited= \u00bbon|phone \u00bb custom_css_after= \u00bbcontent: \u00bb;||display: block;||padding-bottom: 100%; \u00bb custom_css_blurb_content= \u00bbposizione:assoluta;||larghezza: 100%;||altezza: 100%;||imbottitura:20px!importante;||visualizzazione: flex;||direzione flex: colonna;||allinea-elementi: centro;||giustifica-contenuto: centro; \u00bb global_colors_info= \u00bb{} \u00bb transform_rotate__hover_enabled= \u00bbattivo \u00bb transform_styles__hover_enabled= \u00bbattivo \u00bb transform_scale__hover_enabled= \u00bbattivo \u00bb transform_translate__hover_enabled= \u00bbattivo \u00bb transform_skew__hover_enabled= \u00bbattivo \u00bb transform_origin__hover_enabled= \u00bbattivo \u00bb]<p style=\"text-align: justify;\">I primi tre anni di vita di un bambino sono cruciali per il suo sviluppo. La Wesco Corporate Foundation sostiene iniziative che promuovono lo sviluppo, il benessere e la crescita dei neonati.<\/p>[\/et_pb_blurb][et_pb_blurb use_icon= \u00bbon \u00bb font_icon= \u00bbL||divi||400\u2033 icon_color= \u00bb#FFFFFF \u00bb image_icon_width= \u00bb30px \u00bb disabled_on= \u00bbon|on|on \u00bb admin_label= \u00bbSummary \u00bb module_class= \u00bbb3_blurb1\u2033 _builder_version= \u00bb4.15\u2033 header_font= \u00bb|||||||| \u00bb background_enable_color= \u00bboff \u00bb background_image= \u00bbhttps:\/\/www.wesco-group.com\/wp-content\/uploads\/2021\/09\/l-epanouissmnt.webp \u00bb positioning= \u00bbabsolute \u00bb z_index= \u00bb1\u2033 text_orientation= \u00bbcenter \u00bb background_layout= \u00bbdark \u00bb width= \u00bb100% \u00bb animation= \u00bboff \u00bb custom_css_main_element= \u00bbposition:absolute!important;||transition: all .5s;||cursor: pointer; \u00bb custom_css_after= \u00bbcontent: \u00bb;||display: block;||padding-bottom: 100%; \u00bb custom_css_blurb_image= \u00bbposizione:assoluta;||visualizzazione: blocco;||altezza: 40px;||larghezza: 40px;||bordo:1,5px solido #fff;||imbottitura: 5px 0px 0px 0px!importante;||fondo:-30px!importante;||destra:0px!importante; \u00bb custom_css_blurb_content= \u00bbposizione:assoluta;||larghezza: 100%;||altezza: 100%;||imbottitura:30px!importante;||visualizzazione: flex;||direzione flex: colonna;||allineamento elementi: inizio flex;||giustificazione contenuto: fine flex; \u00bb icon_font_size= \u00bb30px \u00bb disabled= \u00bbon \u00bb global_colors_info= \u00bb{} \u00bb background__hover_enabled= \u00bbon|hover \u00bb font_icon__hover_enabled= \u00bboff|desktop \u00bb font_icon__hover= \u00bbM||divi||400\u2033 icon_color__hover_enabled= \u00bbon|hover \u00bb icon_color__hover= \u00bb#FFFFFF \u00bb]<h3 class=\"blurbtitle2\" style=\"text-align: left; color: #fff!important;\">COMPIMENTO<span style=\"font-size: 0.8em; font-weight: 200;\">\nPrima infanzia e genitorialit\u00e0<\/span><\/h3>[\/et_pb_blurb][et_pb_blurb use_icon= \u00bbon \u00bb font_icon= \u00bbL||divi||400\u2033 icon_color= \u00bb#FFFFFF \u00bb image_icon_width= \u00bb30px \u00bb admin_label= \u00bbSummary \u00bb module_class= \u00bbb3_blurb1\u2033 _builder_version= \u00bb4.15\u2033 header_font= \u00bb|||||||| \u00bb background_enable_color= \u00bboff \u00bb background_image= \u00bbhttps:\/\/www.wesco-group.com\/wp-content\/uploads\/2021\/09\/l-epanouissmnt.webp \u00bb positioning= \u00bbabsolute \u00bb z_index= \u00bb1\u2033 text_orientation= \u00bbcenter \u00bb background_layout= \u00bbdark \u00bb width= \u00bb100% \u00bb animation= \u00bboff \u00bb custom_css_main_element= \u00bbposition:absolute!important;||transition: all .5s;||cursor: pointer; \u00bb custom_css_after= \u00bbcontent: \u00bb;||display: block;||padding-bottom: 100%; \u00bb custom_css_blurb_image= \u00bbposizione:assoluta;||visualizzazione: blocco;||altezza: 40px;||larghezza: 40px;||bordo:1,5px solido #fff;||imbottitura: 5px 0px 0px 0px!importante;||fondo:-30px!importante;||destra:0px!importante; \u00bb custom_css_blurb_content= \u00bbposizione:assoluta;||larghezza: 100%;||altezza: 100%;||imbottitura:30px!importante;||visualizzazione: flex;||direzione flex: colonna;||allineamento elementi: inizio flex;||giustificazione contenuto: fine flex; \u00bb icon_font_size= \u00bb30px \u00bb global_colors_info= \u00bb{} \u00bb background__hover_enabled= \u00bbon|hover \u00bb font_icon__hover_enabled= \u00bboff|desktop \u00bb font_icon__hover= \u00bbM||divi||400\u2033 icon_color__hover_enabled= \u00bbon|hover \u00bb icon_color__hover= \u00bb#FFFFFF \u00bb]<h3 class=\"blurbtitle2\" style=\"text-align: left; color: #fff!important; line-height: 1em;\">Lo sviluppo della prima infanzia e della genitorialit\u00e0<\/h3>[\/et_pb_blurb][\/et_pb_column][et_pb_column type= \u00bb1_4\u2033 module_class= \u00bbb3_column \u00bb _builder_version= \u00bb4.15\u2033 background_enable_image= \u00bboff \u00bb global_colors_info= \u00bb{} \u00bb][et_pb_blurb _builder_version= \u00bb4.15\u2033 header_font= \u00bb|||||||| \u00bb body_font= \u00bbOswald|300||||||| \u00bb body_text_color= \u00bb#0a769e \u00bb body_font_size= \u00bb1.1vw \u00bb body_line_height= \u00bb1.1em \u00bb background_color= \u00bb#FFFFFF \u00bb z_index= \u00bb1\u2033 text_orientation= \u00bbcenter \u00bb background_layout= \u00bbdark \u00bb body_font_size_tablet= \u00bb2vw \u00bb body_font_size_phone= \u00bb16px \u00bb body_font_size_last_edited= \u00bbon|phone \u00bb custom_css_after= \u00bbcontent: \u00bb;||display: block;||padding-bottom: 100%; \u00bb custom_css_blurb_content= \u00bbposizione:assoluta;||larghezza: 100%;||altezza: 100%;||imbottitura:20px!importante;||visualizzazione: flex;||direzione flex: colonna;||allinea-elementi: centro;||giustifica-contenuto: centro; \u00bb global_colors_info= \u00bb{} \u00bb transform_rotate__hover_enabled= \u00bbattivo \u00bb transform_styles__hover_enabled= \u00bbattivo \u00bb transform_scale__hover_enabled= \u00bbattivo \u00bb transform_translate__hover_enabled= \u00bbattivo \u00bb transform_skew__hover_enabled= \u00bbattivo \u00bb transform_origin__hover_enabled= \u00bbattivo \u00bb]<p style=\"text-align: justify;\">Sosteniamo progetti innovativi che mirano a ridurre le disuguaglianze sociali e a restituire fiducia e speranza ai bambini pi\u00f9 vulnerabili.<\/p>[\/et_pb_blurb][et_pb_blurb use_icon= \u00bbon \u00bb font_icon= \u00bbL||divi||400\u2033 icon_color= \u00bb#FFFFFF \u00bb image_icon_width= \u00bb30px \u00bb disabled_on= \u00bbon|on|on \u00bb admin_label= \u00bbSummary \u00bb module_class= \u00bbb3_blurb1\u2033 _builder_version= \u00bb4.15\u2033 header_font= \u00bb|||||||| \u00bb background_enable_color= \u00bboff \u00bb background_image= \u00bbhttps:\/\/www.wesco-group.com\/wp-content\/uploads\/2021\/09\/la-protection.webp \u00bb positioning= \u00bbabsolute \u00bb z_index= \u00bb1\u2033 text_orientation= \u00bbcenter \u00bb background_layout= \u00bbdark \u00bb width= \u00bb100% \u00bb animation= \u00bboff \u00bb custom_css_main_element= \u00bbposition:absolute!important;||transition: all .5s;||cursor: pointer; \u00bb custom_css_after= \u00bbcontent: \u00bb;||display: block;||padding-bottom: 100%; \u00bb custom_css_blurb_image= \u00bbposizione:assoluta;||visualizzazione: blocco;||altezza: 40px;||larghezza: 40px;||bordo:1,5px solido #fff;||imbottitura: 5px 0px 0px 0px!importante;||fondo:-30px!importante;||destra:0px!importante; \u00bb custom_css_blurb_content= \u00bbposizione:assoluta;||larghezza: 100%;||altezza: 100%;||imbottitura:30px!importante;||visualizzazione: flex;||direzione flex: colonna;||allineamento elementi: inizio flex;||giustificazione contenuto: fine flex; \u00bb icon_font_size= \u00bb30px \u00bb disabled= \u00bbon \u00bb global_colors_info= \u00bb{} \u00bb background__hover_enabled= \u00bbon|hover \u00bb font_icon__hover_enabled= \u00bboff|desktop \u00bb font_icon__hover= \u00bbM||divi||400\u2033 icon_color__hover_enabled= \u00bbon|hover \u00bb icon_color__hover= \u00bb#FFFFFF \u00bb]<h3 class=\"blurbtitle2\" style=\"text-align: left; color: #fff!important;\"><span style=\"line-height: 1.1em;\">PROTEZIONE E INCLUSIONE<span style=\"font-size: 0.8em; line-height: 0.8em!important; font-weight: 200;\">\nbambini<\/span><\/span><\/h3>[\/et_pb_blurb][et_pb_blurb use_icon= \u00bbon \u00bb font_icon= \u00bbL||divi||400\u2033 icon_color= \u00bb#FFFFFF \u00bb image_icon_width= \u00bb30px \u00bb admin_label= \u00bbSummary \u00bb module_class= \u00bbb3_blurb1\u2033 _builder_version= \u00bb4.15\u2033 header_font= \u00bb|||||||| \u00bb background_enable_color= \u00bboff \u00bb background_image= \u00bbhttps:\/\/www.wesco-group.com\/wp-content\/uploads\/2021\/09\/la-protection.webp \u00bb positioning= \u00bbabsolute \u00bb z_index= \u00bb1\u2033 text_orientation= \u00bbcenter \u00bb background_layout= \u00bbdark \u00bb width= \u00bb100% \u00bb animation= \u00bboff \u00bb custom_css_main_element= \u00bbposition:absolute!important;||transition: all .5s;||cursor: pointer; \u00bb custom_css_after= \u00bbcontent: \u00bb;||display: block;||padding-bottom: 100%; \u00bb custom_css_blurb_image= \u00bbposizione:assoluta;||visualizzazione: blocco;||altezza: 40px;||larghezza: 40px;||bordo:1,5px solido #fff;||imbottitura: 5px 0px 0px 0px!importante;||fondo:-30px!importante;||destra:0px!importante; \u00bb custom_css_blurb_content= \u00bbposizione:assoluta;||larghezza: 100%;||altezza: 100%;||imbottitura:30px!importante;||visualizzazione: flex;||direzione flex: colonna;||allineamento elementi: inizio flex;||giustificazione contenuto: fine flex; \u00bb icon_font_size= \u00bb30px \u00bb global_colors_info= \u00bb{} \u00bb background__hover_enabled= \u00bbon|hover \u00bb font_icon__hover_enabled= \u00bboff|desktop \u00bb font_icon__hover= \u00bbM||divi||400\u2033 icon_color__hover_enabled= \u00bbon|hover \u00bb icon_color__hover= \u00bb#FFFFFF \u00bb]<h3 class=\"blurbtitle2\" style=\"text-align: left; color: #fff!important;\"><span style=\"line-height: 1.1em;\">PROTEZIONE e INCLUSIONE dei bambini<\/span><\/h3>[\/et_pb_blurb][\/et_pb_column][et_pb_column type= \u00bb1_4\u2033 module_class= \u00bbb3_column \u00bb _builder_version= \u00bb4.15\u2033 background_enable_image= \u00bboff \u00bb global_colors_info= \u00bb{} \u00bb][et_pb_blurb _builder_version= \u00bb4.15\u2033 header_font= \u00bb|||||||| \u00bb body_font= \u00bbOswald|300||||||| \u00bb body_text_color= \u00bb#0a769e \u00bb body_font_size= \u00bb1.1vw \u00bb body_line_height= \u00bb1.1em \u00bb background_color= \u00bb#FFFFFF \u00bb z_index= \u00bb1\u2033 text_orientation= \u00bbcenter \u00bb background_layout= \u00bbdark \u00bb body_font_size_tablet= \u00bb2vw \u00bb body_font_size_phone= \u00bb16px \u00bb body_font_size_last_edited= \u00bbon|phone \u00bb custom_css_after= \u00bbcontent: \u00bb;||display: block;||padding-bottom: 100%; \u00bb custom_css_blurb_content= \u00bbposizione:assoluta;||larghezza: 100%;||altezza: 100%;||imbottitura:20px!importante;||visualizzazione: flex;||direzione flex: colonna;||allinea-elementi: centro;||giustifica-contenuto: centro; \u00bb global_colors_info= \u00bb{} \u00bb transform_rotate__hover_enabled= \u00bbattivo \u00bb transform_styles__hover_enabled= \u00bbattivo \u00bb transform_scale__hover_enabled= \u00bbattivo \u00bb transform_translate__hover_enabled= \u00bbattivo \u00bb transform_skew__hover_enabled= \u00bbattivo \u00bb transform_origin__hover_enabled= \u00bbattivo \u00bb]<p style=\"text-align: justify;\">Costruire il mondo di domani significa garantire ai bambini l&#039;accesso all&#039;istruzione, alla cultura e allo sport. Sostenendo iniziative locali, regionali e nazionali, ci impegniamo a promuovere pari opportunit\u00e0 per tutti i bambini.<\/p>[\/et_pb_blurb][et_pb_blurb use_icon= \u00bbon \u00bb font_icon= \u00bbL||divi||400\u2033 icon_color= \u00bb#FFFFFF \u00bb image_icon_width= \u00bb30px \u00bb disabled_on= \u00bbon|on|on \u00bb admin_label= \u00bbSummary \u00bb module_class= \u00bbb3_blurb1\u2033 _builder_version= \u00bb4.15\u2033 header_font= \u00bb|||||||| \u00bb background_enable_color= \u00bboff \u00bb background_image= \u00bbhttps:\/\/www.wesco-group.com\/wp-content\/uploads\/2021\/09\/l-insertion.webp \u00bb positioning= \u00bbabsolute \u00bb z_index= \u00bb1\u2033 text_orientation= \u00bbcenter \u00bb background_layout= \u00bbdark \u00bb width= \u00bb100% \u00bb animation= \u00bboff \u00bb custom_css_main_element= \u00bbposition:absolute!important;||transition: all .5s;||cursor: pointer; \u00bb custom_css_after= \u00bbcontent: \u00bb;||display: block;||padding-bottom: 100%; \u00bb custom_css_blurb_image= \u00bbposizione:assoluta;||visualizzazione: blocco;||altezza: 40px;||larghezza: 40px;||bordo:1,5px solido #fff;||imbottitura: 5px 0px 0px 0px!importante;||fondo:-30px!importante;||destra:0px!importante; \u00bb custom_css_blurb_content= \u00bbposizione:assoluta;||larghezza: 100%;||altezza: 100%;||imbottitura:30px!importante;||visualizzazione: flex;||direzione flex: colonna;||allineamento elementi: inizio flex;||giustificazione contenuto: fine flex; \u00bb icon_font_size= \u00bb30px \u00bb disabled= \u00bbon \u00bb global_colors_info= \u00bb{} \u00bb background__hover_enabled= \u00bbon|hover \u00bb font_icon__hover_enabled= \u00bboff|desktop \u00bb font_icon__hover= \u00bbM||divi||400\u2033 icon_color__hover_enabled= \u00bbon|hover \u00bb icon_color__hover= \u00bb#FFFFFF \u00bb]<h3 class=\"blurbtitle2\" style=\"text-align: left; color: #fff!important;\">INTEGRAZIONE<span style=\"font-size: 0.8em; font-weight: 200;\">\nattraverso l&#039;istruzione, lo sport e la cultura<\/span><\/h3>[\/et_pb_blurb][et_pb_blurb use_icon= \u00bbon \u00bb font_icon= \u00bbL||divi||400\u2033 icon_color= \u00bb#FFFFFF \u00bb image_icon_width= \u00bb30px \u00bb admin_label= \u00bbSummary \u00bb module_class= \u00bbb3_blurb1\u2033 _builder_version= \u00bb4.15\u2033 header_font= \u00bb|||||||| \u00bb background_enable_color= \u00bboff \u00bb background_image= \u00bbhttps:\/\/www.wesco-group.com\/wp-content\/uploads\/2021\/09\/l-insertion.webp \u00bb positioning= \u00bbabsolute \u00bb z_index= \u00bb1\u2033 text_orientation= \u00bbcenter \u00bb background_layout= \u00bbdark \u00bb width= \u00bb100% \u00bb animation= \u00bboff \u00bb custom_css_main_element= \u00bbposition:absolute!important;||transition: all .5s;||cursor: pointer; \u00bb custom_css_after= \u00bbcontent: \u00bb;||display: block;||padding-bottom: 100%; \u00bb custom_css_blurb_image= \u00bbposizione:assoluta;||visualizzazione: blocco;||altezza: 40px;||larghezza: 40px;||bordo:1,5px solido #fff;||imbottitura: 5px 0px 0px 0px!importante;||fondo:-30px!importante;||destra:0px!importante; \u00bb custom_css_blurb_content= \u00bbposizione:assoluta;||larghezza: 100%;||altezza: 100%;||imbottitura:30px!importante;||visualizzazione: flex;||direzione flex: colonna;||allineamento elementi: inizio flex;||giustificazione contenuto: fine flex; \u00bb icon_font_size= \u00bb30px \u00bb global_colors_info= \u00bb{} \u00bb background__hover_enabled= \u00bbon|hover \u00bb font_icon__hover_enabled= \u00bboff|desktop \u00bb font_icon__hover= \u00bbM||divi||400\u2033 icon_color__hover_enabled= \u00bbon|hover \u00bb icon_color__hover= \u00bb#FFFFFF \u00bb]<h3 class=\"blurbtitle2\" style=\"text-align: left; color: #fff!important;line-height:1.1em;\">INTEGRAZIONE attraverso l&#039;istruzione, lo sport e la cultura<\/h3>[\/et_pb_blurb][\/et_pb_column][et_pb_column type= \u00bb1_4\u2033 module_class= \u00bbb3_column \u00bb _builder_version= \u00bb4.15\u2033 background_enable_image= \u00bboff \u00bb global_colors_info= \u00bb{} \u00bb][et_pb_blurb _builder_version= \u00bb4.15\u2033 header_font= \u00bb|||||||| \u00bb body_font= \u00bbOswald|300||||||| \u00bb body_text_color= \u00bb#0a769e \u00bb body_font_size= \u00bb1.1vw \u00bb body_line_height= \u00bb1.1em \u00bb background_color= \u00bb#FFFFFF \u00bb z_index= \u00bb1\u2033 text_orientation= \u00bbcenter \u00bb background_layout= \u00bbdark \u00bb body_font_size_tablet= \u00bb2vw \u00bb body_font_size_phone= \u00bb16px \u00bb body_font_size_last_edited= \u00bbon|phone \u00bb custom_css_after= \u00bbcontent: \u00bb;||display: block;||padding-bottom: 100%; \u00bb custom_css_blurb_content= \u00bbposizione:assoluta;||larghezza: 100%;||altezza: 100%;||imbottitura:20px!importante;||visualizzazione: flex;||direzione flex: colonna;||allinea-elementi: centro;||giustifica-contenuto: centro; \u00bb global_colors_info= \u00bb{} \u00bb transform_rotate__hover_enabled= \u00bbattivo \u00bb transform_styles__hover_enabled= \u00bbattivo \u00bb transform_scale__hover_enabled= \u00bbattivo \u00bb transform_translate__hover_enabled= \u00bbattivo \u00bb transform_skew__hover_enabled= \u00bbattivo \u00bb transform_origin__hover_enabled= \u00bbattivo \u00bb]<p style=\"text-align: justify;\">Da oltre 15 anni, Wesco \u00e8 attenta all&#039;impatto ambientale delle proprie attivit\u00e0. L&#039;azienda prosegue questo impegno attraverso la Fondazione, sostenendo iniziative che promuovono l&#039;educazione attraverso il contatto con la natura.<\/p>[\/et_pb_blurb][et_pb_blurb use_icon= \u00bbon \u00bb font_icon= \u00bbL||divi||400\u2033 icon_color= \u00bb#FFFFFF \u00bb image_icon_width= \u00bb30px \u00bb disabled_on= \u00bbon|on|on \u00bb admin_label= \u00bbSummary \u00bb module_class= \u00bbb3_blurb1\u2033 _builder_version= \u00bb4.15\u2033 header_font= \u00bb|||||||| \u00bb background_enable_color= \u00bboff \u00bb background_image= \u00bbhttps:\/\/www.wesco-group.com\/wp-content\/uploads\/2021\/09\/la-sensibilisation.webp \u00bb positioning= \u00bbabsolute \u00bb z_index= \u00bb1\u2033 text_orientation= \u00bbcenter \u00bb background_layout= \u00bbdark \u00bb width= \u00bb100% \u00bb animation= \u00bboff \u00bb custom_css_main_element= \u00bbposition:absolute!important;||transition: all .5s;||cursor: pointer; \u00bb custom_css_after= \u00bbcontent: \u00bb;||display: block;||padding-bottom: 100%; \u00bb custom_css_blurb_image= \u00bbposizione:assoluta;||visualizzazione: blocco;||altezza: 40px;||larghezza: 40px;||bordo:1,5px solido #fff;||imbottitura: 5px 0px 0px 0px!importante;||fondo:-30px!importante;||destra:0px!importante; \u00bb custom_css_blurb_content= \u00bbposizione:assoluta;||larghezza: 100%;||altezza: 100%;||imbottitura:30px!importante;||visualizzazione: flex;||direzione flex: colonna;||allineamento elementi: inizio flex;||giustificazione contenuto: fine flex; \u00bb icon_font_size= \u00bb30px \u00bb disabled= \u00bbon \u00bb global_colors_info= \u00bb{} \u00bb background__hover_enabled= \u00bbon|hover \u00bb font_icon__hover_enabled= \u00bboff|desktop \u00bb font_icon__hover= \u00bbM||divi||400\u2033 icon_color__hover_enabled= \u00bbon|hover \u00bb icon_color__hover= \u00bb#FFFFFF \u00bb]<h3 class=\"blurbtitle2\" style=\"text-align: left; color: #fff!important;\">CONSAPEVOLEZZA<span style=\"font-size: 0.8em; font-weight: 200;\">\nbambini verso uno sviluppo sostenibile<\/span><\/h3>[\/et_pb_blurb][et_pb_blurb use_icon= \u00bbon \u00bb font_icon= \u00bbL||divi||400\u2033 icon_color= \u00bb#FFFFFF \u00bb image_icon_width= \u00bb30px \u00bb admin_label= \u00bbSummary \u00bb module_class= \u00bbb3_blurb1\u2033 _builder_version= \u00bb4.15\u2033 header_font= \u00bb|||||||| \u00bb background_enable_color= \u00bboff \u00bb background_image= \u00bbhttps:\/\/www.wesco-group.com\/wp-content\/uploads\/2021\/09\/la-sensibilisation.webp \u00bb positioning= \u00bbabsolute \u00bb z_index= \u00bb1\u2033 text_orientation= \u00bbcenter \u00bb background_layout= \u00bbdark \u00bb width= \u00bb100% \u00bb animation= \u00bboff \u00bb custom_css_main_element= \u00bbposition:absolute!important;||transition: all .5s;||cursor: pointer; \u00bb custom_css_after= \u00bbcontent: \u00bb;||display: block;||padding-bottom: 100%; \u00bb custom_css_blurb_image= \u00bbposizione:assoluta;||visualizzazione: blocco;||altezza: 40px;||larghezza: 40px;||bordo:1,5px solido #fff;||imbottitura: 5px 0px 0px 0px!importante;||fondo:-30px!importante;||destra:0px!importante; \u00bb custom_css_blurb_content= \u00bbposizione:assoluta;||larghezza: 100%;||altezza: 100%;||imbottitura:30px!importante;||visualizzazione: flex;||direzione flex: colonna;||allineamento elementi: inizio flex;||giustificazione contenuto: fine flex; \u00bb icon_font_size= \u00bb30px \u00bb global_colors_info= \u00bb{} \u00bb background__hover_enabled= \u00bbon|hover \u00bb font_icon__hover_enabled= \u00bboff|desktop \u00bb font_icon__hover= \u00bbM||divi||400\u2033 icon_color__hover_enabled= \u00bbon|hover \u00bb icon_color__hover= \u00bb#FFFFFF \u00bb]<h3 class=\"blurbtitle2\" style=\"text-align: left; color: #fff!important; line-height: 1.1em;\">Sensibilizzare i bambini allo sviluppo sostenibile<\/h3>[\/et_pb_blurb][\/et_pb_column][\/et_pb_row][\/et_pb_section][et_pb_section fb_built= \u00bb1\u2033 custom_padding_last_edited= \u00bbon|phone \u00bb admin_label= \u00bbE concretamente\u2026 \u00bb _builder_version= \u00bb4.15\u2033 _module_preset= \u00bbdefault \u00bb background_image= \u00bbhttps:\/\/www.wesco-group.com\/wp-content\/uploads\/2021\/09\/fondation-chiffres-1.webp \u00bb custom_padding= \u00bb6vh||6vh||true|false \u00bb custom_padding_tablet= \u00bb \u00bb custom_padding_phone= \u00bb0vh||0vh||true|false \u00bb da_disable_devices= \u00bboff|off|off \u00bb global_colors_info= \u00bb{} \u00bb da_is_popup= \u00bboff \u00bb da_exit_intent= \u00bboff \u00bb da_has_close= \u00bbon \u00bb da_alt_close= \u00bboff \u00bb da_dark_close= \u00bboff \u00bb da_not_modal= \u00bbon \u00bb da_is_singular= \u00bboff \u00bb da_with_loader= \u00bboff \u00bb da_has_shadow= \u00bbon \u00bb][et_pb_row custom_padding_last_edited= \u00bbon|phone \u00bb _builder_version= \u00bb4.15\u2033 _module_preset= \u00bbdefault \u00bb custom_padding= \u00bb45px||0px||false|false \u00bb custom_padding_tablet= \u00bb \u00bb custom_padding_phone= \u00bb \u00bb global_colors_info= \u00bb{} \u00bb][et_pb_column type= \u00bb4_4\u2033 _builder_version= \u00bb4.15\u2033 _module_preset= \u00bbdefault \u00bb global_colors_info= \u00bb{} \u00bb][et_pb_text _builder_version= \u00bb4.15\u2033 _module_preset= \u00bbdefault \u00bb header_2_font= \u00bbSacramento|||||||| \u00bb header_2_text_align= \u00bbcenter \u00bb custom_margin= \u00bb10px||10px||true|false \u00bb global_colors_info= \u00bb{} \u00bb]<h2><span class=\"title-3\">E concretamente,<\/span><span class=\"subtitle-3\">\nCosa d\u00e0?<\/span><\/h2>[\/et_pb_text][et_pb_text _builder_version= \u00bb4.15\u2033 _module_preset= \u00bbdefault \u00bb text_font= \u00bbOswald|200||||||| \u00bb text_text_color= \u00bb#FFFFFF \u00bb text_font_size= \u00bb1.7em \u00bb width= \u00bb65% \u00bb width_tablet= \u00bb100% \u00bb width_phone= \u00bb \u00bb width_last_edited= \u00bbon|desktop \u00bb module_alignment= \u00bbcenter \u00bb text_font_size_tablet= \u00bb1.7em \u00bb text_font_size_phone= \u00bb1.4em \u00bb text_font_size_last_edited= \u00bbon|phone \u00bb custom_css_main_element= \u00bbline-height:1.2em; \u00bb global_colors_info= \u00bb{} \u00bb custom_css_main_element_tablet= \u00bbline-height:1.2em; \u00bb custom_css_main_element_phone= \u00bbline-height:1.2em; \u00bb custom_css_main_element_last_edited= \u00bbon|phone \u00bb]<p style=\"text-align: justify;\">La Fondazione Wesco \u00e8 un team dedicato che si riunisce pi\u00f9 volte all&#039;anno, ha un bilancio approvato all&#039;unanimit\u00e0 e sostiene diversi progetti. Ecco il nostro rapporto completo, in totale trasparenza!<\/p>[\/et_pb_text][\/et_pb_column][\/et_pb_row][et_pb_row column_structure= \u00bb1_4,1_4,1_4,1_4\u2033 use_custom_gutter= \u00bbon \u00bb gutter_width= \u00bb1\u2033 make_equal= \u00bbon \u00bb _builder_version= \u00bb4.15\u2033 _module_preset= \u00bbdefault \u00bb width= \u00bb60% \u00bb width_tablet= \u00bb55% \u00bb width_phone= \u00bb100% \u00bb width_last_edited= \u00bbon|phone \u00bb custom_margin= \u00bb||||false|false \u00bb custom_padding= \u00bb15px||15px||true|false \u00bb global_colors_info= \u00bb{} \u00bb][et_pb_column type= \u00bb1_4\u2033 _builder_version= \u00bb4.15\u2033 _module_preset= \u00bbdefault \u00bb custom_padding= \u00bb30px||30px||true|false \u00bb border_width_all_tablet= \u00bb \u00bb border_width_all_phone= \u00bb \u00bb border_width_all_last_edited= \u00bbon|desktop \u00bb border_width_right_tablet= \u00bb0px \u00bb border_width_right_phone= \u00bb0px \u00bb border_width_right_last_edited= \u00bboff|tablet \u00bb global_colors_info= \u00bb{} \u00bb][et_pb_blurb image= \u00bbhttps:\/\/www.wesco-group.com\/wp-content\/uploads\/2021\/07\/picto-clients.png \u00bb _builder_version= \u00bb4.15\u2033 _module_preset= \u00bbdefault \u00bb custom_margin= \u00bb0px||0px||true|false \u00bb custom_padding= \u00bb0px||0px||true|false \u00bb global_colors_info= \u00bb{} \u00bb][\/et_pb_blurb][et_pb_number_counter number= \u00bb500 000\u2033 percent_sign= \u00bboff \u00bb _builder_version= \u00bb4.15\u2033 _module_preset= \u00bbdefault \u00bb title_font= \u00bbOpen Sans|600||||||| \u00bb title_text_color= \u00bb#FFFFFF \u00bb title_font_size= \u00bb1vw \u00bb title_line_height= \u00bb1.3em \u00bb number_font= \u00bbOpen Sans|700||||||| \u00bb number_text_color= \u00bb#FFFFFF \u00bb number_font_size= \u00bb42px \u00bb number_line_height= \u00bb10px \u00bb custom_margin= \u00bb0px||0px||true|false \u00bb custom_padding= \u00bb0px||0px||true|false \u00bb title_font_size_tablet= \u00bb2vw \u00bb title_font_size_phone= \u00bb16px \u00bb title_font_size_last_edited= \u00bbon|desktop \u00bb custom_css_main_element= \u00bbmargin-bottom:-40px!important; \u00bb global_colors_info= \u00bb{} \u00bb][\/et_pb_number_counter][et_pb_text _builder_version= \u00bb4.15.1\u2033 _module_preset= \u00bbdefault \u00bb text_font= \u00bbOpen Sans|600||||||| \u00bb text_text_color= \u00bb#FFFFFF \u00bb text_font_size= \u00bb1vw \u00bb text_line_height= \u00bb1.2em \u00bb text_orientation= \u00bbcenter \u00bb custom_padding= \u00bb0.3em|0.8em|0.3em|0.8em|true|true \u00bb text_font_size_tablet= \u00bb2vw \u00bb text_font_size_phone= \u00bb16px \u00bb text_font_size_last_edited= \u00bbon|tablet \u00bb text_line_height_tablet= \u00bb1.3em \u00bb text_line_height_phone= \u00bb \u00bb text_line_height_last_edited= \u00bbon|tablet \u00bb global_colors_info= \u00bb{} \u00bb]<p>bambini che hanno beneficiato fin dall&#039;inizio<\/p>[\/et_pb_text][\/et_pb_column][et_pb_column type= \u00bb1_4\u2033 _builder_version= \u00bb4.15\u2033 _module_preset= \u00bbdefault \u00bb custom_padding= \u00bb30px||30px||true|false \u00bb global_colors_info= \u00bb{} \u00bb][et_pb_blurb image= \u00bbhttps:\/\/www.wesco-group.com\/wp-content\/uploads\/2021\/07\/picto-flag.png \u00bb _builder_version= \u00bb4.15\u2033 _module_preset= \u00bbdefault \u00bb custom_margin= \u00bb0px||0px||true|false \u00bb custom_padding= \u00bb0px||0px||true|false \u00bb global_colors_info= \u00bb{} \u00bb][\/et_pb_blurb][et_pb_number_counter number= \u00bb11\u2033 percent_sign= \u00bboff \u00bb _builder_version= \u00bb4.15.1\u2033 _module_preset= \u00bbdefault \u00bb title_font= \u00bbOpen Sans|600||||||| \u00bb title_text_color= \u00bb#FFFFFF \u00bb title_font_size= \u00bb1vw \u00bb title_line_height= \u00bb1.3em \u00bb number_font= \u00bbOpen Sans|700||||||| \u00bb number_text_color= \u00bb#FFFFFF \u00bb number_font_size= \u00bb42px \u00bb number_line_height= \u00bb10px \u00bb custom_margin= \u00bb0px||0px||true|false \u00bb custom_padding= \u00bb0px||0px||true|false \u00bb title_font_size_tablet= \u00bb2vw \u00bb title_font_size_phone= \u00bb16px \u00bb title_font_size_last_edited= \u00bbon|desktop \u00bb custom_css_main_element= \u00bbmargin-bottom:-40px!important; \u00bb global_colors_info= \u00bb{} \u00bb][\/et_pb_number_counter][et_pb_text _builder_version= \u00bb4.15.1\u2033 _module_preset= \u00bbdefault \u00bb text_font= \u00bbOpen Sans|600||||||| \u00bb text_text_color= \u00bb#FFFFFF \u00bb text_font_size= \u00bb1vw \u00bb text_line_height= \u00bb1.2em \u00bb text_orientation= \u00bbcenter \u00bb custom_padding= \u00bb0.3em|0.8em|0.3em|0.8em|true|true \u00bb text_font_size_tablet= \u00bb2vw \u00bb text_font_size_phone= \u00bb16px \u00bb text_font_size_last_edited= \u00bbon|tablet \u00bb text_line_height_tablet= \u00bb1.3em \u00bb text_line_height_phone= \u00bb \u00bb text_line_height_last_edited= \u00bbon|tablet \u00bb global_colors_info= \u00bb{} \u00bb]<p>progetti sostenuti nel 2023<\/p>[\/et_pb_text][\/et_pb_column][et_pb_column type= \u00bb1_4\u2033 _builder_version= \u00bb4.15\u2033 _module_preset= \u00bbdefault \u00bb custom_padding= \u00bb30px||30px||true|false \u00bb global_colors_info= \u00bb{} \u00bb][et_pb_blurb image= \u00bbhttps:\/\/www.wesco-group.com\/wp-content\/uploads\/2021\/07\/picto-plane.png \u00bb _builder_version= \u00bb4.15\u2033 _module_preset= \u00bbdefault \u00bb custom_margin= \u00bb0px||0px||true|false \u00bb custom_padding= \u00bb0px||0px||true|false \u00bb global_colors_info= \u00bb{} \u00bb][\/et_pb_blurb][et_pb_number_counter number= \u00bb50\u2033 percent_sign= \u00bboff \u00bb _builder_version= \u00bb4.15.1\u2033 _module_preset= \u00bbdefault \u00bb title_font= \u00bbOpen Sans|600||||||| \u00bb title_text_color= \u00bb#FFFFFF \u00bb title_font_size= \u00bb1vw \u00bb title_line_height= \u00bb1.3em \u00bb number_font= \u00bbOpen Sans|700||||||| \u00bb number_text_color= \u00bb#FFFFFF \u00bb number_font_size= \u00bb42px \u00bb number_line_height= \u00bb10px \u00bb custom_margin= \u00bb0px||0px||true|false \u00bb custom_padding= \u00bb0px||0px||true|false \u00bb title_font_size_tablet= \u00bb2vw \u00bb title_font_size_phone= \u00bb16px \u00bb title_font_size_last_edited= \u00bbon|desktop \u00bb custom_css_main_element= \u00bbmargin-bottom:-40px!important; \u00bb global_colors_info= \u00bb{} \u00bb][\/et_pb_number_counter][et_pb_text _builder_version= \u00bb4.15\u2033 _module_preset= \u00bbdefault \u00bb text_font= \u00bbOpen Sans|600||||||| \u00bb text_text_color= \u00bb#FFFFFF \u00bb text_font_size= \u00bb1vw \u00bb text_line_height= \u00bb1.2em \u00bb text_orientation= \u00bbcenter \u00bb custom_padding= \u00bb0.3em|0.8em|0.3em|0.8em|true|true \u00bb text_font_size_tablet= \u00bb2vw \u00bb text_font_size_phone= \u00bb16px \u00bb text_font_size_last_edited= \u00bbon|tablet \u00bb text_line_height_tablet= \u00bb1.3em \u00bb text_line_height_phone= \u00bb \u00bb text_line_height_last_edited= \u00bbon|tablet \u00bb global_colors_info= \u00bb{} \u00bb]<p>progetti sostenuti dalla Fondazione fin dalla sua creazione<\/p>[\/et_pb_text][\/et_pb_column][et_pb_column type= \u00bb1_4\u2033 _builder_version= \u00bb4.15\u2033 _module_preset= \u00bbdefault \u00bb custom_padding= \u00bb30px||30px||true|false \u00bb global_colors_info= \u00bb{} \u00bb][et_pb_blurb image= \u00bbhttps:\/\/www.wesco-group.com\/wp-content\/uploads\/2021\/07\/picto-heart.png \u00bb _builder_version= \u00bb4.15\u2033 _module_preset= \u00bbdefault \u00bb custom_margin= \u00bb0px||0px||true|false \u00bb custom_padding= \u00bb0px||0px||true|false \u00bb global_colors_info= \u00bb{} \u00bb][\/et_pb_blurb][et_pb_number_counter number= \u00bb1\u20ac \u00bb percent_sign= \u00bboff \u00bb _builder_version= \u00bb4.15\u2033 _module_preset= \u00bbdefault \u00bb title_font= \u00bbOpen Sans|600||||||| \u00bb title_text_color= \u00bb#FFFFFF \u00bb title_font_size= \u00bb1.5vw \u00bb number_font= \u00bbOpen Sans|700||||||| \u00bb number_text_color= \u00bb#FFFFFF \u00bb number_font_size= \u00bb42px \u00bb number_line_height= \u00bb10px \u00bb custom_margin= \u00bb0px||0px||true|false \u00bb custom_padding= \u00bb0px||0px||true|false \u00bb title_font_size_tablet= \u00bb3vw \u00bb title_font_size_phone= \u00bb22px \u00bb title_font_size_last_edited= \u00bbon|phone \u00bb custom_css_main_element= \u00bbmargin-bottom:-40px!important; \u00bb global_colors_info= \u00bb{} \u00bb][\/et_pb_number_counter][et_pb_text _builder_version= \u00bb4.15\u2033 _module_preset= \u00bbdefault \u00bb text_font= \u00bbOpen Sans|600|||||| \u00bb text_text_color= \u00bb#FFFFFF \u00bb text_font_size= \u00bb1.5vw \u00bb text_line_height= \u00bb1.2em \u00bb text_orientation= \u00bbcenter \u00bb custom_margin= \u00bb-50px||||false|false \u00bb custom_padding= \u00bb0.3em|0.8em|0.3em|0.8em|true|true \u00bb text_font_size_tablet= \u00bb2vw \u00bb text_font_size_phone= \u00bb16px \u00bb text_font_size_last_edited= \u00bbon|tablet \u00bb text_line_height_tablet= \u00bb1.3em \u00bb text_line_height_phone= \u00bb \u00bb text_line_height_last_edited= \u00bbon|tablet \u00bb global_colors_info= \u00bb{} \u00bb]<p>invertito<\/p>[\/et_pb_text][et_pb_text _builder_version= \u00bb4.15\u2033 _module_preset= \u00bbdefault \u00bb text_font= \u00bbOpen Sans|600||||||| \u00bb text_text_color= \u00bb#FFFFFF \u00bb text_font_size= \u00bb1vw \u00bb text_line_height= \u00bb1.2em \u00bb text_orientation= \u00bbcenter \u00bb custom_margin= \u00bb0px||0px||true|false \u00bb text_font_size_tablet= \u00bb2vw \u00bb text_font_size_phone= \u00bb16px \u00bb text_font_size_last_edited= \u00bbon|tablet \u00bb text_line_height_tablet= \u00bb1.3em \u00bb text_line_height_phone= \u00bb \u00bb text_line_height_last_edited= \u00bbon|tablet \u00bb global_colors_info= \u00bb{} \u00bb]Anche i nostri clienti sono impegnati con noi![\/et_pb_text][et_pb_text _builder_version= \u00bb4.15\u2033 _module_preset= \u00bbdefault \u00bb text_font= \u00bbOpen Sans|600|||||||| \u00bb text_text_color= \u00bb#FFFFFF \u00bb text_font_size= \u00bb16px \u00bb text_line_height= \u00bb1em \u00bb text_orientation= \u00bbcenter \u00bb custom_padding= \u00bb0.3em|0.8em|0.3em|0.8em|true|true \u00bb text_font_size_tablet= \u00bb16px \u00bb text_font_size_phone= \u00bb16px \u00bb text_font_size_last_edited= \u00bbon|desktop \u00bb text_line_height_tablet= \u00bb1em \u00bb text_line_height_phone= \u00bb \u00bb text_line_height_last_edited= \u00bbon|desktop \u00bb global_colors_info= \u00bb{} \u00bb]<p><span style=\"font-size: small;\">Con l&#039;iscrizione a uno dei nostri Advantage Club, 1 \u20ac verr\u00e0 automaticamente donato alla Fondazione.<\/span><\/p>[\/et_pb_text][\/et_pb_column][\/et_pb_row][\/et_pb_section][et_pb_section fb_built= \u00bb1\u2033 custom_padding_last_edited= \u00bbon|phone \u00bb admin_label= \u00bbAssociazioni carosello \u00bb _builder_version= \u00bb4.15.1\u2033 _module_preset= \u00bbdefault \u00bb custom_margin= \u00bb||||false|false \u00bb custom_margin_tablet= \u00bb \u00bb custom_margin_phone= \u00bb0px||0px||true|false \u00bb custom_margin_last_edited= \u00bbon|phone \u00bb custom_padding= \u00bb21px|||||| \u00bb custom_padding_tablet= \u00bb \u00bb custom_padding_phone= \u00bb0px||0px||true|false \u00bb da_disable_devices= \u00bboff|off|off \u00bb global_colors_info= \u00bb{} \u00bb da_is_popup= \u00bboff \u00bb da_exit_intent= \u00bboff \u00bb da_has_close= \u00bbon \u00bb da_alt_close= \u00bboff \u00bb da_dark_close= \u00bboff \u00bb da_not_modal= \u00bbon \u00bb da_is_singular= \u00bboff \u00bb da_with_loader= \u00bboff \u00bb da_has_shadow= \u00bbon \u00bb][et_pb_row _builder_version= \u00bb4.15\u2033 _module_preset= \u00bbdefault \u00bb custom_margin= \u00bb0px||0px||true|false \u00bb custom_padding= \u00bb0px||0px||true|false \u00bb global_colors_info= \u00bb{} \u00bb][et_pb_column type= \u00bb4_4\u2033 _builder_version= \u00bb4.15\u2033 _module_preset= \u00bbdefault \u00bb global_colors_info= \u00bb{} \u00bb][et_pb_text _builder_version= \u00bb4.15\u2033 _module_preset= \u00bbdefault \u00bb header_2_font= \u00bbSacramento|||||||| \u00bb header_2_text_align= \u00bbcenter \u00bb custom_margin= \u00bb0em||||false|false \u00bb custom_margin_tablet= \u00bb3em||||false|false \u00bb custom_margin_phone= \u00bb \u00bb custom_margin_last_edited= \u00bbon|phone \u00bb global_colors_info= \u00bb{} \u00bb]<h2><span class=\"title\">Le nostre azioni<\/span><span class=\"subtitle\"> in corso<\/span><\/h2>[\/et_pb_text][et_pb_text _builder_version= \u00bb4.15\u2033 _module_preset= \u00bbdefault \u00bb text_font= \u00bbOswald|300||||||| \u00bb text_text_color= \u00bb#125671\u2033 text_font_size= \u00bb1.7em \u00bb width= \u00bb65% \u00bb width_tablet= \u00bb100% \u00bb width_phone= \u00bb \u00bb width_last_edited= \u00bbon|desktop \u00bb module_alignment= \u00bbcenter \u00bb text_font_size_tablet= \u00bb1.7em \u00bb text_font_size_phone= \u00bb1.4em \u00bb text_font_size_last_edited= \u00bbon|phone \u00bb custom_css_main_element= \u00bbline-height:1.2em; \u00bb global_colors_info= \u00bb{} \u00bb custom_css_main_element_tablet= \u00bbline-height:1.2em; \u00bb custom_css_main_element_phone= \u00bbline-height:1.2em; \u00bb custom_css_main_element_last_edited= \u00bbon|phone \u00bb]<p style=\"text-align: justify;\">Che siano impegnate a livello locale o su larga scala, ecco le organizzazioni che attualmente sosteniamo. Sebbene il loro ambito di attivit\u00e0 vari, tutte queste organizzazioni hanno una cosa in comune: lavorare per sostenere i bambini!<\/p>[\/et_pb_text][\/et_pb_column][\/et_pb_row][et_pb_row use_custom_gutter= \u00bbon \u00bb make_equal= \u00bbon \u00bb _builder_version= \u00bb4.15.1\u2033 _module_preset= \u00bbdefault \u00bb width= \u00bb95% \u00bb width_tablet= \u00bb \u00bb width_phone= \u00bb100% \u00bb width_last_edited= \u00bbon|phone \u00bb max_width= \u00bb95% \u00bb max_width_tablet= \u00bb \u00bb max_width_phone= \u00bb100% \u00bb max_width_last_edited= \u00bbon|phone \u00bb overflow-x= \u00bbhidden \u00bb overflow-y= \u00bbhidden \u00bb custom_padding= \u00bb|0px||0px|false|true \u00bb hover_enabled= \u00bb0\u2033 overflow-x_tablet= \u00bb \u00bb overflow-x_phone= \u00bb \u00bb overflow-x_last_edited= \u00bbon|desktop \u00bb overflow-y_tablet= \u00bb \u00bb overflow-y_phone= \u00bbhidden \u00bb overflow-y_last_edited= \u00bbon|desktop \u00bb global_colors_info= \u00bb{} \u00bb sticky_enabled= \u00bb0\u2033][et_pb_column type= \u00bb4_4\u2033 module_class= \u00bbblurbassoc \u00bb admin_label= \u00bbColonna \u00bb _builder_version= \u00bb4.15.1\u2033 _module_preset= \u00bbdefault \u00bb custom_padding= \u00bb|0px||0px|false|true \u00bb global_colors_info= \u00bb{} \u00bb][et_pb_blurb title= \u00bbDonazioni di solidariet\u00e0 \u00bb image= \u00bbhttps:\/\/www.wesco-group.com\/wp-content\/uploads\/2021\/09\/dons_solidaires.webp \u00bb _builder_version= \u00bb4.15.1\u2033 _module_preset= \u00bbf0351f99-3fdd-4c70-aba4-c081b67586d1\u2033 global_colors_info= \u00bb{} \u00bb]<p style=\"text-align: justify;\">Fondata nel 2004 e riconosciuta come ente di pubblica utilit\u00e0, l&#039;associazione Dons Solidaires ha come missione la lotta contro gli sprechi e la povert\u00e0. Raccoglie beni non alimentari nuovi invenduti dalle aziende e li ridistribuisce a enti di beneficenza che li forniscono a persone in difficolt\u00e0. Dalle aziende alle organizzazioni benefiche, Dons Solidaires mobilita l&#039;intera filiera della solidariet\u00e0 per combattere l&#039;esclusione.<\/p>\n<p style=\"text-align: justify;\">Dal 2015, la Fondazione d&#039;impresa Wesco sostiene la divisione giovani dell&#039;associazione, in particolare con l&#039;iniziativa &quot;Kit scuola&quot;: un&#039;iniziativa di solidariet\u00e0 per fornire alle famiglie in difficolt\u00e0 il necessario per l&#039;inizio dell&#039;anno scolastico, con materiale nuovo e di qualit\u00e0, distribuito tramite associazioni partner in tutta la Francia.<\/p>\n<p style=\"text-align: center;\"><a href=\"https:\/\/www.donsolidaires.fr\/\" target=\"_blank\" rel=\"noopener\"><strong>https:\/\/www.donsolidaires.fr\/<\/strong><\/a><\/p>[\/et_pb_blurb][et_pb_blurb title=&quot;La Bocage Sports Discovery School&quot; image=&quot;https:\/\/www.wesco-group.com\/wp-content\/uploads\/2021\/09\/logo-EDSDB.webp&quot; _builder_version=&quot;4.15.1&quot; _module_preset=&quot;f0351f99-3fdd-4c70-aba4-c081b67586d1&quot; global_colors_info=&quot;{}&quot;]<p style=\"text-align: justify;\">La Bocage Sports Discovery School, situata a Cerizay, si \u00e8 posta la missione di sensibilizzare e avvicinare tutti i bambini allo sport, avvicinandoli a diverse attivit\u00e0 e promuovendo valori sportivi come lo spirito di squadra.<\/p>\n<p style=\"text-align: justify;\">Dal 2016, sosteniamo i progetti sviluppati dall&#039;EDS per l&#039;inclusione dei bambini con disabilit\u00e0 attraverso lo sport, attraverso il programma &quot;Ex Aequo&quot;. Attivit\u00e0 sportive adattate e non competitive permettono a tutti di aumentare significativamente la propria autostima e di cambiare la propria prospettiva sulla disabilit\u00e0. Siamo tutti uguali sulla linea di partenza!<\/p>\n<p style=\"text-align: center;\"><strong><a href=\"https:\/\/www.edsdubocage.fr\/page\/1919435-actualites\" target=\"_blank\" rel=\"noopener\">https:\/\/www.edsdubocage.fr\/<\/a><\/strong><\/p>[\/et_pb_blurb][et_pb_blurb title= \u00bbGroupe Ornithologique des Deux-S\u00e8vres \u00bb image= \u00bbhttps:\/\/www.wesco-group.com\/wp-content\/uploads\/2021\/11\/logo-GOD.webp \u00bb content_max_width_phone= \u00bb550px \u00bb content_max_width_last_edited= \u00bboff|desktop \u00bb _builder_version= \u00bb4.15.1\u2033 _module_preset= \u00bbf0351f99-3fdd-4c70-aba4-c081b67586d1\u2033 global_colors_info= \u00bb{} \u00bb]<p style=\"text-align: justify;\">Questa associazione, con sede a Niort, si propone di studiare e proteggere gli uccelli selvatici nel dipartimento delle Deux-S\u00e8vres. Parallelamente, svolge attivit\u00e0 di informazione e sensibilizzazione rivolte ai bambini (scuole, centri comunitari, ecc.).<\/p>\n<p style=\"text-align: justify;\">Per il secondo anno consecutivo sosteniamo questo progetto, che permette a 225 bambini del dipartimento di studiare gli uccelli da vicino, nel loro ambiente naturale, quelli di pianura. Introducendoli al processo di indagine scientifica, i bambini sono parte attiva delle loro scoperte e possono comprendere meglio l&#039;ambiente che li circonda.<\/p>\n<p style=\"text-align: center;\"><strong><a href=\"https:\/\/www.ornitho79.org\/\" target=\"_blank\" rel=\"noopener\">https:\/\/www.ornitho79.org\/<\/a><\/strong><\/p>[\/et_pb_blurb][et_pb_blurb title= \u00bbMom&#039;Artre \u00bb image= \u00bbhttps:\/\/www.wesco-group.com\/wp-content\/uploads\/2023\/02\/logo-reseau-transparent_1-300\u00d778.png \u00bb _builder_version= \u00bb4.15.1\u2033 _module_preset= \u00bbf0351f99-3fdd-4c70-aba4-c081b67586d1\u2033 global_colors_info= \u00bb{} \u00bb]<p style=\"text-align: justify;\">M\u00f4m&#039;Artre \u00e8 pi\u00f9 di un semplice asilo nido: \u00e8 un&#039;opzione di assistenza all&#039;infanzia, laboratori artistici e culturali per bambini piccoli o scuole, supporto alla genitorialit\u00e0, formazione nelle professioni dell&#039;infanzia e spazi di quartiere per promuovere la vita comunitaria.<\/p>\n<p style=\"text-align: justify;\">Si stima che oltre 50.000 bambini siano &quot;dimenticati&quot; dalle attivit\u00e0 extrascolastiche, quasi invisibili a causa della situazione estremamente precaria delle loro famiglie. Per intervenire con questo gruppo, molto difficile da seguire a causa della loro situazione instabile, Mom&#039;Artre sta avviando il progetto &quot;Bambini della grande esclusione&quot;, attraverso il quale la fondazione aziendale Wesco interviene consentendo l&#039;accoglienza di bambini in situazioni di emergenza sociale a Nantes, per 7 settimane di vacanze scolastiche completamente gratuite.<\/p>\n<p style=\"text-align: center;\"><strong><a href=\"https:\/\/momartre.net\/\" target=\"_blank\" rel=\"noopener\">https:\/\/momartre.net\/<\/a><\/strong><\/p>[\/et_pb_blurb][et_pb_blurb title= \u00bbCIELO \u00bb image= \u00bbhttps:\/\/www.wesco-group.com\/wp-content\/uploads\/2023\/08\/cielo-150\u00d7150.png \u00bb _builder_version= \u00bb4.15.1\u2033 _module_preset= \u00bbf0351f99-3fdd-4c70-aba4-c081b67586d1\u2033 global_colors_info= \u00bb{} \u00bb]<p style=\"text-align: justify;\"><span style=\"font-weight: 300;\">Fondata nel 1995, CIELO migliora le condizioni di vita delle popolazioni svantaggiate nei paesi in via di sviluppo, sviluppando progetti in collaborazione con gli stakeholder locali per garantirne la sostenibilit\u00e0.<\/span><\/p>\n<p style=\"text-align: justify;\"><span style=\"font-weight: 300;\">Nel quartiere di Sodikombo a Douala, in Camerun, dove 551.000 persone vivono in condizioni di estrema povert\u00e0 e la durata media della scolarizzazione \u00e8 di sei anni, l&#039;associazione costruir\u00e0 e attrezzer\u00e0 un asilo nido per 30 bambini. Oltre a dare impulso all&#039;economia locale attraverso la costruzione dell&#039;edificio, questo progetto faciliter\u00e0 la ricerca di lavoro per le madri e offrir\u00e0 ai propri figli condizioni stimolanti e sicure.<\/span><\/p>\n<p style=\"text-align: center;\"><strong><a href=\"https:\/\/associationcielo.org\" target=\"_blank\" rel=\"noopener\">https:\/\/associationcielo.org<\/a><\/strong><\/p>[\/et_pb_blurb][et_pb_blurb title= \u00bbAssociazione CL\u00c9 \u00bb image= \u00bbhttps:\/\/www.wesco-group.com\/wp-content\/uploads\/2023\/08\/cle-150\u00d7150.jpg \u00bb _builder_version= \u00bb4.15.1\u2033 _module_preset= \u00bbf0351f99-3fdd-4c70-aba4-c081b67586d1\u2033 global_colors_info= \u00bb{} \u00bb]<p style=\"text-align: justify;\"><span style=\"font-weight: 300;\">Da 37 anni, questa associazione, con sede a Parthenay e presente in tutta la regione della G\u00e2tine, lotta contro l&#039;analfabetismo e tutte le difficolt\u00e0 che esso comporta nell&#039;apprendimento delle conoscenze di base, perch\u00e9 sapere significa essere liberi!<\/span><\/p>\n<p style=\"text-align: justify;\"><span style=\"font-weight: 300;\">Sotto gli occhi degli abitanti del quartiere, settimana dopo settimana, la tenda viene montata sempre nello stesso momento, nello stesso luogo. Uno spazio aperto, senza porte da attraversare, a disposizione di tutti: libri, giochi, pennarelli... Ogni settimana vengono proposte nuove attivit\u00e0 legate alla lettura e al tempo libero creativo. Questo \u00e8 il concetto della Passerelle de Rue, il cui obiettivo \u00e8 quello di suscitare il desiderio e il piacere della lettura tra i bambini, spesso lontani dalle attivit\u00e0 culturali. Il sostegno della fondazione permetter\u00e0 all&#039;associazione CL\u00c9 di replicare il progetto in una nuova zona della citt\u00e0. <\/span><\/p>\n<p style=\"text-align: center;\"><strong><a href=\"https:\/\/associationcle.fr\/\" target=\"_blank\" rel=\"noopener\">https:\/\/associationcle.fr\/<\/a><\/strong><\/p>[et_pb_blurb][et_pb_blurb title=&quot;Testimoni polari - La scuola dei polacchi&quot; url=&quot;https:\/\/www.revesdegosse.fr\/l-association&quot; image=&quot;https:\/\/www.wesco-group.com\/wp-content\/uploads\/2023\/08\/Temoins_Polaires_RVB-Noir-e1691504208659.png&quot; _builder_version=&quot;4.15.1&quot; _module_preset=&quot;f0351f99-3fdd-4c70-aba4-c081b67586d1&quot; global_colors_info=&quot;{}&quot;]<p style=\"text-align: justify;\"><span style=\"font-weight: 300;\">Il fondo di dotazione T\u00e9moins Polaires sostiene progetti legati ai poli per comprendere e misurare il cambiamento climatico, ma anche per sensibilizzare le generazioni future attraverso la meraviglia.\u00a0<\/span><\/p>\n<p style=\"text-align: justify;\"><span style=\"font-weight: 300;\">L&#039;immersione nel mondo polare \u00e8 garantita grazie alla Polar School, ospitata in una tradizionale nave a tre alberi! Accoglie circa 7.000 giovani all&#039;anno (dagli 8 ai 18 anni). Oltre a essere sensibilizzati sulle sfide della salvaguardia del pianeta, scoprono la bellezza e la fragilit\u00e0 dei poli, nonch\u00e9 la loro importanza nella regolazione del clima, e sono invitati a diventare essi stessi agenti del cambiamento. <\/span><\/p>\n<p style=\"text-align: center;\"><strong><a href=\"https:\/\/ecoledespoles.fr\" target=\"_blank\" rel=\"noopener\">https:\/\/ecoledespoles.fr<\/a><\/strong><\/p>[et_pb_blurb][et_pb_blurb title=&quot;Associazione Neurofibromatosi e Recklinghausen - Soggiorno La Ribambelle&quot; image=&quot;https:\/\/www.wesco-group.com\/wp-content\/uploads\/2023\/08\/OSE-300\u00d7179.jpg&quot; _builder_version=&quot;4.15.1&quot; _module_preset=&quot;f0351f99-3fdd-4c70-aba4-c081b67586d1&quot; global_colors_info=&quot;{}&quot;]<p style=\"text-align: justify;\"><span style=\"font-weight: 300;\">Le principali missioni di questa associazione nazionale sono il finanziamento della ricerca medica, la diffusione di informazioni sulla neurofibromatosi e il supporto ai pazienti.\u00a0<\/span><\/p>\n<p style=\"text-align: justify;\"><span style=\"font-weight: 300;\">Quando un bambino \u00e8 affetto da neurofibromatosi, l&#039;intera vita quotidiana della famiglia viene sconvolta: alloggio, viaggi, attivit\u00e0, ecc. Poich\u00e9 le opzioni adatte alle persone con disabilit\u00e0 sono rare, queste famiglie non vanno quasi mai in vacanza. Per questo, La Ribambelle organizza un lungo weekend di relax, un soggiorno 100% adatto alle famiglie, indipendentemente dalla loro disabilit\u00e0. Per le famiglie, questo weekend di piacere e scambio permette loro di guardare la normalit\u00e0 da una prospettiva diversa e riduce il senso di esclusione.<\/span><\/p>\n<p style=\"text-align: center;\"><strong><a href=\"https:\/\/www.anrfrance.fr\/\" target=\"_blank\" rel=\"noopener\">https:\/\/www.anrfrance.fr\/<\/a><\/strong><\/p>[\/et_pb_blurb][et_pb_blurb title= \u00bbAssociazione Familiare per l&#039;Istruzione, il Tempo Libero e la Formazione (ALEF) \u00bb image= \u00bbhttps:\/\/www.wesco-group.com\/wp-content\/uploads\/2023\/08\/ALEF-e1691739552312.png \u00bb _builder_version= \u00bb4.15.1\u2033 _module_preset= \u00bbf0351f99-3fdd-4c70-aba4-c081b67586d1\u2033 global_colors_info= \u00bb{} \u00bb]<p style=\"text-align: justify;\"><span style=\"font-weight: 300;\">Questa associazione \u00e8 un&#039;organizzazione dipartimentale che opera nel Basso Reno, in Alsazia. \u00c8 specializzata nell&#039;organizzazione di servizi per l&#039;infanzia (asili nido, attivit\u00e0 doposcuola, soggiorni, ecc.) e supporta le autorit\u00e0 locali nella loro attuazione. Oggi gestisce e fornisce supporto educativo quotidiano a oltre un centinaio di organizzazioni.<\/span><\/p>\n<p style=\"text-align: justify;\"><span style=\"font-weight: 300;\">L&#039;obiettivo del progetto, lanciato da ALEF, \u00e8 quello di rendere le attivit\u00e0 all&#039;aperto una parte essenziale della giornata tipo di un bambino, incentrandosi su tre aree: stare lontano dagli schermi, un&#039;alimentazione equilibrata e l&#039;attivit\u00e0 fisica. Per raggiungere questo obiettivo, 105 facility manager riceveranno una formazione e altrettante strutture saranno dotate di kit educativi per facilitare l&#039;implementazione delle attivit\u00e0.<\/span><\/p>\n<p style=\"text-align: center;\"><strong><a href=\"https:\/\/www.alef.asso.fr\/\" target=\"_blank\" rel=\"noopener\">https:\/\/www.alef.asso.fr\/<\/a><\/strong><\/p>[\/et_pb_blurb][et_pb_blurb title= \u00bbLes Karamuzes \u00bb image= \u00bbhttps:\/\/www.wesco-group.com\/wp-content\/uploads\/2023\/08\/karamuzes.jpg \u00bb _builder_version= \u00bb4.15.1\u2033 _module_preset= \u00bbf0351f99-3fdd-4c70-aba4-c081b67586d1\u2033 global_colors_info= \u00bb{} \u00bb]<p style=\"text-align: justify;\"><span style=\"font-weight: 300;\">I Karamuzes sono un&#039;associazione locale con sede a Maul\u00e9on che si propone di avvicinare la cultura ai bambini delle zone rurali, scrivendo storie e mettendo in scena spettacoli.<\/span><\/p>\n<p style=\"text-align: justify;\"><span style=\"font-weight: 300;\">Dopo aver discusso il tema dell&#039;inclusione e della differenza, i Karamuze partono per nuove avventure, con l&#039;obiettivo di sensibilizzare i giovani sul riscaldamento globale. 250 bambini, dai 3 ai 12 anni, della regione di Maul\u00e9on, potranno partecipare allo sviluppo della nuova avventura Karabis-Trouille e alla messa in scena dello spettacolo previsto per ottobre 2024.<\/span><\/p>\n<p style=\"text-align: center;\"><strong><a href=\"https:\/\/leskaramuzes.jimdofree.com\/\" target=\"_blank\" rel=\"noopener\">https:\/\/leskaramuzes.jimdofree.com\/<\/a><\/strong><\/p>[\/et_pb_blurb][et_pb_blurb title= \u00bbAPF Francia Handicap \u2013 SESSAD Caen Lisieux \u00bb image= \u00bbhttps:\/\/www.wesco-group.com\/wp-content\/uploads\/2023\/11\/apf_01.jpg \u00bb _builder_version= \u00bb4.15.1\u2033 _module_preset= \u00bbf0351f99-3fdd-4c70-aba4-c081b67586d1\u2033 global_colors_info= \u00bb{} \u00bb]<p style=\"text-align: justify;\">Il SESSAD di Caen \u2013 Lisieux offre supporto a bambini e adulti con disabilit\u00e0 motorie, con l\u2019attuazione di una riabilitazione adattata.<br \/>In conformit\u00e0 con le pi\u00f9 recenti raccomandazioni dell&#039;HAS, l&#039;associazione offre corsi di riabilitazione intensivi e divertenti in un ambiente familiare. Gli obiettivi terapeutici dei corsi sono parte integrante della vita quotidiana del bambino. Molto specifici e facilmente raggiungibili, ad esempio tagliando la propria carne, permettono ai bambini di consolidare i propri progressi, di perpetuarli e di sentirsi maggiormente valorizzati. La rilevanza di questo progetto gli ha permesso di vincere il bando della Societ\u00e0 per lo Studio e la Cura dei Bambini Paralizzati.<\/p>\n<p style=\"text-align: center;\"><span><a href=\"http:\/\/apf14.blogs.apf.asso.fr\/\" target=\"_blank\" rel=\"noopener\" tabindex=\"0\"><strong>http:\/\/apf14.blogs.apf.asso.fr\/<\/strong><\/a><\/span><\/p>\n<p style=\"text-align: center;\">[\/et_pb_blurb][\/et_pb_column][\/et_pb_row][et_pb_row _builder_version= \u00bb4.15.1\u2033 _module_preset= \u00bbdefault \u00bb custom_margin= \u00bb29px|auto|29px|auto|true|false \u00bb custom_padding= \u00bb0px||0px||true|false \u00bb hover_enabled= \u00bb0\u2033 global_colors_info= \u00bb{} \u00bb sticky_enabled= \u00bb0\u2033][et_pb_column type= \u00bb4_4\u2033 _builder_version= \u00bb4.15.1\u2033 _module_preset= \u00bbdefault \u00bb global_colors_info= \u00bb{} \u00bb][et_pb_code admin_label= \u00bbCSS caroussel \u00bb _builder_version= \u00bb4.15.1\u2033 _module_preset= \u00bbdefault \u00bb custom_margin= \u00bb0px||0px||true|false \u00bb custom_padding= \u00bb0px||0px||true|false \u00bb hover_enabled= \u00bb0\u2033 global_colors_info= \u00bb{} \u00bb sticky_enabled= \u00bb0\u2033]<script><!-- [et_pb_line_break_holder] -->jQuery(function($){<!-- [et_pb_line_break_holder] -->$('.blurbassoc').slick({<!-- [et_pb_line_break_holder] -->infinite: true,<!-- [et_pb_line_break_holder] -->arrows: true,<!-- [et_pb_line_break_holder] -->dots: false,<!-- [et_pb_line_break_holder] -->slidesToShow: 4,<!-- [et_pb_line_break_holder] -->slidesToScroll: 1,<!-- [et_pb_line_break_holder] -->pauseOnHover: true,<!-- [et_pb_line_break_holder] -->responsive: [<!-- [et_pb_line_break_holder] -->{<!-- [et_pb_line_break_holder] -->breakpoint: 980,<!-- [et_pb_line_break_holder] -->settings: {<!-- [et_pb_line_break_holder] -->slidesToShow: 2,<!-- [et_pb_line_break_holder] -->slidesToScroll: 1<!-- [et_pb_line_break_holder] -->}<!-- [et_pb_line_break_holder] -->},<!-- [et_pb_line_break_holder] -->{<!-- [et_pb_line_break_holder] -->breakpoint: 767,<!-- [et_pb_line_break_holder] -->settings: {<!-- [et_pb_line_break_holder] -->slidesToShow: 1,<!-- [et_pb_line_break_holder] -->slidesToScroll: 1<!-- [et_pb_line_break_holder] -->}<!-- [et_pb_line_break_holder] -->}<!-- [et_pb_line_break_holder] -->]<!-- [et_pb_line_break_holder] -->});<!-- [et_pb_line_break_holder] -->});<!-- [et_pb_line_break_holder] --><\/script>[\/et_pb_code][\/et_pb_column][\/et_pb_row][\/et_pb_section][et_pb_section fb_built= \u00bb1\u2033 custom_padding_last_edited= \u00bbon|phone \u00bb admin_label= \u00bbsei un&#039;associazione\u2026 \u00bb _builder_version= \u00bb4.15\u2033 _module_preset= \u00bbdefault \u00bb background_image= \u00bbhttps:\/\/www.wesco-group.com\/wp-content\/uploads\/2021\/07\/assoc-bg.jpg \u00bb custom_padding= \u00bb6vh||6vh||true|false \u00bb custom_padding_tablet= \u00bb \u00bb custom_padding_phone= \u00bb0vh||0vh||true|false \u00bb da_disable_devices= \u00bboff|off|off \u00bb global_colors_info= \u00bb{} \u00bb da_is_popup= \u00bboff \u00bb da_exit_intent= \u00bboff \u00bb da_has_close= \u00bbon \u00bb da_alt_close= \u00bboff \u00bb da_dark_close= \u00bboff \u00bb da_not_modal= \u00bbon \u00bb da_is_singular= \u00bboff \u00bb da_with_loader= \u00bboff \u00bb da_has_shadow= \u00bbon \u00bb][et_pb_row _builder_version= \u00bb4.15\u2033 _module_preset= \u00bbdefault \u00bb global_colors_info= \u00bb{} \u00bb][et_pb_column type= \u00bb4_4\u2033 _builder_version= \u00bb4.15\u2033 _module_preset= \u00bbdefault \u00bb global_colors_info= \u00bb{} \u00bb][et_pb_text _builder_version= \u00bb4.15\u2033 _module_preset= \u00bbdefault \u00bb header_3_font= \u00bbOswald|||||||| \u00bb header_3_text_align= \u00bbcenter \u00bb header_3_text_color= \u00bb#FFFFFF \u00bb header_3_font_size= \u00bb2.5em \u00bb header_3_line_height= \u00bb1.2em \u00bb custom_margin= \u00bb0px||0px||true|false \u00bb header_3_font_size_tablet= \u00bb2em \u00bb header_3_font_size_phone= \u00bb1.7em \u00bb header_3_font_size_last_edited= \u00bbon|desktop \u00bb global_colors_info= \u00bb{} \u00bb]<h3>Tu sei un&#039;associazione<br \/>o una ONG?<\/h3>[\/et_pb_text][et_pb_text _builder_version= \u00bb4.15\u2033 _module_preset= \u00bbdefault \u00bb text_font= \u00bbOswald|300||||||| \u00bb text_text_color= \u00bb#add4e3\u2033 text_font_size= \u00bb1.7em \u00bb text_orientation= \u00bbcenter \u00bb text_font_size_tablet= \u00bb1.5em \u00bb text_font_size_phone= \u00bb1.4em \u00bb text_font_size_last_edited= \u00bbon|phone \u00bb custom_css_main_element= \u00bbline-height:1.4em; \u00bb global_colors_info= \u00bb{} \u00bb]<p>Condividi la tua iniziativa contattando la Wesco Corporate Foundation<br \/>al seguente indirizzo: <span style=\"color: #ffffff;\">fondationdentreprise@wesco.fr<\/span><\/p>[\/et_pb_text][et_pb_button button_url= \u00bbmailto:fondationdentreprise@wesco.fr \u00bb url_new_window= \u00bbon \u00bb button_text= \u00bbCONTATTACI \u00bb button_alignment= \u00bbcenter \u00bb button_alignment_last_edited= \u00bboff|desktop \u00bb _builder_version= \u00bb4.9.10\u2033 _module_preset= \u00bbdefault \u00bb custom_button= \u00bbon \u00bb button_text_size= \u00bb1.4em \u00bb button_text_color= \u00bb#FFFFFF \u00bb button_bg_color= \u00bb#6ab3d8\u2033 button_border_width= \u00bb0px \u00bb button_border_radius= \u00bb1.5em \u00bb button_letter_spacing= \u00bb0.05em \u00bb button_font= \u00bbOswald|600|||||||| \u00bb button_use_icon= \u00bboff \u00bb custom_padding= \u00bb0.5em|2em|0.5em|2em|true|true \u00bb global_colors_info= \u00bb{} \u00bb button_bg_color__hover_enabled= \u00bbon|desktop \u00bb transform_styles__hover_enabled= \u00bbon|desktop \u00bb transform_scale__hover_enabled= \u00bbon|desktop \u00bb transform_translate__hover_enabled= \u00bbon|desktop \u00bb transform_rotate__hover_enabled= \u00bbon|desktop \u00bb transform_skew__hover_enabled= \u00bbon|desktop \u00bb transform_origin__hover_enabled= \u00bbon|desktop \u00bb transform_scale__hover= \u00bb105%|105% \u00bb button_bg_color__hover= \u00bb#6ab3d8\u2033][\/et_pb_button][\/et_pb_column][\/et_pb_row][\/et_pb_section]","protected":false},"excerpt":{"rendered":"<p>LA FONDAZIONE AZIENDALE WESCO Fin dalle nostre origini, ci impegniamo ogni giorno per consentire ai bambini di imparare e crescere nelle migliori condizioni possibili. Oltre a essere semplicemente sostenitori, volevamo andare oltre, dando forza e significato alle nostre azioni. \u00c8 cos\u00ec che \u00e8 nata la nostra fondazione aziendale Wesco nel 2012. Sostenere chi ne ha bisogno [\u2026]<\/p>","protected":false},"author":1,"featured_media":0,"parent":0,"menu_order":0,"comment_status":"closed","ping_status":"closed","template":"","meta":{"_et_pb_use_builder":"on","_et_pb_old_content":"","_et_gb_content_width":"","inline_featured_image":false,"footnotes":""},"class_list":["post-228219","page","type-page","status-publish","hentry"],"yoast_head":"<!-- This site is optimized with the Yoast SEO plugin v25.9 - https:\/\/yoast.com\/wordpress\/plugins\/seo\/ -->\n<title>LA FONDATION D&#039;ENTREPRISE (before) - Wesco<\/title>\n<meta name=\"robots\" content=\"index, follow, max-snippet:-1, max-image-preview:large, max-video-preview:-1\" \/>\n<link rel=\"canonical\" href=\"https:\/\/www.wesco-group.com\/it\/la-fondation-d-entreprise2\/\" \/>\n<meta property=\"og:locale\" content=\"it_IT\" \/>\n<meta property=\"og:type\" content=\"article\" \/>\n<meta property=\"og:title\" content=\"LA FONDATION D&#039;ENTREPRISE (before) - Wesco\" \/>\n<meta property=\"og:description\" content=\"LA FONDATION D\u2019ENTREPRISE WESCODepuis nos d\u00e9buts, nous nous engageons au quotidien pour permettre aux enfants de s\u2019\u00e9veiller et grandir dans les meilleures conditions. Au-del\u00e0 d\u2019\u00eatre simple m\u00e9c\u00e8ne, nous avons voulu aller encore plus loin en donnant force et sens \u00e0 nos actions. C\u2019est ainsi qu\u2019est n\u00e9e, en 2012, notre fondation d&#039;entreprise Wesco.Accompagnerceux qui en ont [&hellip;]\" \/>\n<meta property=\"og:url\" content=\"https:\/\/www.wesco-group.com\/it\/la-fondation-d-entreprise2\/\" \/>\n<meta property=\"og:site_name\" content=\"Wesco\" \/>\n<meta property=\"article:modified_time\" content=\"2025-09-15T14:29:07+00:00\" \/>\n<meta name=\"twitter:card\" content=\"summary_large_image\" \/>\n<meta name=\"twitter:label1\" content=\"Tempo di lettura stimato\" \/>\n\t<meta name=\"twitter:data1\" content=\"16 minuti\" \/>\n<script type=\"application\/ld+json\" class=\"yoast-schema-graph\">{\"@context\":\"https:\/\/schema.org\",\"@graph\":[{\"@type\":\"WebPage\",\"@id\":\"https:\/\/www.wesco-group.com\/la-fondation-d-entreprise2\/\",\"url\":\"https:\/\/www.wesco-group.com\/la-fondation-d-entreprise2\/\",\"name\":\"LA FONDATION D'ENTREPRISE (before) - Wesco\",\"isPartOf\":{\"@id\":\"https:\/\/www.wesco-group.com\/#website\"},\"datePublished\":\"2021-07-12T08:12:09+00:00\",\"dateModified\":\"2025-09-15T14:29:07+00:00\",\"breadcrumb\":{\"@id\":\"https:\/\/www.wesco-group.com\/la-fondation-d-entreprise2\/#breadcrumb\"},\"inLanguage\":\"it-IT\",\"potentialAction\":[{\"@type\":\"ReadAction\",\"target\":[\"https:\/\/www.wesco-group.com\/la-fondation-d-entreprise2\/\"]}]},{\"@type\":\"BreadcrumbList\",\"@id\":\"https:\/\/www.wesco-group.com\/la-fondation-d-entreprise2\/#breadcrumb\",\"itemListElement\":[{\"@type\":\"ListItem\",\"position\":1,\"name\":\"Accueil\",\"item\":\"https:\/\/www.wesco-group.com\/\"},{\"@type\":\"ListItem\",\"position\":2,\"name\":\"LA FONDATION D&rsquo;ENTREPRISE (before)\"}]},{\"@type\":\"WebSite\",\"@id\":\"https:\/\/www.wesco-group.com\/#website\",\"url\":\"https:\/\/www.wesco-group.com\/\",\"name\":\"Wesco\",\"description\":\"Mobilier enfant, pu\u00e9riculture, jeux et mat\u00e9riel \u00e9ducatif\",\"potentialAction\":[{\"@type\":\"SearchAction\",\"target\":{\"@type\":\"EntryPoint\",\"urlTemplate\":\"https:\/\/www.wesco-group.com\/?s={search_term_string}\"},\"query-input\":{\"@type\":\"PropertyValueSpecification\",\"valueRequired\":true,\"valueName\":\"search_term_string\"}}],\"inLanguage\":\"it-IT\"}]}<\/script>\n<!-- \/ Yoast SEO plugin. -->","yoast_head_json":{"title":"LA FONDAZIONE AZIENDALE (prima) - Wesco","robots":{"index":"index","follow":"follow","max-snippet":"max-snippet:-1","max-image-preview":"max-image-preview:large","max-video-preview":"max-video-preview:-1"},"canonical":"https:\/\/www.wesco-group.com\/it\/la-fondation-d-entreprise2\/","og_locale":"it_IT","og_type":"article","og_title":"LA FONDATION D'ENTREPRISE (before) - Wesco","og_description":"LA FONDATION D\u2019ENTREPRISE WESCODepuis nos d\u00e9buts, nous nous engageons au quotidien pour permettre aux enfants de s\u2019\u00e9veiller et grandir dans les meilleures conditions. Au-del\u00e0 d\u2019\u00eatre simple m\u00e9c\u00e8ne, nous avons voulu aller encore plus loin en donnant force et sens \u00e0 nos actions. C\u2019est ainsi qu\u2019est n\u00e9e, en 2012, notre fondation d'entreprise Wesco.Accompagnerceux qui en ont [&hellip;]","og_url":"https:\/\/www.wesco-group.com\/it\/la-fondation-d-entreprise2\/","og_site_name":"Wesco","article_modified_time":"2025-09-15T14:29:07+00:00","twitter_card":"summary_large_image","twitter_misc":{"Tempo di lettura stimato":"16 minuti"},"schema":{"@context":"https:\/\/schema.org","@graph":[{"@type":"WebPage","@id":"https:\/\/www.wesco-group.com\/la-fondation-d-entreprise2\/","url":"https:\/\/www.wesco-group.com\/la-fondation-d-entreprise2\/","name":"LA FONDAZIONE AZIENDALE (prima) - Wesco","isPartOf":{"@id":"https:\/\/www.wesco-group.com\/#website"},"datePublished":"2021-07-12T08:12:09+00:00","dateModified":"2025-09-15T14:29:07+00:00","breadcrumb":{"@id":"https:\/\/www.wesco-group.com\/la-fondation-d-entreprise2\/#breadcrumb"},"inLanguage":"it-IT","potentialAction":[{"@type":"ReadAction","target":["https:\/\/www.wesco-group.com\/la-fondation-d-entreprise2\/"]}]},{"@type":"BreadcrumbList","@id":"https:\/\/www.wesco-group.com\/la-fondation-d-entreprise2\/#breadcrumb","itemListElement":[{"@type":"ListItem","position":1,"name":"Accueil","item":"https:\/\/www.wesco-group.com\/"},{"@type":"ListItem","position":2,"name":"LA FONDATION D&rsquo;ENTREPRISE (before)"}]},{"@type":"WebSite","@id":"https:\/\/www.wesco-group.com\/#website","url":"https:\/\/www.wesco-group.com\/","name":"Wesco","description":"Mobili per bambini, articoli per l&#039;infanzia, giochi e materiali didattici","potentialAction":[{"@type":"SearchAction","target":{"@type":"EntryPoint","urlTemplate":"https:\/\/www.wesco-group.com\/?s={search_term_string}"},"query-input":{"@type":"PropertyValueSpecification","valueRequired":true,"valueName":"search_term_string"}}],"inLanguage":"it-IT"}]}},"_links":{"self":[{"href":"https:\/\/www.wesco-group.com\/it\/wp-json\/wp\/v2\/pages\/228219","targetHints":{"allow":["GET"]}}],"collection":[{"href":"https:\/\/www.wesco-group.com\/it\/wp-json\/wp\/v2\/pages"}],"about":[{"href":"https:\/\/www.wesco-group.com\/it\/wp-json\/wp\/v2\/types\/page"}],"author":[{"embeddable":true,"href":"https:\/\/www.wesco-group.com\/it\/wp-json\/wp\/v2\/users\/1"}],"replies":[{"embeddable":true,"href":"https:\/\/www.wesco-group.com\/it\/wp-json\/wp\/v2\/comments?post=228219"}],"version-history":[{"count":175,"href":"https:\/\/www.wesco-group.com\/it\/wp-json\/wp\/v2\/pages\/228219\/revisions"}],"predecessor-version":[{"id":246068,"href":"https:\/\/www.wesco-group.com\/it\/wp-json\/wp\/v2\/pages\/228219\/revisions\/246068"}],"wp:attachment":[{"href":"https:\/\/www.wesco-group.com\/it\/wp-json\/wp\/v2\/media?parent=228219"}],"curies":[{"name":"parola chiave","href":"https:\/\/api.w.org\/{rel}","templated":true}]}}