{"id":228219,"date":"2021-07-12T10:12:09","date_gmt":"2021-07-12T08:12:09","guid":{"rendered":"https:\/\/dev.wesco-group.com\/?page_id=228219"},"modified":"2025-09-15T16:29:07","modified_gmt":"2025-09-15T14:29:07","slug":"la-fondation-d-entreprise2","status":"publish","type":"page","link":"https:\/\/www.wesco-group.com\/es\/la-fondation-d-entreprise2\/","title":{"rendered":"LA FONDATION D&rsquo;ENTREPRISE (before)"},"content":{"rendered":"[et_pb_section fb_built=\u00a0\u00bb1&Prime; fullwidth=\u00a0\u00bbon\u00a0\u00bb admin_label=\u00a0\u00bbheader\u00a0\u00bb _builder_version=\u00a0\u00bb4.15&Prime; _module_preset=\u00a0\u00bbdefault\u00a0\u00bb custom_margin=\u00a0\u00bb100px||||false|false\u00a0\u00bb da_disable_devices=\u00a0\u00bboff|off|off\u00a0\u00bb global_colors_info=\u00a0\u00bb{}\u00a0\u00bb da_is_popup=\u00a0\u00bboff\u00a0\u00bb da_exit_intent=\u00a0\u00bboff\u00a0\u00bb da_has_close=\u00a0\u00bbon\u00a0\u00bb da_alt_close=\u00a0\u00bboff\u00a0\u00bb da_dark_close=\u00a0\u00bboff\u00a0\u00bb da_not_modal=\u00a0\u00bbon\u00a0\u00bb da_is_singular=\u00a0\u00bboff\u00a0\u00bb da_with_loader=\u00a0\u00bboff\u00a0\u00bb da_has_shadow=\u00a0\u00bbon\u00a0\u00bb][et_pb_fullwidth_header text_orientation=\u00a0\u00bbright\u00a0\u00bb logo_image_url=\u00a0\u00bbhttps:\/\/www.wesco-group.com\/wp-content\/uploads\/2021\/07\/logofondation-b.png\u00a0\u00bb content_max_width=\u00a0\u00bb25%\u00a0\u00bb content_max_width_tablet=\u00a0\u00bb50%\u00a0\u00bb content_max_width_phone=\u00a0\u00bb100%\u00a0\u00bb content_max_width_last_edited=\u00a0\u00bbon|phone\u00a0\u00bb _builder_version=\u00a0\u00bb4.15&Prime; _module_preset=\u00a0\u00bbdefault\u00a0\u00bb title_font=\u00a0\u00bbOswald||||||||\u00a0\u00bb title_text_align=\u00a0\u00bbcenter\u00a0\u00bb title_font_size=\u00a0\u00bb3.5em\u00a0\u00bb title_line_height=\u00a0\u00bb1.2em\u00a0\u00bb background_enable_color=\u00a0\u00bboff\u00a0\u00bb use_background_color_gradient=\u00a0\u00bbon\u00a0\u00bb background_color_gradient_start=\u00a0\u00bbrgba(0,0,0,0)\u00a0\u00bb background_color_gradient_end=\u00a0\u00bb#125671&Prime; background_color_gradient_direction=\u00a0\u00bb90deg\u00a0\u00bb background_color_gradient_start_position=\u00a0\u00bb45%\u00a0\u00bb background_image=\u00a0\u00bbhttps:\/\/wesco-group.com\/wp-content\/uploads\/2021\/09\/bg-lafondation.webp\u00a0\u00bb background_blend=\u00a0\u00bbmultiply\u00a0\u00bb custom_button_one=\u00a0\u00bbon\u00a0\u00bb button_one_text_size=\u00a0\u00bb18px\u00a0\u00bb button_one_border_width=\u00a0\u00bb1px\u00a0\u00bb button_one_border_radius=\u00a0\u00bb1.5em\u00a0\u00bb button_one_font=\u00a0\u00bbOpen Sans||||||||\u00a0\u00bb button_one_icon=\u00a0\u00bb&#x49;||divi||400&Prime; button_one_on_hover=\u00a0\u00bboff\u00a0\u00bb button_one_custom_margin=\u00a0\u00bb|5vw||5vw|false|true\u00a0\u00bb button_one_custom_margin_tablet=\u00a0\u00bb\u00a0\u00bb button_one_custom_margin_phone=\u00a0\u00bb|8vw||8vw|false|true\u00a0\u00bb button_one_custom_margin_last_edited=\u00a0\u00bbon|phone\u00a0\u00bb button_one_custom_padding=\u00a0\u00bb7px|60px|7px|30px|true|false\u00a0\u00bb button_one_custom_padding_tablet=\u00a0\u00bb\u00a0\u00bb button_one_custom_padding_phone=\u00a0\u00bb|35px||10px|true|false\u00a0\u00bb button_one_custom_padding_last_edited=\u00a0\u00bbon|phone\u00a0\u00bb max_width_last_edited=\u00a0\u00bboff|desktop\u00a0\u00bb module_alignment=\u00a0\u00bbright\u00a0\u00bb custom_padding=\u00a0\u00bb12vh||12vh||true|false\u00a0\u00bb custom_padding_tablet=\u00a0\u00bb10vh||10vh||true|false\u00a0\u00bb custom_padding_phone=\u00a0\u00bb\u00a0\u00bb custom_padding_last_edited=\u00a0\u00bbon|phone\u00a0\u00bb title_font_size_tablet=\u00a0\u00bb3em\u00a0\u00bb title_font_size_phone=\u00a0\u00bb2.5em\u00a0\u00bb title_font_size_last_edited=\u00a0\u00bbon|phone\u00a0\u00bb title_line_height_tablet=\u00a0\u00bb\u00a0\u00bb title_line_height_phone=\u00a0\u00bb\u00a0\u00bb title_line_height_last_edited=\u00a0\u00bbon|desktop\u00a0\u00bb module_alignment_tablet=\u00a0\u00bbcenter\u00a0\u00bb module_alignment_phone=\u00a0\u00bbcenter\u00a0\u00bb module_alignment_last_edited=\u00a0\u00bbon|desktop\u00a0\u00bb custom_css_logo=\u00a0\u00bbwidth:100%;\u00a0\u00bb global_colors_info=\u00a0\u00bb{}\u00a0\u00bb]<h1>LA FONDATION D\u2019ENTREPRISE WESCO<\/h1>[\/et_pb_fullwidth_header][\/et_pb_section][et_pb_section fb_built=\u00a0\u00bb1&Prime; custom_padding_last_edited=\u00a0\u00bbon|phone\u00a0\u00bb admin_label=\u00a0\u00bbPresentation\u00a0\u00bb _builder_version=\u00a0\u00bb4.15&Prime; _module_preset=\u00a0\u00bbdefault\u00a0\u00bb background_color=\u00a0\u00bb#125671&Prime; background_enable_image=\u00a0\u00bboff\u00a0\u00bb background_size=\u00a0\u00bbinitial\u00a0\u00bb background_position=\u00a0\u00bbbottom_right\u00a0\u00bb custom_margin=\u00a0\u00bb0px||0px||true|false\u00a0\u00bb custom_padding=\u00a0\u00bb10vh||10vh||true|false\u00a0\u00bb custom_padding_tablet=\u00a0\u00bb8vh||8vh||true|false\u00a0\u00bb custom_padding_phone=\u00a0\u00bb8vh||6vh||false|false\u00a0\u00bb background_last_edited=\u00a0\u00bboff|desktop\u00a0\u00bb background_enable_image_tablet=\u00a0\u00bboff\u00a0\u00bb da_disable_devices=\u00a0\u00bboff|off|off\u00a0\u00bb global_colors_info=\u00a0\u00bb{}\u00a0\u00bb da_is_popup=\u00a0\u00bboff\u00a0\u00bb da_exit_intent=\u00a0\u00bboff\u00a0\u00bb da_has_close=\u00a0\u00bbon\u00a0\u00bb da_alt_close=\u00a0\u00bboff\u00a0\u00bb da_dark_close=\u00a0\u00bboff\u00a0\u00bb da_not_modal=\u00a0\u00bbon\u00a0\u00bb da_is_singular=\u00a0\u00bboff\u00a0\u00bb da_with_loader=\u00a0\u00bboff\u00a0\u00bb da_has_shadow=\u00a0\u00bbon\u00a0\u00bb][et_pb_row _builder_version=\u00a0\u00bb4.15&Prime; _module_preset=\u00a0\u00bbdefault\u00a0\u00bb custom_margin=\u00a0\u00bb0px||0px||true|false\u00a0\u00bb custom_padding=\u00a0\u00bb0px||0px||true|false\u00a0\u00bb global_colors_info=\u00a0\u00bb{}\u00a0\u00bb][et_pb_column type=\u00a0\u00bb4_4&Prime; _builder_version=\u00a0\u00bb4.15&Prime; _module_preset=\u00a0\u00bbdefault\u00a0\u00bb global_colors_info=\u00a0\u00bb{}\u00a0\u00bb][et_pb_text _builder_version=\u00a0\u00bb4.15&Prime; _module_preset=\u00a0\u00bbdefault\u00a0\u00bb header_text_color=\u00a0\u00bb#FFFFFF\u00a0\u00bb header_2_font=\u00a0\u00bbOswald|300|||||||\u00a0\u00bb header_2_text_color=\u00a0\u00bb#FFFFFF\u00a0\u00bb header_2_font_size=\u00a0\u00bb2.8em\u00a0\u00bb header_2_line_height=\u00a0\u00bb1.2em\u00a0\u00bb background_enable_image=\u00a0\u00bboff\u00a0\u00bb background_size=\u00a0\u00bbinitial\u00a0\u00bb positioning=\u00a0\u00bbrelative\u00a0\u00bb text_orientation=\u00a0\u00bbcenter\u00a0\u00bb width=\u00a0\u00bb64%\u00a0\u00bb width_tablet=\u00a0\u00bb75%\u00a0\u00bb width_phone=\u00a0\u00bb100%\u00a0\u00bb width_last_edited=\u00a0\u00bbon|phone\u00a0\u00bb module_alignment=\u00a0\u00bbcenter\u00a0\u00bb custom_margin=\u00a0\u00bb0px||0px||true|false\u00a0\u00bb custom_padding=\u00a0\u00bb0px||0px||true|false\u00a0\u00bb text_font_size_last_edited=\u00a0\u00bboff|desktop\u00a0\u00bb text_line_height_last_edited=\u00a0\u00bboff|desktop\u00a0\u00bb header_2_font_tablet=\u00a0\u00bb\u00a0\u00bb header_2_font_phone=\u00a0\u00bb\u00a0\u00bb header_2_font_last_edited=\u00a0\u00bbon|phone\u00a0\u00bb header_2_font_size_tablet=\u00a0\u00bb2.2em\u00a0\u00bb header_2_font_size_phone=\u00a0\u00bb2.3em\u00a0\u00bb header_2_font_size_last_edited=\u00a0\u00bbon|phone\u00a0\u00bb header_2_line_height_tablet=\u00a0\u00bb\u00a0\u00bb header_2_line_height_phone=\u00a0\u00bb\u00a0\u00bb header_2_line_height_last_edited=\u00a0\u00bbon|desktop\u00a0\u00bb inline_fonts=\u00a0\u00bbPalanquin\u00a0\u00bb global_colors_info=\u00a0\u00bb{}\u00a0\u00bb]<h2 class=\"guillemet-b\">Depuis nos d\u00e9buts, nous nous engageons au quotidien pour permettre aux enfants de s\u2019\u00e9veiller et grandir dans les meilleures conditions. Au-del\u00e0 d\u2019\u00eatre simple m\u00e9c\u00e8ne, nous avons voulu aller encore plus loin en donnant force et sens \u00e0 nos actions. C\u2019est ainsi qu\u2019est n\u00e9e, en 2012, notre fondation d&rsquo;entreprise Wesco.<span class=\"guillemet-a\"><\/span><\/h2>[\/et_pb_text][\/et_pb_column][\/et_pb_row][\/et_pb_section][et_pb_section fb_built=\u00a0\u00bb1&Prime; custom_padding_last_edited=\u00a0\u00bbon|desktop\u00a0\u00bb admin_label=\u00a0\u00bbAccompagner ceux qui&#8230;\u00a0\u00bb _builder_version=\u00a0\u00bb4.15.1&Prime; _module_preset=\u00a0\u00bbdefault\u00a0\u00bb background_color=\u00a0\u00bb#deeaf3&Prime; custom_margin=\u00a0\u00bb0px||0px||true|false\u00a0\u00bb custom_padding=\u00a0\u00bb6vh||6vh||true|false\u00a0\u00bb custom_padding_tablet=\u00a0\u00bb\u00a0\u00bb custom_padding_phone=\u00a0\u00bb\u00a0\u00bb da_disable_devices=\u00a0\u00bboff|off|off\u00a0\u00bb global_colors_info=\u00a0\u00bb{}\u00a0\u00bb da_is_popup=\u00a0\u00bboff\u00a0\u00bb da_exit_intent=\u00a0\u00bboff\u00a0\u00bb da_has_close=\u00a0\u00bbon\u00a0\u00bb da_alt_close=\u00a0\u00bboff\u00a0\u00bb da_dark_close=\u00a0\u00bboff\u00a0\u00bb da_not_modal=\u00a0\u00bbon\u00a0\u00bb da_is_singular=\u00a0\u00bboff\u00a0\u00bb da_with_loader=\u00a0\u00bboff\u00a0\u00bb da_has_shadow=\u00a0\u00bbon\u00a0\u00bb][et_pb_row _builder_version=\u00a0\u00bb4.15&Prime; _module_preset=\u00a0\u00bbdefault\u00a0\u00bb custom_margin=\u00a0\u00bb0px||0px||true|false\u00a0\u00bb custom_padding=\u00a0\u00bb0px||0px||true|false\u00a0\u00bb global_colors_info=\u00a0\u00bb{}\u00a0\u00bb][et_pb_column type=\u00a0\u00bb4_4&Prime; _builder_version=\u00a0\u00bb4.15&Prime; _module_preset=\u00a0\u00bbdefault\u00a0\u00bb global_colors_info=\u00a0\u00bb{}\u00a0\u00bb][et_pb_text _builder_version=\u00a0\u00bb4.15&Prime; _module_preset=\u00a0\u00bbdefault\u00a0\u00bb header_2_font=\u00a0\u00bbSacramento||||||||\u00a0\u00bb header_2_text_align=\u00a0\u00bbcenter\u00a0\u00bb custom_margin=\u00a0\u00bb10px||10px||true|false\u00a0\u00bb global_colors_info=\u00a0\u00bb{}\u00a0\u00bb]<h2><span class=\"title-1\">Accompagner<\/span><span class=\"subtitle-1\"><br \/>ceux qui en ont le plus besoin<\/span><\/h2>[\/et_pb_text][et_pb_text _builder_version=\u00a0\u00bb4.15&Prime; _module_preset=\u00a0\u00bbdefault\u00a0\u00bb text_font=\u00a0\u00bbOswald|300|||||||\u00a0\u00bb text_text_color=\u00a0\u00bb#125671&Prime; text_font_size=\u00a0\u00bb1.7em\u00a0\u00bb width=\u00a0\u00bb65%\u00a0\u00bb width_tablet=\u00a0\u00bb100%\u00a0\u00bb width_phone=\u00a0\u00bb\u00a0\u00bb width_last_edited=\u00a0\u00bbon|desktop\u00a0\u00bb module_alignment=\u00a0\u00bbcenter\u00a0\u00bb text_font_size_tablet=\u00a0\u00bb1.7em\u00a0\u00bb text_font_size_phone=\u00a0\u00bb1.4em\u00a0\u00bb text_font_size_last_edited=\u00a0\u00bbon|tablet\u00a0\u00bb custom_css_main_element=\u00a0\u00bbline-height:1.2em;\u00a0\u00bb global_colors_info=\u00a0\u00bb{}\u00a0\u00bb custom_css_main_element_tablet=\u00a0\u00bbline-height:1.2em;\u00a0\u00bb custom_css_main_element_phone=\u00a0\u00bbline-height:1.2em;\u00a0\u00bb custom_css_main_element_last_edited=\u00a0\u00bbon|phone\u00a0\u00bb]<p style=\"text-align: justify;\">L\u2019enfance est une p\u00e9riode cl\u00e9 pour la construction de l\u2019adulte en devenir. Nous sommes conscients que tous les enfants ne disposent pas des m\u00eames ressources et n\u2019\u00e9voluent pas tous dans des environnements propices \u00e0 leur bon d\u00e9veloppement. C\u2019est en partant de ce constat que notre Fondation d&rsquo;entreprise a pris tout son sens !<\/p>[\/et_pb_text][\/et_pb_column][\/et_pb_row][et_pb_row column_structure=\u00a0\u00bb1_4,1_4,1_4,1_4&Prime; use_custom_gutter=\u00a0\u00bbon\u00a0\u00bb gutter_width=\u00a0\u00bb2&Prime; _builder_version=\u00a0\u00bb4.15&Prime; width=\u00a0\u00bb100%\u00a0\u00bb max_width=\u00a0\u00bb100%\u00a0\u00bb custom_margin=\u00a0\u00bb45px||45px||true|false\u00a0\u00bb custom_padding=\u00a0\u00bb0px||0px||true|false\u00a0\u00bb global_colors_info=\u00a0\u00bb{}\u00a0\u00bb][et_pb_column type=\u00a0\u00bb1_4&Prime; module_class=\u00a0\u00bbb3_column\u00a0\u00bb _builder_version=\u00a0\u00bb4.15&Prime; background_enable_image=\u00a0\u00bboff\u00a0\u00bb global_colors_info=\u00a0\u00bb{}\u00a0\u00bb][et_pb_blurb _builder_version=\u00a0\u00bb4.15&Prime; header_font=\u00a0\u00bb||||||||\u00a0\u00bb body_font=\u00a0\u00bbOswald|300|||||||\u00a0\u00bb body_text_color=\u00a0\u00bb#0a769e\u00a0\u00bb body_font_size=\u00a0\u00bb1.1vw\u00a0\u00bb body_line_height=\u00a0\u00bb1.1em\u00a0\u00bb background_color=\u00a0\u00bb#FFFFFF\u00a0\u00bb z_index=\u00a0\u00bb1&Prime; text_orientation=\u00a0\u00bbcenter\u00a0\u00bb background_layout=\u00a0\u00bbdark\u00a0\u00bb body_font_size_tablet=\u00a0\u00bb2vw\u00a0\u00bb body_font_size_phone=\u00a0\u00bb16px\u00a0\u00bb body_font_size_last_edited=\u00a0\u00bbon|phone\u00a0\u00bb custom_css_after=\u00a0\u00bbcontent: \u00a0\u00bb;||display: block;||padding-bottom: 100%;\u00a0\u00bb custom_css_blurb_content=\u00a0\u00bbposition:absolute;||width: 100%;||height: 100%;||padding:20px!important;||display: flex;||flex-direction: column;||align-items: center;||justify-content: center;\u00a0\u00bb global_colors_info=\u00a0\u00bb{}\u00a0\u00bb transform_rotate__hover_enabled=\u00a0\u00bbon\u00a0\u00bb transform_styles__hover_enabled=\u00a0\u00bbon\u00a0\u00bb transform_scale__hover_enabled=\u00a0\u00bbon\u00a0\u00bb transform_translate__hover_enabled=\u00a0\u00bbon\u00a0\u00bb transform_skew__hover_enabled=\u00a0\u00bbon\u00a0\u00bb transform_origin__hover_enabled=\u00a0\u00bbon\u00a0\u00bb]<p style=\"text-align: justify;\">Les 3 premi\u00e8res ann\u00e9es de la vie d\u2019un enfant sont d\u00e9terminantes pour son d\u00e9veloppement. La Fondation d\u2019entreprise Wesco soutient des actions qui favorisent l\u2019\u00e9veil, le bien-\u00eatre et l\u2019\u00e9panouissement de B\u00e9b\u00e9.<\/p>[\/et_pb_blurb][et_pb_blurb use_icon=\u00a0\u00bbon\u00a0\u00bb font_icon=\u00a0\u00bb&#x4c;||divi||400&Prime; icon_color=\u00a0\u00bb#FFFFFF\u00a0\u00bb image_icon_width=\u00a0\u00bb30px\u00a0\u00bb disabled_on=\u00a0\u00bbon|on|on\u00a0\u00bb admin_label=\u00a0\u00bbR\u00e9sum\u00e9\u00a0\u00bb module_class=\u00a0\u00bbb3_blurb1&Prime; _builder_version=\u00a0\u00bb4.15&Prime; header_font=\u00a0\u00bb||||||||\u00a0\u00bb background_enable_color=\u00a0\u00bboff\u00a0\u00bb background_image=\u00a0\u00bbhttps:\/\/www.wesco-group.com\/wp-content\/uploads\/2021\/09\/l-epanouissmnt.webp\u00a0\u00bb positioning=\u00a0\u00bbabsolute\u00a0\u00bb z_index=\u00a0\u00bb1&Prime; text_orientation=\u00a0\u00bbcenter\u00a0\u00bb background_layout=\u00a0\u00bbdark\u00a0\u00bb width=\u00a0\u00bb100%\u00a0\u00bb animation=\u00a0\u00bboff\u00a0\u00bb custom_css_main_element=\u00a0\u00bbposition:absolute!important;||transition: all .5s;||cursor: pointer;\u00a0\u00bb custom_css_after=\u00a0\u00bbcontent: \u00a0\u00bb;||display: block;||padding-bottom: 100%;\u00a0\u00bb custom_css_blurb_image=\u00a0\u00bbposition:absolute;||display: block;||height: 40px;||width: 40px;||border:1.5px solid #fff;||padding: 5px 0px 0px 0px!important;||bottom:-30px!important;||right:0px!important;\u00a0\u00bb custom_css_blurb_content=\u00a0\u00bbposition:absolute;||width: 100%;||height: 100%;||padding:30px!important;||display: flex;||flex-direction: column;||align-items: flex-start;||justify-content: flex-end;\u00a0\u00bb icon_font_size=\u00a0\u00bb30px\u00a0\u00bb disabled=\u00a0\u00bbon\u00a0\u00bb global_colors_info=\u00a0\u00bb{}\u00a0\u00bb background__hover_enabled=\u00a0\u00bbon|hover\u00a0\u00bb font_icon__hover_enabled=\u00a0\u00bboff|desktop\u00a0\u00bb font_icon__hover=\u00a0\u00bb&#x4d;||divi||400&Prime; icon_color__hover_enabled=\u00a0\u00bbon|hover\u00a0\u00bb icon_color__hover=\u00a0\u00bb#FFFFFF\u00a0\u00bb]<h3 class=\"blurbtitle2\" style=\"text-align: left; color: #fff!important;\">L&rsquo;\u00c9PANOUISSEMENT<span style=\"font-size: 0.8em; font-weight: 200;\">\nde la Petite Enfance\n&amp; de la parentalit\u00e9<\/span><\/h3>[\/et_pb_blurb][et_pb_blurb use_icon=\u00a0\u00bbon\u00a0\u00bb font_icon=\u00a0\u00bb&#x4c;||divi||400&Prime; icon_color=\u00a0\u00bb#FFFFFF\u00a0\u00bb image_icon_width=\u00a0\u00bb30px\u00a0\u00bb admin_label=\u00a0\u00bbR\u00e9sum\u00e9\u00a0\u00bb module_class=\u00a0\u00bbb3_blurb1&Prime; _builder_version=\u00a0\u00bb4.15&Prime; header_font=\u00a0\u00bb||||||||\u00a0\u00bb background_enable_color=\u00a0\u00bboff\u00a0\u00bb background_image=\u00a0\u00bbhttps:\/\/www.wesco-group.com\/wp-content\/uploads\/2021\/09\/l-epanouissmnt.webp\u00a0\u00bb positioning=\u00a0\u00bbabsolute\u00a0\u00bb z_index=\u00a0\u00bb1&Prime; text_orientation=\u00a0\u00bbcenter\u00a0\u00bb background_layout=\u00a0\u00bbdark\u00a0\u00bb width=\u00a0\u00bb100%\u00a0\u00bb animation=\u00a0\u00bboff\u00a0\u00bb custom_css_main_element=\u00a0\u00bbposition:absolute!important;||transition: all .5s;||cursor: pointer;\u00a0\u00bb custom_css_after=\u00a0\u00bbcontent: \u00a0\u00bb;||display: block;||padding-bottom: 100%;\u00a0\u00bb custom_css_blurb_image=\u00a0\u00bbposition:absolute;||display: block;||height: 40px;||width: 40px;||border:1.5px solid #fff;||padding: 5px 0px 0px 0px!important;||bottom:-30px!important;||right:0px!important;\u00a0\u00bb custom_css_blurb_content=\u00a0\u00bbposition:absolute;||width: 100%;||height: 100%;||padding:30px!important;||display: flex;||flex-direction: column;||align-items: flex-start;||justify-content: flex-end;\u00a0\u00bb icon_font_size=\u00a0\u00bb30px\u00a0\u00bb global_colors_info=\u00a0\u00bb{}\u00a0\u00bb background__hover_enabled=\u00a0\u00bbon|hover\u00a0\u00bb font_icon__hover_enabled=\u00a0\u00bboff|desktop\u00a0\u00bb font_icon__hover=\u00a0\u00bb&#x4d;||divi||400&Prime; icon_color__hover_enabled=\u00a0\u00bbon|hover\u00a0\u00bb icon_color__hover=\u00a0\u00bb#FFFFFF\u00a0\u00bb]<h3 class=\"blurbtitle2\" style=\"text-align: left; color: #fff!important; line-height: 1em;\">L&rsquo;\u00c9PANOUISSEMENT de la Petite Enfance et de la parentalit\u00e9<\/h3>[\/et_pb_blurb][\/et_pb_column][et_pb_column type=\u00a0\u00bb1_4&Prime; module_class=\u00a0\u00bbb3_column\u00a0\u00bb _builder_version=\u00a0\u00bb4.15&Prime; background_enable_image=\u00a0\u00bboff\u00a0\u00bb global_colors_info=\u00a0\u00bb{}\u00a0\u00bb][et_pb_blurb _builder_version=\u00a0\u00bb4.15&Prime; header_font=\u00a0\u00bb||||||||\u00a0\u00bb body_font=\u00a0\u00bbOswald|300|||||||\u00a0\u00bb body_text_color=\u00a0\u00bb#0a769e\u00a0\u00bb body_font_size=\u00a0\u00bb1.1vw\u00a0\u00bb body_line_height=\u00a0\u00bb1.1em\u00a0\u00bb background_color=\u00a0\u00bb#FFFFFF\u00a0\u00bb z_index=\u00a0\u00bb1&Prime; text_orientation=\u00a0\u00bbcenter\u00a0\u00bb background_layout=\u00a0\u00bbdark\u00a0\u00bb body_font_size_tablet=\u00a0\u00bb2vw\u00a0\u00bb body_font_size_phone=\u00a0\u00bb16px\u00a0\u00bb body_font_size_last_edited=\u00a0\u00bbon|phone\u00a0\u00bb custom_css_after=\u00a0\u00bbcontent: \u00a0\u00bb;||display: block;||padding-bottom: 100%;\u00a0\u00bb custom_css_blurb_content=\u00a0\u00bbposition:absolute;||width: 100%;||height: 100%;||padding:20px!important;||display: flex;||flex-direction: column;||align-items: center;||justify-content: center;\u00a0\u00bb global_colors_info=\u00a0\u00bb{}\u00a0\u00bb transform_rotate__hover_enabled=\u00a0\u00bbon\u00a0\u00bb transform_styles__hover_enabled=\u00a0\u00bbon\u00a0\u00bb transform_scale__hover_enabled=\u00a0\u00bbon\u00a0\u00bb transform_translate__hover_enabled=\u00a0\u00bbon\u00a0\u00bb transform_skew__hover_enabled=\u00a0\u00bbon\u00a0\u00bb transform_origin__hover_enabled=\u00a0\u00bbon\u00a0\u00bb]<p style=\"text-align: justify;\">Nous soutenons des projets innovants qui agissent sur la r\u00e9duction les in\u00e9galit\u00e9s sociales et redonnent confiance et espoir aux enfants les plus vuln\u00e9rables.<\/p>[\/et_pb_blurb][et_pb_blurb use_icon=\u00a0\u00bbon\u00a0\u00bb font_icon=\u00a0\u00bb&#x4c;||divi||400&Prime; icon_color=\u00a0\u00bb#FFFFFF\u00a0\u00bb image_icon_width=\u00a0\u00bb30px\u00a0\u00bb disabled_on=\u00a0\u00bbon|on|on\u00a0\u00bb admin_label=\u00a0\u00bbR\u00e9sum\u00e9\u00a0\u00bb module_class=\u00a0\u00bbb3_blurb1&Prime; _builder_version=\u00a0\u00bb4.15&Prime; header_font=\u00a0\u00bb||||||||\u00a0\u00bb background_enable_color=\u00a0\u00bboff\u00a0\u00bb background_image=\u00a0\u00bbhttps:\/\/www.wesco-group.com\/wp-content\/uploads\/2021\/09\/la-protection.webp\u00a0\u00bb positioning=\u00a0\u00bbabsolute\u00a0\u00bb z_index=\u00a0\u00bb1&Prime; text_orientation=\u00a0\u00bbcenter\u00a0\u00bb background_layout=\u00a0\u00bbdark\u00a0\u00bb width=\u00a0\u00bb100%\u00a0\u00bb animation=\u00a0\u00bboff\u00a0\u00bb custom_css_main_element=\u00a0\u00bbposition:absolute!important;||transition: all .5s;||cursor: pointer;\u00a0\u00bb custom_css_after=\u00a0\u00bbcontent: \u00a0\u00bb;||display: block;||padding-bottom: 100%;\u00a0\u00bb custom_css_blurb_image=\u00a0\u00bbposition:absolute;||display: block;||height: 40px;||width: 40px;||border:1.5px solid #fff;||padding: 5px 0px 0px 0px!important;||bottom:-30px!important;||right:0px!important;\u00a0\u00bb custom_css_blurb_content=\u00a0\u00bbposition:absolute;||width: 100%;||height: 100%;||padding:30px!important;||display: flex;||flex-direction: column;||align-items: flex-start;||justify-content: flex-end;\u00a0\u00bb icon_font_size=\u00a0\u00bb30px\u00a0\u00bb disabled=\u00a0\u00bbon\u00a0\u00bb global_colors_info=\u00a0\u00bb{}\u00a0\u00bb background__hover_enabled=\u00a0\u00bbon|hover\u00a0\u00bb font_icon__hover_enabled=\u00a0\u00bboff|desktop\u00a0\u00bb font_icon__hover=\u00a0\u00bb&#x4d;||divi||400&Prime; icon_color__hover_enabled=\u00a0\u00bbon|hover\u00a0\u00bb icon_color__hover=\u00a0\u00bb#FFFFFF\u00a0\u00bb]<h3 class=\"blurbtitle2\" style=\"text-align: left; color: #fff!important;\"><span style=\"line-height: 1.1em;\">LA PROTECTION\nET L&rsquo;INCLUSION<span style=\"font-size: 0.8em; line-height: 0.8em!important; font-weight: 200;\">\ndes enfants<\/span><\/span><\/h3>[\/et_pb_blurb][et_pb_blurb use_icon=\u00a0\u00bbon\u00a0\u00bb font_icon=\u00a0\u00bb&#x4c;||divi||400&Prime; icon_color=\u00a0\u00bb#FFFFFF\u00a0\u00bb image_icon_width=\u00a0\u00bb30px\u00a0\u00bb admin_label=\u00a0\u00bbR\u00e9sum\u00e9\u00a0\u00bb module_class=\u00a0\u00bbb3_blurb1&Prime; _builder_version=\u00a0\u00bb4.15&Prime; header_font=\u00a0\u00bb||||||||\u00a0\u00bb background_enable_color=\u00a0\u00bboff\u00a0\u00bb background_image=\u00a0\u00bbhttps:\/\/www.wesco-group.com\/wp-content\/uploads\/2021\/09\/la-protection.webp\u00a0\u00bb positioning=\u00a0\u00bbabsolute\u00a0\u00bb z_index=\u00a0\u00bb1&Prime; text_orientation=\u00a0\u00bbcenter\u00a0\u00bb background_layout=\u00a0\u00bbdark\u00a0\u00bb width=\u00a0\u00bb100%\u00a0\u00bb animation=\u00a0\u00bboff\u00a0\u00bb custom_css_main_element=\u00a0\u00bbposition:absolute!important;||transition: all .5s;||cursor: pointer;\u00a0\u00bb custom_css_after=\u00a0\u00bbcontent: \u00a0\u00bb;||display: block;||padding-bottom: 100%;\u00a0\u00bb custom_css_blurb_image=\u00a0\u00bbposition:absolute;||display: block;||height: 40px;||width: 40px;||border:1.5px solid #fff;||padding: 5px 0px 0px 0px!important;||bottom:-30px!important;||right:0px!important;\u00a0\u00bb custom_css_blurb_content=\u00a0\u00bbposition:absolute;||width: 100%;||height: 100%;||padding:30px!important;||display: flex;||flex-direction: column;||align-items: flex-start;||justify-content: flex-end;\u00a0\u00bb icon_font_size=\u00a0\u00bb30px\u00a0\u00bb global_colors_info=\u00a0\u00bb{}\u00a0\u00bb background__hover_enabled=\u00a0\u00bbon|hover\u00a0\u00bb font_icon__hover_enabled=\u00a0\u00bboff|desktop\u00a0\u00bb font_icon__hover=\u00a0\u00bb&#x4d;||divi||400&Prime; icon_color__hover_enabled=\u00a0\u00bbon|hover\u00a0\u00bb icon_color__hover=\u00a0\u00bb#FFFFFF\u00a0\u00bb]<h3 class=\"blurbtitle2\" style=\"text-align: left; color: #fff!important;\"><span style=\"line-height: 1.1em;\">LA PROTECTION et L&rsquo;INCLUSION des enfants<\/span><\/h3>[\/et_pb_blurb][\/et_pb_column][et_pb_column type=\u00a0\u00bb1_4&Prime; module_class=\u00a0\u00bbb3_column\u00a0\u00bb _builder_version=\u00a0\u00bb4.15&Prime; background_enable_image=\u00a0\u00bboff\u00a0\u00bb global_colors_info=\u00a0\u00bb{}\u00a0\u00bb][et_pb_blurb _builder_version=\u00a0\u00bb4.15&Prime; header_font=\u00a0\u00bb||||||||\u00a0\u00bb body_font=\u00a0\u00bbOswald|300|||||||\u00a0\u00bb body_text_color=\u00a0\u00bb#0a769e\u00a0\u00bb body_font_size=\u00a0\u00bb1.1vw\u00a0\u00bb body_line_height=\u00a0\u00bb1.1em\u00a0\u00bb background_color=\u00a0\u00bb#FFFFFF\u00a0\u00bb z_index=\u00a0\u00bb1&Prime; text_orientation=\u00a0\u00bbcenter\u00a0\u00bb background_layout=\u00a0\u00bbdark\u00a0\u00bb body_font_size_tablet=\u00a0\u00bb2vw\u00a0\u00bb body_font_size_phone=\u00a0\u00bb16px\u00a0\u00bb body_font_size_last_edited=\u00a0\u00bbon|phone\u00a0\u00bb custom_css_after=\u00a0\u00bbcontent: \u00a0\u00bb;||display: block;||padding-bottom: 100%;\u00a0\u00bb custom_css_blurb_content=\u00a0\u00bbposition:absolute;||width: 100%;||height: 100%;||padding:20px!important;||display: flex;||flex-direction: column;||align-items: center;||justify-content: center;\u00a0\u00bb global_colors_info=\u00a0\u00bb{}\u00a0\u00bb transform_rotate__hover_enabled=\u00a0\u00bbon\u00a0\u00bb transform_styles__hover_enabled=\u00a0\u00bbon\u00a0\u00bb transform_scale__hover_enabled=\u00a0\u00bbon\u00a0\u00bb transform_translate__hover_enabled=\u00a0\u00bbon\u00a0\u00bb transform_skew__hover_enabled=\u00a0\u00bbon\u00a0\u00bb transform_origin__hover_enabled=\u00a0\u00bbon\u00a0\u00bb]<p style=\"text-align: justify;\">Construire le monde de demain, c\u2019est permettre aux enfants d\u2019acc\u00e9der \u00e0 l\u2019\u00e9ducation, \u00e0 la culture et au sport. En soutenant des actions locales, r\u00e9gionales et nationales, nous agissons pour favoriser l\u2019\u00e9galit\u00e9 des chances de tous les enfants.<\/p>[\/et_pb_blurb][et_pb_blurb use_icon=\u00a0\u00bbon\u00a0\u00bb font_icon=\u00a0\u00bb&#x4c;||divi||400&Prime; icon_color=\u00a0\u00bb#FFFFFF\u00a0\u00bb image_icon_width=\u00a0\u00bb30px\u00a0\u00bb disabled_on=\u00a0\u00bbon|on|on\u00a0\u00bb admin_label=\u00a0\u00bbR\u00e9sum\u00e9\u00a0\u00bb module_class=\u00a0\u00bbb3_blurb1&Prime; _builder_version=\u00a0\u00bb4.15&Prime; header_font=\u00a0\u00bb||||||||\u00a0\u00bb background_enable_color=\u00a0\u00bboff\u00a0\u00bb background_image=\u00a0\u00bbhttps:\/\/www.wesco-group.com\/wp-content\/uploads\/2021\/09\/l-insertion.webp\u00a0\u00bb positioning=\u00a0\u00bbabsolute\u00a0\u00bb z_index=\u00a0\u00bb1&Prime; text_orientation=\u00a0\u00bbcenter\u00a0\u00bb background_layout=\u00a0\u00bbdark\u00a0\u00bb width=\u00a0\u00bb100%\u00a0\u00bb animation=\u00a0\u00bboff\u00a0\u00bb custom_css_main_element=\u00a0\u00bbposition:absolute!important;||transition: all .5s;||cursor: pointer;\u00a0\u00bb custom_css_after=\u00a0\u00bbcontent: \u00a0\u00bb;||display: block;||padding-bottom: 100%;\u00a0\u00bb custom_css_blurb_image=\u00a0\u00bbposition:absolute;||display: block;||height: 40px;||width: 40px;||border:1.5px solid #fff;||padding: 5px 0px 0px 0px!important;||bottom:-30px!important;||right:0px!important;\u00a0\u00bb custom_css_blurb_content=\u00a0\u00bbposition:absolute;||width: 100%;||height: 100%;||padding:30px!important;||display: flex;||flex-direction: column;||align-items: flex-start;||justify-content: flex-end;\u00a0\u00bb icon_font_size=\u00a0\u00bb30px\u00a0\u00bb disabled=\u00a0\u00bbon\u00a0\u00bb global_colors_info=\u00a0\u00bb{}\u00a0\u00bb background__hover_enabled=\u00a0\u00bbon|hover\u00a0\u00bb font_icon__hover_enabled=\u00a0\u00bboff|desktop\u00a0\u00bb font_icon__hover=\u00a0\u00bb&#x4d;||divi||400&Prime; icon_color__hover_enabled=\u00a0\u00bbon|hover\u00a0\u00bb icon_color__hover=\u00a0\u00bb#FFFFFF\u00a0\u00bb]<h3 class=\"blurbtitle2\" style=\"text-align: left; color: #fff!important;\">L&rsquo;INSERTION<span style=\"font-size: 0.8em; font-weight: 200;\">\npar l&rsquo;\u00e9ducation,\nle sport &amp; la culture<\/span><\/h3>[\/et_pb_blurb][et_pb_blurb use_icon=\u00a0\u00bbon\u00a0\u00bb font_icon=\u00a0\u00bb&#x4c;||divi||400&Prime; icon_color=\u00a0\u00bb#FFFFFF\u00a0\u00bb image_icon_width=\u00a0\u00bb30px\u00a0\u00bb admin_label=\u00a0\u00bbR\u00e9sum\u00e9\u00a0\u00bb module_class=\u00a0\u00bbb3_blurb1&Prime; _builder_version=\u00a0\u00bb4.15&Prime; header_font=\u00a0\u00bb||||||||\u00a0\u00bb background_enable_color=\u00a0\u00bboff\u00a0\u00bb background_image=\u00a0\u00bbhttps:\/\/www.wesco-group.com\/wp-content\/uploads\/2021\/09\/l-insertion.webp\u00a0\u00bb positioning=\u00a0\u00bbabsolute\u00a0\u00bb z_index=\u00a0\u00bb1&Prime; text_orientation=\u00a0\u00bbcenter\u00a0\u00bb background_layout=\u00a0\u00bbdark\u00a0\u00bb width=\u00a0\u00bb100%\u00a0\u00bb animation=\u00a0\u00bboff\u00a0\u00bb custom_css_main_element=\u00a0\u00bbposition:absolute!important;||transition: all .5s;||cursor: pointer;\u00a0\u00bb custom_css_after=\u00a0\u00bbcontent: \u00a0\u00bb;||display: block;||padding-bottom: 100%;\u00a0\u00bb custom_css_blurb_image=\u00a0\u00bbposition:absolute;||display: block;||height: 40px;||width: 40px;||border:1.5px solid #fff;||padding: 5px 0px 0px 0px!important;||bottom:-30px!important;||right:0px!important;\u00a0\u00bb custom_css_blurb_content=\u00a0\u00bbposition:absolute;||width: 100%;||height: 100%;||padding:30px!important;||display: flex;||flex-direction: column;||align-items: flex-start;||justify-content: flex-end;\u00a0\u00bb icon_font_size=\u00a0\u00bb30px\u00a0\u00bb global_colors_info=\u00a0\u00bb{}\u00a0\u00bb background__hover_enabled=\u00a0\u00bbon|hover\u00a0\u00bb font_icon__hover_enabled=\u00a0\u00bboff|desktop\u00a0\u00bb font_icon__hover=\u00a0\u00bb&#x4d;||divi||400&Prime; icon_color__hover_enabled=\u00a0\u00bbon|hover\u00a0\u00bb icon_color__hover=\u00a0\u00bb#FFFFFF\u00a0\u00bb]<h3 class=\"blurbtitle2\" style=\"text-align: left; color: #fff!important;line-height:1.1em;\">L&rsquo;INSERTION par l&rsquo;\u00e9ducation, le sport &amp; la culture<\/h3>[\/et_pb_blurb][\/et_pb_column][et_pb_column type=\u00a0\u00bb1_4&Prime; module_class=\u00a0\u00bbb3_column\u00a0\u00bb _builder_version=\u00a0\u00bb4.15&Prime; background_enable_image=\u00a0\u00bboff\u00a0\u00bb global_colors_info=\u00a0\u00bb{}\u00a0\u00bb][et_pb_blurb _builder_version=\u00a0\u00bb4.15&Prime; header_font=\u00a0\u00bb||||||||\u00a0\u00bb body_font=\u00a0\u00bbOswald|300|||||||\u00a0\u00bb body_text_color=\u00a0\u00bb#0a769e\u00a0\u00bb body_font_size=\u00a0\u00bb1.1vw\u00a0\u00bb body_line_height=\u00a0\u00bb1.1em\u00a0\u00bb background_color=\u00a0\u00bb#FFFFFF\u00a0\u00bb z_index=\u00a0\u00bb1&Prime; text_orientation=\u00a0\u00bbcenter\u00a0\u00bb background_layout=\u00a0\u00bbdark\u00a0\u00bb body_font_size_tablet=\u00a0\u00bb2vw\u00a0\u00bb body_font_size_phone=\u00a0\u00bb16px\u00a0\u00bb body_font_size_last_edited=\u00a0\u00bbon|phone\u00a0\u00bb custom_css_after=\u00a0\u00bbcontent: \u00a0\u00bb;||display: block;||padding-bottom: 100%;\u00a0\u00bb custom_css_blurb_content=\u00a0\u00bbposition:absolute;||width: 100%;||height: 100%;||padding:20px!important;||display: flex;||flex-direction: column;||align-items: center;||justify-content: center;\u00a0\u00bb global_colors_info=\u00a0\u00bb{}\u00a0\u00bb transform_rotate__hover_enabled=\u00a0\u00bbon\u00a0\u00bb transform_styles__hover_enabled=\u00a0\u00bbon\u00a0\u00bb transform_scale__hover_enabled=\u00a0\u00bbon\u00a0\u00bb transform_translate__hover_enabled=\u00a0\u00bbon\u00a0\u00bb transform_skew__hover_enabled=\u00a0\u00bbon\u00a0\u00bb transform_origin__hover_enabled=\u00a0\u00bbon\u00a0\u00bb]<p style=\"text-align: justify;\">Depuis plus de 15 ans, Wesco prend en compte l\u2019impact de son activit\u00e9 sur l\u2019environnement. L\u2019entreprise poursuit cet engagement via la Fondation en soutenant des actions favorisant la p\u00e9dagogie au contact de la nature.<\/p>[\/et_pb_blurb][et_pb_blurb use_icon=\u00a0\u00bbon\u00a0\u00bb font_icon=\u00a0\u00bb&#x4c;||divi||400&Prime; icon_color=\u00a0\u00bb#FFFFFF\u00a0\u00bb image_icon_width=\u00a0\u00bb30px\u00a0\u00bb disabled_on=\u00a0\u00bbon|on|on\u00a0\u00bb admin_label=\u00a0\u00bbR\u00e9sum\u00e9\u00a0\u00bb module_class=\u00a0\u00bbb3_blurb1&Prime; _builder_version=\u00a0\u00bb4.15&Prime; header_font=\u00a0\u00bb||||||||\u00a0\u00bb background_enable_color=\u00a0\u00bboff\u00a0\u00bb background_image=\u00a0\u00bbhttps:\/\/www.wesco-group.com\/wp-content\/uploads\/2021\/09\/la-sensibilisation.webp\u00a0\u00bb positioning=\u00a0\u00bbabsolute\u00a0\u00bb z_index=\u00a0\u00bb1&Prime; text_orientation=\u00a0\u00bbcenter\u00a0\u00bb background_layout=\u00a0\u00bbdark\u00a0\u00bb width=\u00a0\u00bb100%\u00a0\u00bb animation=\u00a0\u00bboff\u00a0\u00bb custom_css_main_element=\u00a0\u00bbposition:absolute!important;||transition: all .5s;||cursor: pointer;\u00a0\u00bb custom_css_after=\u00a0\u00bbcontent: \u00a0\u00bb;||display: block;||padding-bottom: 100%;\u00a0\u00bb custom_css_blurb_image=\u00a0\u00bbposition:absolute;||display: block;||height: 40px;||width: 40px;||border:1.5px solid #fff;||padding: 5px 0px 0px 0px!important;||bottom:-30px!important;||right:0px!important;\u00a0\u00bb custom_css_blurb_content=\u00a0\u00bbposition:absolute;||width: 100%;||height: 100%;||padding:30px!important;||display: flex;||flex-direction: column;||align-items: flex-start;||justify-content: flex-end;\u00a0\u00bb icon_font_size=\u00a0\u00bb30px\u00a0\u00bb disabled=\u00a0\u00bbon\u00a0\u00bb global_colors_info=\u00a0\u00bb{}\u00a0\u00bb background__hover_enabled=\u00a0\u00bbon|hover\u00a0\u00bb font_icon__hover_enabled=\u00a0\u00bboff|desktop\u00a0\u00bb font_icon__hover=\u00a0\u00bb&#x4d;||divi||400&Prime; icon_color__hover_enabled=\u00a0\u00bbon|hover\u00a0\u00bb icon_color__hover=\u00a0\u00bb#FFFFFF\u00a0\u00bb]<h3 class=\"blurbtitle2\" style=\"text-align: left; color: #fff!important;\">LA SENSIBILISATION<span style=\"font-size: 0.8em; font-weight: 200;\">\ndes enfants au d\u00e9veloppement durable<\/span><\/h3>[\/et_pb_blurb][et_pb_blurb use_icon=\u00a0\u00bbon\u00a0\u00bb font_icon=\u00a0\u00bb&#x4c;||divi||400&Prime; icon_color=\u00a0\u00bb#FFFFFF\u00a0\u00bb image_icon_width=\u00a0\u00bb30px\u00a0\u00bb admin_label=\u00a0\u00bbR\u00e9sum\u00e9\u00a0\u00bb module_class=\u00a0\u00bbb3_blurb1&Prime; _builder_version=\u00a0\u00bb4.15&Prime; header_font=\u00a0\u00bb||||||||\u00a0\u00bb background_enable_color=\u00a0\u00bboff\u00a0\u00bb background_image=\u00a0\u00bbhttps:\/\/www.wesco-group.com\/wp-content\/uploads\/2021\/09\/la-sensibilisation.webp\u00a0\u00bb positioning=\u00a0\u00bbabsolute\u00a0\u00bb z_index=\u00a0\u00bb1&Prime; text_orientation=\u00a0\u00bbcenter\u00a0\u00bb background_layout=\u00a0\u00bbdark\u00a0\u00bb width=\u00a0\u00bb100%\u00a0\u00bb animation=\u00a0\u00bboff\u00a0\u00bb custom_css_main_element=\u00a0\u00bbposition:absolute!important;||transition: all .5s;||cursor: pointer;\u00a0\u00bb custom_css_after=\u00a0\u00bbcontent: \u00a0\u00bb;||display: block;||padding-bottom: 100%;\u00a0\u00bb custom_css_blurb_image=\u00a0\u00bbposition:absolute;||display: block;||height: 40px;||width: 40px;||border:1.5px solid #fff;||padding: 5px 0px 0px 0px!important;||bottom:-30px!important;||right:0px!important;\u00a0\u00bb custom_css_blurb_content=\u00a0\u00bbposition:absolute;||width: 100%;||height: 100%;||padding:30px!important;||display: flex;||flex-direction: column;||align-items: flex-start;||justify-content: flex-end;\u00a0\u00bb icon_font_size=\u00a0\u00bb30px\u00a0\u00bb global_colors_info=\u00a0\u00bb{}\u00a0\u00bb background__hover_enabled=\u00a0\u00bbon|hover\u00a0\u00bb font_icon__hover_enabled=\u00a0\u00bboff|desktop\u00a0\u00bb font_icon__hover=\u00a0\u00bb&#x4d;||divi||400&Prime; icon_color__hover_enabled=\u00a0\u00bbon|hover\u00a0\u00bb icon_color__hover=\u00a0\u00bb#FFFFFF\u00a0\u00bb]<h3 class=\"blurbtitle2\" style=\"text-align: left; color: #fff!important; line-height: 1.1em;\">LA SENSIBILISATION des enfants au d\u00e9veloppement durable<\/h3>[\/et_pb_blurb][\/et_pb_column][\/et_pb_row][\/et_pb_section][et_pb_section fb_built=\u00a0\u00bb1&Prime; custom_padding_last_edited=\u00a0\u00bbon|phone\u00a0\u00bb admin_label=\u00a0\u00bbEt concretement&#8230;\u00a0\u00bb _builder_version=\u00a0\u00bb4.15&Prime; _module_preset=\u00a0\u00bbdefault\u00a0\u00bb background_image=\u00a0\u00bbhttps:\/\/www.wesco-group.com\/wp-content\/uploads\/2021\/09\/fondation-chiffres-1.webp\u00a0\u00bb custom_padding=\u00a0\u00bb6vh||6vh||true|false\u00a0\u00bb custom_padding_tablet=\u00a0\u00bb\u00a0\u00bb custom_padding_phone=\u00a0\u00bb0vh||0vh||true|false\u00a0\u00bb da_disable_devices=\u00a0\u00bboff|off|off\u00a0\u00bb global_colors_info=\u00a0\u00bb{}\u00a0\u00bb da_is_popup=\u00a0\u00bboff\u00a0\u00bb da_exit_intent=\u00a0\u00bboff\u00a0\u00bb da_has_close=\u00a0\u00bbon\u00a0\u00bb da_alt_close=\u00a0\u00bboff\u00a0\u00bb da_dark_close=\u00a0\u00bboff\u00a0\u00bb da_not_modal=\u00a0\u00bbon\u00a0\u00bb da_is_singular=\u00a0\u00bboff\u00a0\u00bb da_with_loader=\u00a0\u00bboff\u00a0\u00bb da_has_shadow=\u00a0\u00bbon\u00a0\u00bb][et_pb_row custom_padding_last_edited=\u00a0\u00bbon|phone\u00a0\u00bb _builder_version=\u00a0\u00bb4.15&Prime; _module_preset=\u00a0\u00bbdefault\u00a0\u00bb custom_padding=\u00a0\u00bb45px||0px||false|false\u00a0\u00bb custom_padding_tablet=\u00a0\u00bb\u00a0\u00bb custom_padding_phone=\u00a0\u00bb\u00a0\u00bb global_colors_info=\u00a0\u00bb{}\u00a0\u00bb][et_pb_column type=\u00a0\u00bb4_4&Prime; _builder_version=\u00a0\u00bb4.15&Prime; _module_preset=\u00a0\u00bbdefault\u00a0\u00bb global_colors_info=\u00a0\u00bb{}\u00a0\u00bb][et_pb_text _builder_version=\u00a0\u00bb4.15&Prime; _module_preset=\u00a0\u00bbdefault\u00a0\u00bb header_2_font=\u00a0\u00bbSacramento||||||||\u00a0\u00bb header_2_text_align=\u00a0\u00bbcenter\u00a0\u00bb custom_margin=\u00a0\u00bb10px||10px||true|false\u00a0\u00bb global_colors_info=\u00a0\u00bb{}\u00a0\u00bb]<h2><span class=\"title-3\">Y en t\u00e9rminos pr\u00e1cticos,<\/span><span class=\"subtitle-3\">\n\u00bfQu\u00e9 nos dice eso?<\/span><\/h2>[\/et_pb_text][et_pb_text _builder_version=\u00a0\u00bb4.15&Prime; _module_preset=\u00a0\u00bbdefault\u00a0\u00bb text_font=\u00a0\u00bbOswald|200|||||||\u00a0\u00bb text_text_color=\u00a0\u00bb#FFFFFF\u00a0\u00bb text_font_size=\u00a0\u00bb1.7em\u00a0\u00bb width=\u00a0\u00bb65%\u00a0\u00bb width_tablet=\u00a0\u00bb100%\u00a0\u00bb width_phone=\u00a0\u00bb\u00a0\u00bb width_last_edited=\u00a0\u00bbon|desktop\u00a0\u00bb module_alignment=\u00a0\u00bbcenter\u00a0\u00bb text_font_size_tablet=\u00a0\u00bb1.7em\u00a0\u00bb text_font_size_phone=\u00a0\u00bb1.4em\u00a0\u00bb text_font_size_last_edited=\u00a0\u00bbon|phone\u00a0\u00bb custom_css_main_element=\u00a0\u00bbline-height:1.2em;\u00a0\u00bb global_colors_info=\u00a0\u00bb{}\u00a0\u00bb custom_css_main_element_tablet=\u00a0\u00bbline-height:1.2em;\u00a0\u00bb custom_css_main_element_phone=\u00a0\u00bbline-height:1.2em;\u00a0\u00bb custom_css_main_element_last_edited=\u00a0\u00bbon|phone\u00a0\u00bb]<p style=\"text-align: justify;\">La fondation Wesco c\u2019est une \u00e9quipe d\u00e9di\u00e9e qui se r\u00e9unit plusieurs fois par an, un budget vot\u00e9 \u00e0 l\u2019unanimit\u00e9 et plusieurs projets soutenus. En toute transparence, voici notre bilan !<\/p>[\/et_pb_text][\/et_pb_column][\/et_pb_row][et_pb_row column_structure=\u00a0\u00bb1_4,1_4,1_4,1_4&Prime; use_custom_gutter=\u00a0\u00bbon\u00a0\u00bb gutter_width=\u00a0\u00bb1&Prime; make_equal=\u00a0\u00bbon\u00a0\u00bb _builder_version=\u00a0\u00bb4.15&Prime; _module_preset=\u00a0\u00bbdefault\u00a0\u00bb width=\u00a0\u00bb60%\u00a0\u00bb width_tablet=\u00a0\u00bb55%\u00a0\u00bb width_phone=\u00a0\u00bb100%\u00a0\u00bb width_last_edited=\u00a0\u00bbon|phone\u00a0\u00bb custom_margin=\u00a0\u00bb||||false|false\u00a0\u00bb custom_padding=\u00a0\u00bb15px||15px||true|false\u00a0\u00bb global_colors_info=\u00a0\u00bb{}\u00a0\u00bb][et_pb_column type=\u00a0\u00bb1_4&Prime; _builder_version=\u00a0\u00bb4.15&Prime; _module_preset=\u00a0\u00bbdefault\u00a0\u00bb custom_padding=\u00a0\u00bb30px||30px||true|false\u00a0\u00bb border_width_all_tablet=\u00a0\u00bb\u00a0\u00bb border_width_all_phone=\u00a0\u00bb\u00a0\u00bb border_width_all_last_edited=\u00a0\u00bbon|desktop\u00a0\u00bb border_width_right_tablet=\u00a0\u00bb0px\u00a0\u00bb border_width_right_phone=\u00a0\u00bb0px\u00a0\u00bb border_width_right_last_edited=\u00a0\u00bboff|tablet\u00a0\u00bb global_colors_info=\u00a0\u00bb{}\u00a0\u00bb][et_pb_blurb image=\u00a0\u00bbhttps:\/\/www.wesco-group.com\/wp-content\/uploads\/2021\/07\/picto-clients.png\u00a0\u00bb _builder_version=\u00a0\u00bb4.15&Prime; _module_preset=\u00a0\u00bbdefault\u00a0\u00bb custom_margin=\u00a0\u00bb0px||0px||true|false\u00a0\u00bb custom_padding=\u00a0\u00bb0px||0px||true|false\u00a0\u00bb global_colors_info=\u00a0\u00bb{}\u00a0\u00bb][\/et_pb_blurb][et_pb_number_counter number=\u00a0\u00bb500 000&Prime; percent_sign=\u00a0\u00bboff\u00a0\u00bb _builder_version=\u00a0\u00bb4.15&Prime; _module_preset=\u00a0\u00bbdefault\u00a0\u00bb title_font=\u00a0\u00bbOpen Sans|600|||||||\u00a0\u00bb title_text_color=\u00a0\u00bb#FFFFFF\u00a0\u00bb title_font_size=\u00a0\u00bb1vw\u00a0\u00bb title_line_height=\u00a0\u00bb1.3em\u00a0\u00bb number_font=\u00a0\u00bbOpen Sans|700|||||||\u00a0\u00bb number_text_color=\u00a0\u00bb#FFFFFF\u00a0\u00bb number_font_size=\u00a0\u00bb42px\u00a0\u00bb number_line_height=\u00a0\u00bb10px\u00a0\u00bb custom_margin=\u00a0\u00bb0px||0px||true|false\u00a0\u00bb custom_padding=\u00a0\u00bb0px||0px||true|false\u00a0\u00bb title_font_size_tablet=\u00a0\u00bb2vw\u00a0\u00bb title_font_size_phone=\u00a0\u00bb16px\u00a0\u00bb title_font_size_last_edited=\u00a0\u00bbon|desktop\u00a0\u00bb custom_css_main_element=\u00a0\u00bbmargin-bottom:-40px!important;\u00a0\u00bb global_colors_info=\u00a0\u00bb{}\u00a0\u00bb][\/et_pb_number_counter][et_pb_text _builder_version=\u00a0\u00bb4.15.1&Prime; _module_preset=\u00a0\u00bbdefault\u00a0\u00bb text_font=\u00a0\u00bbOpen Sans|600|||||||\u00a0\u00bb text_text_color=\u00a0\u00bb#FFFFFF\u00a0\u00bb text_font_size=\u00a0\u00bb1vw\u00a0\u00bb text_line_height=\u00a0\u00bb1.2em\u00a0\u00bb text_orientation=\u00a0\u00bbcenter\u00a0\u00bb custom_padding=\u00a0\u00bb0.3em|0.8em|0.3em|0.8em|true|true\u00a0\u00bb text_font_size_tablet=\u00a0\u00bb2vw\u00a0\u00bb text_font_size_phone=\u00a0\u00bb16px\u00a0\u00bb text_font_size_last_edited=\u00a0\u00bbon|tablet\u00a0\u00bb text_line_height_tablet=\u00a0\u00bb1.3em\u00a0\u00bb text_line_height_phone=\u00a0\u00bb\u00a0\u00bb text_line_height_last_edited=\u00a0\u00bbon|tablet\u00a0\u00bb global_colors_info=\u00a0\u00bb{}\u00a0\u00bb]<p>ni\u00f1os que se han beneficiado desde el principio<\/p>[\/et_pb_text][\/et_pb_column][et_pb_column type=\u00a0\u00bb1_4&Prime; _builder_version=\u00a0\u00bb4.15&Prime; _module_preset=\u00a0\u00bbdefault\u00a0\u00bb custom_padding=\u00a0\u00bb30px||30px||true|false\u00a0\u00bb global_colors_info=\u00a0\u00bb{}\u00a0\u00bb][et_pb_blurb image=\u00a0\u00bbhttps:\/\/www.wesco-group.com\/wp-content\/uploads\/2021\/07\/picto-flag.png\u00a0\u00bb _builder_version=\u00a0\u00bb4.15&Prime; _module_preset=\u00a0\u00bbdefault\u00a0\u00bb custom_margin=\u00a0\u00bb0px||0px||true|false\u00a0\u00bb custom_padding=\u00a0\u00bb0px||0px||true|false\u00a0\u00bb global_colors_info=\u00a0\u00bb{}\u00a0\u00bb][\/et_pb_blurb][et_pb_number_counter number=\u00a0\u00bb11&Prime; percent_sign=\u00a0\u00bboff\u00a0\u00bb _builder_version=\u00a0\u00bb4.15.1&Prime; _module_preset=\u00a0\u00bbdefault\u00a0\u00bb title_font=\u00a0\u00bbOpen Sans|600|||||||\u00a0\u00bb title_text_color=\u00a0\u00bb#FFFFFF\u00a0\u00bb title_font_size=\u00a0\u00bb1vw\u00a0\u00bb title_line_height=\u00a0\u00bb1.3em\u00a0\u00bb number_font=\u00a0\u00bbOpen Sans|700|||||||\u00a0\u00bb number_text_color=\u00a0\u00bb#FFFFFF\u00a0\u00bb number_font_size=\u00a0\u00bb42px\u00a0\u00bb number_line_height=\u00a0\u00bb10px\u00a0\u00bb custom_margin=\u00a0\u00bb0px||0px||true|false\u00a0\u00bb custom_padding=\u00a0\u00bb0px||0px||true|false\u00a0\u00bb title_font_size_tablet=\u00a0\u00bb2vw\u00a0\u00bb title_font_size_phone=\u00a0\u00bb16px\u00a0\u00bb title_font_size_last_edited=\u00a0\u00bbon|desktop\u00a0\u00bb custom_css_main_element=\u00a0\u00bbmargin-bottom:-40px!important;\u00a0\u00bb global_colors_info=\u00a0\u00bb{}\u00a0\u00bb][\/et_pb_number_counter][et_pb_text _builder_version=\u00a0\u00bb4.15.1&Prime; _module_preset=\u00a0\u00bbdefault\u00a0\u00bb text_font=\u00a0\u00bbOpen Sans|600|||||||\u00a0\u00bb text_text_color=\u00a0\u00bb#FFFFFF\u00a0\u00bb text_font_size=\u00a0\u00bb1vw\u00a0\u00bb text_line_height=\u00a0\u00bb1.2em\u00a0\u00bb text_orientation=\u00a0\u00bbcenter\u00a0\u00bb custom_padding=\u00a0\u00bb0.3em|0.8em|0.3em|0.8em|true|true\u00a0\u00bb text_font_size_tablet=\u00a0\u00bb2vw\u00a0\u00bb text_font_size_phone=\u00a0\u00bb16px\u00a0\u00bb text_font_size_last_edited=\u00a0\u00bbon|tablet\u00a0\u00bb text_line_height_tablet=\u00a0\u00bb1.3em\u00a0\u00bb text_line_height_phone=\u00a0\u00bb\u00a0\u00bb text_line_height_last_edited=\u00a0\u00bbon|tablet\u00a0\u00bb global_colors_info=\u00a0\u00bb{}\u00a0\u00bb]<p>projets soutenus en 2023<\/p>[\/et_pb_text][\/et_pb_column][et_pb_column type=\u00a0\u00bb1_4&Prime; _builder_version=\u00a0\u00bb4.15&Prime; _module_preset=\u00a0\u00bbdefault\u00a0\u00bb custom_padding=\u00a0\u00bb30px||30px||true|false\u00a0\u00bb global_colors_info=\u00a0\u00bb{}\u00a0\u00bb][et_pb_blurb image=\u00a0\u00bbhttps:\/\/www.wesco-group.com\/wp-content\/uploads\/2021\/07\/picto-plane.png\u00a0\u00bb _builder_version=\u00a0\u00bb4.15&Prime; _module_preset=\u00a0\u00bbdefault\u00a0\u00bb custom_margin=\u00a0\u00bb0px||0px||true|false\u00a0\u00bb custom_padding=\u00a0\u00bb0px||0px||true|false\u00a0\u00bb global_colors_info=\u00a0\u00bb{}\u00a0\u00bb][\/et_pb_blurb][et_pb_number_counter number=\u00a0\u00bb50&Prime; percent_sign=\u00a0\u00bboff\u00a0\u00bb _builder_version=\u00a0\u00bb4.15.1&Prime; _module_preset=\u00a0\u00bbdefault\u00a0\u00bb title_font=\u00a0\u00bbOpen Sans|600|||||||\u00a0\u00bb title_text_color=\u00a0\u00bb#FFFFFF\u00a0\u00bb title_font_size=\u00a0\u00bb1vw\u00a0\u00bb title_line_height=\u00a0\u00bb1.3em\u00a0\u00bb number_font=\u00a0\u00bbOpen Sans|700|||||||\u00a0\u00bb number_text_color=\u00a0\u00bb#FFFFFF\u00a0\u00bb number_font_size=\u00a0\u00bb42px\u00a0\u00bb number_line_height=\u00a0\u00bb10px\u00a0\u00bb custom_margin=\u00a0\u00bb0px||0px||true|false\u00a0\u00bb custom_padding=\u00a0\u00bb0px||0px||true|false\u00a0\u00bb title_font_size_tablet=\u00a0\u00bb2vw\u00a0\u00bb title_font_size_phone=\u00a0\u00bb16px\u00a0\u00bb title_font_size_last_edited=\u00a0\u00bbon|desktop\u00a0\u00bb custom_css_main_element=\u00a0\u00bbmargin-bottom:-40px!important;\u00a0\u00bb global_colors_info=\u00a0\u00bb{}\u00a0\u00bb][\/et_pb_number_counter][et_pb_text _builder_version=\u00a0\u00bb4.15&Prime; _module_preset=\u00a0\u00bbdefault\u00a0\u00bb text_font=\u00a0\u00bbOpen Sans|600|||||||\u00a0\u00bb text_text_color=\u00a0\u00bb#FFFFFF\u00a0\u00bb text_font_size=\u00a0\u00bb1vw\u00a0\u00bb text_line_height=\u00a0\u00bb1.2em\u00a0\u00bb text_orientation=\u00a0\u00bbcenter\u00a0\u00bb custom_padding=\u00a0\u00bb0.3em|0.8em|0.3em|0.8em|true|true\u00a0\u00bb text_font_size_tablet=\u00a0\u00bb2vw\u00a0\u00bb text_font_size_phone=\u00a0\u00bb16px\u00a0\u00bb text_font_size_last_edited=\u00a0\u00bbon|tablet\u00a0\u00bb text_line_height_tablet=\u00a0\u00bb1.3em\u00a0\u00bb text_line_height_phone=\u00a0\u00bb\u00a0\u00bb text_line_height_last_edited=\u00a0\u00bbon|tablet\u00a0\u00bb global_colors_info=\u00a0\u00bb{}\u00a0\u00bb]<p>proyectos apoyados por la Fundaci\u00f3n desde su creaci\u00f3n<\/p>[\/et_pb_text][\/et_pb_column][et_pb_column type=\u00a0\u00bb1_4&Prime; _builder_version=\u00a0\u00bb4.15&Prime; _module_preset=\u00a0\u00bbdefault\u00a0\u00bb custom_padding=\u00a0\u00bb30px||30px||true|false\u00a0\u00bb global_colors_info=\u00a0\u00bb{}\u00a0\u00bb][et_pb_blurb image=\u00a0\u00bbhttps:\/\/www.wesco-group.com\/wp-content\/uploads\/2021\/07\/picto-heart.png\u00a0\u00bb _builder_version=\u00a0\u00bb4.15&Prime; _module_preset=\u00a0\u00bbdefault\u00a0\u00bb custom_margin=\u00a0\u00bb0px||0px||true|false\u00a0\u00bb custom_padding=\u00a0\u00bb0px||0px||true|false\u00a0\u00bb global_colors_info=\u00a0\u00bb{}\u00a0\u00bb][\/et_pb_blurb][et_pb_number_counter number=\u00a0\u00bb1\u20ac\u00a0\u00bb percent_sign=\u00a0\u00bboff\u00a0\u00bb _builder_version=\u00a0\u00bb4.15&Prime; _module_preset=\u00a0\u00bbdefault\u00a0\u00bb title_font=\u00a0\u00bbOpen Sans|600|||||||\u00a0\u00bb title_text_color=\u00a0\u00bb#FFFFFF\u00a0\u00bb title_font_size=\u00a0\u00bb1.5vw\u00a0\u00bb number_font=\u00a0\u00bbOpen Sans|700|||||||\u00a0\u00bb number_text_color=\u00a0\u00bb#FFFFFF\u00a0\u00bb number_font_size=\u00a0\u00bb42px\u00a0\u00bb number_line_height=\u00a0\u00bb10px\u00a0\u00bb custom_margin=\u00a0\u00bb0px||0px||true|false\u00a0\u00bb custom_padding=\u00a0\u00bb0px||0px||true|false\u00a0\u00bb title_font_size_tablet=\u00a0\u00bb3vw\u00a0\u00bb title_font_size_phone=\u00a0\u00bb22px\u00a0\u00bb title_font_size_last_edited=\u00a0\u00bbon|phone\u00a0\u00bb custom_css_main_element=\u00a0\u00bbmargin-bottom:-40px!important;\u00a0\u00bb global_colors_info=\u00a0\u00bb{}\u00a0\u00bb][\/et_pb_number_counter][et_pb_text _builder_version=\u00a0\u00bb4.15&Prime; _module_preset=\u00a0\u00bbdefault\u00a0\u00bb text_font=\u00a0\u00bbOpen Sans|600|||||||\u00a0\u00bb text_text_color=\u00a0\u00bb#FFFFFF\u00a0\u00bb text_font_size=\u00a0\u00bb1.5vw\u00a0\u00bb text_line_height=\u00a0\u00bb1.2em\u00a0\u00bb text_orientation=\u00a0\u00bbcenter\u00a0\u00bb custom_margin=\u00a0\u00bb-50px||||false|false\u00a0\u00bb custom_padding=\u00a0\u00bb0.3em|0.8em|0.3em|0.8em|true|true\u00a0\u00bb text_font_size_tablet=\u00a0\u00bb2vw\u00a0\u00bb text_font_size_phone=\u00a0\u00bb16px\u00a0\u00bb text_font_size_last_edited=\u00a0\u00bbon|tablet\u00a0\u00bb text_line_height_tablet=\u00a0\u00bb1.3em\u00a0\u00bb text_line_height_phone=\u00a0\u00bb\u00a0\u00bb text_line_height_last_edited=\u00a0\u00bbon|tablet\u00a0\u00bb global_colors_info=\u00a0\u00bb{}\u00a0\u00bb]<p>revertido<\/p>[\/et_pb_text][et_pb_text _builder_version=\u00a0\u00bb4.15&Prime; _module_preset=\u00a0\u00bbdefault\u00a0\u00bb text_font=\u00a0\u00bbOpen Sans|600|||||||\u00a0\u00bb text_text_color=\u00a0\u00bb#FFFFFF\u00a0\u00bb text_font_size=\u00a0\u00bb1vw\u00a0\u00bb text_line_height=\u00a0\u00bb1.2em\u00a0\u00bb text_orientation=\u00a0\u00bbcenter\u00a0\u00bb custom_margin=\u00a0\u00bb0px||0px||true|false\u00a0\u00bb text_font_size_tablet=\u00a0\u00bb2vw\u00a0\u00bb text_font_size_phone=\u00a0\u00bb16px\u00a0\u00bb text_font_size_last_edited=\u00a0\u00bbon|tablet\u00a0\u00bb text_line_height_tablet=\u00a0\u00bb1.3em\u00a0\u00bb text_line_height_phone=\u00a0\u00bb\u00a0\u00bb text_line_height_last_edited=\u00a0\u00bbon|tablet\u00a0\u00bb global_colors_info=\u00a0\u00bb{}\u00a0\u00bb]Nos clients aussi s&rsquo;engagent \u00e0 nos c\u00f4t\u00e9s ![\/et_pb_text][et_pb_text _builder_version=\u00a0\u00bb4.15&Prime; _module_preset=\u00a0\u00bbdefault\u00a0\u00bb text_font=\u00a0\u00bbOpen Sans|600|||||||\u00a0\u00bb text_text_color=\u00a0\u00bb#FFFFFF\u00a0\u00bb text_font_size=\u00a0\u00bb16px\u00a0\u00bb text_line_height=\u00a0\u00bb1em\u00a0\u00bb text_orientation=\u00a0\u00bbcenter\u00a0\u00bb custom_padding=\u00a0\u00bb0.3em|0.8em|0.3em|0.8em|true|true\u00a0\u00bb text_font_size_tablet=\u00a0\u00bb16px\u00a0\u00bb text_font_size_phone=\u00a0\u00bb16px\u00a0\u00bb text_font_size_last_edited=\u00a0\u00bbon|desktop\u00a0\u00bb text_line_height_tablet=\u00a0\u00bb1em\u00a0\u00bb text_line_height_phone=\u00a0\u00bb\u00a0\u00bb text_line_height_last_edited=\u00a0\u00bbon|desktop\u00a0\u00bb global_colors_info=\u00a0\u00bb{}\u00a0\u00bb]<p><span style=\"font-size: small;\">Al suscribirse a uno de nuestros Clubes Advantage, se donar\u00e1 autom\u00e1ticamente 1 \u20ac a la Fundaci\u00f3n.<\/span><\/p>[\/et_pb_text][\/et_pb_column][\/et_pb_row][\/et_pb_section][et_pb_section fb_built=\u00a0\u00bb1&Prime; custom_padding_last_edited=\u00a0\u00bbon|phone\u00a0\u00bb admin_label=\u00a0\u00bbCarrousel associations\u00a0\u00bb _builder_version=\u00a0\u00bb4.15.1&Prime; _module_preset=\u00a0\u00bbdefault\u00a0\u00bb custom_margin=\u00a0\u00bb||||false|false\u00a0\u00bb custom_margin_tablet=\u00a0\u00bb\u00a0\u00bb custom_margin_phone=\u00a0\u00bb0px||0px||true|false\u00a0\u00bb custom_margin_last_edited=\u00a0\u00bbon|phone\u00a0\u00bb custom_padding=\u00a0\u00bb21px|||||\u00a0\u00bb custom_padding_tablet=\u00a0\u00bb\u00a0\u00bb custom_padding_phone=\u00a0\u00bb0px||0px||true|false\u00a0\u00bb da_disable_devices=\u00a0\u00bboff|off|off\u00a0\u00bb global_colors_info=\u00a0\u00bb{}\u00a0\u00bb da_is_popup=\u00a0\u00bboff\u00a0\u00bb da_exit_intent=\u00a0\u00bboff\u00a0\u00bb da_has_close=\u00a0\u00bbon\u00a0\u00bb da_alt_close=\u00a0\u00bboff\u00a0\u00bb da_dark_close=\u00a0\u00bboff\u00a0\u00bb da_not_modal=\u00a0\u00bbon\u00a0\u00bb da_is_singular=\u00a0\u00bboff\u00a0\u00bb da_with_loader=\u00a0\u00bboff\u00a0\u00bb da_has_shadow=\u00a0\u00bbon\u00a0\u00bb][et_pb_row _builder_version=\u00a0\u00bb4.15&Prime; _module_preset=\u00a0\u00bbdefault\u00a0\u00bb custom_margin=\u00a0\u00bb0px||0px||true|false\u00a0\u00bb custom_padding=\u00a0\u00bb0px||0px||true|false\u00a0\u00bb global_colors_info=\u00a0\u00bb{}\u00a0\u00bb][et_pb_column type=\u00a0\u00bb4_4&Prime; _builder_version=\u00a0\u00bb4.15&Prime; _module_preset=\u00a0\u00bbdefault\u00a0\u00bb global_colors_info=\u00a0\u00bb{}\u00a0\u00bb][et_pb_text _builder_version=\u00a0\u00bb4.15&Prime; _module_preset=\u00a0\u00bbdefault\u00a0\u00bb header_2_font=\u00a0\u00bbSacramento||||||||\u00a0\u00bb header_2_text_align=\u00a0\u00bbcenter\u00a0\u00bb custom_margin=\u00a0\u00bb0em||||false|false\u00a0\u00bb custom_margin_tablet=\u00a0\u00bb3em||||false|false\u00a0\u00bb custom_margin_phone=\u00a0\u00bb\u00a0\u00bb custom_margin_last_edited=\u00a0\u00bbon|phone\u00a0\u00bb global_colors_info=\u00a0\u00bb{}\u00a0\u00bb]<h2><span class=\"title\">Nos actions<\/span><span class=\"subtitle\"> en cours<\/span><\/h2>[\/et_pb_text][et_pb_text _builder_version=\u00a0\u00bb4.15&Prime; _module_preset=\u00a0\u00bbdefault\u00a0\u00bb text_font=\u00a0\u00bbOswald|300|||||||\u00a0\u00bb text_text_color=\u00a0\u00bb#125671&Prime; text_font_size=\u00a0\u00bb1.7em\u00a0\u00bb width=\u00a0\u00bb65%\u00a0\u00bb width_tablet=\u00a0\u00bb100%\u00a0\u00bb width_phone=\u00a0\u00bb\u00a0\u00bb width_last_edited=\u00a0\u00bbon|desktop\u00a0\u00bb module_alignment=\u00a0\u00bbcenter\u00a0\u00bb text_font_size_tablet=\u00a0\u00bb1.7em\u00a0\u00bb text_font_size_phone=\u00a0\u00bb1.4em\u00a0\u00bb text_font_size_last_edited=\u00a0\u00bbon|phone\u00a0\u00bb custom_css_main_element=\u00a0\u00bbline-height:1.2em;\u00a0\u00bb global_colors_info=\u00a0\u00bb{}\u00a0\u00bb custom_css_main_element_tablet=\u00a0\u00bbline-height:1.2em;\u00a0\u00bb custom_css_main_element_phone=\u00a0\u00bbline-height:1.2em;\u00a0\u00bb custom_css_main_element_last_edited=\u00a0\u00bbon|phone\u00a0\u00bb]<p style=\"text-align: justify;\">Engag\u00e9es localement ou \u00e0 plus grande \u00e9chelle, voici les associations que nous soutenons actuellement. Si leurs port\u00e9es sont diff\u00e9rentes, toutes ces associations ont un point commun : oeuvrer en faveur de l\u2019enfance !<\/p>[\/et_pb_text][\/et_pb_column][\/et_pb_row][et_pb_row use_custom_gutter=\u00a0\u00bbon\u00a0\u00bb make_equal=\u00a0\u00bbon\u00a0\u00bb _builder_version=\u00a0\u00bb4.15.1&Prime; _module_preset=\u00a0\u00bbdefault\u00a0\u00bb width=\u00a0\u00bb95%\u00a0\u00bb width_tablet=\u00a0\u00bb\u00a0\u00bb width_phone=\u00a0\u00bb100%\u00a0\u00bb width_last_edited=\u00a0\u00bbon|phone\u00a0\u00bb max_width=\u00a0\u00bb95%\u00a0\u00bb max_width_tablet=\u00a0\u00bb\u00a0\u00bb max_width_phone=\u00a0\u00bb100%\u00a0\u00bb max_width_last_edited=\u00a0\u00bbon|phone\u00a0\u00bb overflow-x=\u00a0\u00bbhidden\u00a0\u00bb overflow-y=\u00a0\u00bbhidden\u00a0\u00bb custom_padding=\u00a0\u00bb|0px||0px|false|true\u00a0\u00bb hover_enabled=\u00a0\u00bb0&Prime; overflow-x_tablet=\u00a0\u00bb\u00a0\u00bb overflow-x_phone=\u00a0\u00bb\u00a0\u00bb overflow-x_last_edited=\u00a0\u00bbon|desktop\u00a0\u00bb overflow-y_tablet=\u00a0\u00bb\u00a0\u00bb overflow-y_phone=\u00a0\u00bbhidden\u00a0\u00bb overflow-y_last_edited=\u00a0\u00bbon|desktop\u00a0\u00bb global_colors_info=\u00a0\u00bb{}\u00a0\u00bb sticky_enabled=\u00a0\u00bb0&Prime;][et_pb_column type=\u00a0\u00bb4_4&Prime; module_class=\u00a0\u00bbblurbassoc\u00a0\u00bb admin_label=\u00a0\u00bbColonne\u00a0\u00bb _builder_version=\u00a0\u00bb4.15.1&Prime; _module_preset=\u00a0\u00bbdefault\u00a0\u00bb custom_padding=\u00a0\u00bb|0px||0px|false|true\u00a0\u00bb global_colors_info=\u00a0\u00bb{}\u00a0\u00bb][et_pb_blurb title=\u00a0\u00bbDons solidaires\u00a0\u00bb image=\u00a0\u00bbhttps:\/\/www.wesco-group.com\/wp-content\/uploads\/2021\/09\/dons_solidaires.webp\u00a0\u00bb _builder_version=\u00a0\u00bb4.15.1&Prime; _module_preset=\u00a0\u00bbf0351f99-3fdd-4c70-aba4-c081b67586d1&Prime; global_colors_info=\u00a0\u00bb{}\u00a0\u00bb]<p style=\"text-align: justify;\">Fundada en 2004 y reconocida como organizaci\u00f3n sin \u00e1nimo de lucro, la misi\u00f3n de Dons Solidaires es combatir el despilfarro y la pobreza. Recoge art\u00edculos nuevos, no alimentarios y sin vender de empresas y los redistribuye a organizaciones ben\u00e9ficas, que a su vez los entregan a personas necesitadas. Desde empresas hasta organizaciones ben\u00e9ficas, Dons Solidaires moviliza a toda la red de solidaridad para luchar contra la exclusi\u00f3n.<\/p>\n<p style=\"text-align: justify;\">Desde 2015, la Fundaci\u00f3n Corporativa Wesco apoya la secci\u00f3n juvenil de la asociaci\u00f3n, en particular la iniciativa &quot;Kit Escolar&quot;: una operaci\u00f3n solidaria para proporcionar a las familias con dificultades los materiales necesarios para el inicio del curso escolar, materiales nuevos y de calidad, distribuidos a trav\u00e9s de asociaciones colaboradoras en toda Francia.<\/p>\n<p style=\"text-align: center;\"><a href=\"https:\/\/www.donsolidaires.fr\/\" target=\"_blank\" rel=\"noopener\"><strong>https:\/\/www.donsolidaires.fr\/<\/strong><\/a><\/p>[\/et_pb_blurb][et_pb_blurb title=\u00a0\u00bbl\u2019Ecole de D\u00e9couverte des Sports du Bocage\u00a0\u00bb image=\u00a0\u00bbhttps:\/\/www.wesco-group.com\/wp-content\/uploads\/2021\/09\/logo-EDSDB.webp\u00a0\u00bb _builder_version=\u00a0\u00bb4.15.1&Prime; _module_preset=\u00a0\u00bbf0351f99-3fdd-4c70-aba4-c081b67586d1&Prime; global_colors_info=\u00a0\u00bb{}\u00a0\u00bb]<p style=\"text-align: justify;\">L\u2019Ecole de D\u00e9couverte des Sports du Bocage, situ\u00e9e \u00e0 Cerizay, s\u2019est donn\u00e9 pour mission d\u2019\u00e9veiller et d\u2019initier tous les enfants au sport, de leur faire d\u00e9couvrir diff\u00e9rentes activit\u00e9s et de promouvoir les valeurs sportives comme l\u2019esprit d\u2019\u00e9quipe.<\/p>\n<p style=\"text-align: justify;\">Depuis 2016, nous soutenons les projets d\u00e9velopp\u00e9s par l\u2019EDS autour de l\u2019inclusion des enfants en situation de handicap par le sport, au travers du programme \u201cEx Aequo\u201d. Les activit\u00e9s sportives adapt\u00e9es et sans comp\u00e9tition permettent \u00e0 chacun d\u2019augmenter consid\u00e9rablement sa confiance en soi et de changer son regard sur le handicap. On est tous \u00e9gaux sur la ligne de d\u00e9part !<\/p>\n<p style=\"text-align: center;\"><strong><a href=\"https:\/\/www.edsdubocage.fr\/page\/1919435-actualites\" target=\"_blank\" rel=\"noopener\">https:\/\/www.edsdubocage.fr\/<\/a><\/strong><\/p>[\/et_pb_blurb][et_pb_blurb title=\u00a0\u00bbGroupe Ornithologique des Deux-S\u00e8vres\u00a0\u00bb image=\u00a0\u00bbhttps:\/\/www.wesco-group.com\/wp-content\/uploads\/2021\/11\/logo-GOD.webp\u00a0\u00bb content_max_width_phone=\u00a0\u00bb550px\u00a0\u00bb content_max_width_last_edited=\u00a0\u00bboff|desktop\u00a0\u00bb _builder_version=\u00a0\u00bb4.15.1&Prime; _module_preset=\u00a0\u00bbf0351f99-3fdd-4c70-aba4-c081b67586d1&Prime; global_colors_info=\u00a0\u00bb{}\u00a0\u00bb]<p style=\"text-align: justify;\">Cette association, dont le si\u00e8ge est \u00e0 Niort, a pour objet d\u2019\u00e9tudier et de prot\u00e9ger les oiseaux sauvages du d\u00e9partement des Deux-S\u00e8vres. En parall\u00e8le, elle m\u00e8ne des actions d\u2019informations et de sensibilisation aupr\u00e8s des enfants (scolaires, centres socioculturels, etc.).<\/p>\n<p style=\"text-align: justify;\">Pour la deuxi\u00e8me ann\u00e9e cons\u00e9cutive, nous soutenons ce projet qui permet \u00e0 225 enfants du d\u00e9partement d\u2019\u00e9tudier des oiseaux proches de leur environnement, les oiseaux de plaine. En les initiant \u00e0 la d\u00e9marche d\u2019investigation scientifique, les enfants sont acteurs de leurs d\u00e9couvertes et peuvent mieux comprendre l\u2019environnement qui les entoure.<\/p>\n<p style=\"text-align: center;\"><strong><a href=\"https:\/\/www.ornitho79.org\/\" target=\"_blank\" rel=\"noopener\">https:\/\/www.ornitho79.org\/<\/a><\/strong><\/p>[\/et_pb_blurb][et_pb_blurb title=\u00a0\u00bbMom\u2019Artre\u00a0\u00bb image=\u00a0\u00bbhttps:\/\/www.wesco-group.com\/wp-content\/uploads\/2023\/02\/logo-reseau-transparent_1-300&#215;78.png\u00a0\u00bb _builder_version=\u00a0\u00bb4.15.1&Prime; _module_preset=\u00a0\u00bbf0351f99-3fdd-4c70-aba4-c081b67586d1&Prime; global_colors_info=\u00a0\u00bb{}\u00a0\u00bb]<p style=\"text-align: justify;\">M\u00f4m\u2019Artre, plus qu\u2019une simple structure d\u2019accueil, c\u2019est un mode de garde, des ateliers artistiques et culturels aupr\u00e8s de la petite enfance ou des \u00e9coles, un accompagnement \u00e0 la parentalit\u00e9, des formations dans les m\u00e9tiers de l\u2019enfance, des lieux de quartier pour favoriser le vivre-ensemble.<\/p>\n<p style=\"text-align: justify;\">On estime \u00e0 plus de 50 000 le nombre d\u2019enfants \u201coubli\u00e9s\u201d du p\u00e9riscolaires, presque invisibles \u00e0 cause de la situation de pr\u00e9carit\u00e9 extr\u00eame de leur famille. Pour intervenir aupr\u00e8s de ce public tr\u00e8s difficile \u00e0 suivre \u00e0 cause de leur situation instable, Mom\u2019Artre met en place le projet \u2018\u201cles enfants de la grande exclusion\u201d, au travers lequel la fondation d\u2019entreprise Wesco agit en permettant l\u2019accueil d\u2019enfants en situation d\u2019urgence sociale \u00e0 Nantes, pendant 7 semaines de vacances scolaires de mani\u00e8re totalement gratuite.<\/p>\n<p style=\"text-align: center;\"><strong><a href=\"https:\/\/momartre.net\/\" target=\"_blank\" rel=\"noopener\">https:\/\/momartre.net\/<\/a><\/strong><\/p>[\/et_pb_blurb][et_pb_blurb title=\u00a0\u00bbC.I.E.LO\u00a0\u00bb image=\u00a0\u00bbhttps:\/\/www.wesco-group.com\/wp-content\/uploads\/2023\/08\/cielo-150&#215;150.png\u00a0\u00bb _builder_version=\u00a0\u00bb4.15.1&Prime; _module_preset=\u00a0\u00bbf0351f99-3fdd-4c70-aba4-c081b67586d1&Prime; global_colors_info=\u00a0\u00bb{}\u00a0\u00bb]<p style=\"text-align: justify;\"><span style=\"font-weight: 300;\">Existant depuis 1995, C.I.E.LO am\u00e9liore les conditions de vie de populations d\u00e9favoris\u00e9es dans des pays en d\u00e9veloppement, en faisant na\u00eetre des projets en collaboration avec les acteurs locaux, afin de s\u2019assurer de leur p\u00e9rennit\u00e9.<\/span><\/p>\n<p style=\"text-align: justify;\"><span style=\"font-weight: 300;\">Dans le quartier de Sodikombo de la ville de Douala, au Cameroun, o\u00f9 55% de la population vit dans une situation d\u2019extr\u00eame pauvret\u00e9 et o\u00f9 la dur\u00e9e moyenne de scolarisation est de 6 ans, l\u2019association va construire et \u00e9quiper une garderie pour 30 jeunes enfants. En plus d\u2019encourager l\u2019\u00e9conomie locale gr\u00e2ce \u00e0 la construction du b\u00e2timent, ce projet va permettre aux m\u00e8res d\u2019acc\u00e9der au travail plus facilement et de faire b\u00e9n\u00e9ficier \u00e0 leurs enfants de conditions stimulantes et s\u00e9cures.<\/span><\/p>\n<p style=\"text-align: center;\"><strong><a href=\"https:\/\/associationcielo.org\" target=\"_blank\" rel=\"noopener\">https:\/\/associationcielo.org<\/a><\/strong><\/p>[\/et_pb_blurb][et_pb_blurb title=\u00a0\u00bbAssociation CL\u00c9\u00a0\u00bb image=\u00a0\u00bbhttps:\/\/www.wesco-group.com\/wp-content\/uploads\/2023\/08\/cle-150&#215;150.jpg\u00a0\u00bb _builder_version=\u00a0\u00bb4.15.1&Prime; _module_preset=\u00a0\u00bbf0351f99-3fdd-4c70-aba4-c081b67586d1&Prime; global_colors_info=\u00a0\u00bb{}\u00a0\u00bb]<p style=\"text-align: justify;\"><span style=\"font-weight: 300;\">Depuis 37 ans, cette association situ\u00e9e \u00e0 Parthenay et rayonnant dans toute la G\u00e2tine, lutte contre l\u2019illettrisme et toutes ses difficult\u00e9s dans les savoirs fondamentaux, car savoir, c\u2019est \u00eatre libre !<\/span><\/p>\n<p style=\"text-align: justify;\"><span style=\"font-weight: 300;\">Sous les yeux des habitants du quartier, de semaine en semaine, la tente s\u2019installe \u00e0 la m\u00eame heure, au m\u00eame endroit. Un espace ouvert, pas de porte \u00e0 franchir et \u00e0 disposition de chacun, des livres, des jeux, des feutres\u2026 Chaque semaine, de nouvelles activit\u00e9s sont propos\u00e9es, en lien avec la lecture et les loisirs cr\u00e9atifs. C\u2019est le concept de la Passerelle de Rue, dont l\u2019objectif est de faire na\u00eetre le d\u00e9sir et le plaisir de lire aupr\u00e8s d\u2019enfants souvent \u00e9loign\u00e9s des activit\u00e9s culturelles. Le soutien de la fondation va permettre \u00e0 l\u2019association CL\u00c9 de r\u00e9it\u00e9rer le projet dans un nouveau quartier de la ville. <\/span><\/p>\n<p style=\"text-align: center;\"><strong><a href=\"https:\/\/associationcle.fr\/\" target=\"_blank\" rel=\"noopener\">https:\/\/associationcle.fr\/<\/a><\/strong><\/p>[\/et_pb_blurb][et_pb_blurb title=\u00a0\u00bbT\u00e9moins Polaires &#8211; L&rsquo;\u00e9cole des P\u00f4les\u00a0\u00bb url=\u00a0\u00bbhttps:\/\/www.revesdegosse.fr\/l-association\u00a0\u00bb image=\u00a0\u00bbhttps:\/\/www.wesco-group.com\/wp-content\/uploads\/2023\/08\/Temoins_Polaires_RVB-Noir-e1691504208659.png\u00a0\u00bb _builder_version=\u00a0\u00bb4.15.1&Prime; _module_preset=\u00a0\u00bbf0351f99-3fdd-4c70-aba4-c081b67586d1&Prime; global_colors_info=\u00a0\u00bb{}\u00a0\u00bb]<p style=\"text-align: justify;\"><span style=\"font-weight: 300;\">Le fonds de dotation T\u00e9moins Polaires soutient des projets en lien avec les p\u00f4les pour comprendre et mesurer le d\u00e9r\u00e8glement climatique, mais aussi sensibiliser les g\u00e9n\u00e9rations futures par l\u2019\u00e9merveillement.\u00a0<\/span><\/p>\n<p style=\"text-align: justify;\"><span style=\"font-weight: 300;\">Immersion dans le monde polaire garantie gr\u00e2ce \u00e0 l\u2019\u00e9cole des P\u00f4les, h\u00e9berg\u00e9e dans un bateau trois m\u00e2ts de tradition ! Elle accueille environ 7000 jeunes par an (de 8 \u00e0 18 ans). En plus d\u2019\u00eatre sensibilis\u00e9s aux enjeux de la protection de la plan\u00e8te, ils d\u00e9couvrent la beaut\u00e9 et la fragilit\u00e9 des p\u00f4les ainsi que leur importance dans la r\u00e9gulation du climat et sont invit\u00e9s \u00e0 devenir eux-m\u00eames acteurs du changement. <\/span><\/p>\n<p style=\"text-align: center;\"><strong><a href=\"https:\/\/ecoledespoles.fr\" target=\"_blank\" rel=\"noopener\">https:\/\/ecoledespoles.fr<\/a><\/strong><\/p>[\/et_pb_blurb][et_pb_blurb title=\u00a0\u00bbAssociation Neurofibromatoses et Recklinghausen &#8211; S\u00e9jour la Ribambelle\u00a0\u00bb image=\u00a0\u00bbhttps:\/\/www.wesco-group.com\/wp-content\/uploads\/2023\/08\/OSE-300&#215;179.jpg\u00a0\u00bb _builder_version=\u00a0\u00bb4.15.1&Prime; _module_preset=\u00a0\u00bbf0351f99-3fdd-4c70-aba4-c081b67586d1&Prime; global_colors_info=\u00a0\u00bb{}\u00a0\u00bb]<p style=\"text-align: justify;\"><span style=\"font-weight: 300;\">Les principales missions de cette association nationale sont le financement de la recherche m\u00e9dicale, la diffusion d\u2019informations sur les Neurofibromatoses et le soutien aux malades.\u00a0<\/span><\/p>\n<p style=\"text-align: justify;\"><span style=\"font-weight: 300;\">Quand un enfant est touch\u00e9 par une maladie neurofibromatose, c\u2019est toute la famille qui voit son quotidien boulevers\u00e9 : logement, d\u00e9placements, activit\u00e9s, etc. Les offres adapt\u00e9s au handicap \u00e9tant rares, ces familles ne partent quasiment jamais en vacances. Alors la Ribambelle organise un grand week-end de d\u00e9tente, un s\u00e9jour 100% adapt\u00e9 aux familles, quel que soit le handicap. Pour les familles, le temps d\u2019un week-end, ce moment de plaisir et d\u2019\u00e9change permet un autre regard sur la normalit\u00e9 et diminue le sentiment d\u2019exclusion.<\/span><\/p>\n<p style=\"text-align: center;\"><strong><a href=\"https:\/\/www.anrfrance.fr\/\" target=\"_blank\" rel=\"noopener\">https:\/\/www.anrfrance.fr\/<\/a><\/strong><\/p>[\/et_pb_blurb][et_pb_blurb title=\u00a0\u00bbAssociation familiale de Loisirs Educatifs et de Formations (ALEF)\u00a0\u00bb image=\u00a0\u00bbhttps:\/\/www.wesco-group.com\/wp-content\/uploads\/2023\/08\/ALEF-e1691739552312.png\u00a0\u00bb _builder_version=\u00a0\u00bb4.15.1&Prime; _module_preset=\u00a0\u00bbf0351f99-3fdd-4c70-aba4-c081b67586d1&Prime; global_colors_info=\u00a0\u00bb{}\u00a0\u00bb]<p style=\"text-align: justify;\"><span style=\"font-weight: 300;\">Cette association est un organisme d\u00e9partemental agissant dans le Bas-Rhin, Alsace. Elle est sp\u00e9cialis\u00e9e dans l\u2019organisation d\u2019accueils destin\u00e9s \u00e0 la petite enfance et\u00a0 l\u2019enfance (cr\u00e8ches, p\u00e9riscolaires, s\u00e9jours\u2026) et accompagne les collectivit\u00e9s dans leur mise en \u0153uvre. Elle assure aujourd\u2019hui la gestion l\u2019accompagnement p\u00e9dagogique au quotidien de plus d\u2019une centaine de structures.<\/span><\/p>\n<p style=\"text-align: justify;\"><span style=\"font-weight: 300;\">L\u2019objectif du projet mont\u00e9 par l\u2019ALEF est d\u2019inscrire les activit\u00e9s de pleine nature comme une composante incontournable d\u2019une journ\u00e9e type d\u2019un enfant, centr\u00e9 autour de trois axes : \u00e9loignement des \u00e9crans, alimentation \u00e9quilibr\u00e9e et activit\u00e9s physiques. Pour atteindre cet objectif, 105 responsables de structures vont pouvoir b\u00e9n\u00e9ficier de formations et autant de structures seront \u00e9quip\u00e9es de malles p\u00e9dagogiques pour faciliter la mise en place d\u2019activit\u00e9s.<\/span><\/p>\n<p style=\"text-align: center;\"><strong><a href=\"https:\/\/www.alef.asso.fr\/\" target=\"_blank\" rel=\"noopener\">https:\/\/www.alef.asso.fr\/<\/a><\/strong><\/p>[\/et_pb_blurb][et_pb_blurb title=\u00a0\u00bbLes Karamuzes\u00a0\u00bb image=\u00a0\u00bbhttps:\/\/www.wesco-group.com\/wp-content\/uploads\/2023\/08\/karamuzes.jpg\u00a0\u00bb _builder_version=\u00a0\u00bb4.15.1&Prime; _module_preset=\u00a0\u00bbf0351f99-3fdd-4c70-aba4-c081b67586d1&Prime; global_colors_info=\u00a0\u00bb{}\u00a0\u00bb]<p style=\"text-align: justify;\"><span style=\"font-weight: 300;\">Association locale situ\u00e9e \u00e0 Maul\u00e9on, les Karamuzes am\u00e8nent la culture au plus pr\u00e8s des enfants en milieu rural, au travers de l\u2019\u00e9criture de contes et de la mise en sc\u00e8ne de spectacles.<\/span><\/p>\n<p style=\"text-align: justify;\"><span style=\"font-weight: 300;\">Apr\u00e8s avoir \u00e9voqu\u00e9 le sujet de l\u2019inclusion et de la diff\u00e9rence, les Karamuzes repartent pour de nouvelles p\u00e9rip\u00e9ties, avec comme objectif de sensibiliser les plus jeunes au r\u00e9chauffement climatique. 250 enfants, de 3 \u00e0 12 ans, originaires du maul\u00e9onnais, vont pouvoir participer \u00e0 l\u2019\u00e9laboration de la nouvelle aventure de Karabis-Trouille ainsi qu\u2019\u00e0 la mise en sc\u00e8ne du spectacle pr\u00e9vu pour octobre 2024.<\/span><\/p>\n<p style=\"text-align: center;\"><strong><a href=\"https:\/\/leskaramuzes.jimdofree.com\/\" target=\"_blank\" rel=\"noopener\">https:\/\/leskaramuzes.jimdofree.com\/<\/a><\/strong><\/p>[\/et_pb_blurb][et_pb_blurb title=\u00a0\u00bbAPF France Handicap &#8211; SESSAD Caen Lisieux\u00a0\u00bb image=\u00a0\u00bbhttps:\/\/www.wesco-group.com\/wp-content\/uploads\/2023\/11\/apf_01.jpg\u00a0\u00bb _builder_version=\u00a0\u00bb4.15.1&Prime; _module_preset=\u00a0\u00bbf0351f99-3fdd-4c70-aba4-c081b67586d1&Prime; global_colors_info=\u00a0\u00bb{}\u00a0\u00bb]<p style=\"text-align: justify;\">Le SESSAD de Caen &#8211; Lisieux propose un accompagnement pour les enfants et adultes en situation de handicap moteur, avec la mise en place de r\u00e9\u00e9ducations adapt\u00e9es.<br \/>L\u2019association propose, en accord avec les derni\u00e8res recommandations de la HAS, des stages de r\u00e9\u00e9ducation intensifs et ludiques, dans le cadre du milieu ordinaire. Les objectifs th\u00e9rapeuthiques des stages s\u2019inscrivent dans le quotidien de l\u2019enfant. Tr\u00e8s pr\u00e9cis et facilement atteignables, couper sa viande tout seul par exemple, ils permettent aux enfants de conforter leurs progr\u00e8s, de les faire perdurer et de se sentir davantage valoris\u00e9. La pertinence de ce projet lui a permis de remporter l\u2019appel \u00e0 projet de la Soci\u00e9t\u00e9 d\u2019Etudes et de Soins pour les Enfants Paralys\u00e9s.<\/p>\n<p style=\"text-align: center;\"><span><a href=\"http:\/\/apf14.blogs.apf.asso.fr\/\" target=\"_blank\" rel=\"noopener\" tabindex=\"0\"><strong>http:\/\/apf14.blogs.apf.asso.fr\/<\/strong><\/a><\/span><\/p>\n<p style=\"text-align: center;\">[\/et_pb_blurb][\/et_pb_column][\/et_pb_row][et_pb_row _builder_version=\u00a0\u00bb4.15.1&Prime; _module_preset=\u00a0\u00bbdefault\u00a0\u00bb custom_margin=\u00a0\u00bb29px|auto|29px|auto|true|false\u00a0\u00bb custom_padding=\u00a0\u00bb0px||0px||true|false\u00a0\u00bb hover_enabled=\u00a0\u00bb0&Prime; global_colors_info=\u00a0\u00bb{}\u00a0\u00bb sticky_enabled=\u00a0\u00bb0&Prime;][et_pb_column type=\u00a0\u00bb4_4&Prime; _builder_version=\u00a0\u00bb4.15.1&Prime; _module_preset=\u00a0\u00bbdefault\u00a0\u00bb global_colors_info=\u00a0\u00bb{}\u00a0\u00bb][et_pb_code admin_label=\u00a0\u00bbCSS caroussel\u00a0\u00bb _builder_version=\u00a0\u00bb4.15.1&Prime; _module_preset=\u00a0\u00bbdefault\u00a0\u00bb custom_margin=\u00a0\u00bb0px||0px||true|false\u00a0\u00bb custom_padding=\u00a0\u00bb0px||0px||true|false\u00a0\u00bb hover_enabled=\u00a0\u00bb0&Prime; global_colors_info=\u00a0\u00bb{}\u00a0\u00bb sticky_enabled=\u00a0\u00bb0&Prime;]<script><!-- [et_pb_line_break_holder] -->jQuery(function($){<!-- [et_pb_line_break_holder] -->$('.blurbassoc').slick({<!-- [et_pb_line_break_holder] -->infinite: true,<!-- [et_pb_line_break_holder] -->arrows: true,<!-- [et_pb_line_break_holder] -->dots: false,<!-- [et_pb_line_break_holder] -->slidesToShow: 4,<!-- [et_pb_line_break_holder] -->slidesToScroll: 1,<!-- [et_pb_line_break_holder] -->pauseOnHover: true,<!-- [et_pb_line_break_holder] -->responsive: [<!-- [et_pb_line_break_holder] -->{<!-- [et_pb_line_break_holder] -->breakpoint: 980,<!-- [et_pb_line_break_holder] -->settings: {<!-- [et_pb_line_break_holder] -->slidesToShow: 2,<!-- [et_pb_line_break_holder] -->slidesToScroll: 1<!-- [et_pb_line_break_holder] -->}<!-- [et_pb_line_break_holder] -->},<!-- [et_pb_line_break_holder] -->{<!-- [et_pb_line_break_holder] -->breakpoint: 767,<!-- [et_pb_line_break_holder] -->settings: {<!-- [et_pb_line_break_holder] -->slidesToShow: 1,<!-- [et_pb_line_break_holder] -->slidesToScroll: 1<!-- [et_pb_line_break_holder] -->}<!-- [et_pb_line_break_holder] -->}<!-- [et_pb_line_break_holder] -->]<!-- [et_pb_line_break_holder] -->});<!-- [et_pb_line_break_holder] -->});<!-- [et_pb_line_break_holder] --><\/script>[\/et_pb_code][\/et_pb_column][\/et_pb_row][\/et_pb_section][et_pb_section fb_built=\u00a0\u00bb1&Prime; custom_padding_last_edited=\u00a0\u00bbon|phone\u00a0\u00bb admin_label=\u00a0\u00bbvous etes une association&#8230;\u00a0\u00bb _builder_version=\u00a0\u00bb4.15&Prime; _module_preset=\u00a0\u00bbdefault\u00a0\u00bb background_image=\u00a0\u00bbhttps:\/\/www.wesco-group.com\/wp-content\/uploads\/2021\/07\/assoc-bg.jpg\u00a0\u00bb custom_padding=\u00a0\u00bb6vh||6vh||true|false\u00a0\u00bb custom_padding_tablet=\u00a0\u00bb\u00a0\u00bb custom_padding_phone=\u00a0\u00bb0vh||0vh||true|false\u00a0\u00bb da_disable_devices=\u00a0\u00bboff|off|off\u00a0\u00bb global_colors_info=\u00a0\u00bb{}\u00a0\u00bb da_is_popup=\u00a0\u00bboff\u00a0\u00bb da_exit_intent=\u00a0\u00bboff\u00a0\u00bb da_has_close=\u00a0\u00bbon\u00a0\u00bb da_alt_close=\u00a0\u00bboff\u00a0\u00bb da_dark_close=\u00a0\u00bboff\u00a0\u00bb da_not_modal=\u00a0\u00bbon\u00a0\u00bb da_is_singular=\u00a0\u00bboff\u00a0\u00bb da_with_loader=\u00a0\u00bboff\u00a0\u00bb da_has_shadow=\u00a0\u00bbon\u00a0\u00bb][et_pb_row _builder_version=\u00a0\u00bb4.15&Prime; _module_preset=\u00a0\u00bbdefault\u00a0\u00bb global_colors_info=\u00a0\u00bb{}\u00a0\u00bb][et_pb_column type=\u00a0\u00bb4_4&Prime; _builder_version=\u00a0\u00bb4.15&Prime; _module_preset=\u00a0\u00bbdefault\u00a0\u00bb global_colors_info=\u00a0\u00bb{}\u00a0\u00bb][et_pb_text _builder_version=\u00a0\u00bb4.15&Prime; _module_preset=\u00a0\u00bbdefault\u00a0\u00bb header_3_font=\u00a0\u00bbOswald||||||||\u00a0\u00bb header_3_text_align=\u00a0\u00bbcenter\u00a0\u00bb header_3_text_color=\u00a0\u00bb#FFFFFF\u00a0\u00bb header_3_font_size=\u00a0\u00bb2.5em\u00a0\u00bb header_3_line_height=\u00a0\u00bb1.2em\u00a0\u00bb custom_margin=\u00a0\u00bb0px||0px||true|false\u00a0\u00bb header_3_font_size_tablet=\u00a0\u00bb2em\u00a0\u00bb header_3_font_size_phone=\u00a0\u00bb1.7em\u00a0\u00bb header_3_font_size_last_edited=\u00a0\u00bbon|desktop\u00a0\u00bb global_colors_info=\u00a0\u00bb{}\u00a0\u00bb]<h3>Ustedes son una asociaci\u00f3n<br \/>\u00bfO una ONG?<\/h3>[\/et_pb_text][et_pb_text _builder_version=\u00a0\u00bb4.15&Prime; _module_preset=\u00a0\u00bbdefault\u00a0\u00bb text_font=\u00a0\u00bbOswald|300|||||||\u00a0\u00bb text_text_color=\u00a0\u00bb#add4e3&Prime; text_font_size=\u00a0\u00bb1.7em\u00a0\u00bb text_orientation=\u00a0\u00bbcenter\u00a0\u00bb text_font_size_tablet=\u00a0\u00bb1.5em\u00a0\u00bb text_font_size_phone=\u00a0\u00bb1.4em\u00a0\u00bb text_font_size_last_edited=\u00a0\u00bbon|phone\u00a0\u00bb custom_css_main_element=\u00a0\u00bbline-height:1.4em;\u00a0\u00bb global_colors_info=\u00a0\u00bb{}\u00a0\u00bb]<p>Partager votre initiative en contactant la Fondation d&rsquo;entreprise Wesco<br \/>en la siguiente direcci\u00f3n: <span style=\"color: #ffffff;\">fondationdentreprise@wesco.fr<\/span><\/p>[\/et_pb_text][et_pb_button button_url=\u00a0\u00bbmailto:fondationdentreprise@wesco.fr\u00a0\u00bb url_new_window=\u00a0\u00bbon\u00a0\u00bb button_text=\u00a0\u00bbCONTACTEZ-NOUS\u00a0\u00bb button_alignment=\u00a0\u00bbcenter\u00a0\u00bb button_alignment_last_edited=\u00a0\u00bboff|desktop\u00a0\u00bb _builder_version=\u00a0\u00bb4.9.10&Prime; _module_preset=\u00a0\u00bbdefault\u00a0\u00bb custom_button=\u00a0\u00bbon\u00a0\u00bb button_text_size=\u00a0\u00bb1.4em\u00a0\u00bb button_text_color=\u00a0\u00bb#FFFFFF\u00a0\u00bb button_bg_color=\u00a0\u00bb#6ab3d8&Prime; button_border_width=\u00a0\u00bb0px\u00a0\u00bb button_border_radius=\u00a0\u00bb1.5em\u00a0\u00bb button_letter_spacing=\u00a0\u00bb0.05em\u00a0\u00bb button_font=\u00a0\u00bbOswald|600|||||||\u00a0\u00bb button_use_icon=\u00a0\u00bboff\u00a0\u00bb custom_padding=\u00a0\u00bb0.5em|2em|0.5em|2em|true|true\u00a0\u00bb global_colors_info=\u00a0\u00bb{}\u00a0\u00bb button_bg_color__hover_enabled=\u00a0\u00bbon|desktop\u00a0\u00bb transform_styles__hover_enabled=\u00a0\u00bbon|desktop\u00a0\u00bb transform_scale__hover_enabled=\u00a0\u00bbon|desktop\u00a0\u00bb transform_translate__hover_enabled=\u00a0\u00bbon|desktop\u00a0\u00bb transform_rotate__hover_enabled=\u00a0\u00bbon|desktop\u00a0\u00bb transform_skew__hover_enabled=\u00a0\u00bbon|desktop\u00a0\u00bb transform_origin__hover_enabled=\u00a0\u00bbon|desktop\u00a0\u00bb transform_scale__hover=\u00a0\u00bb105%|105%\u00a0\u00bb button_bg_color__hover=\u00a0\u00bb#6ab3d8&Prime;][\/et_pb_button][\/et_pb_column][\/et_pb_row][\/et_pb_section]","protected":false},"excerpt":{"rendered":"<p>LA FONDATION D\u2019ENTREPRISE WESCODepuis nos d\u00e9buts, nous nous engageons au quotidien pour permettre aux enfants de s\u2019\u00e9veiller et grandir dans les meilleures conditions. Au-del\u00e0 d\u2019\u00eatre simple m\u00e9c\u00e8ne, nous avons voulu aller encore plus loin en donnant force et sens \u00e0 nos actions. C\u2019est ainsi qu\u2019est n\u00e9e, en 2012, notre fondation d&rsquo;entreprise Wesco.Accompagnerceux qui en ont [&hellip;]<\/p>","protected":false},"author":1,"featured_media":0,"parent":0,"menu_order":0,"comment_status":"closed","ping_status":"closed","template":"","meta":{"_et_pb_use_builder":"on","_et_pb_old_content":"","_et_gb_content_width":"","inline_featured_image":false,"footnotes":""},"class_list":["post-228219","page","type-page","status-publish","hentry"],"yoast_head":"<!-- This site is optimized with the Yoast SEO plugin v25.9 - https:\/\/yoast.com\/wordpress\/plugins\/seo\/ -->\n<title>LA FONDATION D&#039;ENTREPRISE (before) - Wesco<\/title>\n<meta name=\"robots\" content=\"index, follow, max-snippet:-1, max-image-preview:large, max-video-preview:-1\" \/>\n<link rel=\"canonical\" href=\"https:\/\/www.wesco-group.com\/es\/la-fondation-d-entreprise2\/\" \/>\n<meta property=\"og:locale\" content=\"es_ES\" \/>\n<meta property=\"og:type\" content=\"article\" \/>\n<meta property=\"og:title\" content=\"LA FONDATION D&#039;ENTREPRISE (before) - Wesco\" \/>\n<meta property=\"og:description\" content=\"LA FONDATION D\u2019ENTREPRISE WESCODepuis nos d\u00e9buts, nous nous engageons au quotidien pour permettre aux enfants de s\u2019\u00e9veiller et grandir dans les meilleures conditions. Au-del\u00e0 d\u2019\u00eatre simple m\u00e9c\u00e8ne, nous avons voulu aller encore plus loin en donnant force et sens \u00e0 nos actions. C\u2019est ainsi qu\u2019est n\u00e9e, en 2012, notre fondation d&#039;entreprise Wesco.Accompagnerceux qui en ont [&hellip;]\" \/>\n<meta property=\"og:url\" content=\"https:\/\/www.wesco-group.com\/es\/la-fondation-d-entreprise2\/\" \/>\n<meta property=\"og:site_name\" content=\"Wesco\" \/>\n<meta property=\"article:modified_time\" content=\"2025-09-15T14:29:07+00:00\" \/>\n<meta name=\"twitter:card\" content=\"summary_large_image\" \/>\n<meta name=\"twitter:label1\" content=\"Tiempo de lectura\" \/>\n\t<meta name=\"twitter:data1\" content=\"16 minutos\" \/>\n<script type=\"application\/ld+json\" class=\"yoast-schema-graph\">{\"@context\":\"https:\/\/schema.org\",\"@graph\":[{\"@type\":\"WebPage\",\"@id\":\"https:\/\/www.wesco-group.com\/la-fondation-d-entreprise2\/\",\"url\":\"https:\/\/www.wesco-group.com\/la-fondation-d-entreprise2\/\",\"name\":\"LA FONDATION D'ENTREPRISE (before) - Wesco\",\"isPartOf\":{\"@id\":\"https:\/\/www.wesco-group.com\/#website\"},\"datePublished\":\"2021-07-12T08:12:09+00:00\",\"dateModified\":\"2025-09-15T14:29:07+00:00\",\"breadcrumb\":{\"@id\":\"https:\/\/www.wesco-group.com\/la-fondation-d-entreprise2\/#breadcrumb\"},\"inLanguage\":\"es\",\"potentialAction\":[{\"@type\":\"ReadAction\",\"target\":[\"https:\/\/www.wesco-group.com\/la-fondation-d-entreprise2\/\"]}]},{\"@type\":\"BreadcrumbList\",\"@id\":\"https:\/\/www.wesco-group.com\/la-fondation-d-entreprise2\/#breadcrumb\",\"itemListElement\":[{\"@type\":\"ListItem\",\"position\":1,\"name\":\"Accueil\",\"item\":\"https:\/\/www.wesco-group.com\/\"},{\"@type\":\"ListItem\",\"position\":2,\"name\":\"LA FONDATION D&rsquo;ENTREPRISE (before)\"}]},{\"@type\":\"WebSite\",\"@id\":\"https:\/\/www.wesco-group.com\/#website\",\"url\":\"https:\/\/www.wesco-group.com\/\",\"name\":\"Wesco\",\"description\":\"Mobilier enfant, pu\u00e9riculture, jeux et mat\u00e9riel \u00e9ducatif\",\"potentialAction\":[{\"@type\":\"SearchAction\",\"target\":{\"@type\":\"EntryPoint\",\"urlTemplate\":\"https:\/\/www.wesco-group.com\/?s={search_term_string}\"},\"query-input\":{\"@type\":\"PropertyValueSpecification\",\"valueRequired\":true,\"valueName\":\"search_term_string\"}}],\"inLanguage\":\"es\"}]}<\/script>\n<!-- \/ Yoast SEO plugin. -->","yoast_head_json":{"title":"LA FONDATION D'ENTREPRISE (before) - Wesco","robots":{"index":"index","follow":"follow","max-snippet":"max-snippet:-1","max-image-preview":"max-image-preview:large","max-video-preview":"max-video-preview:-1"},"canonical":"https:\/\/www.wesco-group.com\/es\/la-fondation-d-entreprise2\/","og_locale":"es_ES","og_type":"article","og_title":"LA FONDATION D'ENTREPRISE (before) - Wesco","og_description":"LA FONDATION D\u2019ENTREPRISE WESCODepuis nos d\u00e9buts, nous nous engageons au quotidien pour permettre aux enfants de s\u2019\u00e9veiller et grandir dans les meilleures conditions. Au-del\u00e0 d\u2019\u00eatre simple m\u00e9c\u00e8ne, nous avons voulu aller encore plus loin en donnant force et sens \u00e0 nos actions. C\u2019est ainsi qu\u2019est n\u00e9e, en 2012, notre fondation d'entreprise Wesco.Accompagnerceux qui en ont [&hellip;]","og_url":"https:\/\/www.wesco-group.com\/es\/la-fondation-d-entreprise2\/","og_site_name":"Wesco","article_modified_time":"2025-09-15T14:29:07+00:00","twitter_card":"summary_large_image","twitter_misc":{"Tiempo de lectura":"16 minutos"},"schema":{"@context":"https:\/\/schema.org","@graph":[{"@type":"WebPage","@id":"https:\/\/www.wesco-group.com\/la-fondation-d-entreprise2\/","url":"https:\/\/www.wesco-group.com\/la-fondation-d-entreprise2\/","name":"LA FONDATION D'ENTREPRISE (before) - Wesco","isPartOf":{"@id":"https:\/\/www.wesco-group.com\/#website"},"datePublished":"2021-07-12T08:12:09+00:00","dateModified":"2025-09-15T14:29:07+00:00","breadcrumb":{"@id":"https:\/\/www.wesco-group.com\/la-fondation-d-entreprise2\/#breadcrumb"},"inLanguage":"es","potentialAction":[{"@type":"ReadAction","target":["https:\/\/www.wesco-group.com\/la-fondation-d-entreprise2\/"]}]},{"@type":"BreadcrumbList","@id":"https:\/\/www.wesco-group.com\/la-fondation-d-entreprise2\/#breadcrumb","itemListElement":[{"@type":"ListItem","position":1,"name":"Accueil","item":"https:\/\/www.wesco-group.com\/"},{"@type":"ListItem","position":2,"name":"LA FONDATION D&rsquo;ENTREPRISE (before)"}]},{"@type":"WebSite","@id":"https:\/\/www.wesco-group.com\/#website","url":"https:\/\/www.wesco-group.com\/","name":"Wesco","description":"Muebles infantiles, productos para el cuidado infantil, juegos y materiales educativos.","potentialAction":[{"@type":"SearchAction","target":{"@type":"EntryPoint","urlTemplate":"https:\/\/www.wesco-group.com\/?s={search_term_string}"},"query-input":{"@type":"PropertyValueSpecification","valueRequired":true,"valueName":"search_term_string"}}],"inLanguage":"es"}]}},"_links":{"self":[{"href":"https:\/\/www.wesco-group.com\/es\/wp-json\/wp\/v2\/pages\/228219","targetHints":{"allow":["GET"]}}],"collection":[{"href":"https:\/\/www.wesco-group.com\/es\/wp-json\/wp\/v2\/pages"}],"about":[{"href":"https:\/\/www.wesco-group.com\/es\/wp-json\/wp\/v2\/types\/page"}],"author":[{"embeddable":true,"href":"https:\/\/www.wesco-group.com\/es\/wp-json\/wp\/v2\/users\/1"}],"replies":[{"embeddable":true,"href":"https:\/\/www.wesco-group.com\/es\/wp-json\/wp\/v2\/comments?post=228219"}],"version-history":[{"count":175,"href":"https:\/\/www.wesco-group.com\/es\/wp-json\/wp\/v2\/pages\/228219\/revisions"}],"predecessor-version":[{"id":246068,"href":"https:\/\/www.wesco-group.com\/es\/wp-json\/wp\/v2\/pages\/228219\/revisions\/246068"}],"wp:attachment":[{"href":"https:\/\/www.wesco-group.com\/es\/wp-json\/wp\/v2\/media?parent=228219"}],"curies":[{"name":"wp","href":"https:\/\/api.w.org\/{rel}","templated":true}]}}