{"id":228219,"date":"2021-07-12T10:12:09","date_gmt":"2021-07-12T08:12:09","guid":{"rendered":"https:\/\/dev.wesco-group.com\/?page_id=228219"},"modified":"2025-09-15T16:29:07","modified_gmt":"2025-09-15T14:29:07","slug":"la-fondation-d-entreprise2","status":"publish","type":"page","link":"https:\/\/www.wesco-group.com\/de\/la-fondation-d-entreprise2\/","title":{"rendered":"LA FONDATION D&rsquo;ENTREPRISE (before)"},"content":{"rendered":"[et_pb_section fb_built=\u00a0\u00bb1&Prime; fullwidth=\u00a0\u00bbon\u00a0\u00bb admin_label=\u00a0\u00bbheader\u00a0\u00bb _builder_version=\u00a0\u00bb4.15&Prime; _module_preset=\u00a0\u00bbdefault\u00a0\u00bb custom_margin=\u00a0\u00bb100px||||false|false\u00a0\u00bb da_disable_devices=\u00a0\u00bboff|off|off\u00a0\u00bb global_colors_info=\u00a0\u00bb{}\u00a0\u00bb da_is_popup=\u00a0\u00bboff\u00a0\u00bb da_exit_intent=\u00a0\u00bboff\u00a0\u00bb da_has_close=\u00a0\u00bbon\u00a0\u00bb da_alt_close=\u00a0\u00bboff\u00a0\u00bb da_dark_close=\u00a0\u00bboff\u00a0\u00bb da_not_modal=\u00a0\u00bbon\u00a0\u00bb da_is_singular=\u00a0\u00bboff\u00a0\u00bb da_with_loader=\u00a0\u00bboff\u00a0\u00bb da_has_shadow=\u00a0\u00bbon\u00a0\u00bb][et_pb_fullwidth_header text_orientation=\u00a0\u00bbright\u00a0\u00bb logo_image_url=\u00a0\u00bbhttps:\/\/www.wesco-group.com\/wp-content\/uploads\/2021\/07\/logofondation-b.png\u00a0\u00bb content_max_width=\u00a0\u00bb25%\u00a0\u00bb content_max_width_tablet=\u00a0\u00bb50%\u00a0\u00bb content_max_width_phone=\u00a0\u00bb100%\u00a0\u00bb content_max_width_last_edited=\u00a0\u00bbon|phone\u00a0\u00bb _builder_version=\u00a0\u00bb4.15&Prime; _module_preset=\u00a0\u00bbdefault\u00a0\u00bb title_font=\u00a0\u00bbOswald||||||||\u00a0\u00bb title_text_align=\u00a0\u00bbcenter\u00a0\u00bb title_font_size=\u00a0\u00bb3.5em\u00a0\u00bb title_line_height=\u00a0\u00bb1.2em\u00a0\u00bb background_enable_color=\u00a0\u00bboff\u00a0\u00bb use_background_color_gradient=\u00a0\u00bbon\u00a0\u00bb background_color_gradient_start=\u00a0\u00bbrgba(0,0,0,0)\u00a0\u00bb background_color_gradient_end=\u00a0\u00bb#125671&Prime; background_color_gradient_direction=\u00a0\u00bb90deg\u00a0\u00bb background_color_gradient_start_position=\u00a0\u00bb45%\u00a0\u00bb background_image=\u00a0\u00bbhttps:\/\/wesco-group.com\/wp-content\/uploads\/2021\/09\/bg-lafondation.webp\u00a0\u00bb background_blend=\u00a0\u00bbmultiply\u00a0\u00bb custom_button_one=\u00a0\u00bbon\u00a0\u00bb button_one_text_size=\u00a0\u00bb18px\u00a0\u00bb button_one_border_width=\u00a0\u00bb1px\u00a0\u00bb button_one_border_radius=\u00a0\u00bb1.5em\u00a0\u00bb button_one_font=\u00a0\u00bbOpen Sans||||||||\u00a0\u00bb button_one_icon=\u00a0\u00bb&#x49;||divi||400&Prime; button_one_on_hover=\u00a0\u00bboff\u00a0\u00bb button_one_custom_margin=\u00a0\u00bb|5vw||5vw|false|true\u00a0\u00bb button_one_custom_margin_tablet=\u00a0\u00bb\u00a0\u00bb button_one_custom_margin_phone=\u00a0\u00bb|8vw||8vw|false|true\u00a0\u00bb button_one_custom_margin_last_edited=\u00a0\u00bbon|phone\u00a0\u00bb button_one_custom_padding=\u00a0\u00bb7px|60px|7px|30px|true|false\u00a0\u00bb button_one_custom_padding_tablet=\u00a0\u00bb\u00a0\u00bb button_one_custom_padding_phone=\u00a0\u00bb|35px||10px|true|false\u00a0\u00bb button_one_custom_padding_last_edited=\u00a0\u00bbon|phone\u00a0\u00bb max_width_last_edited=\u00a0\u00bboff|desktop\u00a0\u00bb module_alignment=\u00a0\u00bbright\u00a0\u00bb custom_padding=\u00a0\u00bb12vh||12vh||true|false\u00a0\u00bb custom_padding_tablet=\u00a0\u00bb10vh||10vh||true|false\u00a0\u00bb custom_padding_phone=\u00a0\u00bb\u00a0\u00bb custom_padding_last_edited=\u00a0\u00bbon|phone\u00a0\u00bb title_font_size_tablet=\u00a0\u00bb3em\u00a0\u00bb title_font_size_phone=\u00a0\u00bb2.5em\u00a0\u00bb title_font_size_last_edited=\u00a0\u00bbon|phone\u00a0\u00bb title_line_height_tablet=\u00a0\u00bb\u00a0\u00bb title_line_height_phone=\u00a0\u00bb\u00a0\u00bb title_line_height_last_edited=\u00a0\u00bbon|desktop\u00a0\u00bb module_alignment_tablet=\u00a0\u00bbcenter\u00a0\u00bb module_alignment_phone=\u00a0\u00bbcenter\u00a0\u00bb module_alignment_last_edited=\u00a0\u00bbon|desktop\u00a0\u00bb custom_css_logo=\u00a0\u00bbwidth:100%;\u00a0\u00bb global_colors_info=\u00a0\u00bb{}\u00a0\u00bb]<h1>DIE WESCO-UNTERNEHMENSSTIFTUNG<\/h1>[\/et_pb_fullwidth_header][\/et_pb_section][et_pb_section fb_built= \u00bb1\u2033 custom_padding_last_edited= \u00bbon|phone \u00bb admin_label= \u00bbPr\u00e4sentation \u00bb _builder_version= \u00bb4.15\u2033 _module_preset= \u00bbdefault \u00bb background_color= \u00bb#125671\u2033 background_enable_image= \u00bboff \u00bb background_size= \u00bbinitial \u00bb background_position= \u00bbbottom_right \u00bb custom_margin= \u00bb0px||0px||true|false \u00bb custom_padding= \u00bb10vh||10vh||true|false \u00bb custom_padding_tablet= \u00bb8vh||8vh||true|false \u00bb custom_padding_phone= \u00bb8vh||6vh||false|false \u00bb background_last_edited= \u00bboff|desktop \u00bb background_enable_image_tablet= \u00bbaus \u00bb da_disable_devices= \u00bbaus|aus|aus \u00bb global_colors_info= \u00bb{} \u00bb da_is_popup= \u00bbaus \u00bb da_exit_intent= \u00bbaus \u00bb da_has_close= \u00bban \u00bb da_alt_close= \u00bbaus \u00bb da_dark_close= \u00bbaus \u00bb da_not_modal= \u00bban \u00bb da_is_singular= \u00bbaus \u00bb da_with_loader= \u00bbaus \u00bb da_has_shadow= \u00bban \u00bb][et_pb_row _builder_version= \u00bb4.15\u2033 _module_preset= \u00bbStandard \u00bb custom_margin= \u00bb0px||0px||true|false \u00bb custom_padding= \u00bb0px||0px||true|false \u00bb global_colors_info= \u00bb{} \u00bb][et_pb_column type= \u00bb4_4\u2033 _builder_version= \u00bb4.15\u2033 _module_preset= \u00bbStandard \u00bb global_colors_info= \u00bb{} \u00bb][et_pb_text _builder_version= \u00bb4.15\u2033 _module_preset= \u00bbStandard \u00bb header_text_color= \u00bb#FFFFFF \u00bb header_2_font= \u00bbOswald|300||||||| \u00bb header_2_text_color= \u00bb#FFFFFF \u00bb header_2_font_size= \u00bb2.8em \u00bb header_2_line_height= \u00bb1.2em \u00bb background_enable_image= \u00bboff \u00bb background_size= \u00bbinitial \u00bb positioning= \u00bbrelative \u00bb text_orientation= \u00bbcenter \u00bb width= \u00bb64% \u00bb width_tablet= \u00bb75% \u00bb width_phone= \u00bb100% \u00bb width_last_edited= \u00bbon|phone \u00bb module_alignment= \u00bbcenter \u00bb custom_margin= \u00bb0px||0px||true|false \u00bb custom_padding= \u00bb0px||0px||true|false \u00bb text_font_size_last_edited= \u00bboff|desktop \u00bb text_line_height_last_edited= \u00bboff|desktop \u00bb header_2_font_tablet= \u00bb \u00bb header_2_font_phone= \u00bb \u00bb header_2_font_last_edited= \u00bbauf|Telefon \u00bb header_2_font_size_tablet= \u00bb2.2em \u00bb header_2_font_size_phone= \u00bb2.3em \u00bb header_2_font_size_last_edited= \u00bbauf|Telefon \u00bb header_2_line_height_tablet= \u00bb \u00bb header_2_line_height_phone= \u00bb \u00bb header_2_line_height_last_edited= \u00bbauf|Desktop \u00bb inline_fonts= \u00bbPalanquin \u00bb global_colors_info= \u00bb{} \u00bb]<h2 class=\"guillemet-b\">Seit unseren Anf\u00e4ngen setzen wir uns t\u00e4glich daf\u00fcr ein, dass Kinder unter den besten Bedingungen aufwachsen und gedeihen k\u00f6nnen. Wir wollten nicht einfach nur M\u00e4zen sein, sondern noch einen Schritt weiter gehen und unseren Aktionen Kraft und Sinn verleihen. So wurde 2012 unsere Wesco-Unternehmensstiftung gegr\u00fcndet.<span class=\"guillemet-a\"><\/span><\/h2>[\/et_pb_text][\/et_pb_column][\/et_pb_row][\/et_pb_section][et_pb_section fb_built=\u00a0\u00bb1&Prime; custom_padding_last_edited=\u00a0\u00bbon|desktop\u00a0\u00bb admin_label=\u00a0\u00bbAccompagner ceux qui&#8230;\u00a0\u00bb _builder_version=\u00a0\u00bb4.15.1&Prime; _module_preset=\u00a0\u00bbdefault\u00a0\u00bb background_color=\u00a0\u00bb#deeaf3&Prime; custom_margin=\u00a0\u00bb0px||0px||true|false\u00a0\u00bb custom_padding=\u00a0\u00bb6vh||6vh||true|false\u00a0\u00bb custom_padding_tablet=\u00a0\u00bb\u00a0\u00bb custom_padding_phone=\u00a0\u00bb\u00a0\u00bb da_disable_devices=\u00a0\u00bboff|off|off\u00a0\u00bb global_colors_info=\u00a0\u00bb{}\u00a0\u00bb da_is_popup=\u00a0\u00bboff\u00a0\u00bb da_exit_intent=\u00a0\u00bboff\u00a0\u00bb da_has_close=\u00a0\u00bbon\u00a0\u00bb da_alt_close=\u00a0\u00bboff\u00a0\u00bb da_dark_close=\u00a0\u00bboff\u00a0\u00bb da_not_modal=\u00a0\u00bbon\u00a0\u00bb da_is_singular=\u00a0\u00bboff\u00a0\u00bb da_with_loader=\u00a0\u00bboff\u00a0\u00bb da_has_shadow=\u00a0\u00bbon\u00a0\u00bb][et_pb_row _builder_version=\u00a0\u00bb4.15&Prime; _module_preset=\u00a0\u00bbdefault\u00a0\u00bb custom_margin=\u00a0\u00bb0px||0px||true|false\u00a0\u00bb custom_padding=\u00a0\u00bb0px||0px||true|false\u00a0\u00bb global_colors_info=\u00a0\u00bb{}\u00a0\u00bb][et_pb_column type=\u00a0\u00bb4_4&Prime; _builder_version=\u00a0\u00bb4.15&Prime; _module_preset=\u00a0\u00bbdefault\u00a0\u00bb global_colors_info=\u00a0\u00bb{}\u00a0\u00bb][et_pb_text _builder_version=\u00a0\u00bb4.15&Prime; _module_preset=\u00a0\u00bbdefault\u00a0\u00bb header_2_font=\u00a0\u00bbSacramento||||||||\u00a0\u00bb header_2_text_align=\u00a0\u00bbcenter\u00a0\u00bb custom_margin=\u00a0\u00bb10px||10px||true|false\u00a0\u00bb global_colors_info=\u00a0\u00bb{}\u00a0\u00bb]<h2><span class=\"title-1\">Begleiten<\/span><span class=\"subtitle-1\"><br \/>diejenigen, die es am n\u00f6tigsten haben<\/span><\/h2>[\/et_pb_text][et_pb_text _builder_version= \"4.15\u2033 _module_preset= \"default \" text_font= \"Oswald|300||||||| \" text_text_color= \"#125671\u2033 text_font_size= \"1.7em \" width= \"65%\" width_tablet= \"100%\" width_phone= \" \" width_last_edited= \"on|desktop \" module_alignment= \"center\" text_font_size_tablet= \"1.7em \" text_font_size_phone= \"1.4em \" text_font_size_last_edited= \"on|tablet\" custom_css_main_element= \"line-height:1.2em; \" global_colors_info=\"{} \" custom_css_main_element_tablet=\"line-height:1.2em; \" custom_css_main_element_phone=\"line-height:1.2em; \" custom_css_main_element_last_edited=\"on|phone \"]<p style=\"text-align: justify;\">Die Kindheit ist eine Schl\u00fcsselphase f\u00fcr den Aufbau des heranwachsenden Erwachsenen. Wir sind uns bewusst, dass nicht alle Kinder \u00fcber die gleichen Ressourcen verf\u00fcgen und nicht alle in einem Umfeld leben, das ihre gesunde Entwicklung f\u00f6rdert. Ausgehend von dieser Feststellung hat unsere Unternehmensstiftung ihren Sinn erhalten!<\/p>[\/et_pb_text][\/et_pb_column][\/et_pb_row][et_pb_row column_structure= \"1_4,1_4,1_4,1_4\u2033 use_custom_gutter= \"on \" gutter_width= \"2\u2033 _builder_version= \"4.15\u2033 width= \"100% \" max_width= \"100% \" custom_margin= \"45px||45px||true|false \" custom_padding= \"0px||0px||true|false \" global_colors_info= \"{} \"][et_pb_column type= \"1_4\u2033 module_class= \"b3_column \" _builder_version= \"4.15\u2033 background_enable_image=\"off\" global_colors_info=\"{}\"][et_pb_blurb _builder_version=\"4.15\u2033 header_font=\"|||||||| \" body_font=\"Oswald|300|||||||\" body_text_color=\"#0a769e\" body_font_size=\"1.1vw\" body_line_height=\"1.1em \" background_color= \"#FFFF \" z_index= \"1\u2033 text_orientation= \"center\" background_layout= \"dark\" body_font_size_tablet= \"2vw\" body_font_size_phone= \"16px\" body_font_size_last_edited= \"on|phone\" custom_css_after= \"content:  \";|||display: block;||padding-bottom: 100%; \" custom_css_blurb_content= \"position:absolute;|||width: 100%;||height: 100%;||padding:20px!important;|||display: flex;||flex-direction: column;||align-items: center;|||justify-content: center; \" global_colors_info=\"{} \" transform_rotate__hover_enabled=\"on \" transform_styles__hover_enabled=\"on \" transform_scale__hover_enabled=\"on \" transform_translate__hover_enabled=\"on \" transform_skew__hover_enabled=\"on \" transform_origin__hover_enabled=\"on \"]<p style=\"text-align: justify;\">Die ersten drei Lebensjahre eines Kindes sind entscheidend f\u00fcr seine Entwicklung. Die Wesco-Unternehmensstiftung unterst\u00fctzt Aktionen, die die Entwicklung, das Wohlbefinden und die Entfaltung des Babys f\u00f6rdern.<\/p>[\/et_pb_blurb][et_pb_blurb use_icon= \"on \" font_icon= \"L||divi||400\u2033 icon_color= \"#FFFF \" image_icon_width= \"30px \" disabled_on= \"on|on|on\" admin_label= \"Zusammenfassung \" module_class= \"b3_blurb1\u2033 _builder_version= \"4.15\u2033 header_font= \"|||||||| \" background_enable_color= \"off\" background_image= \"https:\/\/www.wesco-group.com\/wp-content\/uploads\/2021\/09\/l-epanouissmnt.webp \" positioning= \"absolute\" z_index= \"1\u2033 text_orientation= \"center\" background_layout= \"dark\" width= \"100%\" animation= \"off\" custom_css_main_element= \"position:absolute!important;||transition: all .5s;||cursor: pointer; \" custom_css_after= \"content: \";|||display: block;||padding-bottom: 100%; \" custom_css_blurb_image= \"position:absolute;||display: block;|||height: 40px;||width: 40px;||border:1.5px solid #fff;||padding: 5px 0px 0px 0px 0px!important;||bottom:-30px!important;||right:0px!important; \" custom_css_blurb_content= \"position:absolute;||width: 100%;|||height: 100%;||padding:30px!important;|||display: flex;||flex-direction: column;||align-items: flex-start;|||justify-content: flex-end; \" icon_font_size= \"30px \" disabled= \"on \" global_colors_info= \"{} \" background__hover_enabled= \"on|hover \" font_icon__hover_enabled= \"off|desktop \" font_icon__hover= \"M||divi||400\u2033 icon_color__hover_enabled= \"on|hover \" icon_color__hover= \"#FFFFFF \"]<h3 class=\"blurbtitle2\" style=\"text-align: left; color: #fff!important;\">DIE ENTFALTUNG<span style=\"font-size: 0.8em; font-weight: 200;\">\nde la Petite Enfance\n&amp; de la parentalit\u00e9<\/span><\/h3>[\/et_pb_blurb][et_pb_blurb use_icon= \"on \" font_icon= \"L||divi|400\u2033 icon_color= \"#FFFF \" image_icon_width= \"30px \" admin_label= \"Zusammenfassung\" module_class= \"b3_blurb1\u2033 _builder_version= \"4.15\u2033 header_font= \"|||||||| \" background_enable_color= \"off \" background_image= \"https:\/\/www.wesco-group.com\/wp-content\/uploads\/2021\/09\/l-epanouissmnt.webp \" positioning= \"absolute\" z_index= \"1\u2033 text_orientation= \"center\" background_layout= \"dark\" width= \"100%\" animation= \"off\" custom_css_main_element= \"position:absolute!important;||transition: all .5s;||cursor: pointer; \" custom_css_after= \"content: \";|||display: block;||padding-bottom: 100%; \" custom_css_blurb_image= \"position:absolute;||display: block;|||height: 40px;||width: 40px;||border:1.5px solid #fff;||padding: 5px 0px 0px 0px 0px!important;||bottom:-30px!important;||right:0px!important; \" custom_css_blurb_content= \"position:absolute;||width: 100%;|||height: 100%;||padding:30px!important;|||display: flex;||flex-direction: column;||align-items: flex-start;|||justify-content: flex-end; \" icon_font_size= \"30px \" global_colors_info= \"{} \" background__hover_enabled= \"on|hover \" font_icon__hover_enabled= \"off|desktop \" font_icon__hover= \"M||divi|||400\u2033 icon_color__hover_enabled= \"on|hover\" icon_color__hover= \"#FFFF \"]<h3 class=\"blurbtitle2\" style=\"text-align: left; color: #fff!important; line-height: 1em;\">F\u00d6RDERUNG der fr\u00fchen Kindheit und der Elternschaft<\/h3>[\/et_pb_blurb][\/et_pb_column][et_pb_column type= \"1_4\u2033 module_class= \"b3_column \" _builder_version= \"4.15\u2033 background_enable_image= \"off \" global_colors_info= \"{} \"][et_pb_blurb _builder_version= \"4.15\u2033 header_font= \"|||||||| \" body_font= \"Oswald|300||||||| \" body_text_color= \"#0a769e\" body_font_size= \"1.1vw\" body_line_height= \"1.1em \" background_color= \"#FFFF \" z_index= \"1\u2033 text_orientation= \"center\" background_layout= \"dark\" body_font_size_tablet= \"2vw\" body_font_size_phone= \"16px\" body_font_size_last_edited= \"on|phone\" custom_css_after= \"content:  \";|||display: block;||padding-bottom: 100%; \" custom_css_blurb_content= \"position:absolute;|||width: 100%;||height: 100%;||padding:20px!important;|||display: flex;||flex-direction: column;||align-items: center;|||justify-content: center; \" global_colors_info=\"{} \" transform_rotate__hover_enabled=\"on \" transform_styles__hover_enabled=\"on \" transform_scale__hover_enabled=\"on \" transform_translate__hover_enabled=\"on \" transform_skew__hover_enabled=\"on \" transform_origin__hover_enabled=\"on \"]<p style=\"text-align: justify;\">Wir unterst\u00fctzen innovative Projekte, die auf den Abbau sozialer Ungleichheiten einwirken und den am st\u00e4rksten gef\u00e4hrdeten Kindern wieder Zuversicht und Hoffnung geben.<\/p>[\/et_pb_blurb][et_pb_blurb use_icon= \"on \" font_icon= \"L||divi||400\u2033 icon_color= \"#FFFF \" image_icon_width= \"30px \" disabled_on= \"on|on|on\" admin_label= \"Zusammenfassung \" module_class= \"b3_blurb1\u2033 _builder_version= \"4.15\u2033 header_font= \"|||||||| \" background_enable_color= \"off\" background_image= \"https:\/\/www.wesco-group.com\/wp-content\/uploads\/2021\/09\/la-protection.webp \" positioning= \"absolute\" z_index= \"1\u2033 text_orientation= \"center\" background_layout= \"dark\" width= \"100%\" animation= \"off\" custom_css_main_element= \"position:absolute!important;||transition: all .5s;||cursor: pointer; \" custom_css_after= \"content: \";|||display: block;||padding-bottom: 100%; \" custom_css_blurb_image= \"position:absolute;||display: block;|||height: 40px;||width: 40px;||border:1.5px solid #fff;||padding: 5px 0px 0px 0px 0px!important;||bottom:-30px!important;||right:0px!important; \" custom_css_blurb_content= \"position:absolute;||width: 100%;|||height: 100%;||padding:30px!important;|||display: flex;||flex-direction: column;||align-items: flex-start;|||justify-content: flex-end; \" icon_font_size= \"30px \" disabled= \"on \" global_colors_info= \"{} \" background__hover_enabled= \"on|hover \" font_icon__hover_enabled= \"off|desktop \" font_icon__hover= \"M||divi||400\u2033 icon_color__hover_enabled= \"on|hover \" icon_color__hover= \"#FFFFFF \"]<h3 class=\"blurbtitle2\" style=\"text-align: left; color: #fff!important;\"><span style=\"line-height: 1.1em;\">LA PROTECTION\nET L&rsquo;INCLUSION<span style=\"font-size: 0.8em; line-height: 0.8em!important; font-weight: 200;\">\nder Kinder<\/span><\/span><\/h3>[\/et_pb_blurb][et_pb_blurb use_icon= \"on \" font_icon= \"L||divi|400\u2033 icon_color= \"#FFFF \" image_icon_width= \"30px \" admin_label= \"Zusammenfassung\" module_class= \"b3_blurb1\u2033 _builder_version= \"4.15\u2033 header_font= \"|||||||| \" background_enable_color= \"off \" background_image= \"https:\/\/www.wesco-group.com\/wp-content\/uploads\/2021\/09\/la-protection.webp \" positioning= \"absolute\" z_index= \"1\u2033 text_orientation= \"center\" background_layout= \"dark\" width= \"100%\" animation= \"off\" custom_css_main_element= \"position:absolute!important;||transition: all .5s;||cursor: pointer; \" custom_css_after= \"content: \";|||display: block;||padding-bottom: 100%; \" custom_css_blurb_image= \"position:absolute;||display: block;|||height: 40px;||width: 40px;||border:1.5px solid #fff;||padding: 5px 0px 0px 0px 0px!important;||bottom:-30px!important;||right:0px!important; \" custom_css_blurb_content= \"position:absolute;||width: 100%;|||height: 100%;||padding:30px!important;|||display: flex;||flex-direction: column;||align-items: flex-start;|||justify-content: flex-end; \" icon_font_size= \"30px \" global_colors_info= \"{} \" background__hover_enabled= \"on|hover \" font_icon__hover_enabled= \"off|desktop \" font_icon__hover= \"M||divi|||400\u2033 icon_color__hover_enabled= \"on|hover\" icon_color__hover= \"#FFFF \"]<h3 class=\"blurbtitle2\" style=\"text-align: left; color: #fff!important;\"><span style=\"line-height: 1.1em;\">SCHUTZ und INKLUSION von Kindern<\/span><\/h3>[\/et_pb_blurb][\/et_pb_column][et_pb_column type= \"1_4\u2033 module_class= \"b3_column \" _builder_version= \"4.15\u2033 background_enable_image= \"off \" global_colors_info= \"{} \"][et_pb_blurb _builder_version= \"4.15\u2033 header_font= \"|||||||| \" body_font= \"Oswald|300||||||| \" body_text_color= \"#0a769e\" body_font_size= \"1.1vw\" body_line_height= \"1.1em \" background_color= \"#FFFF \" z_index= \"1\u2033 text_orientation= \"center\" background_layout= \"dark\" body_font_size_tablet= \"2vw\" body_font_size_phone= \"16px\" body_font_size_last_edited= \"on|phone\" custom_css_after= \"content:  \";|||display: block;||padding-bottom: 100%; \" custom_css_blurb_content= \"position:absolute;|||width: 100%;||height: 100%;||padding:20px!important;|||display: flex;||flex-direction: column;||align-items: center;|||justify-content: center; \" global_colors_info=\"{} \" transform_rotate__hover_enabled=\"on \" transform_styles__hover_enabled=\"on \" transform_scale__hover_enabled=\"on \" transform_translate__hover_enabled=\"on \" transform_skew__hover_enabled=\"on \" transform_origin__hover_enabled=\"on \"]<p style=\"text-align: justify;\">Die Welt von morgen zu gestalten bedeutet, Kindern den Zugang zu Bildung, Kultur und Sport zu erm\u00f6glichen. Indem wir lokale, regionale und nationale Aktionen unterst\u00fctzen, handeln wir, um die Chancengleichheit aller Kinder zu f\u00f6rdern.<\/p>[\/et_pb_blurb][et_pb_blurb use_icon= \"on \" font_icon= \"L||divi||400\u2033 icon_color= \"#FFFF \" image_icon_width= \"30px \" disabled_on= \"on|on|on\" admin_label= \"Zusammenfassung \" module_class= \"b3_blurb1\u2033 _builder_version= \"4.15\u2033 header_font= \"|||||||| \" background_enable_color= \"off\" background_image= \"https:\/\/www.wesco-group.com\/wp-content\/uploads\/2021\/09\/l-insertion.webp \" positioning= \"absolute\" z_index= \"1\u2033 text_orientation= \"center\" background_layout= \"dark\" width= \"100%\" animation= \"off\" custom_css_main_element= \"position:absolute!important;||transition: all .5s;||cursor: pointer; \" custom_css_after= \"content: \";|||display: block;||padding-bottom: 100%; \" custom_css_blurb_image= \"position:absolute;||display: block;|||height: 40px;||width: 40px;||border:1.5px solid #fff;||padding: 5px 0px 0px 0px 0px!important;||bottom:-30px!important;||right:0px!important; \" custom_css_blurb_content= \"position:absolute;||width: 100%;|||height: 100%;||padding:30px!important;|||display: flex;||flex-direction: column;||align-items: flex-start;|||justify-content: flex-end; \" icon_font_size= \"30px \" disabled= \"on \" global_colors_info= \"{} \" background__hover_enabled= \"on|hover \" font_icon__hover_enabled= \"off|desktop \" font_icon__hover= \"M||divi||400\u2033 icon_color__hover_enabled= \"on|hover \" icon_color__hover= \"#FFFFFF \"]<h3 class=\"blurbtitle2\" style=\"text-align: left; color: #fff!important;\">INSERTION<span style=\"font-size: 0.8em; font-weight: 200;\">\npar l&rsquo;\u00e9ducation,\nle sport &amp; la culture<\/span><\/h3>[\/et_pb_blurb][et_pb_blurb use_icon= \"on \" font_icon= \"L||divi|400\u2033 icon_color= \"#FFFF \" image_icon_width= \"30px \" admin_label= \"Zusammenfassung\" module_class= \"b3_blurb1\u2033 _builder_version= \"4.15\u2033 header_font= \"|||||||| \" background_enable_color= \"off \" background_image= \"https:\/\/www.wesco-group.com\/wp-content\/uploads\/2021\/09\/l-insertion.webp \" positioning= \"absolute\" z_index= \"1\u2033 text_orientation= \"center\" background_layout= \"dark\" width= \"100%\" animation= \"off\" custom_css_main_element= \"position:absolute!important;||transition: all .5s;||cursor: pointer; \" custom_css_after= \"content: \";|||display: block;||padding-bottom: 100%; \" custom_css_blurb_image= \"position:absolute;||display: block;|||height: 40px;||width: 40px;||border:1.5px solid #fff;||padding: 5px 0px 0px 0px 0px!important;||bottom:-30px!important;||right:0px!important; \" custom_css_blurb_content= \"position:absolute;||width: 100%;|||height: 100%;||padding:30px!important;|||display: flex;||flex-direction: column;||align-items: flex-start;|||justify-content: flex-end; \" icon_font_size= \"30px \" global_colors_info= \"{} \" background__hover_enabled= \"on|hover \" font_icon__hover_enabled= \"off|desktop \" font_icon__hover= \"M||divi|||400\u2033 icon_color__hover_enabled= \"on|hover\" icon_color__hover= \"#FFFF \"]<h3 class=\"blurbtitle2\" style=\"text-align: left; color: #fff!important;line-height:1.1em;\">INSERTION durch Bildung, Sport &amp; Kultur<\/h3>[\/et_pb_blurb][\/et_pb_column][et_pb_column type= \"1_4\u2033 module_class= \"b3_column \" _builder_version= \"4.15\u2033 background_enable_image= \"off \" global_colors_info= \"{} \"][et_pb_blurb _builder_version= \"4.15\u2033 header_font= \"|||||||| \" body_font= \"Oswald|300||||||| \" body_text_color= \"#0a769e\" body_font_size= \"1.1vw\" body_line_height= \"1.1em \" background_color= \"#FFFF \" z_index= \"1\u2033 text_orientation= \"center\" background_layout= \"dark\" body_font_size_tablet= \"2vw\" body_font_size_phone= \"16px\" body_font_size_last_edited= \"on|phone\" custom_css_after= \"content:  \";|||display: block;||padding-bottom: 100%; \" custom_css_blurb_content= \"position:absolute;|||width: 100%;||height: 100%;||padding:20px!important;|||display: flex;||flex-direction: column;||align-items: center;|||justify-content: center; \" global_colors_info=\"{} \" transform_rotate__hover_enabled=\"on \" transform_styles__hover_enabled=\"on \" transform_scale__hover_enabled=\"on \" transform_translate__hover_enabled=\"on \" transform_skew__hover_enabled=\"on \" transform_origin__hover_enabled=\"on \"]<p style=\"text-align: justify;\">Seit mehr als 15 Jahren ber\u00fccksichtigt Wesco die Auswirkungen seiner T\u00e4tigkeit auf die Umwelt. Das Unternehmen setzt dieses Engagement \u00fcber die Stiftung fort, indem es Aktionen unterst\u00fctzt, die die P\u00e4dagogik im Kontakt mit der Natur f\u00f6rdern.<\/p>[\/et_pb_blurb][et_pb_blurb use_icon= \"on \" font_icon= \"L||divi||400\u2033 icon_color= \"#FFFF \" image_icon_width= \"30px \" disabled_on= \"on|on|on\" admin_label= \"Zusammenfassung \" module_class= \"b3_blurb1\u2033 _builder_version= \"4.15\u2033 header_font= \"|||||||| \" background_enable_color= \"off\" background_image= \"https:\/\/www.wesco-group.com\/wp-content\/uploads\/2021\/09\/die-sensibilisierung.webp \" positioning= \"absolute\" z_index= \"1\u2033 text_orientation= \"center\" background_layout= \"dark\" width= \"100%\" animation= \"off\" custom_css_main_element= \"position:absolute!important;||transition: all .5s;||cursor: pointer; \" custom_css_after= \"content: \";|||display: block;||padding-bottom: 100%; \" custom_css_blurb_image= \"position:absolute;||display: block;|||height: 40px;||width: 40px;||border:1.5px solid #fff;||padding: 5px 0px 0px 0px 0px!important;||bottom:-30px!important;||right:0px!important; \" custom_css_blurb_content= \"position:absolute;||width: 100%;|||height: 100%;||padding:30px!important;|||display: flex;||flex-direction: column;||align-items: flex-start;|||justify-content: flex-end; \" icon_font_size= \"30px \" disabled= \"on \" global_colors_info= \"{} \" background__hover_enabled= \"on|hover \" font_icon__hover_enabled= \"off|desktop \" font_icon__hover= \"M||divi||400\u2033 icon_color__hover_enabled= \"on|hover \" icon_color__hover= \"#FFFFFF \"]<h3 class=\"blurbtitle2\" style=\"text-align: left; color: #fff!important;\">BEWUSSTSEINSBILDUNG<span style=\"font-size: 0.8em; font-weight: 200;\">\nvon Kindern zu nachhaltiger Entwicklung<\/span><\/h3>[\/et_pb_blurb][et_pb_blurb use_icon= \"on \" font_icon= \"L||divi|400\u2033 icon_color= \"#FFFF \" image_icon_width= \"30px \" admin_label= \"Zusammenfassung\" module_class= \"b3_blurb1\u2033 _builder_version= \"4.15\u2033 header_font= \"|||||||| \" background_enable_color= \"off \" background_image= \"https:\/\/www.wesco-group.com\/wp-content\/uploads\/2021\/09\/die-sensibilisierung.webp \" positioning= \"absolute\" z_index= \"1\u2033 text_orientation= \"center\" background_layout= \"dark\" width= \"100%\" animation= \"off\" custom_css_main_element= \"position:absolute!important;||transition: all .5s;||cursor: pointer; \" custom_css_after= \"content: \";|||display: block;||padding-bottom: 100%; \" custom_css_blurb_image= \"position:absolute;||display: block;|||height: 40px;||width: 40px;||border:1.5px solid #fff;||padding: 5px 0px 0px 0px 0px!important;||bottom:-30px!important;||right:0px!important; \" custom_css_blurb_content= \"position:absolute;||width: 100%;|||height: 100%;||padding:30px!important;|||display: flex;||flex-direction: column;||align-items: flex-start;|||justify-content: flex-end; \" icon_font_size= \"30px \" global_colors_info= \"{} \" background__hover_enabled= \"on|hover \" font_icon__hover_enabled= \"off|desktop \" font_icon__hover= \"M||divi|||400\u2033 icon_color__hover_enabled= \"on|hover\" icon_color__hover= \"#FFFF \"]<h3 class=\"blurbtitle2\" style=\"text-align: left; color: #fff!important; line-height: 1.1em;\">DAS SENSIBILISIEREN von Kindern f\u00fcr nachhaltige Entwicklung<\/h3>[\/et_pb_blurb][\/et_pb_column][\/et_pb_row][\/et_pb_section][et_pb_section fb_built=\u00a0\u00bb1&Prime; custom_padding_last_edited=\u00a0\u00bbon|phone\u00a0\u00bb admin_label=\u00a0\u00bbEt concretement&#8230;\u00a0\u00bb _builder_version=\u00a0\u00bb4.15&Prime; _module_preset=\u00a0\u00bbdefault\u00a0\u00bb background_image=\u00a0\u00bbhttps:\/\/www.wesco-group.com\/wp-content\/uploads\/2021\/09\/fondation-chiffres-1.webp\u00a0\u00bb custom_padding=\u00a0\u00bb6vh||6vh||true|false\u00a0\u00bb custom_padding_tablet=\u00a0\u00bb\u00a0\u00bb custom_padding_phone=\u00a0\u00bb0vh||0vh||true|false\u00a0\u00bb da_disable_devices=\u00a0\u00bboff|off|off\u00a0\u00bb global_colors_info=\u00a0\u00bb{}\u00a0\u00bb da_is_popup=\u00a0\u00bboff\u00a0\u00bb da_exit_intent=\u00a0\u00bboff\u00a0\u00bb da_has_close=\u00a0\u00bbon\u00a0\u00bb da_alt_close=\u00a0\u00bboff\u00a0\u00bb da_dark_close=\u00a0\u00bboff\u00a0\u00bb da_not_modal=\u00a0\u00bbon\u00a0\u00bb da_is_singular=\u00a0\u00bboff\u00a0\u00bb da_with_loader=\u00a0\u00bboff\u00a0\u00bb da_has_shadow=\u00a0\u00bbon\u00a0\u00bb][et_pb_row custom_padding_last_edited=\u00a0\u00bbon|phone\u00a0\u00bb _builder_version=\u00a0\u00bb4.15&Prime; _module_preset=\u00a0\u00bbdefault\u00a0\u00bb custom_padding=\u00a0\u00bb45px||0px||false|false\u00a0\u00bb custom_padding_tablet=\u00a0\u00bb\u00a0\u00bb custom_padding_phone=\u00a0\u00bb\u00a0\u00bb global_colors_info=\u00a0\u00bb{}\u00a0\u00bb][et_pb_column type=\u00a0\u00bb4_4&Prime; _builder_version=\u00a0\u00bb4.15&Prime; _module_preset=\u00a0\u00bbdefault\u00a0\u00bb global_colors_info=\u00a0\u00bb{}\u00a0\u00bb][et_pb_text _builder_version=\u00a0\u00bb4.15&Prime; _module_preset=\u00a0\u00bbdefault\u00a0\u00bb header_2_font=\u00a0\u00bbSacramento||||||||\u00a0\u00bb header_2_text_align=\u00a0\u00bbcenter\u00a0\u00bb custom_margin=\u00a0\u00bb10px||10px||true|false\u00a0\u00bb global_colors_info=\u00a0\u00bb{}\u00a0\u00bb]<h2><span class=\"title-3\">Und zwar konkret,<\/span><span class=\"subtitle-3\">\nwie sieht das aus?<\/span><\/h2>[\/et_pb_text][et_pb_text _builder_version= \"4.15\u2033 _module_preset= \"default \" text_font= \"Oswald|200||||||| \" text_text_color= \"#FFFF \" text_font_size= \"1.7em \" width= \"65%\" width_tablet= \"100%\" width_phone= \" \" width_last_edited= \"on|desktop \" module_alignment= \"center\" text_font_size_tablet= \"1.7em \" text_font_size_phone= \"1.4em \" text_font_size_last_edited= \"on|phone\" custom_css_main_element= \"line-height:1.2em; \" global_colors_info= \"{} \" custom_css_main_element_tablet= \"line-height:1.2em; \" custom_css_main_element_phone= \"line-height:1.2em; \" custom_css_main_element_last_edited= \"on|phone \"]<p style=\"text-align: justify;\">Die Wesco-Stiftung ist ein engagiertes Team, das sich mehrmals im Jahr trifft, ein einstimmig verabschiedetes Budget und mehrere unterst\u00fctzte Projekte. In aller Transparenz, hier ist unsere Bilanz!<\/p>[\/et_pb_text][\/et_pb_column][\/et_pb_row][et_pb_row column_structure= \"1_4,1_4,1_4,1_4\u2033 use_custom_gutter= \"on \" gutter_width= \"1\u2033 make_equal= \"on \" _builder_version= \"4.15\u2033 _module_preset= \"default\" width= \"60%\" width_tablet= \"55%\" width_phone= \"100%\" width_last_edited= \"on|phone\" custom_margin= \"Standard\". \"||||false|false \" custom_padding= \"15px||15px||true|false \" global_colors_info= \"{} \"][et_pb_column type= \"1_4\u2033 _builder_version= \"4.15\u2033 _module_preset= \"default \" custom_padding= \"30px||30px||true|false \" border_width_all_tablet= \" \" border_width_all_phone= \" \" border_width_all_last_edited= \"on|desktop \" border_width_right_tablet= \"0px \" border_width_right_phone= \"0px \" border_width_right_last_edited= \"off|tablet \" global_colors_info= \"{} \"][et_pb_blurb image= \"https:\/\/www.wesco-group.com\/wp-content\/uploads\/2021\/07\/picto-clients.png \" _builder_version= \"4.15\u2033 _module_preset= \"default \" custom_margin= \"0px||0px|true|false \" custom_padding= \"0px||0px||true|false \" global_colors_info= \"{} \"][\/et_pb_blurb][et_pb_number_counter number= \"500 000\u2033 percent_sign= \"off \" _builder_version= \"4.15\u2033 _module_preset= \"default \" title_font= \"Open Sans|600||||||| \" title_text_color= \"#FFFF \" title_font_size= \"1vw \" title_line_height= \"1.3em \" number_font= \"Open Sans|700||||||| \" number_text_color= \"#FFFF \" number_font_size= \"42px \" number_line_height= \"10px \" custom_margin= \"0px||0px||true|false \" custom_padding= \"0px||0px||true|false \" title_font_size_tablet= \"2vw \" title_font_size_phone= \"16px \" title_font_size_last_edited= \"on|desktop \" custom_css_main_element= \"margin-bottom:-40px!important; \" global_colors_info=\"{} \"][\/et_pb_number_counter][et_pb_text _builder_version= \"4.15.1\u2033 _module_preset= \"default \" text_font= \"Open Sans|600||||||| \" text_text_color= \"#FFFF \" text_font_size= \"1vw \" text_line_height= \"1.2em \" text_orientation= \"center\" custom_padding= \"0.3em|0.8em|0.3em|0.8em|true|true \" text_font_size_tablet=\"2vw \" text_font_size_phone=\"16px \" text_font_size_last_edited=\"on|tablet\" text_line_height_tablet=\"1.3em \" text_line_height_phone= \" \" text_line_height_last_edited=\"on|tablet\" global_colors_info=\"{} \"]<p>beg\u00fcnstigte Kinder seit Beginn<\/p>[\/et_pb_text][\/et_pb_column][et_pb_column type= \"1_4\u2033 _builder_version= \"4.15\u2033 _module_preset= \"default \" custom_padding= \"30px||30px||true|false \" global_colors_info= \"{} \"][et_pb_blurb image= \"https:\/\/www.wesco-group.com\/wp-content\/uploads\/2021\/07\/picto-flag.png \" _builder_version= \"4.15\u2033 _module_preset= \"default \" custom_margin= \"0px||0px||true|false \" custom_padding= \"0px||0px||true|false \" global_colors_info= \"{} \"][\/et_pb_blurb][et_pb_number_counter number= \"11\u2033 percent_sign= \"off \" _builder_version= \"4.15.1\u2033 _module_preset= \"default \" title_font= \"Open Sans|600||||||| \" title_text_color= \"#FFFF \" title_font_size= \"1vw \" title_line_height= \"1.3em \" number_font= \"Open Sans|700||||||| \" number_text_color= \"#FFFF \" number_font_size= \"42px \" number_line_height= \"10px \" custom_margin= \"0px||0px||true|false \" custom_padding= \"0px||0px||true|false \" title_font_size_tablet= \"2vw \" title_font_size_phone= \"16px \" title_font_size_last_edited= \"on|desktop\" custom_css_main_element= \"margin-bottom:-40px!important; \" global_colors_info=\"{} \"][\/et_pb_number_counter][et_pb_text _builder_version= \"4.15.1\u2033 _module_preset= \"default \" text_font= \"Open Sans|600||||||| \" text_text_color= \"#FFFF \" text_font_size= \"1vw \" text_line_height= \"1.2em \" text_orientation= \"center \" custom_padding= \"0.3em|0.8em|0.3em|0.8em|true|true \" text_font_size_tablet=\"2vw \" text_font_size_phone=\"16px \" text_font_size_last_edited=\"on|tablet \" text_line_height_tablet=\"1.3em \" text_line_height_phone= \" \" text_line_height_last_edited=\"on|tablet \" global_colors_info=\"{} \"]<p>unterst\u00fctzte Projekte im Jahr 2023<\/p>[\/et_pb_text][\/et_pb_column][et_pb_column type= \"1_4\u2033 _builder_version= \"4.15\u2033 _module_preset= \"default \" custom_padding= \"30px||30px||true|false \" global_colors_info= \"{} \"][et_pb_blurb image= \"https:\/\/www.wesco-group.com\/wp-content\/uploads\/2021\/07\/picto-plane.png \" _builder_version= \"4.15\u2033 _module_preset= \"default \" custom_margin= \"0px||0px||true|false \" custom_padding= \"0px||0px||true|false \" global_colors_info= \"{} \"][\/et_pb_blurb][et_pb_number_counter number= \"50\u2033 percent_sign= \"off \" _builder_version= \"4.15.1\u2033 _module_preset= \"default \" title_font= \"Open Sans|600||||||| \" title_text_color= \"#FFFF \" title_font_size= \"1vw \" title_line_height= \"1.3em \" number_font= \"Open Sans|700||||||| \" number_text_color= \"#FFFF \" number_font_size= \"42px \" number_line_height= \"10px \" custom_margin= \"0px||0px||true|false \" custom_padding= \"0px||0px||true|false \" title_font_size_tablet= \"2vw \" title_font_size_phone= \"16px \" title_font_size_last_edited= \"on|desktop\" custom_css_main_element= \"margin-bottom:-40px!important; \" global_colors_info=\"{} \"][\/et_pb_number_counter][et_pb_text _builder_version= \"4.15\u2033 _module_preset= \"default \" text_font= \"Open Sans|600||||||| \" text_text_color= \"#FFFF \" text_font_size= \"1vw \" text_line_height= \"1.2em \" text_orientation= \"center \" custom_padding= \"0.3em|0.8em|0.3em|0.8em|true|true \" text_font_size_tablet=\"2vw \" text_font_size_phone=\"16px \" text_font_size_last_edited=\"on|tablet \" text_line_height_tablet=\"1.3em \" text_line_height_phone= \" \" text_line_height_last_edited=\"on|tablet \" global_colors_info=\"{} \"]<p>von der Stiftung seit ihrer Gr\u00fcndung unterst\u00fctzte Projekte<\/p>[\/et_pb_text][\/et_pb_column][et_pb_column type= \"1_4\u2033 _builder_version= \"4.15\u2033 _module_preset= \"default \" custom_padding= \"30px||30px||true|false \" global_colors_info= \"{} \"][et_pb_blurb image= \"https:\/\/www.wesco-group.com\/wp-content\/uploads\/2021\/07\/picto-heart.png \" _builder_version= \"4.15\u2033 _module_preset= \"default \" custom_margin= \"0px||0px||true|false \" custom_padding= \"0px||0px||true|false \" global_colors_info= \"{} \"][\/et_pb_blurb][et_pb_number_counter number= \"1\u20ac \" percent_sign= \"off \" _builder_version= \"4.15\u2033 _module_preset= \"default \" title_font= \"Open Sans|600||||||| \" title_text_color= \"#FFFF \" title_font_size= \"1.5vw \" number_font= \"Open Sans|700||||||| \" number_text_color= \"#FFFF \" number_font_size= \"42px \" number_line_height= \"10px \" custom_margin= \"0px||0px||true|false \" custom_padding= \"0px||0px||true|false \" title_font_size_tablet= \"3vw \" title_font_size_phone= \"22px \" title_font_size_last_edited= \"on|phone \" custom_css_main_element= \"margin-bottom:-40px!important; \" global_colors_info=\"{} \"][\/et_pb_number_counter][et_pb_text _builder_version= \"4.15\u2033 _module_preset= \"default \" text_font= \"Open Sans|600||||||| \" text_text_color= \"#FFFF \" text_font_size= \"1.5vw \" text_line_height= \"1.2em \" text_orientation= \"center\" custom_margin= \"-50px||||false|false\" custom_padding= \"0.3em|0.8em|0.3em|0.8em|true|true \" text_font_size_tablet=\"2vw \" text_font_size_phone=\"16px \" text_font_size_last_edited=\"on|tablet \" text_line_height_tablet=\"1.3em \" text_line_height_phone= \" \" text_line_height_last_edited=\"on|tablet \" global_colors_info=\"{} \"]<p>gespendet<\/p>[\/et_pb_text][et_pb_text _builder_version= \"4.15\u2033 _module_preset= \"default \" text_font= \"Open Sans|600||||||| \" text_text_color= \"#FFFF \" text_font_size= \"1vw \" text_line_height= \"1.2em \" text_orientation=\"center\" custom_margin=\"0px||0px||true|false\" text_font_size_tablet=\"2vw\" text_font_size_phone=\"16px\" text_font_size_last_edited=\"on|tablet\" text_line_height_tablet=\"1.3em \" text_line_height_phone= \" \" text_line_height_last_edited= \"on|tablet\" global_colors_info= \"{} \"]Auch unsere Kunden engagieren sich an unserer Seite![\/et_pb_text][et_pb_text _builder_version= \"4.15\u2033 _module_preset= \"default\" text_font= \"Open Sans|600||||||| \" text_text_color= \"#FFFF \" text_font_size= \"16px \" text_line_height= \"1em \" text_orientation= \"center\" custom_padding= \"0.3em|0.8em|0.3em|0.8em|true|true \" text_font_size_tablet=\"16px \" text_font_size_phone=\"16px \" text_font_size_last_edited=\"on|desktop \" text_line_height_tablet=\"1em \" text_line_height_phone= \" \" text_line_height_last_edited=\"on|desktop \" global_colors_info=\"{} \"]<p><span style=\"font-size: small;\">Wenn Sie sich f\u00fcr einen unserer Advantage Clubs anmelden, geht automatisch 1\u20ac an die Stiftung.<\/span><\/p>[\/et_pb_text][\/et_pb_column][\/et_pb_row][\/et_pb_section][et_pb_section fb_built=\u00a0\u00bb1&Prime; custom_padding_last_edited=\u00a0\u00bbon|phone\u00a0\u00bb admin_label=\u00a0\u00bbCarrousel associations\u00a0\u00bb _builder_version=\u00a0\u00bb4.15.1&Prime; _module_preset=\u00a0\u00bbdefault\u00a0\u00bb custom_margin=\u00a0\u00bb||||false|false\u00a0\u00bb custom_margin_tablet=\u00a0\u00bb\u00a0\u00bb custom_margin_phone=\u00a0\u00bb0px||0px||true|false\u00a0\u00bb custom_margin_last_edited=\u00a0\u00bbon|phone\u00a0\u00bb custom_padding=\u00a0\u00bb21px|||||\u00a0\u00bb custom_padding_tablet=\u00a0\u00bb\u00a0\u00bb custom_padding_phone=\u00a0\u00bb0px||0px||true|false\u00a0\u00bb da_disable_devices=\u00a0\u00bboff|off|off\u00a0\u00bb global_colors_info=\u00a0\u00bb{}\u00a0\u00bb da_is_popup=\u00a0\u00bboff\u00a0\u00bb da_exit_intent=\u00a0\u00bboff\u00a0\u00bb da_has_close=\u00a0\u00bbon\u00a0\u00bb da_alt_close=\u00a0\u00bboff\u00a0\u00bb da_dark_close=\u00a0\u00bboff\u00a0\u00bb da_not_modal=\u00a0\u00bbon\u00a0\u00bb da_is_singular=\u00a0\u00bboff\u00a0\u00bb da_with_loader=\u00a0\u00bboff\u00a0\u00bb da_has_shadow=\u00a0\u00bbon\u00a0\u00bb][et_pb_row _builder_version=\u00a0\u00bb4.15&Prime; _module_preset=\u00a0\u00bbdefault\u00a0\u00bb custom_margin=\u00a0\u00bb0px||0px||true|false\u00a0\u00bb custom_padding=\u00a0\u00bb0px||0px||true|false\u00a0\u00bb global_colors_info=\u00a0\u00bb{}\u00a0\u00bb][et_pb_column type=\u00a0\u00bb4_4&Prime; _builder_version=\u00a0\u00bb4.15&Prime; _module_preset=\u00a0\u00bbdefault\u00a0\u00bb global_colors_info=\u00a0\u00bb{}\u00a0\u00bb][et_pb_text _builder_version=\u00a0\u00bb4.15&Prime; _module_preset=\u00a0\u00bbdefault\u00a0\u00bb header_2_font=\u00a0\u00bbSacramento||||||||\u00a0\u00bb header_2_text_align=\u00a0\u00bbcenter\u00a0\u00bb custom_margin=\u00a0\u00bb0em||||false|false\u00a0\u00bb custom_margin_tablet=\u00a0\u00bb3em||||false|false\u00a0\u00bb custom_margin_phone=\u00a0\u00bb\u00a0\u00bb custom_margin_last_edited=\u00a0\u00bbon|phone\u00a0\u00bb global_colors_info=\u00a0\u00bb{}\u00a0\u00bb]<h2><span class=\"title\">Unsere Aktionen<\/span><span class=\"subtitle\"> in Arbeit<\/span><\/h2>[\/et_pb_text][et_pb_text _builder_version= \"4.15\u2033 _module_preset= \"default \" text_font= \"Oswald|300||||||| \" text_text_color= \"#125671\u2033 text_font_size= \"1.7em \" width= \"65%\" width_tablet= \"100%\" width_phone= \" \" width_last_edited= \"on|desktop \" module_alignment= \"center\" text_font_size_tablet= \"1.7em \" text_font_size_phone= \"1.4em \" text_font_size_last_edited= \"on|phone\" custom_css_main_element= \"line-height:1.2em; \" global_colors_info= \"{} \" custom_css_main_element_tablet= \"line-height:1.2em; \" custom_css_main_element_phone= \"line-height:1.2em; \" custom_css_main_element_last_edited= \"on|phone \"]<p style=\"text-align: justify;\">Ob lokal engagiert oder in gr\u00f6\u00dferem Ma\u00dfstab, dies sind die Organisationen, die wir derzeit unterst\u00fctzen. Auch wenn sie unterschiedliche Schwerpunkte haben, so haben sie doch alle eines gemeinsam: Sie setzen sich f\u00fcr Kinder ein!<\/p>[\/et_pb_text][\/et_pb_column][\/et_pb_row][et_pb_row use_custom_gutter=\u00a0\u00bbon\u00a0\u00bb make_equal=\u00a0\u00bbon\u00a0\u00bb _builder_version=\u00a0\u00bb4.15.1&Prime; _module_preset=\u00a0\u00bbdefault\u00a0\u00bb width=\u00a0\u00bb95%\u00a0\u00bb width_tablet=\u00a0\u00bb\u00a0\u00bb width_phone=\u00a0\u00bb100%\u00a0\u00bb width_last_edited=\u00a0\u00bbon|phone\u00a0\u00bb max_width=\u00a0\u00bb95%\u00a0\u00bb max_width_tablet=\u00a0\u00bb\u00a0\u00bb max_width_phone=\u00a0\u00bb100%\u00a0\u00bb max_width_last_edited=\u00a0\u00bbon|phone\u00a0\u00bb overflow-x=\u00a0\u00bbhidden\u00a0\u00bb overflow-y=\u00a0\u00bbhidden\u00a0\u00bb custom_padding=\u00a0\u00bb|0px||0px|false|true\u00a0\u00bb hover_enabled=\u00a0\u00bb0&Prime; overflow-x_tablet=\u00a0\u00bb\u00a0\u00bb overflow-x_phone=\u00a0\u00bb\u00a0\u00bb overflow-x_last_edited=\u00a0\u00bbon|desktop\u00a0\u00bb overflow-y_tablet=\u00a0\u00bb\u00a0\u00bb overflow-y_phone=\u00a0\u00bbhidden\u00a0\u00bb overflow-y_last_edited=\u00a0\u00bbon|desktop\u00a0\u00bb global_colors_info=\u00a0\u00bb{}\u00a0\u00bb sticky_enabled=\u00a0\u00bb0&Prime;][et_pb_column type=\u00a0\u00bb4_4&Prime; module_class=\u00a0\u00bbblurbassoc\u00a0\u00bb admin_label=\u00a0\u00bbColonne\u00a0\u00bb _builder_version=\u00a0\u00bb4.15.1&Prime; _module_preset=\u00a0\u00bbdefault\u00a0\u00bb custom_padding=\u00a0\u00bb|0px||0px|false|true\u00a0\u00bb global_colors_info=\u00a0\u00bb{}\u00a0\u00bb][et_pb_blurb title=\u00a0\u00bbDons solidaires\u00a0\u00bb image=\u00a0\u00bbhttps:\/\/www.wesco-group.com\/wp-content\/uploads\/2021\/09\/dons_solidaires.webp\u00a0\u00bb _builder_version=\u00a0\u00bb4.15.1&Prime; _module_preset=\u00a0\u00bbf0351f99-3fdd-4c70-aba4-c081b67586d1&Prime; global_colors_info=\u00a0\u00bb{}\u00a0\u00bb]<p style=\"text-align: justify;\">Die 2004 gegr\u00fcndete und als gemeinn\u00fctzig anerkannte Organisation Dons Solidaires hat es sich zur Aufgabe gemacht, gegen Verschwendung und Prekarit\u00e4t zu k\u00e4mpfen. So sammelt der Verein bei Unternehmen neue, unverkaufte Non-Food-Produkte ein und verteilt sie an Wohlt\u00e4tigkeitsorganisationen, die sie an Menschen in gro\u00dfen Schwierigkeiten weitergeben. Von Unternehmen bis hin zu Vereinen mobilisiert Dons Solidaires die gesamte Solidarit\u00e4tskette, um gegen Ausgrenzung zu k\u00e4mpfen.<\/p>\n<p style=\"text-align: justify;\">Seit 2015 unterst\u00fctzt die Wesco-Unternehmensstiftung die Jugendabteilung des Vereins insbesondere bei der Aktion \"Kit Scolaire\": eine solidarische Aktion, um Familien in Not mit dem N\u00f6tigsten f\u00fcr den Schulanfang zu versorgen, neue, qualitativ hochwertige Schulmaterialien, die \u00fcber Partnerorganisationen in ganz Frankreich verteilt werden.<\/p>\n<p style=\"text-align: center;\"><a href=\"https:\/\/www.donsolidaires.fr\/\" target=\"_blank\" rel=\"noopener\"><strong>https:\/\/www.donsolidaires.fr\/<\/strong><\/a><\/p>[\/et_pb_blurb][et_pb_blurb title= \"l'Ecole de D\u00e9couverte des Sports du Bocage \" image= \"https:\/\/www.wesco-group.com\/wp-content\/uploads\/2021\/09\/logo-EDSDB.webp \" _builder_version= \"4.15.1\u2033 _module_preset= \"f0351f99-3fdd-4c70-aba4-c081b67586d1\u2033 global_colors_info= \"{} \"]<p style=\"text-align: justify;\">Die Ecole de D\u00e9couverte des Sports du Bocage mit Sitz in Cerizay hat es sich zur Aufgabe gemacht, alle Kinder f\u00fcr den Sport zu begeistern, sie mit verschiedenen Aktivit\u00e4ten vertraut zu machen und sportliche Werte wie Teamgeist zu f\u00f6rdern.<\/p>\n<p style=\"text-align: justify;\">Seit 2016 unterst\u00fctzen wir mit dem Programm \"Ex Aequo\" die von der EDS entwickelten Projekte rund um die Inklusion von Kindern mit Behinderungen durch Sport. Durch angepasste sportliche Aktivit\u00e4ten ohne Wettbewerb k\u00f6nnen alle ihr Selbstvertrauen erheblich steigern und ihren Blick auf Behinderungen \u00e4ndern. An der Startlinie sind wir alle gleich!<\/p>\n<p style=\"text-align: center;\"><strong><a href=\"https:\/\/www.edsdubocage.fr\/page\/1919435-actualites\" target=\"_blank\" rel=\"noopener\">https:\/\/www.edsdubocage.fr\/<\/a><\/strong><\/p>[\/et_pb_blurb][et_pb_blurb title= \"Groupe Ornithologique des Deux-S\u00e8vres \" image= \"https:\/\/www.wesco-group.com\/wp-content\/uploads\/2021\/11\/logo-GOD.webp \" content_max_width_phone= \"550px\" content_max_width_last_edited= \"off|desktop \" _builder_version= \"4.15.1\u2033 _module_preset= \"f0351f99-3fdd-4c70-aba4-c081b67586d1\u2033 global_colors_info= \"{} \"]<p style=\"text-align: justify;\">Diese Vereinigung mit Sitz in Niort hat sich zum Ziel gesetzt, die Wildv\u00f6gel im Departement Deux-S\u00e8vres zu studieren und zu sch\u00fctzen. Parallel dazu f\u00fchrt sie Informations- und Sensibilisierungsma\u00dfnahmen f\u00fcr Kinder (Schulen, soziokulturelle Zentren usw.) durch.<\/p>\n<p style=\"text-align: justify;\">Im zweiten Jahr in Folge unterst\u00fctzen wir dieses Projekt, das es 225 Kindern des Departements erm\u00f6glicht, V\u00f6gel zu studieren, die ihrer Umgebung nahestehen, die V\u00f6gel des Tieflandes. Indem sie in den wissenschaftlichen Untersuchungsansatz eingef\u00fchrt werden, sind die Kinder Akteure ihrer Entdeckungen und k\u00f6nnen die Umwelt, die sie umgibt, besser verstehen.<\/p>\n<p style=\"text-align: center;\"><strong><a href=\"https:\/\/www.ornitho79.org\/\" target=\"_blank\" rel=\"noopener\">https:\/\/www.ornitho79.org\/<\/a><\/strong><\/p>[\/et_pb_blurb][et_pb_blurb title= \"Mom'Artre \" image= \"https:\/\/www.wesco-group.com\/wp-content\/uploads\/2023\/02\/logo-reseau-transparent_1-300\u00d778.png \" _builder_version= \"4.15.1\u2033 _module_preset= \"f0351f99-3fdd-4c70-aba4-c081b67586d1\u2033 global_colors_info= \"{} \"]<p style=\"text-align: justify;\">M\u00f4m'Artre ist mehr als eine einfache Betreuungseinrichtung: Es bietet Kinderbetreuung, k\u00fcnstlerische und kulturelle Workshops f\u00fcr Kleinkinder oder Schulen, Unterst\u00fctzung bei der Elternschaft, Fortbildungen in Kinderberufen und Orte in der Nachbarschaft, um das Zusammenleben zu f\u00f6rdern.<\/p>\n<p style=\"text-align: justify;\">Sch\u00e4tzungen zufolge gibt es mehr als 50 000 \"vergessene\" Kinder im au\u00dferschulischen Bereich, die aufgrund der extrem prek\u00e4ren Situation ihrer Familien fast unsichtbar sind. Um mit dieser Zielgruppe zu arbeiten, die aufgrund ihrer instabilen Situation sehr schwer zu betreuen ist, f\u00fchrt Mom'Artre das Projekt '\"les enfants de la grande exclusion\" ein, durch das die Unternehmensstiftung Wesco t\u00e4tig wird, indem sie Kindern in sozialen Notsituationen in Nantes w\u00e4hrend sieben Schulferienwochen eine v\u00f6llig kostenlose Betreuung erm\u00f6glicht.<\/p>\n<p style=\"text-align: center;\"><strong><a href=\"https:\/\/momartre.net\/\" target=\"_blank\" rel=\"noopener\">https:\/\/momartre.net\/<\/a><\/strong><\/p>[\/et_pb_blurb][et_pb_blurb title= \"C.I.E.LO \" image= \"https:\/\/www.wesco-group.com\/wp-content\/uploads\/2023\/08\/cielo-150\u00d7150.png \" _builder_version= \"4.15.1\u2033 _module_preset= \"f0351f99-3fdd-4c70-aba4-c081b67586d1\u2033 global_colors_info= \"{} \"]<p style=\"text-align: justify;\"><span style=\"font-weight: 300;\">C.I.E.LO besteht seit 1995 und verbessert die Lebensbedingungen benachteiligter Bev\u00f6lkerungsgruppen in Entwicklungsl\u00e4ndern, indem es in Zusammenarbeit mit lokalen Akteuren Projekte ins Leben ruft, um deren Nachhaltigkeit zu sichern.<\/span><\/p>\n<p style=\"text-align: justify;\"><span style=\"font-weight: 300;\">Im Stadtteil Sodikombo der Stadt Douala in Kamerun, wo 55% der Bev\u00f6lkerung in extremer Armut leben und die durchschnittliche Dauer des Schulbesuchs 6 Jahre betr\u00e4gt, wird die Organisation eine Kindertagesst\u00e4tte f\u00fcr 30 Kleinkinder bauen und ausstatten. Neben der F\u00f6rderung der lokalen Wirtschaft durch den Bau des Geb\u00e4udes wird dieses Projekt den M\u00fcttern den Zugang zur Arbeit erleichtern und ihren Kindern anregende und sichere Bedingungen bieten.<\/span><\/p>\n<p style=\"text-align: center;\"><strong><a href=\"https:\/\/associationcielo.org\" target=\"_blank\" rel=\"noopener\">https:\/\/associationcielo.org<\/a><\/strong><\/p>[\/et_pb_blurb][et_pb_blurb title= \"Verein CL\u00c9 \" image= \"https:\/\/www.wesco-group.com\/wp-content\/uploads\/2023\/08\/cle-150\u00d7150.jpg\" _builder_version= \"4.15.1\u2033 _module_preset= \"f0351f99-3fdd-4c70-aba4-c081b67586d1\u2033 global_colors_info= \"{} \"]<p style=\"text-align: justify;\"><span style=\"font-weight: 300;\">Seit 37 Jahren k\u00e4mpft dieser Verein mit Sitz in Parthenay und Ausstrahlung auf die gesamte G\u00e2tine gegen Analphabetismus und alle damit verbundenen Schwierigkeiten bei der Vermittlung von Grundkenntnissen, denn Wissen ist Freiheit!<\/span><\/p>\n<p style=\"text-align: justify;\"><span style=\"font-weight: 300;\">Unter den Augen der Bewohner des Viertels wird das Zelt Woche f\u00fcr Woche zur gleichen Zeit am gleichen Ort aufgestellt. Ein offener Raum, keine T\u00fcr, durch die man gehen muss, und f\u00fcr jeden stehen B\u00fccher, Spiele, Filzstifte... Jede Woche werden neue Aktivit\u00e4ten angeboten, die mit dem Lesen und kreativen Hobbys zu tun haben. Dies ist das Konzept der Passerelle de Rue, deren Ziel es ist, bei Kindern, die oftmals von kulturellen Aktivit\u00e4ten weit entfernt sind, den Wunsch und die Freude am Lesen zu wecken. Die Unterst\u00fctzung der Stiftung wird es dem Verein CL\u00c9 erm\u00f6glichen, das Projekt in einem neuen Stadtteil zu wiederholen. <\/span><\/p>\n<p style=\"text-align: center;\"><strong><a href=\"https:\/\/associationcle.fr\/\" target=\"_blank\" rel=\"noopener\">https:\/\/associationcle.fr\/<\/a><\/strong><\/p>[\/et_pb_blurb][et_pb_blurb title= \"Polare Zeugen - Die Schule der Pole \" url= \"https:\/\/www.revesdegosse.fr\/l-association \" image= \"https:\/\/www.wesco-group.com\/wp-content\/uploads\/2023\/08\/Temoins_Polaires_RVB-Noir-e1691504208659.png \" _builder_version= \"4.15.1\u2033 _module_preset= \"f0351f99-3fdd-4c70-aba4-c081b67586d1\u2033 global_colors_info= \"{} \"]<p style=\"text-align: justify;\"><span style=\"font-weight: 300;\">Der Stiftungsfonds T\u00e9moins Polaires unterst\u00fctzt Projekte, die mit den Polen in Verbindung stehen, um den Klimawandel zu verstehen und zu messen, aber auch um zuk\u00fcnftige Generationen durch Staunen zu sensibilisieren.\u00a0<\/span><\/p>\n<p style=\"text-align: justify;\"><span style=\"font-weight: 300;\">Eintauchen in die Polarwelt garantiert dank der Schule der Pole, die in einem traditionsreichen Dreimastschiff untergebracht ist! Sie nimmt j\u00e4hrlich etwa 7000 Jugendliche (im Alter von 8 bis 18 Jahren) auf. Sie werden nicht nur f\u00fcr die Herausforderungen des Planetenschutzes sensibilisiert, sondern entdecken auch die Sch\u00f6nheit und Zerbrechlichkeit der Pole sowie ihre Bedeutung f\u00fcr die Klimaregulierung und werden aufgefordert, selbst zu Akteuren des Wandels zu werden. <\/span><\/p>\n<p style=\"text-align: center;\"><strong><a href=\"https:\/\/ecoledespoles.fr\" target=\"_blank\" rel=\"noopener\">https:\/\/ecoledespoles.fr<\/a><\/strong><\/p>[\/et_pb_blurb][et_pb_blurb title= \"Verein Neurofibromatose und Recklinghausen - Aufenthalt la Ribambelle \" image= \"https:\/\/www.wesco-group.com\/wp-content\/uploads\/2023\/08\/OSE-300\u00d7179.jpg\" _builder_version= \"4.15.1\u2033 _module_preset= \"f0351f99-3fdd-4c70-aba4-c081b67586d1\u2033 global_colors_info= \"{} \"]<p style=\"text-align: justify;\"><span style=\"font-weight: 300;\">Die Hauptaufgaben dieser nationalen Vereinigung sind die Finanzierung der medizinischen Forschung, die Verbreitung von Informationen \u00fcber Neurofibromatose und die Unterst\u00fctzung der Betroffenen.\u00a0<\/span><\/p>\n<p style=\"text-align: justify;\"><span style=\"font-weight: 300;\">Wenn ein Kind an Neurofibromatose erkrankt, ver\u00e4ndert sich der Alltag der ganzen Familie: Wohnung, Reisen, Aktivit\u00e4ten usw. Die meisten Kinder sind mit einer Behinderung konfrontiert. Da es kaum behindertengerechte Angebote gibt, fahren diese Familien so gut wie nie in den Urlaub. Daher organisiert La Ribambelle ein gro\u00dfes Entspannungswochenende, einen 100%-Aufenthalt, der f\u00fcr Familien unabh\u00e4ngig von der Behinderung geeignet ist. F\u00fcr die Familien erm\u00f6glicht ein Wochenende voller Spa\u00df und Austausch einen anderen Blick auf die Normalit\u00e4t und verringert das Gef\u00fchl der Ausgrenzung.<\/span><\/p>\n<p style=\"text-align: center;\"><strong><a href=\"https:\/\/www.anrfrance.fr\/\" target=\"_blank\" rel=\"noopener\">https:\/\/www.anrfrance.fr\/<\/a><\/strong><\/p>[\/et_pb_blurb][et_pb_blurb title= \u00bbFamily Association of Educational Leisure and Training (ALEF) \u00bb image= \u00bbhttps:\/\/www.wesco-group.com\/wp-content\/uploads\/2023\/08\/ALEF-e1691739552312. png \u00bb _builder_version= \u00bb4.15.1\u2033 _module_preset= \u00bbf0351f99-3fdd-4c70-aba4-c081b67586d1\u2033 global_colors_info= \u00bb{} \u00bb]<p style=\"text-align: justify;\"><span style=\"font-weight: 300;\">Diese Vereinigung ist eine departementale Einrichtung, die im D\u00e9partement Bas-Rhin, Elsass, t\u00e4tig ist. Sie ist auf die Organisation von Einrichtungen f\u00fcr Kleinkinder und Kinder (Kinderkrippen, au\u00dferschulische Betreuung, Aufenthalte usw.) spezialisiert und unterst\u00fctzt die Gebietsk\u00f6rperschaften bei deren Umsetzung. Heute verwaltet sie \u00fcber 100 Einrichtungen und begleitet sie p\u00e4dagogisch.<\/span><\/p>\n<p style=\"text-align: justify;\"><span style=\"font-weight: 300;\">Ziel des von der ALEF durchgef\u00fchrten Projekts ist es, Aktivit\u00e4ten in der Natur zu einem unverzichtbaren Bestandteil eines typischen Kindertages zu machen, der auf drei Schwerpunkte ausgerichtet ist: Abstand von Bildschirmen, ausgewogene Ern\u00e4hrung und k\u00f6rperliche Aktivit\u00e4ten. Um dieses Ziel zu erreichen, werden 105 Leiter von Einrichtungen geschult und ebenso viele Einrichtungen mit p\u00e4dagogischen Koffern ausgestattet, um die Durchf\u00fchrung von Aktivit\u00e4ten zu erleichtern.<\/span><\/p>\n<p style=\"text-align: center;\"><strong><a href=\"https:\/\/www.alef.asso.fr\/\" target=\"_blank\" rel=\"noopener\">https:\/\/www.alef.asso.fr\/<\/a><\/strong><\/p>[\/et_pb_blurb][et_pb_blurb title= \"Die Karamuzes \" image= \"https:\/\/www.wesco-group.com\/wp-content\/uploads\/2023\/08\/karamuzes.jpg \" _builder_version= \"4.15.1\u2033 _module_preset= \"f0351f99-3fdd-4c70-aba4-c081b67586d1\u2033 global_colors_info= \"{} \"]<p style=\"text-align: justify;\"><span style=\"font-weight: 300;\">Lokaler Verein mit Sitz in Maul\u00e9on. Die Karamuzes bringen die Kultur durch das Schreiben von Geschichten und die Inszenierung von Auff\u00fchrungen den Kindern in l\u00e4ndlichen Gebieten n\u00e4her.<\/span><\/p>\n<p style=\"text-align: justify;\"><span style=\"font-weight: 300;\">Nachdem sie das Thema Inklusion und Unterschiede angesprochen haben, begeben sich die Karamuzes wieder auf neue Abenteuer, mit dem Ziel, die J\u00fcngsten f\u00fcr die globale Erw\u00e4rmung zu sensibilisieren. 250 Kinder im Alter von 3 bis 12 Jahren aus der Region Maul\u00e9onnais werden an der Ausarbeitung des neuen Abenteuers von Karabis-Trouille sowie an der Inszenierung der f\u00fcr Oktober 2024 geplanten Auff\u00fchrung teilnehmen k\u00f6nnen.<\/span><\/p>\n<p style=\"text-align: center;\"><strong><a href=\"https:\/\/leskaramuzes.jimdofree.com\/\" target=\"_blank\" rel=\"noopener\">https:\/\/leskaramuzes.jimdofree.com\/<\/a><\/strong><\/p>[\/et_pb_blurb][et_pb_blurb title=\u00a0\u00bbAPF France Handicap &#8211; SESSAD Caen Lisieux\u00a0\u00bb image=\u00a0\u00bbhttps:\/\/www.wesco-group.com\/wp-content\/uploads\/2023\/11\/apf_01.jpg\u00a0\u00bb _builder_version=\u00a0\u00bb4.15.1&Prime; _module_preset=\u00a0\u00bbf0351f99-3fdd-4c70-aba4-c081b67586d1&Prime; global_colors_info=\u00a0\u00bb{}\u00a0\u00bb]<p style=\"text-align: justify;\">Das SESSAD von Caen \u2013 Lisieux bietet Unterst\u00fctzung f\u00fcr Kinder und Erwachsene mit motorischen Behinderungen bei der Umsetzung angepasster Rehabilitation.<br \/>Der Verein bietet gem\u00e4\u00df den neuesten Empfehlungen der HAS intensive und unterhaltsame Rehabilitationskurse im Rahmen des normalen Umfelds an. Die therapeutischen Ziele der Kurse sind Teil des t\u00e4glichen Lebens des Kindes. Sie sind sehr pr\u00e4zise und leicht zug\u00e4nglich, zum Beispiel zum Schneiden ihres eigenen Fleisches, und erm\u00f6glichen es Kindern, ihre Fortschritte zu festigen, sie dauerhaft zu machen und sich wertgesch\u00e4tzter zu f\u00fchlen. Die Relevanz dieses Projekts erm\u00f6glichte es ihm, den Projektaufruf der Society for Studies and Care for Paralyzed Children zu gewinnen.<\/p>\n<p style=\"text-align: center;\"><span><a href=\"http:\/\/apf14.blogs.apf.asso.fr\/\" target=\"_blank\" rel=\"noopener\" tabindex=\"0\"><strong>http:\/\/apf14.blogs.apf.asso.fr\/<\/strong><\/a><\/span><\/p>\n<p style=\"text-align: center;\">[\/et_pb_blurb][\/et_pb_column][\/et_pb_row][et_pb_row _builder_version=\u00a0\u00bb4.15.1&Prime; _module_preset=\u00a0\u00bbdefault\u00a0\u00bb custom_margin=\u00a0\u00bb29px|auto|29px|auto|true|false\u00a0\u00bb custom_padding=\u00a0\u00bb0px||0px||true|false\u00a0\u00bb hover_enabled=\u00a0\u00bb0&Prime; global_colors_info=\u00a0\u00bb{}\u00a0\u00bb sticky_enabled=\u00a0\u00bb0&Prime;][et_pb_column type=\u00a0\u00bb4_4&Prime; _builder_version=\u00a0\u00bb4.15.1&Prime; _module_preset=\u00a0\u00bbdefault\u00a0\u00bb global_colors_info=\u00a0\u00bb{}\u00a0\u00bb][et_pb_code admin_label=\u00a0\u00bbCSS caroussel\u00a0\u00bb _builder_version=\u00a0\u00bb4.15.1&Prime; _module_preset=\u00a0\u00bbdefault\u00a0\u00bb custom_margin=\u00a0\u00bb0px||0px||true|false\u00a0\u00bb custom_padding=\u00a0\u00bb0px||0px||true|false\u00a0\u00bb hover_enabled=\u00a0\u00bb0&Prime; global_colors_info=\u00a0\u00bb{}\u00a0\u00bb sticky_enabled=\u00a0\u00bb0&Prime;]<script><!-- [et_pb_line_break_holder] -->jQuery(function($){<!-- [et_pb_line_break_holder] -->$('.blurbassoc').slick({<!-- [et_pb_line_break_holder] -->infinite: true,<!-- [et_pb_line_break_holder] -->arrows: true,<!-- [et_pb_line_break_holder] -->dots: false,<!-- [et_pb_line_break_holder] -->slidesToShow: 4,<!-- [et_pb_line_break_holder] -->slidesToScroll: 1,<!-- [et_pb_line_break_holder] -->pauseOnHover: true,<!-- [et_pb_line_break_holder] -->responsive: [<!-- [et_pb_line_break_holder] -->{<!-- [et_pb_line_break_holder] -->breakpoint: 980,<!-- [et_pb_line_break_holder] -->settings: {<!-- [et_pb_line_break_holder] -->slidesToShow: 2,<!-- [et_pb_line_break_holder] -->slidesToScroll: 1<!-- [et_pb_line_break_holder] -->}<!-- [et_pb_line_break_holder] -->},<!-- [et_pb_line_break_holder] -->{<!-- [et_pb_line_break_holder] -->breakpoint: 767,<!-- [et_pb_line_break_holder] -->settings: {<!-- [et_pb_line_break_holder] -->slidesToShow: 1,<!-- [et_pb_line_break_holder] -->slidesToScroll: 1<!-- [et_pb_line_break_holder] -->}<!-- [et_pb_line_break_holder] -->}<!-- [et_pb_line_break_holder] -->]<!-- [et_pb_line_break_holder] -->});<!-- [et_pb_line_break_holder] -->});<!-- [et_pb_line_break_holder] --><\/script>[\/et_pb_code][\/et_pb_column][\/et_pb_row][\/et_pb_section][et_pb_section fb_built=\u00a0\u00bb1&Prime; custom_padding_last_edited=\u00a0\u00bbon|phone\u00a0\u00bb admin_label=\u00a0\u00bbvous etes une association&#8230;\u00a0\u00bb _builder_version=\u00a0\u00bb4.15&Prime; _module_preset=\u00a0\u00bbdefault\u00a0\u00bb background_image=\u00a0\u00bbhttps:\/\/www.wesco-group.com\/wp-content\/uploads\/2021\/07\/assoc-bg.jpg\u00a0\u00bb custom_padding=\u00a0\u00bb6vh||6vh||true|false\u00a0\u00bb custom_padding_tablet=\u00a0\u00bb\u00a0\u00bb custom_padding_phone=\u00a0\u00bb0vh||0vh||true|false\u00a0\u00bb da_disable_devices=\u00a0\u00bboff|off|off\u00a0\u00bb global_colors_info=\u00a0\u00bb{}\u00a0\u00bb da_is_popup=\u00a0\u00bboff\u00a0\u00bb da_exit_intent=\u00a0\u00bboff\u00a0\u00bb da_has_close=\u00a0\u00bbon\u00a0\u00bb da_alt_close=\u00a0\u00bboff\u00a0\u00bb da_dark_close=\u00a0\u00bboff\u00a0\u00bb da_not_modal=\u00a0\u00bbon\u00a0\u00bb da_is_singular=\u00a0\u00bboff\u00a0\u00bb da_with_loader=\u00a0\u00bboff\u00a0\u00bb da_has_shadow=\u00a0\u00bbon\u00a0\u00bb][et_pb_row _builder_version=\u00a0\u00bb4.15&Prime; _module_preset=\u00a0\u00bbdefault\u00a0\u00bb global_colors_info=\u00a0\u00bb{}\u00a0\u00bb][et_pb_column type=\u00a0\u00bb4_4&Prime; _builder_version=\u00a0\u00bb4.15&Prime; _module_preset=\u00a0\u00bbdefault\u00a0\u00bb global_colors_info=\u00a0\u00bb{}\u00a0\u00bb][et_pb_text _builder_version=\u00a0\u00bb4.15&Prime; _module_preset=\u00a0\u00bbdefault\u00a0\u00bb header_3_font=\u00a0\u00bbOswald||||||||\u00a0\u00bb header_3_text_align=\u00a0\u00bbcenter\u00a0\u00bb header_3_text_color=\u00a0\u00bb#FFFFFF\u00a0\u00bb header_3_font_size=\u00a0\u00bb2.5em\u00a0\u00bb header_3_line_height=\u00a0\u00bb1.2em\u00a0\u00bb custom_margin=\u00a0\u00bb0px||0px||true|false\u00a0\u00bb header_3_font_size_tablet=\u00a0\u00bb2em\u00a0\u00bb header_3_font_size_phone=\u00a0\u00bb1.7em\u00a0\u00bb header_3_font_size_last_edited=\u00a0\u00bbon|desktop\u00a0\u00bb global_colors_info=\u00a0\u00bb{}\u00a0\u00bb]<h3>Sie sind ein Verein<br \/>oder eine NGO?<\/h3>[\/et_pb_text][et_pb_text _builder_version= \"4.15\u2033 _module_preset= \"default \" text_font= \"Oswald|300||||||| \" text_text_color= \"#add4e3\u2033 text_font_size= \"1.7em \" text_orientation=\"center\" text_font_size_tablet=\"1.5em\" text_font_size_phone=\"1.4em\" text_font_size_last_edited=\"on|phone\" custom_css_main_element=\"line-height:1.4em; \" global_colors_info=\"{} \"]<p>Teilen Sie Ihre Initiative mit, indem Sie die Wesco Corporate Foundation kontaktieren.<br \/>an die folgende Adresse: <span style=\"color: #ffffff;\">fondationdentreprise@wesco.fr<\/span><\/p>[\/et_pb_text][et_pb_button button_url= \"mailto:fondationdentreprise@wesco.fr \" url_new_window= \"on \" button_text= \"KONTAKTIEREN SIE UNS \" button_alignment= \"center\" button_alignment_last_edited= \"off|desktop \" _builder_version= \"4.9.10\u2033 _module_preset= \"default\" custom_button= \"on \" button_text_size= \"1.4em \" button_text_color= \"#FFFF\" button_bg_color= \"#6ab3d8\u2033 button_border_width= \"0px\" button_border_radius= \"1.5em\" button_letter_spacing= \"0.05em\" button_font= \"Oswald|600||||||| \" button_use_icon= \"off\" custom_padding= \"0.5em|2em|0.5em|2em|true|true \" global_colors_info= \"{} \" button_bg_color__hover_enabled= \"on|desktop \" transform_styles__hover_enabled= \"on|desktop \" transform_scale__hover_enabled= \"on|desktop \" transform_translate__hover_enabled= \"on|desktop \" transform_rotate__hover_enabled= \"on|desktop\". \"on|desktop \" transform_skew__hover_enabled= \"on|desktop \" transform_origin__hover_enabled= \"on|desktop \" transform_scale__hover= \"105%|105% \" button_bg_color__hover= \"#6ab3d8\u2033][\/et_pb_button][\/et_pb_column][\/et_pb_row][\/et_pb_section]","protected":false},"excerpt":{"rendered":"<p>DIE UNTERNEHMENSSTIFTUNG WESCOSeit unseren Anf\u00e4ngen engagieren wir uns t\u00e4glich daf\u00fcr, dass Kinder unter den besten Bedingungen aufwachsen und aufwachen k\u00f6nnen. Wir wollten nicht einfach nur M\u00e4zen sein, sondern noch einen Schritt weiter gehen und unseren Aktionen Kraft und Sinn verleihen. So wurde 2012 unsere Wesco-Unternehmensstiftung ins Leben gerufen, um diejenigen zu unterst\u00fctzen, die [...]].<\/p>","protected":false},"author":1,"featured_media":0,"parent":0,"menu_order":0,"comment_status":"closed","ping_status":"closed","template":"","meta":{"_et_pb_use_builder":"on","_et_pb_old_content":"","_et_gb_content_width":"","inline_featured_image":false,"footnotes":""},"class_list":["post-228219","page","type-page","status-publish","hentry"],"yoast_head":"<!-- This site is optimized with the Yoast SEO plugin v25.9 - https:\/\/yoast.com\/wordpress\/plugins\/seo\/ -->\n<title>LA FONDATION D&#039;ENTREPRISE (before) - Wesco<\/title>\n<meta name=\"robots\" content=\"index, follow, max-snippet:-1, max-image-preview:large, max-video-preview:-1\" \/>\n<link rel=\"canonical\" href=\"https:\/\/www.wesco-group.com\/de\/la-fondation-d-entreprise2\/\" \/>\n<meta property=\"og:locale\" content=\"de_DE\" \/>\n<meta property=\"og:type\" content=\"article\" \/>\n<meta property=\"og:title\" content=\"LA FONDATION D&#039;ENTREPRISE (before) - Wesco\" \/>\n<meta property=\"og:description\" content=\"LA FONDATION D\u2019ENTREPRISE WESCODepuis nos d\u00e9buts, nous nous engageons au quotidien pour permettre aux enfants de s\u2019\u00e9veiller et grandir dans les meilleures conditions. Au-del\u00e0 d\u2019\u00eatre simple m\u00e9c\u00e8ne, nous avons voulu aller encore plus loin en donnant force et sens \u00e0 nos actions. C\u2019est ainsi qu\u2019est n\u00e9e, en 2012, notre fondation d&#039;entreprise Wesco.Accompagnerceux qui en ont [&hellip;]\" \/>\n<meta property=\"og:url\" content=\"https:\/\/www.wesco-group.com\/de\/la-fondation-d-entreprise2\/\" \/>\n<meta property=\"og:site_name\" content=\"Wesco\" \/>\n<meta property=\"article:modified_time\" content=\"2025-09-15T14:29:07+00:00\" \/>\n<meta name=\"twitter:card\" content=\"summary_large_image\" \/>\n<meta name=\"twitter:label1\" content=\"Gesch\u00e4tzte Lesezeit\" \/>\n\t<meta name=\"twitter:data1\" content=\"16\u00a0Minuten\" \/>\n<script type=\"application\/ld+json\" class=\"yoast-schema-graph\">{\"@context\":\"https:\/\/schema.org\",\"@graph\":[{\"@type\":\"WebPage\",\"@id\":\"https:\/\/www.wesco-group.com\/la-fondation-d-entreprise2\/\",\"url\":\"https:\/\/www.wesco-group.com\/la-fondation-d-entreprise2\/\",\"name\":\"LA FONDATION D'ENTREPRISE (before) - Wesco\",\"isPartOf\":{\"@id\":\"https:\/\/www.wesco-group.com\/#website\"},\"datePublished\":\"2021-07-12T08:12:09+00:00\",\"dateModified\":\"2025-09-15T14:29:07+00:00\",\"breadcrumb\":{\"@id\":\"https:\/\/www.wesco-group.com\/la-fondation-d-entreprise2\/#breadcrumb\"},\"inLanguage\":\"de\",\"potentialAction\":[{\"@type\":\"ReadAction\",\"target\":[\"https:\/\/www.wesco-group.com\/la-fondation-d-entreprise2\/\"]}]},{\"@type\":\"BreadcrumbList\",\"@id\":\"https:\/\/www.wesco-group.com\/la-fondation-d-entreprise2\/#breadcrumb\",\"itemListElement\":[{\"@type\":\"ListItem\",\"position\":1,\"name\":\"Accueil\",\"item\":\"https:\/\/www.wesco-group.com\/\"},{\"@type\":\"ListItem\",\"position\":2,\"name\":\"LA FONDATION D&rsquo;ENTREPRISE (before)\"}]},{\"@type\":\"WebSite\",\"@id\":\"https:\/\/www.wesco-group.com\/#website\",\"url\":\"https:\/\/www.wesco-group.com\/\",\"name\":\"Wesco\",\"description\":\"Mobilier enfant, pu\u00e9riculture, jeux et mat\u00e9riel \u00e9ducatif\",\"potentialAction\":[{\"@type\":\"SearchAction\",\"target\":{\"@type\":\"EntryPoint\",\"urlTemplate\":\"https:\/\/www.wesco-group.com\/?s={search_term_string}\"},\"query-input\":{\"@type\":\"PropertyValueSpecification\",\"valueRequired\":true,\"valueName\":\"search_term_string\"}}],\"inLanguage\":\"de\"}]}<\/script>\n<!-- \/ Yoast SEO plugin. -->","yoast_head_json":{"title":"DIE UNTERNEHMENSSTIFTUNG (vorher) - Wesco","robots":{"index":"index","follow":"follow","max-snippet":"max-snippet:-1","max-image-preview":"max-image-preview:large","max-video-preview":"max-video-preview:-1"},"canonical":"https:\/\/www.wesco-group.com\/de\/la-fondation-d-entreprise2\/","og_locale":"de_DE","og_type":"article","og_title":"LA FONDATION D'ENTREPRISE (before) - Wesco","og_description":"LA FONDATION D\u2019ENTREPRISE WESCODepuis nos d\u00e9buts, nous nous engageons au quotidien pour permettre aux enfants de s\u2019\u00e9veiller et grandir dans les meilleures conditions. Au-del\u00e0 d\u2019\u00eatre simple m\u00e9c\u00e8ne, nous avons voulu aller encore plus loin en donnant force et sens \u00e0 nos actions. C\u2019est ainsi qu\u2019est n\u00e9e, en 2012, notre fondation d'entreprise Wesco.Accompagnerceux qui en ont [&hellip;]","og_url":"https:\/\/www.wesco-group.com\/de\/la-fondation-d-entreprise2\/","og_site_name":"Wesco","article_modified_time":"2025-09-15T14:29:07+00:00","twitter_card":"summary_large_image","twitter_misc":{"Gesch\u00e4tzte Lesezeit":"16\u00a0Minuten"},"schema":{"@context":"https:\/\/schema.org","@graph":[{"@type":"WebPage","@id":"https:\/\/www.wesco-group.com\/la-fondation-d-entreprise2\/","url":"https:\/\/www.wesco-group.com\/la-fondation-d-entreprise2\/","name":"DIE UNTERNEHMENSSTIFTUNG (vorher) - Wesco","isPartOf":{"@id":"https:\/\/www.wesco-group.com\/#website"},"datePublished":"2021-07-12T08:12:09+00:00","dateModified":"2025-09-15T14:29:07+00:00","breadcrumb":{"@id":"https:\/\/www.wesco-group.com\/la-fondation-d-entreprise2\/#breadcrumb"},"inLanguage":"de","potentialAction":[{"@type":"ReadAction","target":["https:\/\/www.wesco-group.com\/la-fondation-d-entreprise2\/"]}]},{"@type":"BreadcrumbList","@id":"https:\/\/www.wesco-group.com\/la-fondation-d-entreprise2\/#breadcrumb","itemListElement":[{"@type":"ListItem","position":1,"name":"Accueil","item":"https:\/\/www.wesco-group.com\/"},{"@type":"ListItem","position":2,"name":"LA FONDATION D&rsquo;ENTREPRISE (before)"}]},{"@type":"WebSite","@id":"https:\/\/www.wesco-group.com\/#website","url":"https:\/\/www.wesco-group.com\/","name":"Wesco","description":"Kinderm\u00f6bel, Kinderpflege, Spiele und Lernmaterialien","potentialAction":[{"@type":"SearchAction","target":{"@type":"EntryPoint","urlTemplate":"https:\/\/www.wesco-group.com\/?s={search_term_string}"},"query-input":{"@type":"PropertyValueSpecification","valueRequired":true,"valueName":"search_term_string"}}],"inLanguage":"de"}]}},"_links":{"self":[{"href":"https:\/\/www.wesco-group.com\/de\/wp-json\/wp\/v2\/pages\/228219","targetHints":{"allow":["GET"]}}],"collection":[{"href":"https:\/\/www.wesco-group.com\/de\/wp-json\/wp\/v2\/pages"}],"about":[{"href":"https:\/\/www.wesco-group.com\/de\/wp-json\/wp\/v2\/types\/page"}],"author":[{"embeddable":true,"href":"https:\/\/www.wesco-group.com\/de\/wp-json\/wp\/v2\/users\/1"}],"replies":[{"embeddable":true,"href":"https:\/\/www.wesco-group.com\/de\/wp-json\/wp\/v2\/comments?post=228219"}],"version-history":[{"count":175,"href":"https:\/\/www.wesco-group.com\/de\/wp-json\/wp\/v2\/pages\/228219\/revisions"}],"predecessor-version":[{"id":246068,"href":"https:\/\/www.wesco-group.com\/de\/wp-json\/wp\/v2\/pages\/228219\/revisions\/246068"}],"wp:attachment":[{"href":"https:\/\/www.wesco-group.com\/de\/wp-json\/wp\/v2\/media?parent=228219"}],"curies":[{"name":"wp","href":"https:\/\/api.w.org\/{rel}","templated":true}]}}